{"id":20761,"date":"2024-12-31T09:00:03","date_gmt":"2024-12-31T08:00:03","guid":{"rendered":"https:\/\/www.revfine.com\/?post_type=avada_portfolio&#038;p=20761"},"modified":"2026-03-04T19:48:40","modified_gmt":"2026-03-04T18:48:40","slug":"skift-luftfahrt-forum","status":"publish","type":"avada_portfolio","link":"https:\/\/www.revfine.com\/de\/page\/skift-aviation-forum\/","title":{"rendered":"Skift Luftfahrtforum | Dezember 2026"},"content":{"rendered":"<p><div class=\"fusion-fullwidth fullwidth-box fusion-builder-row-1 nonhundred-percent-fullwidth non-hundred-percent-height-scrolling\" style=\"--awb-border-radius-top-left:0px;--awb-border-radius-top-right:0px;--awb-border-radius-bottom-right:0px;--awb-border-radius-bottom-left:0px;--awb-margin-top:-30px;--awb-flex-wrap:wrap;\" ><div class=\"fusion-builder-row fusion-row\"><div class=\"fusion-layout-column fusion_builder_column fusion-builder-column-0 fusion_builder_column_1_1 1_1 fusion-one-full fusion-column-first fusion-column-last\" style=\"--awb-bg-size:cover;--awb-margin-bottom:0px;\"><div class=\"fusion-column-wrapper fusion-flex-column-wrapper-legacy\"><div class=\"fusion-text fusion-text-1\"><p><strong>Das Skift Aviation Forum bringt CEOs und hochrangige Pers\u00f6nlichkeiten der Luftfahrtindustrie zu Diskussionen \u00fcber die Gegenwart und Zukunft der Luftfahrt zusammen.<\/strong><\/p>\n<h2><span style=\"font-size: 16pt;\">\u00dcber Skift Aviation Forum <\/span><\/h2>\n<p>Das Skift Aviation Forum ist eine pers\u00f6nliche und Online-Veranstaltung, die im Metroplex Dallas-Fort Worth veranstaltet wird und CEOs, leitende Angestellte, Branchenanalysten und andere Top-K\u00f6pfe aus dem Luftfahrtbereich zusammenbringt, um die Zukunft der Branche zu diskutieren. Die Veranstaltung wird von Skift veranstaltet, dem f\u00fchrenden Online-Portal f\u00fcr Reisenachrichten und -einblicke.<\/p>\n<p>Skift ist die Muttergesellschaft von Airline Weekly, und die Veranstaltung wird das gleiche Ma\u00df an Autorit\u00e4t und Analyse bieten und den Teilnehmern gleichzeitig die M\u00f6glichkeit bieten, \u00fcberzeugende Gespr\u00e4che zu f\u00fchren, sich mit anderen hochrangigen Pers\u00f6nlichkeiten der Branche zu vernetzen, von Experten zu h\u00f6ren und Wissen aufzunehmen von die besten K\u00f6pfe der Luftfahrt.<\/p>\n<h2><span style=\"font-size: 16pt;\">Wer sollte am Skift Aviation Forum teilnehmen?<\/span><\/h2>\n<p>Das Skift Aviation Forum wird eine spannende, informative und rasante Veranstaltung sein, die alle anspricht, die sich f\u00fcr die Luftfahrtindustrie interessieren. Davon abgesehen wird es f\u00fcr die folgenden Gruppen von besonderem Nutzen sein:<\/p>\n<ul>\n<li>Luftfahrtunternehmen auf der Suche nach Einblicken in die Zukunft der Branche<\/li>\n<li>Investoren und Luftfahrtforscher, die nach Innovationsm\u00f6glichkeiten und Gesch\u00e4ftspartnerschaften suchen<\/li>\n<li>Marketingfachleute erforschen neue Wege, um die Fantasie von Reisenden zu wecken und Interesse zu wecken<\/li>\n<li>Entscheidungstr\u00e4ger in der Luftfahrtindustrie, die nach umsetzbaren strategischen Erkenntnissen suchen<\/li>\n<li>Unternehmer, die die Luftfahrtindustrie besser verstehen und mit Branchenf\u00fchrern in Kontakt treten m\u00f6chten<\/li>\n<\/ul>\n<h2><span style=\"font-size: 16pt;\">Was ist das Ziel des Skift Aviation Forums?<\/span><\/h2>\n<p>Das Skift Aviation Forum soll f\u00fchrende Pers\u00f6nlichkeiten der Branche zusammenbringen, um \u00fcber die Zukunft der Luftfahrt zu diskutieren. Mit der Veranstaltung soll insbesondere Folgendes erreicht werden:<\/p>\n<ul>\n<li>Bieten Sie umsetzbare Einblicke in die Zukunft der Luftfahrtindustrie<\/li>\n<li>Schaffen Sie Gelegenheiten f\u00fcr Entscheidungstr\u00e4ger der Branche, sich zu vernetzen und Ideen auszutauschen<\/li>\n<li>Pr\u00e4sentieren Sie eingehende Analysen und Recherchen mit Autorit\u00e4t im Zusammenhang mit der Airline Weekly-Ver\u00f6ffentlichung<\/li>\n<li>Identifizierung von Wachstums- und Innovationsbereichen innerhalb der Luftfahrtindustrie<\/li>\n<\/ul>\n<p>Um weitere Informationen zu dieser Veranstaltung zu erhalten, besuchen Sie bitte die <span style=\"text-decoration: underline;\"><a href=\"https:\/\/live.skift.com\/skift-aviation-forum\/\" target=\"_blank\" rel=\"noopener\">Website des Skift Aviation Forums<\/a><\/span>.<\/p>\n<\/div><br><div class=\"fusion-sep-clear\"><\/div><div class=\"fusion-separator fusion-full-width-sep\" style=\"margin-left: auto;margin-right: auto;width:100%;\"><div class=\"fusion-separator-border sep-single sep-solid\" style=\"--awb-height:20px;--awb-amount:20px;border-color:#e0dede;border-top-width:1px;\"><\/div><\/div><div class=\"fusion-sep-clear\"><\/div><br><br><div class=\"fusion-clearfix\"><\/div><\/div><\/div><\/div><\/div><div class=\"fusion-fullwidth fullwidth-box fusion-builder-row-2 nonhundred-percent-fullwidth non-hundred-percent-height-scrolling\" style=\"--awb-border-radius-top-left:0px;--awb-border-radius-top-right:0px;--awb-border-radius-bottom-right:0px;--awb-border-radius-bottom-left:0px;--awb-flex-wrap:wrap;\" ><div class=\"fusion-builder-row fusion-row\"><div class=\"fusion-layout-column fusion_builder_column fusion-builder-column-1 fusion_builder_column_1_3 1_3 fusion-one-third fusion-column-first\" style=\"--awb-bg-size:cover;width:33.333333333333%;width:calc(33.333333333333% - ( ( 4% + 4% ) * 0.33333333333333 ) );margin-right: 4%;\"><div class=\"fusion-column-wrapper fusion-column-has-shadow fusion-flex-column-wrapper-legacy\"><div class=\"fusion-text fusion-text-2\"><h3>Veranstalter:<\/h3>\n<p>Skift Global HQ<br \/>\n145 West 30. Stra\u00dfe, 5. Etage<br \/>\nNew York, NY 10001<br \/>\nVereinigte Staaten<\/p>\n<\/div><div class=\"fusion-clearfix\"><\/div><\/div><\/div><div class=\"fusion-layout-column fusion_builder_column fusion-builder-column-2 fusion_builder_column_1_3 1_3 fusion-one-third\" style=\"--awb-bg-size:cover;width:33.333333333333%;width:calc(33.333333333333% - ( ( 4% + 4% ) * 0.33333333333333 ) );margin-right: 4%;\"><div class=\"fusion-column-wrapper fusion-column-has-shadow fusion-flex-column-wrapper-legacy\"><div class=\"fusion-text fusion-text-3\"><h3>Veranstaltungsort:<\/h3>\n<p>Fort Worth, Texas<\/p>\n<p><em>Bitte besuchen Sie die Website der Veranstaltung f\u00fcr die neuesten Informationen.<\/em><\/p>\n<\/div><div class=\"fusion-clearfix\"><\/div><\/div><\/div><div class=\"fusion-layout-column fusion_builder_column fusion-builder-column-3 fusion_builder_column_1_3 1_3 fusion-one-third fusion-column-last\" style=\"--awb-bg-size:cover;width:33.333333333333%;width:calc(33.333333333333% - ( ( 4% + 4% ) * 0.33333333333333 ) );\"><div class=\"fusion-column-wrapper fusion-column-has-shadow fusion-flex-column-wrapper-legacy\"><div class=\"fusion-text fusion-text-4\"><h3>Datum &amp; Anmeldung:<\/h3>\n<p>Datum: 3. Dezember 2026<\/p>\n<p><em>Bitte besuchen Sie die Website der Veranstaltung f\u00fcr die neuesten Informationen<\/em><\/p>\n<\/div><div class=\"fusion-alignleft\"><a class=\"fusion-button button-flat button-medium button-default fusion-button-default button-1 fusion-button-default-span fusion-button-default-type\" target=\"_blank\" rel=\"noopener noreferrer\" title=\"Skift Aviation Forum\" aria-label=\"Skift Aviation Forum\" href=\"https:\/\/live.skift.com\/skift-aviation-forum\/\"><i class=\"fa-allergies fas awb-button__icon awb-button__icon--default button-icon-left\" aria-hidden=\"true\"><\/i><span class=\"fusion-button-text awb-button__text awb-button__text--default\">Veranstaltungswebsite<\/span><\/a><\/div><div class=\"fusion-clearfix\"><\/div><\/div><\/div><\/div><\/div><div class=\"fusion-fullwidth fullwidth-box fusion-builder-row-3 nonhundred-percent-fullwidth non-hundred-percent-height-scrolling\" style=\"--awb-border-radius-top-left:0px;--awb-border-radius-top-right:0px;--awb-border-radius-bottom-right:0px;--awb-border-radius-bottom-left:0px;--awb-flex-wrap:wrap;\" ><div class=\"fusion-builder-row fusion-row\"><div class=\"fusion-layout-column fusion_builder_column fusion-builder-column-4 fusion_builder_column_1_1 1_1 fusion-one-full fusion-column-first fusion-column-last\" style=\"--awb-bg-size:cover;\"><div class=\"fusion-column-wrapper fusion-column-has-shadow fusion-flex-column-wrapper-legacy\"><br><div class=\"fusion-sep-clear\"><\/div><div class=\"fusion-separator fusion-full-width-sep\" style=\"margin-left: auto;margin-right: auto;width:100%;\"><div class=\"fusion-separator-border sep-single sep-solid\" style=\"--awb-height:20px;--awb-amount:20px;border-color:#e0dede;border-top-width:1px;\"><\/div><\/div><div class=\"fusion-sep-clear\"><\/div><br><div class=\"fusion-text fusion-text-5\"><h3>Sonstiges <span style=\"color: #212121;\">Skift-Events<\/span>: <a href=\"https:\/\/www.revfine.com\/de\/page\/skift-global-forum\/\">Skift Globales Forum<\/a>, <a href=\"https:\/\/www.revfine.com\/de\/page\/skift-nachhaltiger-tourismus-gipfel\/\">Gipfeltreffen f\u00fcr nachhaltigen Tourismus in Skift<\/a>, <a href=\"https:\/\/www.revfine.com\/de\/page\/skift-future-of-lodging-forum\/\">Skift Zukunft des Unterkunftsforums<\/a>, <a href=\"https:\/\/www.revfine.com\/de\/page\/skift-idee-awards\/\">Skift IDEA Award<\/a><\/h3>\n<\/div><div class=\"fusion-sep-clear\"><\/div><div class=\"fusion-separator fusion-full-width-sep\" style=\"margin-left: auto;margin-right: auto;width:100%;\"><div class=\"fusion-separator-border sep-single sep-solid\" style=\"--awb-height:20px;--awb-amount:20px;border-color:#e0dede;border-top-width:1px;\"><\/div><\/div><div class=\"fusion-sep-clear\"><\/div><br><div class=\"fusion-clearfix\"><\/div><\/div><\/div><\/div><\/div><div class=\"fusion-fullwidth fullwidth-box fusion-builder-row-4 nonhundred-percent-fullwidth non-hundred-percent-height-scrolling\" style=\"--awb-border-radius-top-left:0px;--awb-border-radius-top-right:0px;--awb-border-radius-bottom-right:0px;--awb-border-radius-bottom-left:0px;--awb-flex-wrap:wrap;\" ><div class=\"fusion-builder-row fusion-row\"><div class=\"fusion-layout-column fusion_builder_column fusion-builder-column-5 fusion_builder_column_1_1 1_1 fusion-one-full fusion-column-first fusion-column-last\" style=\"--awb-bg-size:cover;\"><div class=\"fusion-column-wrapper fusion-column-has-shadow fusion-flex-column-wrapper-legacy\"><div class=\"fusion-text fusion-text-6\"><h3>Andere Reiseveranstaltungen:<\/h3>\n<\/div><div class=\"fusion-recent-works fusion-portfolio-element fusion-portfolio fusion-portfolio-1 fusion-portfolio-carousel fusion-portfolio-paging-pagination recent-works-carousel portfolio-carousel picture-size-auto\" data-id=\"-rw-1\"><div class=\"awb-carousel awb-swiper awb-swiper-carousel fusion-carousel-title-below-image\" style=\"--awb-columns:3;\" data-metacontent=\"yes\" data-autoplay=\"no\" data-columns=\"3\" data-itemmargin=\"20\" data-itemwidth=\"180\" data-touchscroll=\"no\" data-imagesize=\"auto\"><div class=\"swiper-wrapper\"><div class=\"swiper-slide\"><div class=\"fusion-carousel-item-wrapper\"><span class=\"entry-title rich-snippet-hidden\">Global Revenue Forum Madrid | 2026<\/span><span class=\"vcard rich-snippet-hidden\"><span class=\"fn\"><a href=\"https:\/\/www.revfine.com\/de\/author\/revfine-com\/\" title=\"Beitr\u00e4ge von Revfine.com\" rel=\"author\">Revfine.com<\/a><\/span><\/span><span class=\"updated rich-snippet-hidden\">13.06.2025, 09:51:50 Uhr +02:00<\/span><div  class=\"fusion-image-wrapper\" aria-haspopup=\"true\">\n\t\t\t\t\t\t\t<a href=\"https:\/\/www.revfine.com\/de\/page\/global-revenue-forum-madrid\/\" aria-label=\"Global Revenue Forum Madrid | 2026\">\n\t\t\t\t\t\t\t<img decoding=\"async\" width=\"1200\" height=\"628\" src=\"https:\/\/www.revfine.com\/wp-content\/uploads\/2024\/12\/Global-Revenue-Forum-Madrid.jpg\" class=\"attachment-full size-full wp-post-image\" alt=\"Global Revenue Forum Madrid\" \/>\t\t\t<\/a>\n\t\t\t\t\t\t\t<\/div>\n<h4 class=\"fusion-carousel-title\"><a href=\"https:\/\/www.revfine.com\/de\/page\/global-revenue-forum-madrid\/\" target=\"_self\">Global Revenue Forum Madrid | 2026<\/a><\/h4><div class=\"fusion-carousel-meta\"><a href=\"https:\/\/www.revfine.com\/de\/categories\/travel-events-europe\/\" rel=\"tag\">Europa<\/a>, <a href=\"https:\/\/www.revfine.com\/de\/categories\/virtual-events\/\" rel=\"tag\">Virtuelle Veranstaltungen<\/a><\/div><\/div><\/div><div class=\"swiper-slide\"><div class=\"fusion-carousel-item-wrapper\"><span class=\"entry-title rich-snippet-hidden\">Skift Luftfahrtforum | Dezember 2026<\/span><span class=\"vcard rich-snippet-hidden\"><span class=\"fn\"><a href=\"https:\/\/www.revfine.com\/de\/author\/revfine-com\/\" title=\"Beitr\u00e4ge von Revfine.com\" rel=\"author\">Revfine.com<\/a><\/span><\/span><span class=\"updated rich-snippet-hidden\">2026-03-04T19:48:40+01:00<\/span><div  class=\"fusion-image-wrapper\" aria-haspopup=\"true\">\n\t\t\t\t\t\t\t<a href=\"https:\/\/www.revfine.com\/de\/page\/skift-aviation-forum\/\" aria-label=\"Skift Luftfahrtforum | Dezember 2026\">\n\t\t\t\t\t\t\t<img decoding=\"async\" width=\"1200\" height=\"628\" src=\"https:\/\/www.revfine.com\/wp-content\/uploads\/2022\/05\/Skift-Aviation-Forum.jpg\" class=\"attachment-full size-full wp-post-image\" alt=\"Skift Aviation Forum\" \/>\t\t\t<\/a>\n\t\t\t\t\t\t\t<\/div>\n<h4 class=\"fusion-carousel-title\"><a href=\"https:\/\/www.revfine.com\/de\/page\/skift-aviation-forum\/\" target=\"_self\">Skift Luftfahrtforum | Dezember 2026<\/a><\/h4><div class=\"fusion-carousel-meta\"><a href=\"https:\/\/www.revfine.com\/de\/categories\/travel-events-americas\/\" rel=\"tag\">Amerika<\/a><\/div><\/div><\/div><div class=\"swiper-slide\"><div class=\"fusion-carousel-item-wrapper\"><span class=\"entry-title rich-snippet-hidden\">Internationaler Luxusreisemarkt Cannes | Dezember 2026<\/span><span class=\"vcard rich-snippet-hidden\"><span class=\"fn\"><a href=\"https:\/\/www.revfine.com\/de\/author\/revfine-com\/\" title=\"Beitr\u00e4ge von Revfine.com\" rel=\"author\">Revfine.com<\/a><\/span><\/span><span class=\"updated rich-snippet-hidden\">2026-03-04T19:42:26+01:00<\/span><div  class=\"fusion-image-wrapper\" aria-haspopup=\"true\">\n\t\t\t\t\t\t\t<a href=\"https:\/\/www.revfine.com\/de\/page\/iltm-cannes\/\" aria-label=\"Internationaler Luxusreisemarkt Cannes | Dezember 2026\">\n\t\t\t\t\t\t\t<img decoding=\"async\" width=\"1200\" height=\"628\" src=\"https:\/\/www.revfine.com\/wp-content\/uploads\/2025\/07\/ILTM-Cannes-International-Luxury-Travel-Market-Cannes-France.jpg\" class=\"attachment-full size-full wp-post-image\" alt=\"ILTM Cannes - Internationaler Markt f\u00fcr Luxusreisen Cannes - Frankreich\" \/>\t\t\t<\/a>\n\t\t\t\t\t\t\t<\/div>\n<h4 class=\"fusion-carousel-title\"><a href=\"https:\/\/www.revfine.com\/de\/page\/iltm-cannes\/\" target=\"_self\">Internationaler Luxusreisemarkt Cannes | Dezember 2026<\/a><\/h4><div class=\"fusion-carousel-meta\"><a href=\"https:\/\/www.revfine.com\/de\/categories\/travel-events-europe\/\" rel=\"tag\">Europa<\/a><\/div><\/div><\/div><div class=\"swiper-slide\"><div class=\"fusion-carousel-item-wrapper\"><span class=\"entry-title rich-snippet-hidden\">WTM Reisetechnologie-Messe | November 2026<\/span><span class=\"vcard rich-snippet-hidden\"><span class=\"fn\"><a href=\"https:\/\/www.revfine.com\/de\/author\/revfine-com\/\" title=\"Beitr\u00e4ge von Revfine.com\" rel=\"author\">Revfine.com<\/a><\/span><\/span><span class=\"updated rich-snippet-hidden\">2026-03-04T19:39:37+01:00<\/span><div  class=\"fusion-image-wrapper\" aria-haspopup=\"true\">\n\t\t\t\t\t\t\t<a href=\"https:\/\/www.revfine.com\/de\/page\/wtm-travel-technology-show\/\" aria-label=\"WTM Reisetechnologie-Messe | November 2026\">\n\t\t\t\t\t\t\t<img decoding=\"async\" width=\"1200\" height=\"628\" src=\"https:\/\/www.revfine.com\/wp-content\/uploads\/2025\/07\/Travel-forward-London-Travel-forward-conference.jpg\" class=\"attachment-full size-full wp-post-image\" alt=\"Travel forward London - Travel forward Konferenz\" \/>\t\t\t<\/a>\n\t\t\t\t\t\t\t<\/div>\n<h4 class=\"fusion-carousel-title\"><a href=\"https:\/\/www.revfine.com\/de\/page\/wtm-travel-technology-show\/\" target=\"_self\">WTM Reisetechnologie-Messe | November 2026<\/a><\/h4><div class=\"fusion-carousel-meta\"><a href=\"https:\/\/www.revfine.com\/de\/categories\/travel-events-europe\/\" rel=\"tag\">Europa<\/a><\/div><\/div><\/div><div class=\"swiper-slide\"><div class=\"fusion-carousel-item-wrapper\"><span class=\"entry-title rich-snippet-hidden\">WTM London | November 2026<\/span><span class=\"vcard rich-snippet-hidden\"><span class=\"fn\"><a href=\"https:\/\/www.revfine.com\/de\/author\/revfine-com\/\" title=\"Beitr\u00e4ge von Revfine.com\" rel=\"author\">Revfine.com<\/a><\/span><\/span><span class=\"updated rich-snippet-hidden\">2025-12-01T15:15:22+01:00<\/span><div  class=\"fusion-image-wrapper\" aria-haspopup=\"true\">\n\t\t\t\t\t\t\t<a href=\"https:\/\/www.revfine.com\/de\/page\/wtm-london\/\" aria-label=\"WTM London | November 2026\">\n\t\t\t\t\t\t\t<img decoding=\"async\" width=\"1200\" height=\"628\" src=\"https:\/\/www.revfine.com\/wp-content\/uploads\/2025\/07\/wtm-London-World-travel-market-London.jpg\" class=\"attachment-full size-full wp-post-image\" alt=\"wtm London - Weltreisemarkt London\" \/>\t\t\t<\/a>\n\t\t\t\t\t\t\t<\/div>\n<h4 class=\"fusion-carousel-title\"><a href=\"https:\/\/www.revfine.com\/de\/page\/wtm-london\/\" target=\"_self\">WTM London | November 2026<\/a><\/h4><div class=\"fusion-carousel-meta\"><a href=\"https:\/\/www.revfine.com\/de\/categories\/travel-events-europe\/\" rel=\"tag\">Europa<\/a><\/div><\/div><\/div><div class=\"swiper-slide\"><div class=\"fusion-carousel-item-wrapper\"><span class=\"entry-title rich-snippet-hidden\">ITB Asien Singapur | Oktober 2026<\/span><span class=\"vcard rich-snippet-hidden\"><span class=\"fn\"><a href=\"https:\/\/www.revfine.com\/de\/author\/revfine-com\/\" title=\"Beitr\u00e4ge von Revfine.com\" rel=\"author\">Revfine.com<\/a><\/span><\/span><span class=\"updated rich-snippet-hidden\">2026-03-04T19:35:58+01:00<\/span><div  class=\"fusion-image-wrapper\" aria-haspopup=\"true\">\n\t\t\t\t\t\t\t<a href=\"https:\/\/www.revfine.com\/de\/page\/itb-asia\/\" aria-label=\"ITB Asien Singapur | Oktober 2026\">\n\t\t\t\t\t\t\t<img decoding=\"async\" width=\"1200\" height=\"628\" src=\"https:\/\/www.revfine.com\/wp-content\/uploads\/2025\/07\/ITB-Asia.jpg\" class=\"attachment-full size-full wp-post-image\" alt=\"ITB Asien\" \/>\t\t\t<\/a>\n\t\t\t\t\t\t\t<\/div>\n<h4 class=\"fusion-carousel-title\"><a href=\"https:\/\/www.revfine.com\/de\/page\/itb-asia\/\" target=\"_self\">ITB Asien Singapur | Oktober 2026<\/a><\/h4><div class=\"fusion-carousel-meta\"><a href=\"https:\/\/www.revfine.com\/de\/categories\/travel-events-asia\/\" rel=\"tag\">Asien-Pazifik<\/a><\/div><\/div><\/div><div class=\"swiper-slide\"><div class=\"fusion-carousel-item-wrapper\"><span class=\"entry-title rich-snippet-hidden\">Travel Tech Asien | Oktober 2026<\/span><span class=\"vcard rich-snippet-hidden\"><span class=\"fn\"><a href=\"https:\/\/www.revfine.com\/de\/author\/revfine-com\/\" title=\"Beitr\u00e4ge von Revfine.com\" rel=\"author\">Revfine.com<\/a><\/span><\/span><span class=\"updated rich-snippet-hidden\">2026-03-04T19:29:28+01:00<\/span><div  class=\"fusion-image-wrapper\" aria-haspopup=\"true\">\n\t\t\t\t\t\t\t<a href=\"https:\/\/www.revfine.com\/de\/page\/travel-tech-asia\/\" aria-label=\"Travel Tech Asien | Oktober 2026\">\n\t\t\t\t\t\t\t<img decoding=\"async\" width=\"1200\" height=\"628\" src=\"https:\/\/www.revfine.com\/wp-content\/uploads\/2025\/07\/Hotel-Revenue-Distribution-Summit-Singapore.jpg\" class=\"attachment-full size-full wp-post-image\" alt=\"Hotel Revenue Distribution Summit Singapur\" \/>\t\t\t<\/a>\n\t\t\t\t\t\t\t<\/div>\n<h4 class=\"fusion-carousel-title\"><a href=\"https:\/\/www.revfine.com\/de\/page\/travel-tech-asia\/\" target=\"_self\">Travel Tech Asien | Oktober 2026<\/a><\/h4><div class=\"fusion-carousel-meta\"><a href=\"https:\/\/www.revfine.com\/de\/categories\/travel-events-asia\/\" rel=\"tag\">Asien-Pazifik<\/a><\/div><\/div><\/div><div class=\"swiper-slide\"><div class=\"fusion-carousel-item-wrapper\"><span class=\"entry-title rich-snippet-hidden\">Independent Hotel Show London | Oktober 2026<\/span><span class=\"vcard rich-snippet-hidden\"><span class=\"fn\"><a href=\"https:\/\/www.revfine.com\/de\/author\/revfine-com\/\" title=\"Beitr\u00e4ge von Revfine.com\" rel=\"author\">Revfine.com<\/a><\/span><\/span><span class=\"updated rich-snippet-hidden\">2025-10-21T12:34:59+02:00<\/span><div  class=\"fusion-image-wrapper\" aria-haspopup=\"true\">\n\t\t\t\t\t\t\t<a href=\"https:\/\/www.revfine.com\/de\/page\/independent-hotel-show-london\/\" aria-label=\"Independent Hotel Show London | Oktober 2026\">\n\t\t\t\t\t\t\t<img decoding=\"async\" width=\"1200\" height=\"628\" src=\"https:\/\/www.revfine.com\/wp-content\/uploads\/2025\/07\/Independent-Hotel-Show-London.jpg\" class=\"attachment-full size-full wp-post-image\" alt=\"Unabh\u00e4ngige Hotelshow London\" \/>\t\t\t<\/a>\n\t\t\t\t\t\t\t<\/div>\n<h4 class=\"fusion-carousel-title\"><a href=\"https:\/\/www.revfine.com\/de\/page\/independent-hotel-show-london\/\" target=\"_self\">Independent Hotel Show London | Oktober 2026<\/a><\/h4><div class=\"fusion-carousel-meta\"><a href=\"https:\/\/www.revfine.com\/de\/categories\/travel-events-europe\/\" rel=\"tag\">Europa<\/a><\/div><\/div><\/div><div class=\"swiper-slide\"><div class=\"fusion-carousel-item-wrapper\"><span class=\"entry-title rich-snippet-hidden\">ILTM Nordamerika | September 2026<\/span><span class=\"vcard rich-snippet-hidden\"><span class=\"fn\"><a href=\"https:\/\/www.revfine.com\/de\/author\/revfine-com\/\" title=\"Beitr\u00e4ge von Revfine.com\" rel=\"author\">Revfine.com<\/a><\/span><\/span><span class=\"updated rich-snippet-hidden\">2026-03-04T19:24:52+01:00<\/span><div  class=\"fusion-image-wrapper\" aria-haspopup=\"true\">\n\t\t\t\t\t\t\t<a href=\"https:\/\/www.revfine.com\/de\/page\/iltm-north-america\/\" aria-label=\"ILTM Nordamerika | September 2026\">\n\t\t\t\t\t\t\t<img decoding=\"async\" width=\"1200\" height=\"628\" src=\"https:\/\/www.revfine.com\/wp-content\/uploads\/2025\/07\/ILTM-North-America-International-Luxury-Travel-Market-North-America.jpg\" class=\"attachment-full size-full wp-post-image\" alt=\"ILTM North America - Internationaler Luxusreisemarkt Nordamerika\" \/>\t\t\t<\/a>\n\t\t\t\t\t\t\t<\/div>\n<h4 class=\"fusion-carousel-title\"><a href=\"https:\/\/www.revfine.com\/de\/page\/iltm-north-america\/\" target=\"_self\">ILTM Nordamerika | September 2026<\/a><\/h4><div class=\"fusion-carousel-meta\"><a href=\"https:\/\/www.revfine.com\/de\/categories\/travel-events-americas\/\" rel=\"tag\">Amerika<\/a><\/div><\/div><\/div><div class=\"swiper-slide\"><div class=\"fusion-carousel-item-wrapper\"><span class=\"entry-title rich-snippet-hidden\">Skift Globales Forum | September 2026<\/span><span class=\"vcard rich-snippet-hidden\"><span class=\"fn\"><a href=\"https:\/\/www.revfine.com\/de\/author\/revfine-com\/\" title=\"Beitr\u00e4ge von Revfine.com\" rel=\"author\">Revfine.com<\/a><\/span><\/span><span class=\"updated rich-snippet-hidden\">2026-03-04T19:21:13+01:00<\/span><div  class=\"fusion-image-wrapper\" aria-haspopup=\"true\">\n\t\t\t\t\t\t\t<a href=\"https:\/\/www.revfine.com\/de\/page\/skift-global-forum\/\" aria-label=\"Skift Globales Forum | September 2026\">\n\t\t\t\t\t\t\t<img decoding=\"async\" width=\"1200\" height=\"628\" src=\"https:\/\/www.revfine.com\/wp-content\/uploads\/2022\/05\/Skift-Global-Forum.jpg\" class=\"attachment-full size-full wp-post-image\" alt=\"Skift Globales Forum\" \/>\t\t\t<\/a>\n\t\t\t\t\t\t\t<\/div>\n<h4 class=\"fusion-carousel-title\"><a href=\"https:\/\/www.revfine.com\/de\/page\/skift-global-forum\/\" target=\"_self\">Skift Globales Forum | September 2026<\/a><\/h4><div class=\"fusion-carousel-meta\"><a href=\"https:\/\/www.revfine.com\/de\/categories\/travel-events-americas\/\" rel=\"tag\">Amerika<\/a>, <a href=\"https:\/\/www.revfine.com\/de\/categories\/virtual-events\/\" rel=\"tag\">Virtuelle Veranstaltungen<\/a><\/div><\/div><\/div><div class=\"swiper-slide\"><div class=\"fusion-carousel-item-wrapper\"><span class=\"entry-title rich-snippet-hidden\">IFTM Top Resa Paris | September 2026<\/span><span class=\"vcard rich-snippet-hidden\"><span class=\"fn\"><a href=\"https:\/\/www.revfine.com\/de\/author\/revfine-com\/\" title=\"Beitr\u00e4ge von Revfine.com\" rel=\"author\">Revfine.com<\/a><\/span><\/span><span class=\"updated rich-snippet-hidden\">2026-03-04T19:18:30+01:00<\/span><div  class=\"fusion-image-wrapper\" aria-haspopup=\"true\">\n\t\t\t\t\t\t\t<a href=\"https:\/\/www.revfine.com\/de\/page\/iftm-paris\/\" aria-label=\"IFTM Top Resa Paris | September 2026\">\n\t\t\t\t\t\t\t<img decoding=\"async\" width=\"1200\" height=\"628\" src=\"https:\/\/www.revfine.com\/wp-content\/uploads\/2025\/07\/IFTM-Paris-IFTM-Top-Resa.jpg\" class=\"attachment-full size-full wp-post-image\" alt=\"IFTM Paris - IFTM Top Resa\" \/>\t\t\t<\/a>\n\t\t\t\t\t\t\t<\/div>\n<h4 class=\"fusion-carousel-title\"><a href=\"https:\/\/www.revfine.com\/de\/page\/iftm-paris\/\" target=\"_self\">IFTM Top Resa Paris | September 2026<\/a><\/h4><div class=\"fusion-carousel-meta\"><a href=\"https:\/\/www.revfine.com\/de\/categories\/travel-events-europe\/\" rel=\"tag\">Europa<\/a><\/div><\/div><\/div><div class=\"swiper-slide\"><div class=\"fusion-carousel-item-wrapper\"><span class=\"entry-title rich-snippet-hidden\">Internationales Hoteltechnologieforum Naher Osten &amp; Nordafrika | September 2026<\/span><span class=\"vcard rich-snippet-hidden\"><span class=\"fn\"><a href=\"https:\/\/www.revfine.com\/de\/author\/revfine-com\/\" title=\"Beitr\u00e4ge von Revfine.com\" rel=\"author\">Revfine.com<\/a><\/span><\/span><span class=\"updated rich-snippet-hidden\">2025-12-01T15:31:23+01:00<\/span><div  class=\"fusion-image-wrapper\" aria-haspopup=\"true\">\n\t\t\t\t\t\t\t<a href=\"https:\/\/www.revfine.com\/de\/page\/ihtf-middle-east-and-north-africa\/\" aria-label=\"Internationales Hoteltechnologieforum Naher Osten &amp; Nordafrika | September 2026\">\n\t\t\t\t\t\t\t<img decoding=\"async\" width=\"1200\" height=\"628\" src=\"https:\/\/www.revfine.com\/wp-content\/uploads\/2025\/01\/International-Hotel-Technology-Forum-Middle-East-and-North-Africa.jpg\" class=\"attachment-full size-full wp-post-image\" alt=\"Internationales Hoteltechnologieforum Naher Osten und Nordafrika\" \/>\t\t\t<\/a>\n\t\t\t\t\t\t\t<\/div>\n<h4 class=\"fusion-carousel-title\"><a href=\"https:\/\/www.revfine.com\/de\/page\/ihtf-middle-east-and-north-africa\/\" target=\"_self\">Internationales Hoteltechnologieforum Naher Osten &amp; Nordafrika | September 2026<\/a><\/h4><div class=\"fusion-carousel-meta\"><a href=\"https:\/\/www.revfine.com\/de\/categories\/travel-events-africa\/\" rel=\"tag\">Afrika und Mittlerer Osten<\/a><\/div><\/div><\/div><div class=\"swiper-slide\"><div class=\"fusion-carousel-item-wrapper\"><span class=\"entry-title rich-snippet-hidden\">ITB Indien | September 2026<\/span><span class=\"vcard rich-snippet-hidden\"><span class=\"fn\"><a href=\"https:\/\/www.revfine.com\/de\/author\/revfine-com\/\" title=\"Beitr\u00e4ge von Revfine.com\" rel=\"author\">Revfine.com<\/a><\/span><\/span><span class=\"updated rich-snippet-hidden\">2026-03-04T19:12:53+01:00<\/span><div  class=\"fusion-image-wrapper\" aria-haspopup=\"true\">\n\t\t\t\t\t\t\t<a href=\"https:\/\/www.revfine.com\/de\/page\/itb-india\/\" aria-label=\"ITB Indien | September 2026\">\n\t\t\t\t\t\t\t<img decoding=\"async\" width=\"1200\" height=\"628\" src=\"https:\/\/www.revfine.com\/wp-content\/uploads\/2025\/07\/ITB-India.jpg\" class=\"attachment-full size-full wp-post-image\" alt=\"ITB Indien\" \/>\t\t\t<\/a>\n\t\t\t\t\t\t\t<\/div>\n<h4 class=\"fusion-carousel-title\"><a href=\"https:\/\/www.revfine.com\/de\/page\/itb-india\/\" target=\"_self\">ITB Indien | September 2026<\/a><\/h4><div class=\"fusion-carousel-meta\"><a href=\"https:\/\/www.revfine.com\/de\/categories\/travel-events-asia\/\" rel=\"tag\">Asien-Pazifik<\/a><\/div><\/div><\/div><div class=\"swiper-slide\"><div class=\"fusion-carousel-item-wrapper\"><span class=\"entry-title rich-snippet-hidden\">ILTM Asien-Pazifik | Juni 2026<\/span><span class=\"vcard rich-snippet-hidden\"><span class=\"fn\"><a href=\"https:\/\/www.revfine.com\/de\/author\/revfine-com\/\" title=\"Beitr\u00e4ge von Revfine.com\" rel=\"author\">Revfine.com<\/a><\/span><\/span><span class=\"updated rich-snippet-hidden\">2026-03-04T19:08:33+01:00<\/span><div  class=\"fusion-image-wrapper\" aria-haspopup=\"true\">\n\t\t\t\t\t\t\t<a href=\"https:\/\/www.revfine.com\/de\/page\/iltm-asia-pacific\/\" aria-label=\"ILTM Asien-Pazifik | Juni 2026\">\n\t\t\t\t\t\t\t<img decoding=\"async\" width=\"1200\" height=\"628\" src=\"https:\/\/www.revfine.com\/wp-content\/uploads\/2025\/07\/ILTM-Asia-Pacific-International-Luxury-Travel-Market-Asia-Pacific.jpg\" class=\"attachment-full size-full wp-post-image\" alt=\"ILTM Asia Pacific - Internationaler Luxusreisemarkt Asien-Pazifik\" \/>\t\t\t<\/a>\n\t\t\t\t\t\t\t<\/div>\n<h4 class=\"fusion-carousel-title\"><a href=\"https:\/\/www.revfine.com\/de\/page\/iltm-asia-pacific\/\" target=\"_self\">ILTM Asien-Pazifik | Juni 2026<\/a><\/h4><div class=\"fusion-carousel-meta\"><a href=\"https:\/\/www.revfine.com\/de\/categories\/travel-events-asia\/\" rel=\"tag\">Asien-Pazifik<\/a><\/div><\/div><\/div><div class=\"swiper-slide\"><div class=\"fusion-carousel-item-wrapper\"><span class=\"entry-title rich-snippet-hidden\">Die Hotel Show Dubai | Juni 2026<\/span><span class=\"vcard rich-snippet-hidden\"><span class=\"fn\"><a href=\"https:\/\/www.revfine.com\/de\/author\/revfine-com\/\" title=\"Beitr\u00e4ge von Revfine.com\" rel=\"author\">Revfine.com<\/a><\/span><\/span><span class=\"updated rich-snippet-hidden\">2026-03-04T19:03:47+01:00<\/span><div  class=\"fusion-image-wrapper\" aria-haspopup=\"true\">\n\t\t\t\t\t\t\t<a href=\"https:\/\/www.revfine.com\/de\/page\/the-hotel-show-dubai\/\" aria-label=\"Die Hotel Show Dubai | Juni 2026\">\n\t\t\t\t\t\t\t<img decoding=\"async\" width=\"1200\" height=\"628\" src=\"https:\/\/www.revfine.com\/wp-content\/uploads\/2025\/07\/The-Hotel-Show-Dubai.jpg\" class=\"attachment-full size-full wp-post-image\" alt=\"Die Hotelshow Dubai\" \/>\t\t\t<\/a>\n\t\t\t\t\t\t\t<\/div>\n<h4 class=\"fusion-carousel-title\"><a href=\"https:\/\/www.revfine.com\/de\/page\/the-hotel-show-dubai\/\" target=\"_self\">Die Hotel Show Dubai | Juni 2026<\/a><\/h4><div class=\"fusion-carousel-meta\"><a href=\"https:\/\/www.revfine.com\/de\/categories\/travel-events-asia\/\" rel=\"tag\">Asien-Pazifik<\/a><\/div><\/div><\/div><div class=\"swiper-slide\"><div class=\"fusion-carousel-item-wrapper\"><span class=\"entry-title rich-snippet-hidden\">ITB China | Mai 2026<\/span><span class=\"vcard rich-snippet-hidden\"><span class=\"fn\"><a href=\"https:\/\/www.revfine.com\/de\/author\/revfine-com\/\" title=\"Beitr\u00e4ge von Revfine.com\" rel=\"author\">Revfine.com<\/a><\/span><\/span><span class=\"updated rich-snippet-hidden\">2026-03-04T18:58:33+01:00<\/span><div  class=\"fusion-image-wrapper\" aria-haspopup=\"true\">\n\t\t\t\t\t\t\t<a href=\"https:\/\/www.revfine.com\/de\/page\/itb-china\/\" aria-label=\"ITB China | Mai 2026\">\n\t\t\t\t\t\t\t<img decoding=\"async\" width=\"1200\" height=\"628\" src=\"https:\/\/www.revfine.com\/wp-content\/uploads\/2025\/07\/ITB-China.jpg\" class=\"attachment-full size-full wp-post-image\" alt=\"ITB China\" \/>\t\t\t<\/a>\n\t\t\t\t\t\t\t<\/div>\n<h4 class=\"fusion-carousel-title\"><a href=\"https:\/\/www.revfine.com\/de\/page\/itb-china\/\" target=\"_self\">ITB China | Mai 2026<\/a><\/h4><div class=\"fusion-carousel-meta\"><a href=\"https:\/\/www.revfine.com\/de\/categories\/travel-events-asia\/\" rel=\"tag\">Asien-Pazifik<\/a><\/div><\/div><\/div><div class=\"swiper-slide\"><div class=\"fusion-carousel-item-wrapper\"><span class=\"entry-title rich-snippet-hidden\">ILTM Lateinamerika | Mai 2026<\/span><span class=\"vcard rich-snippet-hidden\"><span class=\"fn\"><a href=\"https:\/\/www.revfine.com\/de\/author\/revfine-com\/\" title=\"Beitr\u00e4ge von Revfine.com\" rel=\"author\">Revfine.com<\/a><\/span><\/span><span class=\"updated rich-snippet-hidden\">2026-03-04T11:56:27+01:00<\/span><div  class=\"fusion-image-wrapper\" aria-haspopup=\"true\">\n\t\t\t\t\t\t\t<a href=\"https:\/\/www.revfine.com\/de\/page\/iltm-latin-america\/\" aria-label=\"ILTM Lateinamerika | Mai 2026\">\n\t\t\t\t\t\t\t<img decoding=\"async\" width=\"1200\" height=\"628\" src=\"https:\/\/www.revfine.com\/wp-content\/uploads\/2025\/07\/ILTM-Latin-America-International-Luxury-Travel-Market-Latin-America.jpg\" class=\"attachment-full size-full wp-post-image\" alt=\"ILTM Latin America - Internationaler Luxusreisemarkt Lateinamerika\" \/>\t\t\t<\/a>\n\t\t\t\t\t\t\t<\/div>\n<h4 class=\"fusion-carousel-title\"><a href=\"https:\/\/www.revfine.com\/de\/page\/iltm-latin-america\/\" target=\"_self\">ILTM Lateinamerika | Mai 2026<\/a><\/h4><div class=\"fusion-carousel-meta\"><a href=\"https:\/\/www.revfine.com\/de\/categories\/travel-events-americas\/\" rel=\"tag\">Amerika<\/a><\/div><\/div><\/div><div class=\"swiper-slide\"><div class=\"fusion-carousel-item-wrapper\"><span class=\"entry-title rich-snippet-hidden\">Arabischer Reisemarkt | Mai 2026<\/span><span class=\"vcard rich-snippet-hidden\"><span class=\"fn\"><a href=\"https:\/\/www.revfine.com\/de\/author\/revfine-com\/\" title=\"Beitr\u00e4ge von Revfine.com\" rel=\"author\">Revfine.com<\/a><\/span><\/span><span class=\"updated rich-snippet-hidden\">2026-03-04T11:54:50+01:00<\/span><div  class=\"fusion-image-wrapper\" aria-haspopup=\"true\">\n\t\t\t\t\t\t\t<a href=\"https:\/\/www.revfine.com\/de\/page\/arabian-travel-market\/\" aria-label=\"Arabischer Reisemarkt | Mai 2026\">\n\t\t\t\t\t\t\t<img decoding=\"async\" width=\"1200\" height=\"628\" src=\"https:\/\/www.revfine.com\/wp-content\/uploads\/2025\/07\/Arabian-travel-market.jpg\" class=\"attachment-full size-full wp-post-image\" alt=\"Arabischer Reisemarkt\" \/>\t\t\t<\/a>\n\t\t\t\t\t\t\t<\/div>\n<h4 class=\"fusion-carousel-title\"><a href=\"https:\/\/www.revfine.com\/de\/page\/arabian-travel-market\/\" target=\"_self\">Arabischer Reisemarkt | Mai 2026<\/a><\/h4><div class=\"fusion-carousel-meta\"><a href=\"https:\/\/www.revfine.com\/de\/categories\/travel-events-asia\/\" rel=\"tag\">Asien-Pazifik<\/a><\/div><\/div><\/div><div class=\"swiper-slide\"><div class=\"fusion-carousel-item-wrapper\"><span class=\"entry-title rich-snippet-hidden\">Independent Hotel Show Amsterdam | April 2026<\/span><span class=\"vcard rich-snippet-hidden\"><span class=\"fn\"><a href=\"https:\/\/www.revfine.com\/de\/author\/revfine-com\/\" title=\"Beitr\u00e4ge von Revfine.com\" rel=\"author\">Revfine.com<\/a><\/span><\/span><span class=\"updated rich-snippet-hidden\">2026-02-27T11:22:42+01:00<\/span><div  class=\"fusion-image-wrapper\" aria-haspopup=\"true\">\n\t\t\t\t\t\t\t<a href=\"https:\/\/www.revfine.com\/de\/page\/independent-hotel-show-amsterdam\/\" aria-label=\"Independent Hotel Show Amsterdam | April 2026\">\n\t\t\t\t\t\t\t<img decoding=\"async\" width=\"1200\" height=\"628\" src=\"https:\/\/www.revfine.com\/wp-content\/uploads\/2025\/07\/Independent-Hotel-Show-Amsterdam.jpg\" class=\"attachment-full size-full wp-post-image\" alt=\"Unabh\u00e4ngige Hotelshow Amsterdam\" \/>\t\t\t<\/a>\n\t\t\t\t\t\t\t<\/div>\n<h4 class=\"fusion-carousel-title\"><a href=\"https:\/\/www.revfine.com\/de\/page\/independent-hotel-show-amsterdam\/\" target=\"_self\">Independent Hotel Show Amsterdam | April 2026<\/a><\/h4><div class=\"fusion-carousel-meta\"><a href=\"https:\/\/www.revfine.com\/de\/categories\/travel-events-europe\/\" rel=\"tag\">Europa<\/a><\/div><\/div><\/div><div class=\"swiper-slide\"><div class=\"fusion-carousel-item-wrapper\"><span class=\"entry-title rich-snippet-hidden\">Internationales Hoteltechnologieforum Europa | April 2026<\/span><span class=\"vcard rich-snippet-hidden\"><span class=\"fn\"><a href=\"https:\/\/www.revfine.com\/de\/author\/revfine-com\/\" title=\"Beitr\u00e4ge von Revfine.com\" rel=\"author\">Revfine.com<\/a><\/span><\/span><span class=\"updated rich-snippet-hidden\">2026-03-04T11:52:07+01:00<\/span><div  class=\"fusion-image-wrapper\" aria-haspopup=\"true\">\n\t\t\t\t\t\t\t<a href=\"https:\/\/www.revfine.com\/de\/page\/ihtf-europe\/\" aria-label=\"Internationales Hoteltechnologieforum Europa | April 2026\">\n\t\t\t\t\t\t\t<img decoding=\"async\" width=\"1200\" height=\"628\" src=\"https:\/\/www.revfine.com\/wp-content\/uploads\/2023\/03\/International-Hotel-Technology-Forum-Europe-IHTF-Europe-Forum.jpg\" class=\"attachment-full size-full wp-post-image\" alt=\"Internationales Hoteltechnologieforum Europa - IHTF Europaforum\" \/>\t\t\t<\/a>\n\t\t\t\t\t\t\t<\/div>\n<h4 class=\"fusion-carousel-title\"><a href=\"https:\/\/www.revfine.com\/de\/page\/ihtf-europe\/\" target=\"_self\">Internationales Hoteltechnologieforum Europa | April 2026<\/a><\/h4><div class=\"fusion-carousel-meta\"><a href=\"https:\/\/www.revfine.com\/de\/categories\/travel-events-europe\/\" rel=\"tag\">Europa<\/a><\/div><\/div><\/div><div class=\"swiper-slide\"><div class=\"fusion-carousel-item-wrapper\"><span class=\"entry-title rich-snippet-hidden\">FHT Paris \u2013 Intelligentes Hotel | April 2027<\/span><span class=\"vcard rich-snippet-hidden\"><span class=\"fn\"><a href=\"https:\/\/www.revfine.com\/de\/author\/revfine-com\/\" title=\"Beitr\u00e4ge von Revfine.com\" rel=\"author\">Revfine.com<\/a><\/span><\/span><span class=\"updated rich-snippet-hidden\">2026-04-21T16:19:47+02:00<\/span><div  class=\"fusion-image-wrapper\" aria-haspopup=\"true\">\n\t\t\t\t\t\t\t<a href=\"https:\/\/www.revfine.com\/de\/page\/food-hotel-tech-paris\/\" aria-label=\"FHT Paris \u2013 Intelligentes Hotel | April 2027\">\n\t\t\t\t\t\t\t<img decoding=\"async\" width=\"1200\" height=\"628\" src=\"https:\/\/www.revfine.com\/wp-content\/uploads\/2025\/07\/Food-Hotel-Tech-Paris-France-Trade-Show-Digital-Tech-FHT-Paris.jpg\" class=\"attachment-full size-full wp-post-image\" alt=\"Food Hotel Tech Paris - Frankreich - Messe Digital Tech - FHT Paris\" \/>\t\t\t<\/a>\n\t\t\t\t\t\t\t<\/div>\n<h4 class=\"fusion-carousel-title\"><a href=\"https:\/\/www.revfine.com\/de\/page\/food-hotel-tech-paris\/\" target=\"_self\">FHT Paris \u2013 Intelligentes Hotel | April 2027<\/a><\/h4><div class=\"fusion-carousel-meta\"><a href=\"https:\/\/www.revfine.com\/de\/categories\/travel-events-europe\/\" rel=\"tag\">Europa<\/a><\/div><\/div><\/div><div class=\"swiper-slide\"><div class=\"fusion-carousel-item-wrapper\"><span class=\"entry-title rich-snippet-hidden\">WTM Afrika | April 2027<\/span><span class=\"vcard rich-snippet-hidden\"><span class=\"fn\"><a href=\"https:\/\/www.revfine.com\/de\/author\/revfine-com\/\" title=\"Beitr\u00e4ge von Revfine.com\" rel=\"author\">Revfine.com<\/a><\/span><\/span><span class=\"updated rich-snippet-hidden\">2026-04-21T15:44:30+02:00<\/span><div  class=\"fusion-image-wrapper\" aria-haspopup=\"true\">\n\t\t\t\t\t\t\t<a href=\"https:\/\/www.revfine.com\/de\/page\/wtm-africa\/\" aria-label=\"WTM Afrika | April 2027\">\n\t\t\t\t\t\t\t<img decoding=\"async\" width=\"1200\" height=\"628\" src=\"https:\/\/www.revfine.com\/wp-content\/uploads\/2025\/07\/wtm-africa-world-travel-market-africa-cape-town.jpg\" class=\"attachment-full size-full wp-post-image\" alt=\"wtm africa - Weltreisemarkt Afrika - Kapstadt\" \/>\t\t\t<\/a>\n\t\t\t\t\t\t\t<\/div>\n<h4 class=\"fusion-carousel-title\"><a href=\"https:\/\/www.revfine.com\/de\/page\/wtm-africa\/\" target=\"_self\">WTM Afrika | April 2027<\/a><\/h4><div class=\"fusion-carousel-meta\"><a href=\"https:\/\/www.revfine.com\/de\/categories\/travel-events-africa\/\" rel=\"tag\">Afrika und Mittlerer Osten<\/a><\/div><\/div><\/div><div class=\"swiper-slide\"><div class=\"fusion-carousel-item-wrapper\"><span class=\"entry-title rich-snippet-hidden\">WTM Lateinamerika | April 2027<\/span><span class=\"vcard rich-snippet-hidden\"><span class=\"fn\"><a href=\"https:\/\/www.revfine.com\/de\/author\/revfine-com\/\" title=\"Beitr\u00e4ge von Revfine.com\" rel=\"author\">Revfine.com<\/a><\/span><\/span><span class=\"updated rich-snippet-hidden\">2026-04-21T16:22:39+02:00<\/span><div  class=\"fusion-image-wrapper\" aria-haspopup=\"true\">\n\t\t\t\t\t\t\t<a href=\"https:\/\/www.revfine.com\/de\/page\/wtm-latin-america\/\" aria-label=\"WTM Lateinamerika | April 2027\">\n\t\t\t\t\t\t\t<img decoding=\"async\" width=\"1200\" height=\"628\" src=\"https:\/\/www.revfine.com\/wp-content\/uploads\/2025\/07\/WTM-Latin-America-World-Travel-Market-Latin-America-S\u00e3o-Paulo.jpg\" class=\"attachment-full size-full wp-post-image\" alt=\"WTM Lateinamerika - Weltreisemarkt Lateinamerika - S\u00e3o Paulo - Brasilien\" \/>\t\t\t<\/a>\n\t\t\t\t\t\t\t<\/div>\n<h4 class=\"fusion-carousel-title\"><a href=\"https:\/\/www.revfine.com\/de\/page\/wtm-latin-america\/\" target=\"_self\">WTM Lateinamerika | April 2027<\/a><\/h4><div class=\"fusion-carousel-meta\"><a href=\"https:\/\/www.revfine.com\/de\/categories\/travel-events-americas\/\" rel=\"tag\">Amerika<\/a><\/div><\/div><\/div><div class=\"swiper-slide\"><div class=\"fusion-carousel-item-wrapper\"><span class=\"entry-title rich-snippet-hidden\">Internationaler Luxusreisemarkt Afrika | April 2027<\/span><span class=\"vcard rich-snippet-hidden\"><span class=\"fn\"><a href=\"https:\/\/www.revfine.com\/de\/author\/revfine-com\/\" title=\"Beitr\u00e4ge von Revfine.com\" rel=\"author\">Revfine.com<\/a><\/span><\/span><span class=\"updated rich-snippet-hidden\">2026-04-21T15:22:51+02:00<\/span><div  class=\"fusion-image-wrapper\" aria-haspopup=\"true\">\n\t\t\t\t\t\t\t<a href=\"https:\/\/www.revfine.com\/de\/page\/iltm-africa\/\" aria-label=\"Internationaler Luxusreisemarkt Afrika | April 2027\">\n\t\t\t\t\t\t\t<img decoding=\"async\" width=\"1200\" height=\"628\" src=\"https:\/\/www.revfine.com\/wp-content\/uploads\/2025\/07\/ILTM-Africa-International-Luxury-Travel-Market-Africa-South-Africa.jpg\" class=\"attachment-full size-full wp-post-image\" alt=\"ILTM Africa - Internationaler Luxusreisemarkt Afrika - S\u00fcdafrika\" \/>\t\t\t<\/a>\n\t\t\t\t\t\t\t<\/div>\n<h4 class=\"fusion-carousel-title\"><a href=\"https:\/\/www.revfine.com\/de\/page\/iltm-africa\/\" target=\"_self\">Internationaler Luxusreisemarkt Afrika | April 2027<\/a><\/h4><div class=\"fusion-carousel-meta\"><a href=\"https:\/\/www.revfine.com\/de\/categories\/travel-events-africa\/\" rel=\"tag\">Afrika und Mittlerer Osten<\/a><\/div><\/div><\/div><div class=\"swiper-slide\"><div class=\"fusion-carousel-item-wrapper\"><span class=\"entry-title rich-snippet-hidden\">Gipfeltreffen zu Preisgestaltung und Umsatzmanagement | M\u00e4rz 2027<\/span><span class=\"vcard rich-snippet-hidden\"><span class=\"fn\"><a href=\"https:\/\/www.revfine.com\/de\/author\/revfine-com\/\" title=\"Beitr\u00e4ge von Revfine.com\" rel=\"author\">Revfine.com<\/a><\/span><\/span><span class=\"updated rich-snippet-hidden\">2026-04-21T15:32:00+02:00<\/span><div  class=\"fusion-image-wrapper\" aria-haspopup=\"true\">\n\t\t\t\t\t\t\t<a href=\"https:\/\/www.revfine.com\/de\/page\/pricing-revenue-management-summit\/\" aria-label=\"Gipfeltreffen zu Preisgestaltung und Umsatzmanagement | M\u00e4rz 2027\">\n\t\t\t\t\t\t\t<img decoding=\"async\" width=\"1200\" height=\"628\" src=\"https:\/\/www.revfine.com\/wp-content\/uploads\/2022\/01\/Pricing-Revenue-Revenue-Management-Summit.jpg\" class=\"attachment-full size-full wp-post-image\" alt=\"Pricing Revenue Revenue Management Summit\" \/>\t\t\t<\/a>\n\t\t\t\t\t\t\t<\/div>\n<h4 class=\"fusion-carousel-title\"><a href=\"https:\/\/www.revfine.com\/de\/page\/pricing-revenue-management-summit\/\" target=\"_self\">Gipfeltreffen zu Preisgestaltung und Umsatzmanagement | M\u00e4rz 2027<\/a><\/h4><div class=\"fusion-carousel-meta\"><a href=\"https:\/\/www.revfine.com\/de\/categories\/travel-events-europe\/\" rel=\"tag\">Europa<\/a><\/div><\/div><\/div><div class=\"swiper-slide\"><div class=\"fusion-carousel-item-wrapper\"><span class=\"entry-title rich-snippet-hidden\">Die ITB Berliner Konferenz | M\u00e4rz 2027<\/span><span class=\"vcard rich-snippet-hidden\"><span class=\"fn\"><a href=\"https:\/\/www.revfine.com\/de\/author\/revfine-com\/\" title=\"Beitr\u00e4ge von Revfine.com\" rel=\"author\">Revfine.com<\/a><\/span><\/span><span class=\"updated rich-snippet-hidden\">2026-04-21T15:23:37+02:00<\/span><div  class=\"fusion-image-wrapper\" aria-haspopup=\"true\">\n\t\t\t\t\t\t\t<a href=\"https:\/\/www.revfine.com\/de\/page\/itb-berlin\/\" aria-label=\"Die ITB Berliner Konferenz | M\u00e4rz 2027\">\n\t\t\t\t\t\t\t<img decoding=\"async\" width=\"1200\" height=\"628\" src=\"https:\/\/www.revfine.com\/wp-content\/uploads\/2025\/07\/ITB-Berlin.jpg\" class=\"attachment-full size-full wp-post-image\" alt=\"ITB Berlin - Reisemesse itb Berlin\" \/>\t\t\t<\/a>\n\t\t\t\t\t\t\t<\/div>\n<h4 class=\"fusion-carousel-title\"><a href=\"https:\/\/www.revfine.com\/de\/page\/itb-berlin\/\" target=\"_self\">Die ITB Berliner Konferenz | M\u00e4rz 2027<\/a><\/h4><div class=\"fusion-carousel-meta\"><a href=\"https:\/\/www.revfine.com\/de\/categories\/travel-events-europe\/\" rel=\"tag\">Europa<\/a><\/div><\/div><\/div><\/div><div class=\"awb-swiper-button awb-swiper-button-prev\"><i class=\"awb-icon-angle-left\" aria-hidden=\"true\"><\/i><\/div><div class=\"awb-swiper-button awb-swiper-button-next\"><i class=\"awb-icon-angle-right\" aria-hidden=\"true\"><\/i><\/div><\/div><\/div><div class=\"fusion-sep-clear\"><\/div><div class=\"fusion-separator fusion-full-width-sep\" style=\"margin-left: auto;margin-right: auto;margin-top:-45px;width:100%;\"><div class=\"fusion-separator-border sep-single sep-solid\" style=\"--awb-height:20px;--awb-amount:20px;border-color:#e0dede;border-top-width:1px;\"><\/div><\/div><div class=\"fusion-sep-clear\"><\/div><br><div class=\"fusion-text fusion-text-7\"><p><span style=\"font-size: 13pt;\"><span style=\"text-decoration: underline;\"><a href=\"https:\/\/www.revfine.com\/add-event\/\"><strong>Klicke hier<\/strong><\/a><\/span> um Ihr Hotel-, Gastgewerbe- oder Reiseindustrie-Event hinzuzuf\u00fcgen.<\/span><\/p>\n<\/div><div class=\"fusion-sep-clear\"><\/div><div class=\"fusion-separator fusion-full-width-sep\" style=\"margin-left: auto;margin-right: auto;width:100%;\"><div class=\"fusion-separator-border sep-single sep-solid\" style=\"--awb-height:20px;--awb-amount:20px;border-color:#e0dede;border-top-width:1px;\"><\/div><\/div><div class=\"fusion-sep-clear\"><\/div><div class=\"fusion-clearfix\"><\/div><\/div><\/div><\/div><\/div><\/p>","protected":false},"excerpt":{"rendered":"","protected":false},"author":1,"featured_media":20762,"menu_order":0,"comment_status":"open","ping_status":"closed","template":"","format":"standard","meta":{"footnotes":""},"portfolio_category":[163],"portfolio_skills":[],"portfolio_tags":[],"class_list":["post-20761","avada_portfolio","type-avada_portfolio","status-publish","format-standard","has-post-thumbnail","hentry","portfolio_category-travel-events-americas"],"yoast_head":"<!-- This site is optimized with the Yoast SEO plugin v27.3 - https:\/\/yoast.com\/product\/yoast-seo-wordpress\/ -->\n<title>Skift Aviation Forum | Event Information &amp; Calendar<\/title>\n<meta name=\"description\" content=\"The Skift Aviation Forum brings together CEOs and senior figures from the airline industry for discussions on the present and future of aviation.\" \/>\n<meta name=\"robots\" content=\"index, follow, max-snippet:-1, max-image-preview:large, max-video-preview:-1\" \/>\n<link rel=\"canonical\" href=\"https:\/\/www.revfine.com\/de\/page\/skift-luftfahrt-forum\/\" \/>\n<meta property=\"og:locale\" content=\"de_DE\" \/>\n<meta property=\"og:type\" content=\"article\" \/>\n<meta property=\"og:title\" content=\"Skift Aviation Forum | Event Information &amp; Calendar\" \/>\n<meta property=\"og:description\" content=\"The Skift Aviation Forum brings together CEOs and senior figures from the airline industry for discussions on the present and future of aviation.\" \/>\n<meta property=\"og:url\" content=\"https:\/\/www.revfine.com\/de\/page\/skift-luftfahrt-forum\/\" \/>\n<meta property=\"og:site_name\" content=\"Revfine.com\" \/>\n<meta property=\"article:modified_time\" content=\"2026-03-04T18:48:40+00:00\" \/>\n<meta property=\"og:image\" content=\"https:\/\/www.revfine.com\/wp-content\/uploads\/2022\/05\/Skift-Aviation-Forum.jpg\" \/>\n\t<meta property=\"og:image:width\" content=\"1200\" \/>\n\t<meta property=\"og:image:height\" content=\"628\" \/>\n\t<meta property=\"og:image:type\" content=\"image\/jpeg\" \/>\n<meta name=\"twitter:card\" content=\"summary_large_image\" \/>\n<meta name=\"twitter:label1\" content=\"Gesch\u00e4tzte Lesezeit\" \/>\n\t<meta name=\"twitter:data1\" content=\"13\u00a0Minuten\" \/>\n<script type=\"application\/ld+json\" class=\"yoast-schema-graph\">{\"@context\":\"https:\\\/\\\/schema.org\",\"@graph\":[{\"@type\":\"WebPage\",\"@id\":\"https:\\\/\\\/www.revfine.com\\\/page\\\/skift-aviation-forum\\\/\",\"url\":\"https:\\\/\\\/www.revfine.com\\\/page\\\/skift-aviation-forum\\\/\",\"name\":\"Skift Aviation Forum | Event Information & Calendar\",\"isPartOf\":{\"@id\":\"https:\\\/\\\/www.revfine.com\\\/pt\\\/#website\"},\"primaryImageOfPage\":{\"@id\":\"https:\\\/\\\/www.revfine.com\\\/page\\\/skift-aviation-forum\\\/#primaryimage\"},\"image\":{\"@id\":\"https:\\\/\\\/www.revfine.com\\\/page\\\/skift-aviation-forum\\\/#primaryimage\"},\"thumbnailUrl\":\"https:\\\/\\\/www.revfine.com\\\/wp-content\\\/uploads\\\/2022\\\/05\\\/Skift-Aviation-Forum.jpg\",\"datePublished\":\"2024-12-31T08:00:03+00:00\",\"dateModified\":\"2026-03-04T18:48:40+00:00\",\"description\":\"The Skift Aviation Forum brings together CEOs and senior figures from the airline industry for discussions on the present and future of aviation.\",\"breadcrumb\":{\"@id\":\"https:\\\/\\\/www.revfine.com\\\/page\\\/skift-aviation-forum\\\/#breadcrumb\"},\"inLanguage\":\"de\",\"potentialAction\":[{\"@type\":\"ReadAction\",\"target\":[\"https:\\\/\\\/www.revfine.com\\\/page\\\/skift-aviation-forum\\\/\"]}]},{\"@type\":\"ImageObject\",\"inLanguage\":\"de\",\"@id\":\"https:\\\/\\\/www.revfine.com\\\/page\\\/skift-aviation-forum\\\/#primaryimage\",\"url\":\"https:\\\/\\\/www.revfine.com\\\/wp-content\\\/uploads\\\/2022\\\/05\\\/Skift-Aviation-Forum.jpg\",\"contentUrl\":\"https:\\\/\\\/www.revfine.com\\\/wp-content\\\/uploads\\\/2022\\\/05\\\/Skift-Aviation-Forum.jpg\",\"width\":1200,\"height\":628,\"caption\":\"Skift Aviation Forum\"},{\"@type\":\"BreadcrumbList\",\"@id\":\"https:\\\/\\\/www.revfine.com\\\/page\\\/skift-aviation-forum\\\/#breadcrumb\",\"itemListElement\":[{\"@type\":\"ListItem\",\"position\":1,\"name\":\"Home\",\"item\":\"https:\\\/\\\/www.revfine.com\\\/\"},{\"@type\":\"ListItem\",\"position\":2,\"name\":\"Portfolio\",\"item\":\"https:\\\/\\\/www.revfine.com\\\/page\\\/\"},{\"@type\":\"ListItem\",\"position\":3,\"name\":\"Skift Aviation Forum | December 2026\"}]},{\"@type\":\"WebSite\",\"@id\":\"https:\\\/\\\/www.revfine.com\\\/pt\\\/#website\",\"url\":\"https:\\\/\\\/www.revfine.com\\\/pt\\\/\",\"name\":\"Revfine.com\",\"description\":\"Optimising Revenue\",\"potentialAction\":[{\"@type\":\"SearchAction\",\"target\":{\"@type\":\"EntryPoint\",\"urlTemplate\":\"https:\\\/\\\/www.revfine.com\\\/pt\\\/?s={search_term_string}\"},\"query-input\":{\"@type\":\"PropertyValueSpecification\",\"valueRequired\":true,\"valueName\":\"search_term_string\"}}],\"inLanguage\":\"de\"}]}<\/script>\n<!-- \/ Yoast SEO plugin. -->","yoast_head_json":{"title":"Skift Luftfahrtforum | Veranstaltungsinformationen &amp; Kalender","description":"Das Skift Aviation Forum bringt CEOs und hochrangige Pers\u00f6nlichkeiten der Luftfahrtindustrie zu Diskussionen \u00fcber die Gegenwart und Zukunft der Luftfahrt zusammen.","robots":{"index":"index","follow":"follow","max-snippet":"max-snippet:-1","max-image-preview":"max-image-preview:large","max-video-preview":"max-video-preview:-1"},"canonical":"https:\/\/www.revfine.com\/de\/page\/skift-luftfahrt-forum\/","og_locale":"de_DE","og_type":"article","og_title":"Skift Aviation Forum | Event Information & Calendar","og_description":"The Skift Aviation Forum brings together CEOs and senior figures from the airline industry for discussions on the present and future of aviation.","og_url":"https:\/\/www.revfine.com\/de\/page\/skift-luftfahrt-forum\/","og_site_name":"Revfine.com","article_modified_time":"2026-03-04T18:48:40+00:00","og_image":[{"width":1200,"height":628,"url":"https:\/\/www.revfine.com\/wp-content\/uploads\/2022\/05\/Skift-Aviation-Forum.jpg","type":"image\/jpeg"}],"twitter_card":"summary_large_image","twitter_misc":{"Gesch\u00e4tzte Lesezeit":"13\u00a0Minuten"},"schema":{"@context":"https:\/\/schema.org","@graph":[{"@type":"WebPage","@id":"https:\/\/www.revfine.com\/page\/skift-aviation-forum\/","url":"https:\/\/www.revfine.com\/page\/skift-aviation-forum\/","name":"Skift Luftfahrtforum | Veranstaltungsinformationen &amp; Kalender","isPartOf":{"@id":"https:\/\/www.revfine.com\/pt\/#website"},"primaryImageOfPage":{"@id":"https:\/\/www.revfine.com\/page\/skift-aviation-forum\/#primaryimage"},"image":{"@id":"https:\/\/www.revfine.com\/page\/skift-aviation-forum\/#primaryimage"},"thumbnailUrl":"https:\/\/www.revfine.com\/wp-content\/uploads\/2022\/05\/Skift-Aviation-Forum.jpg","datePublished":"2024-12-31T08:00:03+00:00","dateModified":"2026-03-04T18:48:40+00:00","description":"Das Skift Aviation Forum bringt CEOs und hochrangige Pers\u00f6nlichkeiten der Luftfahrtindustrie zu Diskussionen \u00fcber die Gegenwart und Zukunft der Luftfahrt zusammen.","breadcrumb":{"@id":"https:\/\/www.revfine.com\/page\/skift-aviation-forum\/#breadcrumb"},"inLanguage":"de","potentialAction":[{"@type":"ReadAction","target":["https:\/\/www.revfine.com\/page\/skift-aviation-forum\/"]}]},{"@type":"ImageObject","inLanguage":"de","@id":"https:\/\/www.revfine.com\/page\/skift-aviation-forum\/#primaryimage","url":"https:\/\/www.revfine.com\/wp-content\/uploads\/2022\/05\/Skift-Aviation-Forum.jpg","contentUrl":"https:\/\/www.revfine.com\/wp-content\/uploads\/2022\/05\/Skift-Aviation-Forum.jpg","width":1200,"height":628,"caption":"Skift Aviation Forum"},{"@type":"BreadcrumbList","@id":"https:\/\/www.revfine.com\/page\/skift-aviation-forum\/#breadcrumb","itemListElement":[{"@type":"ListItem","position":1,"name":"Home","item":"https:\/\/www.revfine.com\/"},{"@type":"ListItem","position":2,"name":"Portfolio","item":"https:\/\/www.revfine.com\/page\/"},{"@type":"ListItem","position":3,"name":"Skift Aviation Forum | December 2026"}]},{"@type":"WebSite","@id":"https:\/\/www.revfine.com\/pt\/#website","url":"https:\/\/www.revfine.com\/pt\/","name":"Revfine.com","description":"Optimierung des Umsatzes","potentialAction":[{"@type":"SearchAction","target":{"@type":"EntryPoint","urlTemplate":"https:\/\/www.revfine.com\/pt\/?s={search_term_string}"},"query-input":{"@type":"PropertyValueSpecification","valueRequired":true,"valueName":"search_term_string"}}],"inLanguage":"de"}]}},"_links":{"self":[{"href":"https:\/\/www.revfine.com\/de\/wp-json\/wp\/v2\/avada_portfolio\/20761","targetHints":{"allow":["GET"]}}],"collection":[{"href":"https:\/\/www.revfine.com\/de\/wp-json\/wp\/v2\/avada_portfolio"}],"about":[{"href":"https:\/\/www.revfine.com\/de\/wp-json\/wp\/v2\/types\/avada_portfolio"}],"author":[{"embeddable":true,"href":"https:\/\/www.revfine.com\/de\/wp-json\/wp\/v2\/users\/1"}],"replies":[{"embeddable":true,"href":"https:\/\/www.revfine.com\/de\/wp-json\/wp\/v2\/comments?post=20761"}],"version-history":[{"count":7,"href":"https:\/\/www.revfine.com\/de\/wp-json\/wp\/v2\/avada_portfolio\/20761\/revisions"}],"predecessor-version":[{"id":37765,"href":"https:\/\/www.revfine.com\/de\/wp-json\/wp\/v2\/avada_portfolio\/20761\/revisions\/37765"}],"wp:featuredmedia":[{"embeddable":true,"href":"https:\/\/www.revfine.com\/de\/wp-json\/wp\/v2\/media\/20762"}],"wp:attachment":[{"href":"https:\/\/www.revfine.com\/de\/wp-json\/wp\/v2\/media?parent=20761"}],"wp:term":[{"taxonomy":"portfolio_category","embeddable":true,"href":"https:\/\/www.revfine.com\/de\/wp-json\/wp\/v2\/portfolio_category?post=20761"},{"taxonomy":"portfolio_skills","embeddable":true,"href":"https:\/\/www.revfine.com\/de\/wp-json\/wp\/v2\/portfolio_skills?post=20761"},{"taxonomy":"portfolio_tags","embeddable":true,"href":"https:\/\/www.revfine.com\/de\/wp-json\/wp\/v2\/portfolio_tags?post=20761"}],"curies":[{"name":"wp","href":"https:\/\/api.w.org\/{rel}","templated":true}]}}