{"id":2704,"date":"2024-03-03T10:39:59","date_gmt":"2024-03-03T09:39:59","guid":{"rendered":"https:\/\/revfine.com\/?post_type=avada_portfolio&#038;p=2704"},"modified":"2026-04-21T15:23:37","modified_gmt":"2026-04-21T13:23:37","slug":"itb-berlin","status":"publish","type":"avada_portfolio","link":"https:\/\/www.revfine.com\/es\/page\/itb-berlin\/","title":{"rendered":"Convenci\u00f3n ITB de Berl\u00edn | Marzo de 2027"},"content":{"rendered":"<p><div class=\"fusion-fullwidth fullwidth-box fusion-builder-row-1 nonhundred-percent-fullwidth non-hundred-percent-height-scrolling\" style=\"--awb-border-radius-top-left:0px;--awb-border-radius-top-right:0px;--awb-border-radius-bottom-right:0px;--awb-border-radius-bottom-left:0px;--awb-margin-top:-30px;--awb-flex-wrap:wrap;\" ><div class=\"fusion-builder-row fusion-row\"><div class=\"fusion-layout-column fusion_builder_column fusion-builder-column-0 fusion_builder_column_1_1 1_1 fusion-one-full fusion-column-first fusion-column-last\" style=\"--awb-bg-size:cover;--awb-margin-bottom:0px;\"><div class=\"fusion-column-wrapper fusion-flex-column-wrapper-legacy\"><div class=\"fusion-text fusion-text-1\"><p><strong>La mundialmente famosa feria de viajes ITB Berl\u00edn en Alemania ofrecer\u00e1 una visi\u00f3n en profundidad de las \u00faltimas tendencias tur\u00edsticas en la industria de viajes.<\/strong><\/p>\n<h2><span style=\"font-size: 16pt;\">Acerca de la feria de viajes ITB Berlin<\/span><\/h2>\n<p>Cada a\u00f1o en marzo, la feria de viajes ITB Berlin en Alemania re\u00fane a m\u00e1s de 10,000 expositores de hasta 180 pa\u00edses para exhibir sus productos y servicios m\u00e1s innovadores en la industria de viajes. ITB Berl\u00edn es, de hecho, la feria de viajes y turismo m\u00e1s grande del mundo que no puede perderse.<\/p>\n<h2><span style=\"font-size: 16pt;\">\u00bfQui\u00e9n deber\u00eda asistir a la exposici\u00f3n ITB de Berl\u00edn?<\/span><\/h2>\n<p>Hoteles, operadores tur\u00edsticos y muchos otros proveedores de servicios de m\u00e1s de 180 pa\u00edses presentar\u00e1n sus servicios y productos en este evento. Si usted es un tomador de decisiones, experto, comprador o un joven profesional involucrado en el sector de viajes y turismo, debe asistir a la feria de viajes ITB Berlin para obtener informaci\u00f3n valiosa sobre las \u00faltimas tendencias en la industria y establecer negocios. contactos. El p\u00fablico en general tambi\u00e9n encontrar\u00e1 la exposici\u00f3n ITB Berl\u00edn particularmente interesante, ya que brinda una oportunidad \u00fanica de explorar el mundo de forma interactiva en solo unas pocas horas. Adem\u00e1s, los visitantes j\u00f3venes y mayores de todos los \u00e1mbitos de la vida podr\u00e1n descubrir nuevas culturas, participar en experiencias inmersivas y visitar los destinos m\u00e1s bellos, o incluso obtener informaci\u00f3n sobre su pr\u00f3ximo viaje.<\/p>\n<h2><span style=\"font-size: 16pt;\">\u00bfCu\u00e1l es el objetivo del evento ITB Berl\u00edn?<\/span><\/h2>\n<p>El principio fundamental del evento ITB Berlin se basa en Experience &amp; Experts. Este evento tiene como objetivo proporcionar a cada asistente y participante una experiencia enriquecedora a trav\u00e9s de interacciones personales con personas de todo el mundo. Este a\u00f1o, el segmento de nuevas tecnolog\u00edas y actividades tur\u00edsticas ser\u00e1 el primero de su tipo en Europa y tiene como objetivo reunir a los l\u00edderes m\u00e1s destacados de la industria de viajes y turismo para compartir el mismo objetivo com\u00fan: promover y vender sus servicios en destino al p\u00fablico en general. p\u00fablico.<\/p>\n<p><em>Para obtener m\u00e1s informaci\u00f3n sobre este evento, visite el sitio web de ITB Berl\u00edn.<\/em><\/p>\n<\/div><br><div class=\"fusion-sep-clear\"><\/div><div class=\"fusion-separator fusion-full-width-sep\" style=\"margin-left: auto;margin-right: auto;width:100%;\"><div class=\"fusion-separator-border sep-single sep-solid\" style=\"--awb-height:20px;--awb-amount:20px;border-color:#e0dede;border-top-width:1px;\"><\/div><\/div><div class=\"fusion-sep-clear\"><\/div><br><br><div class=\"fusion-clearfix\"><\/div><\/div><\/div><\/div><\/div><div class=\"fusion-fullwidth fullwidth-box fusion-builder-row-2 nonhundred-percent-fullwidth non-hundred-percent-height-scrolling\" style=\"--awb-border-radius-top-left:0px;--awb-border-radius-top-right:0px;--awb-border-radius-bottom-right:0px;--awb-border-radius-bottom-left:0px;--awb-flex-wrap:wrap;\" ><div class=\"fusion-builder-row fusion-row\"><div class=\"fusion-layout-column fusion_builder_column fusion-builder-column-1 fusion_builder_column_1_3 1_3 fusion-one-third fusion-column-first\" style=\"--awb-bg-size:cover;width:33.333333333333%;width:calc(33.333333333333% - ( ( 4% + 4% ) * 0.33333333333333 ) );margin-right: 4%;\"><div class=\"fusion-column-wrapper fusion-column-has-shadow fusion-flex-column-wrapper-legacy\"><div class=\"fusion-text fusion-text-2\"><h3>Organizador de eventos:<\/h3>\n<p>Messe Berlin GmbH<br \/>\nMessedamm 22<br \/>\nD - 14055 Berl\u00edn<br \/>\nAlemania<\/p>\n<\/div><div class=\"fusion-clearfix\"><\/div><\/div><\/div><div class=\"fusion-layout-column fusion_builder_column fusion-builder-column-2 fusion_builder_column_1_3 1_3 fusion-one-third\" style=\"--awb-bg-size:cover;width:33.333333333333%;width:calc(33.333333333333% - ( ( 4% + 4% ) * 0.33333333333333 ) );margin-right: 4%;\"><div class=\"fusion-column-wrapper fusion-column-has-shadow fusion-flex-column-wrapper-legacy\"><div class=\"fusion-text fusion-text-3\"><h3>Lugar del evento:<\/h3>\n<p>Recinto ferial de Berl\u00edn, Messedamm 22, 14055 Berl\u00edn, Alemania<\/p>\n<\/div><div class=\"fusion-clearfix\"><\/div><\/div><\/div><div class=\"fusion-layout-column fusion_builder_column fusion-builder-column-3 fusion_builder_column_1_3 1_3 fusion-one-third fusion-column-last\" style=\"--awb-bg-size:cover;width:33.333333333333%;width:calc(33.333333333333% - ( ( 4% + 4% ) * 0.33333333333333 ) );\"><div class=\"fusion-column-wrapper fusion-column-has-shadow fusion-flex-column-wrapper-legacy\"><div class=\"fusion-text fusion-text-4\" style=\"--awb-text-transform:none;\"><h3>Fecha y registro:<\/h3>\n<p>Primer d\u00eda: 16 de marzo de 2027<br \/>\n\u00daltimo d\u00eda: 18 de marzo de 2027<\/p>\n<p><em>Visite el sitio web del evento para obtener m\u00e1s informaci\u00f3n.<\/em><\/p>\n<\/div><div class=\"fusion-alignleft\"><a class=\"fusion-button button-flat button-medium button-default fusion-button-default button-1 fusion-button-default-span fusion-button-default-type\" target=\"_blank\" rel=\"noopener noreferrer\" title=\"La Convenci\u00f3n de la ITB de Berl\u00edn\" aria-label=\"La Convenci\u00f3n de la ITB de Berl\u00edn\" href=\"https:\/\/www.itb-berlin.de\/en\/\"><i class=\"fa-allergies fas awb-button__icon awb-button__icon--default button-icon-left\" aria-hidden=\"true\"><\/i><span class=\"fusion-button-text awb-button__text awb-button__text--default\">Sitio web del evento<\/span><\/a><\/div><div class=\"fusion-clearfix\"><\/div><\/div><\/div><\/div><\/div><div class=\"fusion-fullwidth fullwidth-box fusion-builder-row-3 nonhundred-percent-fullwidth non-hundred-percent-height-scrolling\" style=\"--awb-border-radius-top-left:0px;--awb-border-radius-top-right:0px;--awb-border-radius-bottom-right:0px;--awb-border-radius-bottom-left:0px;--awb-flex-wrap:wrap;\" ><div class=\"fusion-builder-row fusion-row\"><div class=\"fusion-layout-column fusion_builder_column fusion-builder-column-4 fusion_builder_column_1_1 1_1 fusion-one-full fusion-column-first fusion-column-last\" style=\"--awb-bg-size:cover;\"><div class=\"fusion-column-wrapper fusion-column-has-shadow fusion-flex-column-wrapper-legacy\"><br><div class=\"fusion-sep-clear\"><\/div><div class=\"fusion-separator fusion-full-width-sep\" style=\"margin-left: auto;margin-right: auto;width:100%;\"><div class=\"fusion-separator-border sep-single sep-solid\" style=\"--awb-height:20px;--awb-amount:20px;border-color:#e0dede;border-top-width:1px;\"><\/div><\/div><div class=\"fusion-sep-clear\"><\/div><br><div class=\"fusion-text fusion-text-5\"><h3>Otro <span style=\"color: #212121;\"><a style=\"color: #212121;\" href=\"https:\/\/www.revfine.com\/es\/itb\/\">Eventos ITB<\/a><\/span>:\u00a0<a href=\"https:\/\/www.revfine.com\/es\/event\/itb-china\/\">ITB China<\/a>, <a href=\"https:\/\/www.revfine.com\/es\/event\/itb-india\/\">ITB India<\/a>, <a href=\"https:\/\/www.revfine.com\/es\/event\/itb-asia\/\">ITB Asia<\/a>, <a href=\"https:\/\/www.revfine.com\/es\/event\/cumbre-de-distribucion-de-ingresos-hoteleros-singapur\/\">Cumbre de distribuci\u00f3n e ingresos hoteleros de Singapur<\/a><\/h3>\n<\/div><div class=\"fusion-sep-clear\"><\/div><div class=\"fusion-separator fusion-full-width-sep\" style=\"margin-left: auto;margin-right: auto;width:100%;\"><div class=\"fusion-separator-border sep-single sep-solid\" style=\"--awb-height:20px;--awb-amount:20px;border-color:#e0dede;border-top-width:1px;\"><\/div><\/div><div class=\"fusion-sep-clear\"><\/div><br><div class=\"fusion-clearfix\"><\/div><\/div><\/div><\/div><\/div><div class=\"fusion-fullwidth fullwidth-box fusion-builder-row-4 nonhundred-percent-fullwidth non-hundred-percent-height-scrolling\" style=\"--awb-border-radius-top-left:0px;--awb-border-radius-top-right:0px;--awb-border-radius-bottom-right:0px;--awb-border-radius-bottom-left:0px;--awb-flex-wrap:wrap;\" ><div class=\"fusion-builder-row fusion-row\"><div class=\"fusion-layout-column fusion_builder_column fusion-builder-column-5 fusion_builder_column_1_1 1_1 fusion-one-full fusion-column-first fusion-column-last\" style=\"--awb-bg-size:cover;\"><div class=\"fusion-column-wrapper fusion-column-has-shadow fusion-flex-column-wrapper-legacy\"><div class=\"fusion-text fusion-text-6\"><h3>Otros eventos de viaje:<\/h3>\n<\/div><div class=\"fusion-recent-works fusion-portfolio-element fusion-portfolio fusion-portfolio-1 fusion-portfolio-carousel fusion-portfolio-paging-pagination recent-works-carousel portfolio-carousel picture-size-auto\" data-id=\"-rw-1\"><div class=\"awb-carousel awb-swiper awb-swiper-carousel fusion-carousel-title-below-image\" style=\"--awb-columns:3;\" data-metacontent=\"yes\" data-autoplay=\"no\" data-columns=\"3\" data-itemmargin=\"20\" data-itemwidth=\"180\" data-touchscroll=\"no\" data-imagesize=\"auto\"><div class=\"swiper-wrapper\"><div class=\"swiper-slide\"><div class=\"fusion-carousel-item-wrapper\"><span class=\"entry-title rich-snippet-hidden\">Foro Global de Ingresos de Madrid | 2026<\/span><span class=\"vcard rich-snippet-hidden\"><span class=\"fn\"><a href=\"https:\/\/www.revfine.com\/es\/author\/revfine-com\/\" title=\"Entradas de Revfine.com\" rel=\"author\">Revfine.com<\/a><\/span><\/span><span class=\"updated rich-snippet-hidden\">13\/06\/2025 09:51:50+02:00<\/span><div  class=\"fusion-image-wrapper\" aria-haspopup=\"true\">\n\t\t\t\t\t\t\t<a href=\"https:\/\/www.revfine.com\/es\/page\/global-revenue-forum-madrid\/\" aria-label=\"Foro Global de Ingresos de Madrid | 2026\">\n\t\t\t\t\t\t\t<img decoding=\"async\" width=\"1200\" height=\"628\" src=\"https:\/\/www.revfine.com\/wp-content\/uploads\/2024\/12\/Global-Revenue-Forum-Madrid.jpg\" class=\"attachment-full size-full wp-post-image\" alt=\"Foro Global de Ingresos en Madrid\" \/>\t\t\t<\/a>\n\t\t\t\t\t\t\t<\/div>\n<h4 class=\"fusion-carousel-title\"><a href=\"https:\/\/www.revfine.com\/es\/page\/global-revenue-forum-madrid\/\" target=\"_self\">Foro Global de Ingresos de Madrid | 2026<\/a><\/h4><div class=\"fusion-carousel-meta\"><a href=\"https:\/\/www.revfine.com\/es\/categories\/travel-events-europe\/\" rel=\"tag\">Europa<\/a>, <a href=\"https:\/\/www.revfine.com\/es\/categories\/virtual-events\/\" rel=\"tag\">Eventos virtuales<\/a><\/div><\/div><\/div><div class=\"swiper-slide\"><div class=\"fusion-carousel-item-wrapper\"><span class=\"entry-title rich-snippet-hidden\">Foro de Aviaci\u00f3n Skift | Diciembre de 2026<\/span><span class=\"vcard rich-snippet-hidden\"><span class=\"fn\"><a href=\"https:\/\/www.revfine.com\/es\/author\/revfine-com\/\" title=\"Entradas de Revfine.com\" rel=\"author\">Revfine.com<\/a><\/span><\/span><span class=\"updated rich-snippet-hidden\">2026-03-04T19:48:40+01:00<\/span><div  class=\"fusion-image-wrapper\" aria-haspopup=\"true\">\n\t\t\t\t\t\t\t<a href=\"https:\/\/www.revfine.com\/es\/page\/skift-aviation-forum\/\" aria-label=\"Foro de Aviaci\u00f3n Skift | Diciembre de 2026\">\n\t\t\t\t\t\t\t<img decoding=\"async\" width=\"1200\" height=\"628\" src=\"https:\/\/www.revfine.com\/wp-content\/uploads\/2022\/05\/Skift-Aviation-Forum.jpg\" class=\"attachment-full size-full wp-post-image\" alt=\"Foro de aviaci\u00f3n Skift\" \/>\t\t\t<\/a>\n\t\t\t\t\t\t\t<\/div>\n<h4 class=\"fusion-carousel-title\"><a href=\"https:\/\/www.revfine.com\/es\/page\/skift-aviation-forum\/\" target=\"_self\">Foro de Aviaci\u00f3n Skift | Diciembre de 2026<\/a><\/h4><div class=\"fusion-carousel-meta\"><a href=\"https:\/\/www.revfine.com\/es\/categories\/travel-events-americas\/\" rel=\"tag\">Am\u00e9ricas<\/a><\/div><\/div><\/div><div class=\"swiper-slide\"><div class=\"fusion-carousel-item-wrapper\"><span class=\"entry-title rich-snippet-hidden\">Mercado Internacional de Viajes de Lujo de Cannes | Diciembre de 2026<\/span><span class=\"vcard rich-snippet-hidden\"><span class=\"fn\"><a href=\"https:\/\/www.revfine.com\/es\/author\/revfine-com\/\" title=\"Entradas de Revfine.com\" rel=\"author\">Revfine.com<\/a><\/span><\/span><span class=\"updated rich-snippet-hidden\">04\/03\/2026 19:42:26+01:00<\/span><div  class=\"fusion-image-wrapper\" aria-haspopup=\"true\">\n\t\t\t\t\t\t\t<a href=\"https:\/\/www.revfine.com\/es\/page\/iltm-cannes\/\" aria-label=\"Mercado Internacional de Viajes de Lujo de Cannes | Diciembre de 2026\">\n\t\t\t\t\t\t\t<img decoding=\"async\" width=\"1200\" height=\"628\" src=\"https:\/\/www.revfine.com\/wp-content\/uploads\/2025\/07\/ILTM-Cannes-International-Luxury-Travel-Market-Cannes-France.jpg\" class=\"attachment-full size-full wp-post-image\" alt=\"ILTM Cannes - Mercado internacional de viajes de lujo Cannes - Francia\" \/>\t\t\t<\/a>\n\t\t\t\t\t\t\t<\/div>\n<h4 class=\"fusion-carousel-title\"><a href=\"https:\/\/www.revfine.com\/es\/page\/iltm-cannes\/\" target=\"_self\">Mercado Internacional de Viajes de Lujo de Cannes | Diciembre de 2026<\/a><\/h4><div class=\"fusion-carousel-meta\"><a href=\"https:\/\/www.revfine.com\/es\/categories\/travel-events-europe\/\" rel=\"tag\">Europa<\/a><\/div><\/div><\/div><div class=\"swiper-slide\"><div class=\"fusion-carousel-item-wrapper\"><span class=\"entry-title rich-snippet-hidden\">Feria de Tecnolog\u00eda de Viajes WTM | Noviembre de 2026<\/span><span class=\"vcard rich-snippet-hidden\"><span class=\"fn\"><a href=\"https:\/\/www.revfine.com\/es\/author\/revfine-com\/\" title=\"Entradas de Revfine.com\" rel=\"author\">Revfine.com<\/a><\/span><\/span><span class=\"updated rich-snippet-hidden\">2026-03-04T19:39:37+01:00<\/span><div  class=\"fusion-image-wrapper\" aria-haspopup=\"true\">\n\t\t\t\t\t\t\t<a href=\"https:\/\/www.revfine.com\/es\/page\/wtm-travel-technology-show\/\" aria-label=\"Feria de Tecnolog\u00eda de Viajes WTM | Noviembre de 2026\">\n\t\t\t\t\t\t\t<img decoding=\"async\" width=\"1200\" height=\"628\" src=\"https:\/\/www.revfine.com\/wp-content\/uploads\/2025\/07\/Travel-forward-London-Travel-forward-conference.jpg\" class=\"attachment-full size-full wp-post-image\" alt=\"Travel Forward London - Conferencia Travel Forward\" \/>\t\t\t<\/a>\n\t\t\t\t\t\t\t<\/div>\n<h4 class=\"fusion-carousel-title\"><a href=\"https:\/\/www.revfine.com\/es\/page\/wtm-travel-technology-show\/\" target=\"_self\">Feria de Tecnolog\u00eda de Viajes WTM | Noviembre de 2026<\/a><\/h4><div class=\"fusion-carousel-meta\"><a href=\"https:\/\/www.revfine.com\/es\/categories\/travel-events-europe\/\" rel=\"tag\">Europa<\/a><\/div><\/div><\/div><div class=\"swiper-slide\"><div class=\"fusion-carousel-item-wrapper\"><span class=\"entry-title rich-snippet-hidden\">WTM Londres | Noviembre de 2026<\/span><span class=\"vcard rich-snippet-hidden\"><span class=\"fn\"><a href=\"https:\/\/www.revfine.com\/es\/author\/revfine-com\/\" title=\"Entradas de Revfine.com\" rel=\"author\">Revfine.com<\/a><\/span><\/span><span class=\"updated rich-snippet-hidden\">2025-12-01T15:15:22+01:00<\/span><div  class=\"fusion-image-wrapper\" aria-haspopup=\"true\">\n\t\t\t\t\t\t\t<a href=\"https:\/\/www.revfine.com\/es\/page\/wtm-london\/\" aria-label=\"WTM Londres | Noviembre de 2026\">\n\t\t\t\t\t\t\t<img decoding=\"async\" width=\"1200\" height=\"628\" src=\"https:\/\/www.revfine.com\/wp-content\/uploads\/2025\/07\/wtm-London-World-travel-market-London.jpg\" class=\"attachment-full size-full wp-post-image\" alt=\"wtm London - Mercado mundial de viajes de Londres\" \/>\t\t\t<\/a>\n\t\t\t\t\t\t\t<\/div>\n<h4 class=\"fusion-carousel-title\"><a href=\"https:\/\/www.revfine.com\/es\/page\/wtm-london\/\" target=\"_self\">WTM Londres | Noviembre de 2026<\/a><\/h4><div class=\"fusion-carousel-meta\"><a href=\"https:\/\/www.revfine.com\/es\/categories\/travel-events-europe\/\" rel=\"tag\">Europa<\/a><\/div><\/div><\/div><div class=\"swiper-slide\"><div class=\"fusion-carousel-item-wrapper\"><span class=\"entry-title rich-snippet-hidden\">ITB Asia Singapur | Octubre de 2026<\/span><span class=\"vcard rich-snippet-hidden\"><span class=\"fn\"><a href=\"https:\/\/www.revfine.com\/es\/author\/revfine-com\/\" title=\"Entradas de Revfine.com\" rel=\"author\">Revfine.com<\/a><\/span><\/span><span class=\"updated rich-snippet-hidden\">04\/03\/2026 19:35:58+01:00<\/span><div  class=\"fusion-image-wrapper\" aria-haspopup=\"true\">\n\t\t\t\t\t\t\t<a href=\"https:\/\/www.revfine.com\/es\/page\/itb-asia\/\" aria-label=\"ITB Asia Singapur | Octubre de 2026\">\n\t\t\t\t\t\t\t<img decoding=\"async\" width=\"1200\" height=\"628\" src=\"https:\/\/www.revfine.com\/wp-content\/uploads\/2025\/07\/ITB-Asia.jpg\" class=\"attachment-full size-full wp-post-image\" alt=\"ITB Asia\" \/>\t\t\t<\/a>\n\t\t\t\t\t\t\t<\/div>\n<h4 class=\"fusion-carousel-title\"><a href=\"https:\/\/www.revfine.com\/es\/page\/itb-asia\/\" target=\"_self\">ITB Asia Singapur | Octubre de 2026<\/a><\/h4><div class=\"fusion-carousel-meta\"><a href=\"https:\/\/www.revfine.com\/es\/categories\/travel-events-asia\/\" rel=\"tag\">Asia-Pac\u00edfico<\/a><\/div><\/div><\/div><div class=\"swiper-slide\"><div class=\"fusion-carousel-item-wrapper\"><span class=\"entry-title rich-snippet-hidden\">Tecnolog\u00eda de viajes en Asia | Octubre de 2026<\/span><span class=\"vcard rich-snippet-hidden\"><span class=\"fn\"><a href=\"https:\/\/www.revfine.com\/es\/author\/revfine-com\/\" title=\"Entradas de Revfine.com\" rel=\"author\">Revfine.com<\/a><\/span><\/span><span class=\"updated rich-snippet-hidden\">04\/03\/2026 19:29:28+01:00<\/span><div  class=\"fusion-image-wrapper\" aria-haspopup=\"true\">\n\t\t\t\t\t\t\t<a href=\"https:\/\/www.revfine.com\/es\/page\/travel-tech-asia\/\" aria-label=\"Tecnolog\u00eda de viajes en Asia | Octubre de 2026\">\n\t\t\t\t\t\t\t<img decoding=\"async\" width=\"1200\" height=\"628\" src=\"https:\/\/www.revfine.com\/wp-content\/uploads\/2025\/07\/Hotel-Revenue-Distribution-Summit-Singapore.jpg\" class=\"attachment-full size-full wp-post-image\" alt=\"Cumbre de distribuci\u00f3n de ingresos hoteleros de Singapur\" \/>\t\t\t<\/a>\n\t\t\t\t\t\t\t<\/div>\n<h4 class=\"fusion-carousel-title\"><a href=\"https:\/\/www.revfine.com\/es\/page\/travel-tech-asia\/\" target=\"_self\">Tecnolog\u00eda de viajes en Asia | Octubre de 2026<\/a><\/h4><div class=\"fusion-carousel-meta\"><a href=\"https:\/\/www.revfine.com\/es\/categories\/travel-events-asia\/\" rel=\"tag\">Asia-Pac\u00edfico<\/a><\/div><\/div><\/div><div class=\"swiper-slide\"><div class=\"fusion-carousel-item-wrapper\"><span class=\"entry-title rich-snippet-hidden\">Feria Hotelera Independiente de Londres | Octubre de 2026<\/span><span class=\"vcard rich-snippet-hidden\"><span class=\"fn\"><a href=\"https:\/\/www.revfine.com\/es\/author\/revfine-com\/\" title=\"Entradas de Revfine.com\" rel=\"author\">Revfine.com<\/a><\/span><\/span><span class=\"updated rich-snippet-hidden\">2025-10-21T12:34:59+02:00<\/span><div  class=\"fusion-image-wrapper\" aria-haspopup=\"true\">\n\t\t\t\t\t\t\t<a href=\"https:\/\/www.revfine.com\/es\/page\/independent-hotel-show-london\/\" aria-label=\"Feria Hotelera Independiente de Londres | Octubre de 2026\">\n\t\t\t\t\t\t\t<img decoding=\"async\" width=\"1200\" height=\"628\" src=\"https:\/\/www.revfine.com\/wp-content\/uploads\/2025\/07\/Independent-Hotel-Show-London.jpg\" class=\"attachment-full size-full wp-post-image\" alt=\"Independent Hotel Show Londres\" \/>\t\t\t<\/a>\n\t\t\t\t\t\t\t<\/div>\n<h4 class=\"fusion-carousel-title\"><a href=\"https:\/\/www.revfine.com\/es\/page\/independent-hotel-show-london\/\" target=\"_self\">Feria Hotelera Independiente de Londres | Octubre de 2026<\/a><\/h4><div class=\"fusion-carousel-meta\"><a href=\"https:\/\/www.revfine.com\/es\/categories\/travel-events-europe\/\" rel=\"tag\">Europa<\/a><\/div><\/div><\/div><div class=\"swiper-slide\"><div class=\"fusion-carousel-item-wrapper\"><span class=\"entry-title rich-snippet-hidden\">ILTM Norteam\u00e9rica | Septiembre de 2026<\/span><span class=\"vcard rich-snippet-hidden\"><span class=\"fn\"><a href=\"https:\/\/www.revfine.com\/es\/author\/revfine-com\/\" title=\"Entradas de Revfine.com\" rel=\"author\">Revfine.com<\/a><\/span><\/span><span class=\"updated rich-snippet-hidden\">04\/03\/2026 19:24:52+01:00<\/span><div  class=\"fusion-image-wrapper\" aria-haspopup=\"true\">\n\t\t\t\t\t\t\t<a href=\"https:\/\/www.revfine.com\/es\/page\/iltm-north-america\/\" aria-label=\"ILTM Norteam\u00e9rica | Septiembre de 2026\">\n\t\t\t\t\t\t\t<img decoding=\"async\" width=\"1200\" height=\"628\" src=\"https:\/\/www.revfine.com\/wp-content\/uploads\/2025\/07\/ILTM-North-America-International-Luxury-Travel-Market-North-America.jpg\" class=\"attachment-full size-full wp-post-image\" alt=\"ILTM North America: mercado internacional de viajes de lujo en Am\u00e9rica del Norte\" \/>\t\t\t<\/a>\n\t\t\t\t\t\t\t<\/div>\n<h4 class=\"fusion-carousel-title\"><a href=\"https:\/\/www.revfine.com\/es\/page\/iltm-north-america\/\" target=\"_self\">ILTM Norteam\u00e9rica | Septiembre de 2026<\/a><\/h4><div class=\"fusion-carousel-meta\"><a href=\"https:\/\/www.revfine.com\/es\/categories\/travel-events-americas\/\" rel=\"tag\">Am\u00e9ricas<\/a><\/div><\/div><\/div><div class=\"swiper-slide\"><div class=\"fusion-carousel-item-wrapper\"><span class=\"entry-title rich-snippet-hidden\">Foro Global Skift | Septiembre de 2026<\/span><span class=\"vcard rich-snippet-hidden\"><span class=\"fn\"><a href=\"https:\/\/www.revfine.com\/es\/author\/revfine-com\/\" title=\"Entradas de Revfine.com\" rel=\"author\">Revfine.com<\/a><\/span><\/span><span class=\"updated rich-snippet-hidden\">2026-03-04T19:21:13+01:00<\/span><div  class=\"fusion-image-wrapper\" aria-haspopup=\"true\">\n\t\t\t\t\t\t\t<a href=\"https:\/\/www.revfine.com\/es\/page\/skift-global-forum\/\" aria-label=\"Foro Global Skift | Septiembre de 2026\">\n\t\t\t\t\t\t\t<img decoding=\"async\" width=\"1200\" height=\"628\" src=\"https:\/\/www.revfine.com\/wp-content\/uploads\/2022\/05\/Skift-Global-Forum.jpg\" class=\"attachment-full size-full wp-post-image\" alt=\"Foro Global Skift\" \/>\t\t\t<\/a>\n\t\t\t\t\t\t\t<\/div>\n<h4 class=\"fusion-carousel-title\"><a href=\"https:\/\/www.revfine.com\/es\/page\/skift-global-forum\/\" target=\"_self\">Foro Global Skift | Septiembre de 2026<\/a><\/h4><div class=\"fusion-carousel-meta\"><a href=\"https:\/\/www.revfine.com\/es\/categories\/travel-events-americas\/\" rel=\"tag\">Am\u00e9ricas<\/a>, <a href=\"https:\/\/www.revfine.com\/es\/categories\/virtual-events\/\" rel=\"tag\">Eventos virtuales<\/a><\/div><\/div><\/div><div class=\"swiper-slide\"><div class=\"fusion-carousel-item-wrapper\"><span class=\"entry-title rich-snippet-hidden\">IFTM Top Resa Par\u00eds | Septiembre de 2026<\/span><span class=\"vcard rich-snippet-hidden\"><span class=\"fn\"><a href=\"https:\/\/www.revfine.com\/es\/author\/revfine-com\/\" title=\"Entradas de Revfine.com\" rel=\"author\">Revfine.com<\/a><\/span><\/span><span class=\"updated rich-snippet-hidden\">2026-03-04T19:18:30+01:00<\/span><div  class=\"fusion-image-wrapper\" aria-haspopup=\"true\">\n\t\t\t\t\t\t\t<a href=\"https:\/\/www.revfine.com\/es\/page\/iftm-paris\/\" aria-label=\"IFTM Top Resa Par\u00eds | Septiembre de 2026\">\n\t\t\t\t\t\t\t<img decoding=\"async\" width=\"1200\" height=\"628\" src=\"https:\/\/www.revfine.com\/wp-content\/uploads\/2025\/07\/IFTM-Paris-IFTM-Top-Resa.jpg\" class=\"attachment-full size-full wp-post-image\" alt=\"IFTM Par\u00eds - IFTM Top Resa\" \/>\t\t\t<\/a>\n\t\t\t\t\t\t\t<\/div>\n<h4 class=\"fusion-carousel-title\"><a href=\"https:\/\/www.revfine.com\/es\/page\/iftm-paris\/\" target=\"_self\">IFTM Top Resa Par\u00eds | Septiembre de 2026<\/a><\/h4><div class=\"fusion-carousel-meta\"><a href=\"https:\/\/www.revfine.com\/es\/categories\/travel-events-europe\/\" rel=\"tag\">Europa<\/a><\/div><\/div><\/div><div class=\"swiper-slide\"><div class=\"fusion-carousel-item-wrapper\"><span class=\"entry-title rich-snippet-hidden\">Foro Internacional de Tecnolog\u00eda Hotelera de Oriente Medio y Norte de \u00c1frica | Septiembre de 2026<\/span><span class=\"vcard rich-snippet-hidden\"><span class=\"fn\"><a href=\"https:\/\/www.revfine.com\/es\/author\/revfine-com\/\" title=\"Entradas de Revfine.com\" rel=\"author\">Revfine.com<\/a><\/span><\/span><span class=\"updated rich-snippet-hidden\">01\/12\/2025 15:31:23 +01:00<\/span><div  class=\"fusion-image-wrapper\" aria-haspopup=\"true\">\n\t\t\t\t\t\t\t<a href=\"https:\/\/www.revfine.com\/es\/page\/ihtf-middle-east-and-north-africa\/\" aria-label=\"Foro Internacional de Tecnolog\u00eda Hotelera de Oriente Medio y Norte de \u00c1frica | Septiembre de 2026\">\n\t\t\t\t\t\t\t<img decoding=\"async\" width=\"1200\" height=\"628\" src=\"https:\/\/www.revfine.com\/wp-content\/uploads\/2025\/01\/International-Hotel-Technology-Forum-Middle-East-and-North-Africa.jpg\" class=\"attachment-full size-full wp-post-image\" alt=\"Foro Internacional de Tecnolog\u00eda Hotelera de Oriente Medio y el Norte de \u00c1frica\" \/>\t\t\t<\/a>\n\t\t\t\t\t\t\t<\/div>\n<h4 class=\"fusion-carousel-title\"><a href=\"https:\/\/www.revfine.com\/es\/page\/ihtf-middle-east-and-north-africa\/\" target=\"_self\">Foro Internacional de Tecnolog\u00eda Hotelera de Oriente Medio y Norte de \u00c1frica | Septiembre de 2026<\/a><\/h4><div class=\"fusion-carousel-meta\"><a href=\"https:\/\/www.revfine.com\/es\/categories\/travel-events-africa\/\" rel=\"tag\">\u00c1frica y Oriente Medio<\/a><\/div><\/div><\/div><div class=\"swiper-slide\"><div class=\"fusion-carousel-item-wrapper\"><span class=\"entry-title rich-snippet-hidden\">ITB India | Septiembre 2026<\/span><span class=\"vcard rich-snippet-hidden\"><span class=\"fn\"><a href=\"https:\/\/www.revfine.com\/es\/author\/revfine-com\/\" title=\"Entradas de Revfine.com\" rel=\"author\">Revfine.com<\/a><\/span><\/span><span class=\"updated rich-snippet-hidden\">2026-03-04T19:12:53+01:00<\/span><div  class=\"fusion-image-wrapper\" aria-haspopup=\"true\">\n\t\t\t\t\t\t\t<a href=\"https:\/\/www.revfine.com\/es\/page\/itb-india\/\" aria-label=\"ITB India | Septiembre 2026\">\n\t\t\t\t\t\t\t<img decoding=\"async\" width=\"1200\" height=\"628\" src=\"https:\/\/www.revfine.com\/wp-content\/uploads\/2025\/07\/ITB-India.jpg\" class=\"attachment-full size-full wp-post-image\" alt=\"ITB India\" \/>\t\t\t<\/a>\n\t\t\t\t\t\t\t<\/div>\n<h4 class=\"fusion-carousel-title\"><a href=\"https:\/\/www.revfine.com\/es\/page\/itb-india\/\" target=\"_self\">ITB India | Septiembre 2026<\/a><\/h4><div class=\"fusion-carousel-meta\"><a href=\"https:\/\/www.revfine.com\/es\/categories\/travel-events-asia\/\" rel=\"tag\">Asia-Pac\u00edfico<\/a><\/div><\/div><\/div><div class=\"swiper-slide\"><div class=\"fusion-carousel-item-wrapper\"><span class=\"entry-title rich-snippet-hidden\">ILTM Asia Pac\u00edfico | Junio de 2026<\/span><span class=\"vcard rich-snippet-hidden\"><span class=\"fn\"><a href=\"https:\/\/www.revfine.com\/es\/author\/revfine-com\/\" title=\"Entradas de Revfine.com\" rel=\"author\">Revfine.com<\/a><\/span><\/span><span class=\"updated rich-snippet-hidden\">2026-03-04T19:08:33+01:00<\/span><div  class=\"fusion-image-wrapper\" aria-haspopup=\"true\">\n\t\t\t\t\t\t\t<a href=\"https:\/\/www.revfine.com\/es\/page\/iltm-asia-pacific\/\" aria-label=\"ILTM Asia Pac\u00edfico | Junio de 2026\">\n\t\t\t\t\t\t\t<img decoding=\"async\" width=\"1200\" height=\"628\" src=\"https:\/\/www.revfine.com\/wp-content\/uploads\/2025\/07\/ILTM-Asia-Pacific-International-Luxury-Travel-Market-Asia-Pacific.jpg\" class=\"attachment-full size-full wp-post-image\" alt=\"ILTM Asia Pac\u00edfico - Mercado internacional de viajes de lujo Asia Pac\u00edfico\" \/>\t\t\t<\/a>\n\t\t\t\t\t\t\t<\/div>\n<h4 class=\"fusion-carousel-title\"><a href=\"https:\/\/www.revfine.com\/es\/page\/iltm-asia-pacific\/\" target=\"_self\">ILTM Asia Pac\u00edfico | Junio de 2026<\/a><\/h4><div class=\"fusion-carousel-meta\"><a href=\"https:\/\/www.revfine.com\/es\/categories\/travel-events-asia\/\" rel=\"tag\">Asia-Pac\u00edfico<\/a><\/div><\/div><\/div><div class=\"swiper-slide\"><div class=\"fusion-carousel-item-wrapper\"><span class=\"entry-title rich-snippet-hidden\">Feria Hotelera de Dub\u00e1i | Junio de 2026<\/span><span class=\"vcard rich-snippet-hidden\"><span class=\"fn\"><a href=\"https:\/\/www.revfine.com\/es\/author\/revfine-com\/\" title=\"Entradas de Revfine.com\" rel=\"author\">Revfine.com<\/a><\/span><\/span><span class=\"updated rich-snippet-hidden\">2026-03-04T19:03:47+01:00<\/span><div  class=\"fusion-image-wrapper\" aria-haspopup=\"true\">\n\t\t\t\t\t\t\t<a href=\"https:\/\/www.revfine.com\/es\/page\/the-hotel-show-dubai\/\" aria-label=\"Feria Hotelera de Dub\u00e1i | Junio de 2026\">\n\t\t\t\t\t\t\t<img decoding=\"async\" width=\"1200\" height=\"628\" src=\"https:\/\/www.revfine.com\/wp-content\/uploads\/2025\/07\/The-Hotel-Show-Dubai.jpg\" class=\"attachment-full size-full wp-post-image\" alt=\"The Hotel Show Dub\u00e1i\" \/>\t\t\t<\/a>\n\t\t\t\t\t\t\t<\/div>\n<h4 class=\"fusion-carousel-title\"><a href=\"https:\/\/www.revfine.com\/es\/page\/the-hotel-show-dubai\/\" target=\"_self\">Feria Hotelera de Dub\u00e1i | Junio de 2026<\/a><\/h4><div class=\"fusion-carousel-meta\"><a href=\"https:\/\/www.revfine.com\/es\/categories\/travel-events-asia\/\" rel=\"tag\">Asia-Pac\u00edfico<\/a><\/div><\/div><\/div><div class=\"swiper-slide\"><div class=\"fusion-carousel-item-wrapper\"><span class=\"entry-title rich-snippet-hidden\">ITB China | Mayo de 2026<\/span><span class=\"vcard rich-snippet-hidden\"><span class=\"fn\"><a href=\"https:\/\/www.revfine.com\/es\/author\/revfine-com\/\" title=\"Entradas de Revfine.com\" rel=\"author\">Revfine.com<\/a><\/span><\/span><span class=\"updated rich-snippet-hidden\">2026-03-04T18:58:33+01:00<\/span><div  class=\"fusion-image-wrapper\" aria-haspopup=\"true\">\n\t\t\t\t\t\t\t<a href=\"https:\/\/www.revfine.com\/es\/page\/itb-china\/\" aria-label=\"ITB China | Mayo de 2026\">\n\t\t\t\t\t\t\t<img decoding=\"async\" width=\"1200\" height=\"628\" src=\"https:\/\/www.revfine.com\/wp-content\/uploads\/2025\/07\/ITB-China.jpg\" class=\"attachment-full size-full wp-post-image\" alt=\"ITB China\" \/>\t\t\t<\/a>\n\t\t\t\t\t\t\t<\/div>\n<h4 class=\"fusion-carousel-title\"><a href=\"https:\/\/www.revfine.com\/es\/page\/itb-china\/\" target=\"_self\">ITB China | Mayo de 2026<\/a><\/h4><div class=\"fusion-carousel-meta\"><a href=\"https:\/\/www.revfine.com\/es\/categories\/travel-events-asia\/\" rel=\"tag\">Asia-Pac\u00edfico<\/a><\/div><\/div><\/div><div class=\"swiper-slide\"><div class=\"fusion-carousel-item-wrapper\"><span class=\"entry-title rich-snippet-hidden\">ILTM Latinoam\u00e9rica | Mayo de 2026<\/span><span class=\"vcard rich-snippet-hidden\"><span class=\"fn\"><a href=\"https:\/\/www.revfine.com\/es\/author\/revfine-com\/\" title=\"Entradas de Revfine.com\" rel=\"author\">Revfine.com<\/a><\/span><\/span><span class=\"updated rich-snippet-hidden\">2026-03-04T11:56:27+01:00<\/span><div  class=\"fusion-image-wrapper\" aria-haspopup=\"true\">\n\t\t\t\t\t\t\t<a href=\"https:\/\/www.revfine.com\/es\/page\/iltm-latin-america\/\" aria-label=\"ILTM Latinoam\u00e9rica | Mayo de 2026\">\n\t\t\t\t\t\t\t<img decoding=\"async\" width=\"1200\" height=\"628\" src=\"https:\/\/www.revfine.com\/wp-content\/uploads\/2025\/07\/ILTM-Latin-America-International-Luxury-Travel-Market-Latin-America.jpg\" class=\"attachment-full size-full wp-post-image\" alt=\"ILTM Latin America - Mercado internacional de viajes de lujo en Am\u00e9rica Latina\" \/>\t\t\t<\/a>\n\t\t\t\t\t\t\t<\/div>\n<h4 class=\"fusion-carousel-title\"><a href=\"https:\/\/www.revfine.com\/es\/page\/iltm-latin-america\/\" target=\"_self\">ILTM Latinoam\u00e9rica | Mayo de 2026<\/a><\/h4><div class=\"fusion-carousel-meta\"><a href=\"https:\/\/www.revfine.com\/es\/categories\/travel-events-americas\/\" rel=\"tag\">Am\u00e9ricas<\/a><\/div><\/div><\/div><div class=\"swiper-slide\"><div class=\"fusion-carousel-item-wrapper\"><span class=\"entry-title rich-snippet-hidden\">Mercado de Viajes \u00c1rabe | Mayo de 2026<\/span><span class=\"vcard rich-snippet-hidden\"><span class=\"fn\"><a href=\"https:\/\/www.revfine.com\/es\/author\/revfine-com\/\" title=\"Entradas de Revfine.com\" rel=\"author\">Revfine.com<\/a><\/span><\/span><span class=\"updated rich-snippet-hidden\">2026-03-04T11:54:50+01:00<\/span><div  class=\"fusion-image-wrapper\" aria-haspopup=\"true\">\n\t\t\t\t\t\t\t<a href=\"https:\/\/www.revfine.com\/es\/page\/arabian-travel-market\/\" aria-label=\"Mercado de Viajes \u00c1rabe | Mayo de 2026\">\n\t\t\t\t\t\t\t<img decoding=\"async\" width=\"1200\" height=\"628\" src=\"https:\/\/www.revfine.com\/wp-content\/uploads\/2025\/07\/Arabian-travel-market.jpg\" class=\"attachment-full size-full wp-post-image\" alt=\"Mercado de viajes \u00e1rabe\" \/>\t\t\t<\/a>\n\t\t\t\t\t\t\t<\/div>\n<h4 class=\"fusion-carousel-title\"><a href=\"https:\/\/www.revfine.com\/es\/page\/arabian-travel-market\/\" target=\"_self\">Mercado de Viajes \u00c1rabe | Mayo de 2026<\/a><\/h4><div class=\"fusion-carousel-meta\"><a href=\"https:\/\/www.revfine.com\/es\/categories\/travel-events-asia\/\" rel=\"tag\">Asia-Pac\u00edfico<\/a><\/div><\/div><\/div><div class=\"swiper-slide\"><div class=\"fusion-carousel-item-wrapper\"><span class=\"entry-title rich-snippet-hidden\">Feria Hotelera Independiente de \u00c1msterdam | Abril de 2026<\/span><span class=\"vcard rich-snippet-hidden\"><span class=\"fn\"><a href=\"https:\/\/www.revfine.com\/es\/author\/revfine-com\/\" title=\"Entradas de Revfine.com\" rel=\"author\">Revfine.com<\/a><\/span><\/span><span class=\"updated rich-snippet-hidden\">2026-02-27T11:22:42+01:00<\/span><div  class=\"fusion-image-wrapper\" aria-haspopup=\"true\">\n\t\t\t\t\t\t\t<a href=\"https:\/\/www.revfine.com\/es\/page\/independent-hotel-show-amsterdam\/\" aria-label=\"Feria Hotelera Independiente de \u00c1msterdam | Abril de 2026\">\n\t\t\t\t\t\t\t<img decoding=\"async\" width=\"1200\" height=\"628\" src=\"https:\/\/www.revfine.com\/wp-content\/uploads\/2025\/07\/Independent-Hotel-Show-Amsterdam.jpg\" class=\"attachment-full size-full wp-post-image\" alt=\"Independent Hotel Show \u00c1msterdam\" \/>\t\t\t<\/a>\n\t\t\t\t\t\t\t<\/div>\n<h4 class=\"fusion-carousel-title\"><a href=\"https:\/\/www.revfine.com\/es\/page\/independent-hotel-show-amsterdam\/\" target=\"_self\">Feria Hotelera Independiente de \u00c1msterdam | Abril de 2026<\/a><\/h4><div class=\"fusion-carousel-meta\"><a href=\"https:\/\/www.revfine.com\/es\/categories\/travel-events-europe\/\" rel=\"tag\">Europa<\/a><\/div><\/div><\/div><div class=\"swiper-slide\"><div class=\"fusion-carousel-item-wrapper\"><span class=\"entry-title rich-snippet-hidden\">Foro Internacional de Tecnolog\u00eda Hotelera de Europa | Abril de 2026<\/span><span class=\"vcard rich-snippet-hidden\"><span class=\"fn\"><a href=\"https:\/\/www.revfine.com\/es\/author\/revfine-com\/\" title=\"Entradas de Revfine.com\" rel=\"author\">Revfine.com<\/a><\/span><\/span><span class=\"updated rich-snippet-hidden\">2026-03-04T11:52:07+01:00<\/span><div  class=\"fusion-image-wrapper\" aria-haspopup=\"true\">\n\t\t\t\t\t\t\t<a href=\"https:\/\/www.revfine.com\/es\/page\/ihtf-europe\/\" aria-label=\"Foro Internacional de Tecnolog\u00eda Hotelera de Europa | Abril de 2026\">\n\t\t\t\t\t\t\t<img decoding=\"async\" width=\"1200\" height=\"628\" src=\"https:\/\/www.revfine.com\/wp-content\/uploads\/2023\/03\/International-Hotel-Technology-Forum-Europe-IHTF-Europe-Forum.jpg\" class=\"attachment-full size-full wp-post-image\" alt=\"Foro Internacional de Tecnolog\u00eda Hotelera de Europa - Foro IHTF Europa\" \/>\t\t\t<\/a>\n\t\t\t\t\t\t\t<\/div>\n<h4 class=\"fusion-carousel-title\"><a href=\"https:\/\/www.revfine.com\/es\/page\/ihtf-europe\/\" target=\"_self\">Foro Internacional de Tecnolog\u00eda Hotelera de Europa | Abril de 2026<\/a><\/h4><div class=\"fusion-carousel-meta\"><a href=\"https:\/\/www.revfine.com\/es\/categories\/travel-events-europe\/\" rel=\"tag\">Europa<\/a><\/div><\/div><\/div><div class=\"swiper-slide\"><div class=\"fusion-carousel-item-wrapper\"><span class=\"entry-title rich-snippet-hidden\">FHT Par\u00eds \u2013 Hotel inteligente | abril 2027<\/span><span class=\"vcard rich-snippet-hidden\"><span class=\"fn\"><a href=\"https:\/\/www.revfine.com\/es\/author\/revfine-com\/\" title=\"Entradas de Revfine.com\" rel=\"author\">Revfine.com<\/a><\/span><\/span><span class=\"updated rich-snippet-hidden\">2026-04-21T16:19:47+02:00<\/span><div  class=\"fusion-image-wrapper\" aria-haspopup=\"true\">\n\t\t\t\t\t\t\t<a href=\"https:\/\/www.revfine.com\/es\/page\/food-hotel-tech-paris\/\" aria-label=\"FHT Par\u00eds \u2013 Hotel inteligente | abril 2027\">\n\t\t\t\t\t\t\t<img decoding=\"async\" width=\"1200\" height=\"628\" src=\"https:\/\/www.revfine.com\/wp-content\/uploads\/2025\/07\/Food-Hotel-Tech-Paris-France-Trade-Show-Digital-Tech-FHT-Paris.jpg\" class=\"attachment-full size-full wp-post-image\" alt=\"Food Hotel Tech Paris - Francia - Feria Digital Tech - FHT Paris\" \/>\t\t\t<\/a>\n\t\t\t\t\t\t\t<\/div>\n<h4 class=\"fusion-carousel-title\"><a href=\"https:\/\/www.revfine.com\/es\/page\/food-hotel-tech-paris\/\" target=\"_self\">FHT Par\u00eds \u2013 Hotel inteligente | abril 2027<\/a><\/h4><div class=\"fusion-carousel-meta\"><a href=\"https:\/\/www.revfine.com\/es\/categories\/travel-events-europe\/\" rel=\"tag\">Europa<\/a><\/div><\/div><\/div><div class=\"swiper-slide\"><div class=\"fusion-carousel-item-wrapper\"><span class=\"entry-title rich-snippet-hidden\">WTM \u00c1frica | Abril de 2027<\/span><span class=\"vcard rich-snippet-hidden\"><span class=\"fn\"><a href=\"https:\/\/www.revfine.com\/es\/author\/revfine-com\/\" title=\"Entradas de Revfine.com\" rel=\"author\">Revfine.com<\/a><\/span><\/span><span class=\"updated rich-snippet-hidden\">2026-04-21T15:44:30+02:00<\/span><div  class=\"fusion-image-wrapper\" aria-haspopup=\"true\">\n\t\t\t\t\t\t\t<a href=\"https:\/\/www.revfine.com\/es\/page\/wtm-africa\/\" aria-label=\"WTM \u00c1frica | Abril de 2027\">\n\t\t\t\t\t\t\t<img decoding=\"async\" width=\"1200\" height=\"628\" src=\"https:\/\/www.revfine.com\/wp-content\/uploads\/2025\/07\/wtm-africa-world-travel-market-africa-cape-town.jpg\" class=\"attachment-full size-full wp-post-image\" alt=\"wtm africa - mercado mundial de viajes africa - ciudad del cabo\" \/>\t\t\t<\/a>\n\t\t\t\t\t\t\t<\/div>\n<h4 class=\"fusion-carousel-title\"><a href=\"https:\/\/www.revfine.com\/es\/page\/wtm-africa\/\" target=\"_self\">WTM \u00c1frica | Abril de 2027<\/a><\/h4><div class=\"fusion-carousel-meta\"><a href=\"https:\/\/www.revfine.com\/es\/categories\/travel-events-africa\/\" rel=\"tag\">\u00c1frica y Oriente Medio<\/a><\/div><\/div><\/div><div class=\"swiper-slide\"><div class=\"fusion-carousel-item-wrapper\"><span class=\"entry-title rich-snippet-hidden\">WTM Latinoam\u00e9rica | Abril de 2027<\/span><span class=\"vcard rich-snippet-hidden\"><span class=\"fn\"><a href=\"https:\/\/www.revfine.com\/es\/author\/revfine-com\/\" title=\"Entradas de Revfine.com\" rel=\"author\">Revfine.com<\/a><\/span><\/span><span class=\"updated rich-snippet-hidden\">2026-04-21T16:22:39+02:00<\/span><div  class=\"fusion-image-wrapper\" aria-haspopup=\"true\">\n\t\t\t\t\t\t\t<a href=\"https:\/\/www.revfine.com\/es\/page\/wtm-latin-america\/\" aria-label=\"WTM Latinoam\u00e9rica | Abril de 2027\">\n\t\t\t\t\t\t\t<img decoding=\"async\" width=\"1200\" height=\"628\" src=\"https:\/\/www.revfine.com\/wp-content\/uploads\/2025\/07\/WTM-Latin-America-World-Travel-Market-Latin-America-S\u00e3o-Paulo.jpg\" class=\"attachment-full size-full wp-post-image\" alt=\"WTM Latin America - World Travel Market Am\u00e9rica Latina - S\u00e3o Paulo - Brasil\" \/>\t\t\t<\/a>\n\t\t\t\t\t\t\t<\/div>\n<h4 class=\"fusion-carousel-title\"><a href=\"https:\/\/www.revfine.com\/es\/page\/wtm-latin-america\/\" target=\"_self\">WTM Latinoam\u00e9rica | Abril de 2027<\/a><\/h4><div class=\"fusion-carousel-meta\"><a href=\"https:\/\/www.revfine.com\/es\/categories\/travel-events-americas\/\" rel=\"tag\">Am\u00e9ricas<\/a><\/div><\/div><\/div><div class=\"swiper-slide\"><div class=\"fusion-carousel-item-wrapper\"><span class=\"entry-title rich-snippet-hidden\">Mercado Internacional de Viajes de Lujo en \u00c1frica | Abril de 2027<\/span><span class=\"vcard rich-snippet-hidden\"><span class=\"fn\"><a href=\"https:\/\/www.revfine.com\/es\/author\/revfine-com\/\" title=\"Entradas de Revfine.com\" rel=\"author\">Revfine.com<\/a><\/span><\/span><span class=\"updated rich-snippet-hidden\">2026-04-21T15:22:51+02:00<\/span><div  class=\"fusion-image-wrapper\" aria-haspopup=\"true\">\n\t\t\t\t\t\t\t<a href=\"https:\/\/www.revfine.com\/es\/page\/iltm-africa\/\" aria-label=\"Mercado Internacional de Viajes de Lujo en \u00c1frica | Abril de 2027\">\n\t\t\t\t\t\t\t<img decoding=\"async\" width=\"1200\" height=\"628\" src=\"https:\/\/www.revfine.com\/wp-content\/uploads\/2025\/07\/ILTM-Africa-International-Luxury-Travel-Market-Africa-South-Africa.jpg\" class=\"attachment-full size-full wp-post-image\" alt=\"ILTM \u00c1frica - Mercado internacional de viajes de lujo \u00c1frica - Sud\u00e1frica\" \/>\t\t\t<\/a>\n\t\t\t\t\t\t\t<\/div>\n<h4 class=\"fusion-carousel-title\"><a href=\"https:\/\/www.revfine.com\/es\/page\/iltm-africa\/\" target=\"_self\">Mercado Internacional de Viajes de Lujo en \u00c1frica | Abril de 2027<\/a><\/h4><div class=\"fusion-carousel-meta\"><a href=\"https:\/\/www.revfine.com\/es\/categories\/travel-events-africa\/\" rel=\"tag\">\u00c1frica y Oriente Medio<\/a><\/div><\/div><\/div><div class=\"swiper-slide\"><div class=\"fusion-carousel-item-wrapper\"><span class=\"entry-title rich-snippet-hidden\">Cumbre sobre Precios y Gesti\u00f3n de Ingresos | Marzo de 2027<\/span><span class=\"vcard rich-snippet-hidden\"><span class=\"fn\"><a href=\"https:\/\/www.revfine.com\/es\/author\/revfine-com\/\" title=\"Entradas de Revfine.com\" rel=\"author\">Revfine.com<\/a><\/span><\/span><span class=\"updated rich-snippet-hidden\">2026-04-21T15:32:00+02:00<\/span><div  class=\"fusion-image-wrapper\" aria-haspopup=\"true\">\n\t\t\t\t\t\t\t<a href=\"https:\/\/www.revfine.com\/es\/page\/pricing-revenue-management-summit\/\" aria-label=\"Cumbre sobre Precios y Gesti\u00f3n de Ingresos | Marzo de 2027\">\n\t\t\t\t\t\t\t<img decoding=\"async\" width=\"1200\" height=\"628\" src=\"https:\/\/www.revfine.com\/wp-content\/uploads\/2022\/01\/Pricing-Revenue-Revenue-Management-Summit.jpg\" class=\"attachment-full size-full wp-post-image\" alt=\"Cumbre de gesti\u00f3n de ingresos de ingresos de precios\" \/>\t\t\t<\/a>\n\t\t\t\t\t\t\t<\/div>\n<h4 class=\"fusion-carousel-title\"><a href=\"https:\/\/www.revfine.com\/es\/page\/pricing-revenue-management-summit\/\" target=\"_self\">Cumbre sobre Precios y Gesti\u00f3n de Ingresos | Marzo de 2027<\/a><\/h4><div class=\"fusion-carousel-meta\"><a href=\"https:\/\/www.revfine.com\/es\/categories\/travel-events-europe\/\" rel=\"tag\">Europa<\/a><\/div><\/div><\/div><div class=\"swiper-slide\"><div class=\"fusion-carousel-item-wrapper\"><span class=\"entry-title rich-snippet-hidden\">Convenci\u00f3n ITB de Berl\u00edn | Marzo de 2027<\/span><span class=\"vcard rich-snippet-hidden\"><span class=\"fn\"><a href=\"https:\/\/www.revfine.com\/es\/author\/revfine-com\/\" title=\"Entradas de Revfine.com\" rel=\"author\">Revfine.com<\/a><\/span><\/span><span class=\"updated rich-snippet-hidden\">2026-04-21T15:23:37+02:00<\/span><div  class=\"fusion-image-wrapper\" aria-haspopup=\"true\">\n\t\t\t\t\t\t\t<a href=\"https:\/\/www.revfine.com\/es\/page\/itb-berlin\/\" aria-label=\"Convenci\u00f3n ITB de Berl\u00edn | Marzo de 2027\">\n\t\t\t\t\t\t\t<img decoding=\"async\" width=\"1200\" height=\"628\" src=\"https:\/\/www.revfine.com\/wp-content\/uploads\/2025\/07\/ITB-Berlin.jpg\" class=\"attachment-full size-full wp-post-image\" alt=\"ITB Berl\u00edn - ITB Berlin Travel Trade Show\" \/>\t\t\t<\/a>\n\t\t\t\t\t\t\t<\/div>\n<h4 class=\"fusion-carousel-title\"><a href=\"https:\/\/www.revfine.com\/es\/page\/itb-berlin\/\" target=\"_self\">Convenci\u00f3n ITB de Berl\u00edn | Marzo de 2027<\/a><\/h4><div class=\"fusion-carousel-meta\"><a href=\"https:\/\/www.revfine.com\/es\/categories\/travel-events-europe\/\" rel=\"tag\">Europa<\/a><\/div><\/div><\/div><\/div><div class=\"awb-swiper-button awb-swiper-button-prev\"><i class=\"awb-icon-angle-left\" aria-hidden=\"true\"><\/i><\/div><div class=\"awb-swiper-button awb-swiper-button-next\"><i class=\"awb-icon-angle-right\" aria-hidden=\"true\"><\/i><\/div><\/div><\/div><div class=\"fusion-sep-clear\"><\/div><div class=\"fusion-separator fusion-full-width-sep\" style=\"margin-left: auto;margin-right: auto;margin-top:-45px;width:100%;\"><div class=\"fusion-separator-border sep-single sep-solid\" style=\"--awb-height:20px;--awb-amount:20px;border-color:#e0dede;border-top-width:1px;\"><\/div><\/div><div class=\"fusion-sep-clear\"><\/div><br><div class=\"fusion-text fusion-text-7\"><p><span style=\"font-size: 13pt;\"><span style=\"text-decoration: underline;\"><a href=\"https:\/\/www.revfine.com\/add-event\/\"><strong>haga clic aqu\u00ed<\/strong><\/a><\/span> para agregar su evento de hotel, hospitalidad o industria de viajes.<\/span><\/p>\n<\/div><div class=\"fusion-sep-clear\"><\/div><div class=\"fusion-separator fusion-full-width-sep\" style=\"margin-left: auto;margin-right: auto;width:100%;\"><div class=\"fusion-separator-border sep-single sep-solid\" style=\"--awb-height:20px;--awb-amount:20px;border-color:#e0dede;border-top-width:1px;\"><\/div><\/div><div class=\"fusion-sep-clear\"><\/div><div class=\"fusion-clearfix\"><\/div><\/div><\/div><\/div><\/div><\/p>","protected":false},"excerpt":{"rendered":"","protected":false},"author":1,"featured_media":2705,"menu_order":0,"comment_status":"open","ping_status":"closed","template":"","format":"standard","meta":{"footnotes":""},"portfolio_category":[164],"portfolio_skills":[],"portfolio_tags":[171],"class_list":["post-2704","avada_portfolio","type-avada_portfolio","status-publish","format-standard","has-post-thumbnail","hentry","portfolio_category-travel-events-europe","portfolio_tags-itb"],"yoast_head":"<!-- This site is optimized with the Yoast SEO plugin v27.3 - https:\/\/yoast.com\/product\/yoast-seo-wordpress\/ -->\n<title>ITB Berlin Travel Trade Show | Event Information &amp; Calendar<\/title>\n<meta name=\"description\" content=\"ITB Berlin travel trade show in Germany offers an in-depth insight into the latest hospitality &amp; travel industry trends.\" \/>\n<meta name=\"robots\" content=\"index, follow, max-snippet:-1, max-image-preview:large, max-video-preview:-1\" \/>\n<link rel=\"canonical\" href=\"https:\/\/www.revfine.com\/es\/page\/itb-berlin\/\" \/>\n<meta property=\"og:locale\" content=\"es_ES\" \/>\n<meta property=\"og:type\" content=\"article\" \/>\n<meta property=\"og:title\" content=\"ITB Berlin Travel Trade Show | Event Information &amp; Calendar\" \/>\n<meta property=\"og:description\" content=\"ITB Berlin travel trade show in Germany offers an in-depth insight into the latest hospitality &amp; travel industry trends.\" \/>\n<meta property=\"og:url\" content=\"https:\/\/www.revfine.com\/es\/page\/itb-berlin\/\" \/>\n<meta property=\"og:site_name\" content=\"Revfine.com\" \/>\n<meta property=\"article:modified_time\" content=\"2026-04-21T13:23:37+00:00\" \/>\n<meta property=\"og:image\" content=\"https:\/\/www.revfine.com\/wp-content\/uploads\/2025\/07\/ITB-Berlin.jpg\" \/>\n\t<meta property=\"og:image:width\" content=\"1200\" \/>\n\t<meta property=\"og:image:height\" content=\"628\" \/>\n\t<meta property=\"og:image:type\" content=\"image\/jpeg\" \/>\n<meta name=\"twitter:card\" content=\"summary_large_image\" \/>\n<meta name=\"twitter:label1\" content=\"Tiempo de lectura\" \/>\n\t<meta name=\"twitter:data1\" content=\"5 minutos\" \/>\n<script type=\"application\/ld+json\" class=\"yoast-schema-graph\">{\"@context\":\"https:\\\/\\\/schema.org\",\"@graph\":[{\"@type\":\"WebPage\",\"@id\":\"https:\\\/\\\/www.revfine.com\\\/page\\\/itb-berlin\\\/\",\"url\":\"https:\\\/\\\/www.revfine.com\\\/page\\\/itb-berlin\\\/\",\"name\":\"ITB Berlin Travel Trade Show | Event Information & Calendar\",\"isPartOf\":{\"@id\":\"https:\\\/\\\/www.revfine.com\\\/pt\\\/#website\"},\"primaryImageOfPage\":{\"@id\":\"https:\\\/\\\/www.revfine.com\\\/page\\\/itb-berlin\\\/#primaryimage\"},\"image\":{\"@id\":\"https:\\\/\\\/www.revfine.com\\\/page\\\/itb-berlin\\\/#primaryimage\"},\"thumbnailUrl\":\"https:\\\/\\\/www.revfine.com\\\/wp-content\\\/uploads\\\/2025\\\/07\\\/ITB-Berlin.jpg\",\"datePublished\":\"2024-03-03T09:39:59+00:00\",\"dateModified\":\"2026-04-21T13:23:37+00:00\",\"description\":\"ITB Berlin travel trade show in Germany offers an in-depth insight into the latest hospitality & travel industry trends.\",\"breadcrumb\":{\"@id\":\"https:\\\/\\\/www.revfine.com\\\/page\\\/itb-berlin\\\/#breadcrumb\"},\"inLanguage\":\"es\",\"potentialAction\":[{\"@type\":\"ReadAction\",\"target\":[\"https:\\\/\\\/www.revfine.com\\\/page\\\/itb-berlin\\\/\"]}]},{\"@type\":\"ImageObject\",\"inLanguage\":\"es\",\"@id\":\"https:\\\/\\\/www.revfine.com\\\/page\\\/itb-berlin\\\/#primaryimage\",\"url\":\"https:\\\/\\\/www.revfine.com\\\/wp-content\\\/uploads\\\/2025\\\/07\\\/ITB-Berlin.jpg\",\"contentUrl\":\"https:\\\/\\\/www.revfine.com\\\/wp-content\\\/uploads\\\/2025\\\/07\\\/ITB-Berlin.jpg\",\"width\":1200,\"height\":628,\"caption\":\"ITB Berlin - itb Berlin Travel Trade Show\"},{\"@type\":\"BreadcrumbList\",\"@id\":\"https:\\\/\\\/www.revfine.com\\\/page\\\/itb-berlin\\\/#breadcrumb\",\"itemListElement\":[{\"@type\":\"ListItem\",\"position\":1,\"name\":\"Home\",\"item\":\"https:\\\/\\\/www.revfine.com\\\/\"},{\"@type\":\"ListItem\",\"position\":2,\"name\":\"Portfolio\",\"item\":\"https:\\\/\\\/www.revfine.com\\\/page\\\/\"},{\"@type\":\"ListItem\",\"position\":3,\"name\":\"The ITB Berlin Convention | March 2027\"}]},{\"@type\":\"WebSite\",\"@id\":\"https:\\\/\\\/www.revfine.com\\\/pt\\\/#website\",\"url\":\"https:\\\/\\\/www.revfine.com\\\/pt\\\/\",\"name\":\"Revfine.com\",\"description\":\"Optimising Revenue\",\"potentialAction\":[{\"@type\":\"SearchAction\",\"target\":{\"@type\":\"EntryPoint\",\"urlTemplate\":\"https:\\\/\\\/www.revfine.com\\\/pt\\\/?s={search_term_string}\"},\"query-input\":{\"@type\":\"PropertyValueSpecification\",\"valueRequired\":true,\"valueName\":\"search_term_string\"}}],\"inLanguage\":\"es\"}]}<\/script>\n<!-- \/ Yoast SEO plugin. -->","yoast_head_json":{"title":"Feria de viajes ITB de Berl\u00edn | Informaci\u00f3n de eventos y calendario","description":"La feria comercial de viajes ITB Berl\u00edn en Alemania ofrece una visi\u00f3n profunda de las \u00faltimas tendencias de la industria hotelera y de viajes.","robots":{"index":"index","follow":"follow","max-snippet":"max-snippet:-1","max-image-preview":"max-image-preview:large","max-video-preview":"max-video-preview:-1"},"canonical":"https:\/\/www.revfine.com\/es\/page\/itb-berlin\/","og_locale":"es_ES","og_type":"article","og_title":"ITB Berlin Travel Trade Show | Event Information & Calendar","og_description":"ITB Berlin travel trade show in Germany offers an in-depth insight into the latest hospitality & travel industry trends.","og_url":"https:\/\/www.revfine.com\/es\/page\/itb-berlin\/","og_site_name":"Revfine.com","article_modified_time":"2026-04-21T13:23:37+00:00","og_image":[{"width":1200,"height":628,"url":"https:\/\/www.revfine.com\/wp-content\/uploads\/2025\/07\/ITB-Berlin.jpg","type":"image\/jpeg"}],"twitter_card":"summary_large_image","twitter_misc":{"Tiempo de lectura":"5 minutos"},"schema":{"@context":"https:\/\/schema.org","@graph":[{"@type":"WebPage","@id":"https:\/\/www.revfine.com\/page\/itb-berlin\/","url":"https:\/\/www.revfine.com\/page\/itb-berlin\/","name":"Feria de viajes ITB de Berl\u00edn | Informaci\u00f3n de eventos y calendario","isPartOf":{"@id":"https:\/\/www.revfine.com\/pt\/#website"},"primaryImageOfPage":{"@id":"https:\/\/www.revfine.com\/page\/itb-berlin\/#primaryimage"},"image":{"@id":"https:\/\/www.revfine.com\/page\/itb-berlin\/#primaryimage"},"thumbnailUrl":"https:\/\/www.revfine.com\/wp-content\/uploads\/2025\/07\/ITB-Berlin.jpg","datePublished":"2024-03-03T09:39:59+00:00","dateModified":"2026-04-21T13:23:37+00:00","description":"La feria comercial de viajes ITB Berl\u00edn en Alemania ofrece una visi\u00f3n profunda de las \u00faltimas tendencias de la industria hotelera y de viajes.","breadcrumb":{"@id":"https:\/\/www.revfine.com\/page\/itb-berlin\/#breadcrumb"},"inLanguage":"es","potentialAction":[{"@type":"ReadAction","target":["https:\/\/www.revfine.com\/page\/itb-berlin\/"]}]},{"@type":"ImageObject","inLanguage":"es","@id":"https:\/\/www.revfine.com\/page\/itb-berlin\/#primaryimage","url":"https:\/\/www.revfine.com\/wp-content\/uploads\/2025\/07\/ITB-Berlin.jpg","contentUrl":"https:\/\/www.revfine.com\/wp-content\/uploads\/2025\/07\/ITB-Berlin.jpg","width":1200,"height":628,"caption":"ITB Berlin - itb Berlin Travel Trade Show"},{"@type":"BreadcrumbList","@id":"https:\/\/www.revfine.com\/page\/itb-berlin\/#breadcrumb","itemListElement":[{"@type":"ListItem","position":1,"name":"Home","item":"https:\/\/www.revfine.com\/"},{"@type":"ListItem","position":2,"name":"Portfolio","item":"https:\/\/www.revfine.com\/page\/"},{"@type":"ListItem","position":3,"name":"The ITB Berlin Convention | March 2027"}]},{"@type":"WebSite","@id":"https:\/\/www.revfine.com\/pt\/#website","url":"https:\/\/www.revfine.com\/pt\/","name":"Revfine.com","description":"Optimizaci\u00f3n de ingresos","potentialAction":[{"@type":"SearchAction","target":{"@type":"EntryPoint","urlTemplate":"https:\/\/www.revfine.com\/pt\/?s={search_term_string}"},"query-input":{"@type":"PropertyValueSpecification","valueRequired":true,"valueName":"search_term_string"}}],"inLanguage":"es"}]}},"_links":{"self":[{"href":"https:\/\/www.revfine.com\/es\/wp-json\/wp\/v2\/avada_portfolio\/2704","targetHints":{"allow":["GET"]}}],"collection":[{"href":"https:\/\/www.revfine.com\/es\/wp-json\/wp\/v2\/avada_portfolio"}],"about":[{"href":"https:\/\/www.revfine.com\/es\/wp-json\/wp\/v2\/types\/avada_portfolio"}],"author":[{"embeddable":true,"href":"https:\/\/www.revfine.com\/es\/wp-json\/wp\/v2\/users\/1"}],"replies":[{"embeddable":true,"href":"https:\/\/www.revfine.com\/es\/wp-json\/wp\/v2\/comments?post=2704"}],"version-history":[{"count":6,"href":"https:\/\/www.revfine.com\/es\/wp-json\/wp\/v2\/avada_portfolio\/2704\/revisions"}],"predecessor-version":[{"id":38093,"href":"https:\/\/www.revfine.com\/es\/wp-json\/wp\/v2\/avada_portfolio\/2704\/revisions\/38093"}],"wp:featuredmedia":[{"embeddable":true,"href":"https:\/\/www.revfine.com\/es\/wp-json\/wp\/v2\/media\/2705"}],"wp:attachment":[{"href":"https:\/\/www.revfine.com\/es\/wp-json\/wp\/v2\/media?parent=2704"}],"wp:term":[{"taxonomy":"portfolio_category","embeddable":true,"href":"https:\/\/www.revfine.com\/es\/wp-json\/wp\/v2\/portfolio_category?post=2704"},{"taxonomy":"portfolio_skills","embeddable":true,"href":"https:\/\/www.revfine.com\/es\/wp-json\/wp\/v2\/portfolio_skills?post=2704"},{"taxonomy":"portfolio_tags","embeddable":true,"href":"https:\/\/www.revfine.com\/es\/wp-json\/wp\/v2\/portfolio_tags?post=2704"}],"curies":[{"name":"wp","href":"https:\/\/api.w.org\/{rel}","templated":true}]}}