{"id":2949,"date":"2018-06-29T13:30:52","date_gmt":"2018-06-29T11:30:52","guid":{"rendered":"https:\/\/revfine.com\/?post_type=avada_portfolio&#038;p=2949"},"modified":"2022-05-27T14:29:03","modified_gmt":"2022-05-27T12:29:03","slug":"skift-forum-europe","status":"publish","type":"avada_portfolio","link":"https:\/\/www.revfine.com\/es\/page\/skift-forum-europe\/","title":{"rendered":"Skift Forum Europa"},"content":{"rendered":"<p><div class=\"fusion-fullwidth fullwidth-box fusion-builder-row-1 nonhundred-percent-fullwidth non-hundred-percent-height-scrolling\" style=\"--awb-border-radius-top-left:0px;--awb-border-radius-top-right:0px;--awb-border-radius-bottom-right:0px;--awb-border-radius-bottom-left:0px;--awb-margin-top:-30px;--awb-flex-wrap:wrap;\" ><div class=\"fusion-builder-row fusion-row\"><div class=\"fusion-layout-column fusion_builder_column fusion-builder-column-0 fusion_builder_column_1_1 1_1 fusion-one-full fusion-column-first fusion-column-last\" style=\"--awb-bg-size:cover;--awb-margin-bottom:0px;\"><div class=\"fusion-column-wrapper fusion-flex-column-wrapper-legacy\"><div class=\"fusion-text fusion-text-1\"><p><strong>El principal evento de viajes europeo, Skift Forum Europe, est\u00e1 de regreso y esta vez, se enfocar\u00e1 en los mejores estrategas de la industria de viajes.<\/strong><\/p>\n<h2><span style=\"font-size: 16pt;\">Acerca de Skift Forum Europe<\/span><\/h2>\n<p>El evento Skift Forum Europe celebrado en Madrid. Skift Europe ofrece a los visitantes una oportunidad \u00fanica de explorar las innovaciones tecnol\u00f3gicas y de marketing emergentes en la regi\u00f3n. Todas las industrias ser\u00e1n evaluadas en profundidad, desde la hoteler\u00eda y el turismo hasta las OTA y la aviaci\u00f3n. El evento tambi\u00e9n indagar\u00e1 sobre el papel de Europa en las pr\u00e1cticas de viajes y c\u00f3mo planea gestionar la sostenibilidad a largo plazo en la industria de viajes.<\/p>\n<h2><span style=\"font-size: 16pt;\">\u00bfQui\u00e9n deber\u00eda asistir al evento Skift Forum Europe?<\/span><\/h2>\n<p>Profesionales del turismo que deseen comprender las mejores pr\u00e1cticas de viaje y obtener consejos de los l\u00edderes m\u00e1s innovadores de la industria:<\/p>\n<ul>\n<li>Gerentes de hoteler\u00eda que buscan asociaciones tecnol\u00f3gicas e informaci\u00f3n privilegiada sobre c\u00f3mo mejorar su desempe\u00f1o comercial<\/li>\n<li>Comercializadores que buscan campa\u00f1as de marketing m\u00e1s atractivas para atraer clientes.<\/li>\n<li>Tour operadores que buscan nuevas estrategias para sorprender a sus clientes<\/li>\n<li>Inversores en busca de nuevas alianzas comerciales<\/li>\n<li>Y emprendedores que buscan conectarse con pensadores creativos y tomadores de decisiones para asociarse<\/li>\n<\/ul>\n<h2><span style=\"font-size: 16pt;\">\u00bfCu\u00e1l es el objetivo del evento Skift Forum Europe?<\/span><\/h2>\n<p>Los aspectos m\u00e1s destacados y objetivos del Skift Forum Europe se enumeran aqu\u00ed:<\/p>\n<ul>\n<li>Analizar las razones por las que los destinos est\u00e1n invirtiendo en viajes responsables<\/li>\n<li>C\u00f3mo las decisiones regulatorias est\u00e1n afectando las innovaciones regionales<\/li>\n<li>El impacto del Brexit y c\u00f3mo el sector de los viajes se prepara para el cambio<\/li>\n<li>Mantener la relevancia de la marca en el mercado de viajes de Europa y el papel esencial de la diversificaci\u00f3n de productos.<\/li>\n<li>La importancia de crear experiencias aut\u00e9nticas para las OTA<\/li>\n<li>Y qu\u00e9 deben hacer las marcas de viajes para fidelizar a este mercado tan competitivo<\/li>\n<\/ul>\n<p><em>Para obtener m\u00e1s informaci\u00f3n sobre este evento, visite el sitio web de Skift Forum Europe.<\/em><\/p>\n<\/div><br><div class=\"fusion-sep-clear\"><\/div><div class=\"fusion-separator fusion-full-width-sep\" style=\"margin-left: auto;margin-right: auto;width:100%;\"><div class=\"fusion-separator-border sep-single sep-solid\" style=\"--awb-height:20px;--awb-amount:20px;border-color:#e0dede;border-top-width:1px;\"><\/div><\/div><div class=\"fusion-sep-clear\"><\/div><br><br><div class=\"fusion-clearfix\"><\/div><\/div><\/div><\/div><\/div><div class=\"fusion-fullwidth fullwidth-box fusion-builder-row-2 nonhundred-percent-fullwidth non-hundred-percent-height-scrolling\" style=\"--awb-border-radius-top-left:0px;--awb-border-radius-top-right:0px;--awb-border-radius-bottom-right:0px;--awb-border-radius-bottom-left:0px;--awb-flex-wrap:wrap;\" ><div class=\"fusion-builder-row fusion-row\"><div class=\"fusion-layout-column fusion_builder_column fusion-builder-column-1 fusion_builder_column_1_3 1_3 fusion-one-third fusion-column-first\" style=\"--awb-bg-size:cover;width:33.333333333333%;width:calc(33.333333333333% - ( ( 4% + 4% ) * 0.33333333333333 ) );margin-right: 4%;\"><div class=\"fusion-column-wrapper fusion-column-has-shadow fusion-flex-column-wrapper-legacy\"><div class=\"fusion-text fusion-text-2\"><h3>Organizador de eventos:<\/h3>\n<p>Sede global de Skift<br \/>\n145 West 30th Street, quinto piso<br \/>\nNueva York, NY 10001<br \/>\nEstados Unidos<\/p>\n<\/div><div class=\"fusion-clearfix\"><\/div><\/div><\/div><div class=\"fusion-layout-column fusion_builder_column fusion-builder-column-2 fusion_builder_column_1_3 1_3 fusion-one-third\" style=\"--awb-bg-size:cover;width:33.333333333333%;width:calc(33.333333333333% - ( ( 4% + 4% ) * 0.33333333333333 ) );margin-right: 4%;\"><div class=\"fusion-column-wrapper fusion-column-has-shadow fusion-flex-column-wrapper-legacy\"><div class=\"fusion-text fusion-text-3\"><h3>Lugar del evento:<\/h3>\n<p>La Nave<br \/>\nCalle Cifuentes 5<br \/>\n28021 Madrid<br \/>\nEspa\u00f1a<br \/>\n<a href=\"https:\/\/goo.gl\/maps\/K86Qf3LRZKdgH1tUA\" target=\"_blank\" rel=\"noopener noreferrer\">Mapas de Google<\/a><\/p>\n<\/div><div class=\"fusion-clearfix\"><\/div><\/div><\/div><div class=\"fusion-layout-column fusion_builder_column fusion-builder-column-3 fusion_builder_column_1_3 1_3 fusion-one-third fusion-column-last\" style=\"--awb-bg-size:cover;width:33.333333333333%;width:calc(33.333333333333% - ( ( 4% + 4% ) * 0.33333333333333 ) );\"><div class=\"fusion-column-wrapper fusion-column-has-shadow fusion-flex-column-wrapper-legacy\"><div class=\"fusion-text fusion-text-4\"><h3>Fecha y registro:<\/h3>\n<p>Un d\u00eda: 29 de junio de 2020<br \/>\n\u00daltimo d\u00eda: 30 de junio de 2020<\/p>\n<p>Debido a la pandemia de coronavirus, consulte el sitio web del evento para conocer las fechas exactas.<\/p>\n<\/div><div class=\"fusion-alignleft\"><a class=\"fusion-button button-flat button-medium button-default fusion-button-default button-1 fusion-button-default-span fusion-button-default-type\" target=\"_blank\" rel=\"noopener noreferrer\" title=\"Skift Forum Europa\" aria-label=\"Skift Forum Europa\" href=\"https:\/\/forum.skift.com\/skift-forum-europe\/\"><i class=\"fa-allergies fas awb-button__icon awb-button__icon--default button-icon-left\" aria-hidden=\"true\"><\/i><span class=\"fusion-button-text awb-button__text awb-button__text--default\">Sitio web del evento<\/span><\/a><\/div><div class=\"fusion-clearfix\"><\/div><\/div><\/div><\/div><\/div><div class=\"fusion-fullwidth fullwidth-box fusion-builder-row-3 nonhundred-percent-fullwidth non-hundred-percent-height-scrolling\" style=\"--awb-border-radius-top-left:0px;--awb-border-radius-top-right:0px;--awb-border-radius-bottom-right:0px;--awb-border-radius-bottom-left:0px;--awb-flex-wrap:wrap;\" ><div class=\"fusion-builder-row fusion-row\"><div class=\"fusion-layout-column fusion_builder_column fusion-builder-column-4 fusion_builder_column_1_1 1_1 fusion-one-full fusion-column-first fusion-column-last\" style=\"--awb-bg-size:cover;\"><div class=\"fusion-column-wrapper fusion-column-has-shadow fusion-flex-column-wrapper-legacy\"><br><div class=\"fusion-sep-clear\"><\/div><div class=\"fusion-separator fusion-full-width-sep\" style=\"margin-left: auto;margin-right: auto;width:100%;\"><div class=\"fusion-separator-border sep-single sep-solid\" style=\"--awb-height:20px;--awb-amount:20px;border-color:#e0dede;border-top-width:1px;\"><\/div><\/div><div class=\"fusion-sep-clear\"><\/div><br><div class=\"fusion-text fusion-text-5\"><h3>Otros eventos del organizador: <a href=\"https:\/\/www.revfine.com\/es\/event\/skift-global-forum-new-york\/\">Skift Nueva York<\/a>, <a href=\"https:\/\/www.revfine.com\/es\/event\/skift-forum-asia\/\">Skift Forum Asia<\/a>, <a href=\"https:\/\/www.revfine.com\/es\/event\/skift-tech-forum-san-francisco\/\">Foro Tecnol\u00f3gico Skift San Francisco<\/a>, <a href=\"https:\/\/www.revfine.com\/es\/page\/skift-aviation-forum\/\">Foro de aviaci\u00f3n Skift<\/a>, <a href=\"https:\/\/www.revfine.com\/es\/page\/skift-global-forum\/\">Foro Global Skift<\/a>, <a href=\"https:\/\/www.revfine.com\/es\/page\/skift-turismo-sostenible-summit\/\">Cumbre de Turismo Sostenible de Skift<\/a>, <a href=\"https:\/\/www.revfine.com\/es\/page\/skift-futuro-del-foro-alojamiento\/\">Skift Foro sobre el futuro del alojamiento<\/a>, <a href=\"https:\/\/www.revfine.com\/es\/page\/skift-idea-premios\/\">Premio Skift IDEA<\/a><\/h3>\n<\/div><div class=\"fusion-sep-clear\"><\/div><div class=\"fusion-separator fusion-full-width-sep\" style=\"margin-left: auto;margin-right: auto;width:100%;\"><div class=\"fusion-separator-border sep-single sep-solid\" style=\"--awb-height:20px;--awb-amount:20px;border-color:#e0dede;border-top-width:1px;\"><\/div><\/div><div class=\"fusion-sep-clear\"><\/div><br><div class=\"fusion-clearfix\"><\/div><\/div><\/div><\/div><\/div><div class=\"fusion-fullwidth fullwidth-box fusion-builder-row-4 nonhundred-percent-fullwidth non-hundred-percent-height-scrolling\" style=\"--awb-border-radius-top-left:0px;--awb-border-radius-top-right:0px;--awb-border-radius-bottom-right:0px;--awb-border-radius-bottom-left:0px;--awb-flex-wrap:wrap;\" ><div class=\"fusion-builder-row fusion-row\"><div class=\"fusion-layout-column fusion_builder_column fusion-builder-column-5 fusion_builder_column_1_1 1_1 fusion-one-full fusion-column-first fusion-column-last\" style=\"--awb-bg-size:cover;\"><div class=\"fusion-column-wrapper fusion-column-has-shadow fusion-flex-column-wrapper-legacy\"><div class=\"fusion-text fusion-text-6\"><h3>Otros eventos de viaje:<\/h3>\n<\/div><div class=\"fusion-recent-works fusion-portfolio-element fusion-portfolio fusion-portfolio-1 fusion-portfolio-carousel fusion-portfolio-paging-pagination recent-works-carousel portfolio-carousel picture-size-auto\" data-id=\"-rw-1\"><div class=\"awb-carousel awb-swiper awb-swiper-carousel fusion-carousel-title-below-image\" style=\"--awb-columns:3;\" data-metacontent=\"yes\" data-autoplay=\"no\" data-columns=\"3\" data-itemmargin=\"20\" data-itemwidth=\"180\" data-touchscroll=\"no\" data-imagesize=\"auto\"><div class=\"swiper-wrapper\"><div class=\"swiper-slide\"><div class=\"fusion-carousel-item-wrapper\"><span class=\"entry-title rich-snippet-hidden\">Foro Global de Ingresos de Madrid | 2026<\/span><span class=\"vcard rich-snippet-hidden\"><span class=\"fn\"><a href=\"https:\/\/www.revfine.com\/es\/author\/revfine-com\/\" title=\"Entradas de Revfine.com\" rel=\"author\">Revfine.com<\/a><\/span><\/span><span class=\"updated rich-snippet-hidden\">13\/06\/2025 09:51:50+02:00<\/span><div  class=\"fusion-image-wrapper\" aria-haspopup=\"true\">\n\t\t\t\t\t\t\t<a href=\"https:\/\/www.revfine.com\/es\/page\/global-revenue-forum-madrid\/\" aria-label=\"Foro Global de Ingresos de Madrid | 2026\">\n\t\t\t\t\t\t\t<img decoding=\"async\" width=\"1200\" height=\"628\" src=\"https:\/\/www.revfine.com\/wp-content\/uploads\/2024\/12\/Global-Revenue-Forum-Madrid.jpg\" class=\"attachment-full size-full wp-post-image\" alt=\"Foro Global de Ingresos en Madrid\" \/>\t\t\t<\/a>\n\t\t\t\t\t\t\t<\/div>\n<h4 class=\"fusion-carousel-title\"><a href=\"https:\/\/www.revfine.com\/es\/page\/global-revenue-forum-madrid\/\" target=\"_self\">Foro Global de Ingresos de Madrid | 2026<\/a><\/h4><div class=\"fusion-carousel-meta\"><a href=\"https:\/\/www.revfine.com\/es\/categories\/travel-events-europe\/\" rel=\"tag\">Europa<\/a>, <a href=\"https:\/\/www.revfine.com\/es\/categories\/virtual-events\/\" rel=\"tag\">Eventos virtuales<\/a><\/div><\/div><\/div><div class=\"swiper-slide\"><div class=\"fusion-carousel-item-wrapper\"><span class=\"entry-title rich-snippet-hidden\">Foro de Aviaci\u00f3n Skift | Diciembre de 2026<\/span><span class=\"vcard rich-snippet-hidden\"><span class=\"fn\"><a href=\"https:\/\/www.revfine.com\/es\/author\/revfine-com\/\" title=\"Entradas de Revfine.com\" rel=\"author\">Revfine.com<\/a><\/span><\/span><span class=\"updated rich-snippet-hidden\">2026-03-04T19:48:40+01:00<\/span><div  class=\"fusion-image-wrapper\" aria-haspopup=\"true\">\n\t\t\t\t\t\t\t<a href=\"https:\/\/www.revfine.com\/es\/page\/skift-aviation-forum\/\" aria-label=\"Foro de Aviaci\u00f3n Skift | Diciembre de 2026\">\n\t\t\t\t\t\t\t<img decoding=\"async\" width=\"1200\" height=\"628\" src=\"https:\/\/www.revfine.com\/wp-content\/uploads\/2022\/05\/Skift-Aviation-Forum.jpg\" class=\"attachment-full size-full wp-post-image\" alt=\"Foro de aviaci\u00f3n Skift\" \/>\t\t\t<\/a>\n\t\t\t\t\t\t\t<\/div>\n<h4 class=\"fusion-carousel-title\"><a href=\"https:\/\/www.revfine.com\/es\/page\/skift-aviation-forum\/\" target=\"_self\">Foro de Aviaci\u00f3n Skift | Diciembre de 2026<\/a><\/h4><div class=\"fusion-carousel-meta\"><a href=\"https:\/\/www.revfine.com\/es\/categories\/travel-events-americas\/\" rel=\"tag\">Am\u00e9ricas<\/a><\/div><\/div><\/div><div class=\"swiper-slide\"><div class=\"fusion-carousel-item-wrapper\"><span class=\"entry-title rich-snippet-hidden\">Mercado Internacional de Viajes de Lujo de Cannes | Diciembre de 2026<\/span><span class=\"vcard rich-snippet-hidden\"><span class=\"fn\"><a href=\"https:\/\/www.revfine.com\/es\/author\/revfine-com\/\" title=\"Entradas de Revfine.com\" rel=\"author\">Revfine.com<\/a><\/span><\/span><span class=\"updated rich-snippet-hidden\">04\/03\/2026 19:42:26+01:00<\/span><div  class=\"fusion-image-wrapper\" aria-haspopup=\"true\">\n\t\t\t\t\t\t\t<a href=\"https:\/\/www.revfine.com\/es\/page\/iltm-cannes\/\" aria-label=\"Mercado Internacional de Viajes de Lujo de Cannes | Diciembre de 2026\">\n\t\t\t\t\t\t\t<img decoding=\"async\" width=\"1200\" height=\"628\" src=\"https:\/\/www.revfine.com\/wp-content\/uploads\/2025\/07\/ILTM-Cannes-International-Luxury-Travel-Market-Cannes-France.jpg\" class=\"attachment-full size-full wp-post-image\" alt=\"ILTM Cannes - Mercado internacional de viajes de lujo Cannes - Francia\" \/>\t\t\t<\/a>\n\t\t\t\t\t\t\t<\/div>\n<h4 class=\"fusion-carousel-title\"><a href=\"https:\/\/www.revfine.com\/es\/page\/iltm-cannes\/\" target=\"_self\">Mercado Internacional de Viajes de Lujo de Cannes | Diciembre de 2026<\/a><\/h4><div class=\"fusion-carousel-meta\"><a href=\"https:\/\/www.revfine.com\/es\/categories\/travel-events-europe\/\" rel=\"tag\">Europa<\/a><\/div><\/div><\/div><div class=\"swiper-slide\"><div class=\"fusion-carousel-item-wrapper\"><span class=\"entry-title rich-snippet-hidden\">Feria de Tecnolog\u00eda de Viajes WTM | Noviembre de 2026<\/span><span class=\"vcard rich-snippet-hidden\"><span class=\"fn\"><a href=\"https:\/\/www.revfine.com\/es\/author\/revfine-com\/\" title=\"Entradas de Revfine.com\" rel=\"author\">Revfine.com<\/a><\/span><\/span><span class=\"updated rich-snippet-hidden\">2026-03-04T19:39:37+01:00<\/span><div  class=\"fusion-image-wrapper\" aria-haspopup=\"true\">\n\t\t\t\t\t\t\t<a href=\"https:\/\/www.revfine.com\/es\/page\/wtm-travel-technology-show\/\" aria-label=\"Feria de Tecnolog\u00eda de Viajes WTM | Noviembre de 2026\">\n\t\t\t\t\t\t\t<img decoding=\"async\" width=\"1200\" height=\"628\" src=\"https:\/\/www.revfine.com\/wp-content\/uploads\/2025\/07\/Travel-forward-London-Travel-forward-conference.jpg\" class=\"attachment-full size-full wp-post-image\" alt=\"Travel Forward London - Conferencia Travel Forward\" \/>\t\t\t<\/a>\n\t\t\t\t\t\t\t<\/div>\n<h4 class=\"fusion-carousel-title\"><a href=\"https:\/\/www.revfine.com\/es\/page\/wtm-travel-technology-show\/\" target=\"_self\">Feria de Tecnolog\u00eda de Viajes WTM | Noviembre de 2026<\/a><\/h4><div class=\"fusion-carousel-meta\"><a href=\"https:\/\/www.revfine.com\/es\/categories\/travel-events-europe\/\" rel=\"tag\">Europa<\/a><\/div><\/div><\/div><div class=\"swiper-slide\"><div class=\"fusion-carousel-item-wrapper\"><span class=\"entry-title rich-snippet-hidden\">WTM Londres | Noviembre de 2026<\/span><span class=\"vcard rich-snippet-hidden\"><span class=\"fn\"><a href=\"https:\/\/www.revfine.com\/es\/author\/revfine-com\/\" title=\"Entradas de Revfine.com\" rel=\"author\">Revfine.com<\/a><\/span><\/span><span class=\"updated rich-snippet-hidden\">2025-12-01T15:15:22+01:00<\/span><div  class=\"fusion-image-wrapper\" aria-haspopup=\"true\">\n\t\t\t\t\t\t\t<a href=\"https:\/\/www.revfine.com\/es\/page\/wtm-london\/\" aria-label=\"WTM Londres | Noviembre de 2026\">\n\t\t\t\t\t\t\t<img decoding=\"async\" width=\"1200\" height=\"628\" src=\"https:\/\/www.revfine.com\/wp-content\/uploads\/2025\/07\/wtm-London-World-travel-market-London.jpg\" class=\"attachment-full size-full wp-post-image\" alt=\"wtm London - Mercado mundial de viajes de Londres\" \/>\t\t\t<\/a>\n\t\t\t\t\t\t\t<\/div>\n<h4 class=\"fusion-carousel-title\"><a href=\"https:\/\/www.revfine.com\/es\/page\/wtm-london\/\" target=\"_self\">WTM Londres | Noviembre de 2026<\/a><\/h4><div class=\"fusion-carousel-meta\"><a href=\"https:\/\/www.revfine.com\/es\/categories\/travel-events-europe\/\" rel=\"tag\">Europa<\/a><\/div><\/div><\/div><div class=\"swiper-slide\"><div class=\"fusion-carousel-item-wrapper\"><span class=\"entry-title rich-snippet-hidden\">ITB Asia Singapur | Octubre de 2026<\/span><span class=\"vcard rich-snippet-hidden\"><span class=\"fn\"><a href=\"https:\/\/www.revfine.com\/es\/author\/revfine-com\/\" title=\"Entradas de Revfine.com\" rel=\"author\">Revfine.com<\/a><\/span><\/span><span class=\"updated rich-snippet-hidden\">04\/03\/2026 19:35:58+01:00<\/span><div  class=\"fusion-image-wrapper\" aria-haspopup=\"true\">\n\t\t\t\t\t\t\t<a href=\"https:\/\/www.revfine.com\/es\/page\/itb-asia\/\" aria-label=\"ITB Asia Singapur | Octubre de 2026\">\n\t\t\t\t\t\t\t<img decoding=\"async\" width=\"1200\" height=\"628\" src=\"https:\/\/www.revfine.com\/wp-content\/uploads\/2025\/07\/ITB-Asia.jpg\" class=\"attachment-full size-full wp-post-image\" alt=\"ITB Asia\" \/>\t\t\t<\/a>\n\t\t\t\t\t\t\t<\/div>\n<h4 class=\"fusion-carousel-title\"><a href=\"https:\/\/www.revfine.com\/es\/page\/itb-asia\/\" target=\"_self\">ITB Asia Singapur | Octubre de 2026<\/a><\/h4><div class=\"fusion-carousel-meta\"><a href=\"https:\/\/www.revfine.com\/es\/categories\/travel-events-asia\/\" rel=\"tag\">Asia-Pac\u00edfico<\/a><\/div><\/div><\/div><div class=\"swiper-slide\"><div class=\"fusion-carousel-item-wrapper\"><span class=\"entry-title rich-snippet-hidden\">Tecnolog\u00eda de viajes en Asia | Octubre de 2026<\/span><span class=\"vcard rich-snippet-hidden\"><span class=\"fn\"><a href=\"https:\/\/www.revfine.com\/es\/author\/revfine-com\/\" title=\"Entradas de Revfine.com\" rel=\"author\">Revfine.com<\/a><\/span><\/span><span class=\"updated rich-snippet-hidden\">04\/03\/2026 19:29:28+01:00<\/span><div  class=\"fusion-image-wrapper\" aria-haspopup=\"true\">\n\t\t\t\t\t\t\t<a href=\"https:\/\/www.revfine.com\/es\/page\/travel-tech-asia\/\" aria-label=\"Tecnolog\u00eda de viajes en Asia | Octubre de 2026\">\n\t\t\t\t\t\t\t<img decoding=\"async\" width=\"1200\" height=\"628\" src=\"https:\/\/www.revfine.com\/wp-content\/uploads\/2025\/07\/Hotel-Revenue-Distribution-Summit-Singapore.jpg\" class=\"attachment-full size-full wp-post-image\" alt=\"Cumbre de distribuci\u00f3n de ingresos hoteleros de Singapur\" \/>\t\t\t<\/a>\n\t\t\t\t\t\t\t<\/div>\n<h4 class=\"fusion-carousel-title\"><a href=\"https:\/\/www.revfine.com\/es\/page\/travel-tech-asia\/\" target=\"_self\">Tecnolog\u00eda de viajes en Asia | Octubre de 2026<\/a><\/h4><div class=\"fusion-carousel-meta\"><a href=\"https:\/\/www.revfine.com\/es\/categories\/travel-events-asia\/\" rel=\"tag\">Asia-Pac\u00edfico<\/a><\/div><\/div><\/div><div class=\"swiper-slide\"><div class=\"fusion-carousel-item-wrapper\"><span class=\"entry-title rich-snippet-hidden\">Feria Hotelera Independiente de Londres | Octubre de 2026<\/span><span class=\"vcard rich-snippet-hidden\"><span class=\"fn\"><a href=\"https:\/\/www.revfine.com\/es\/author\/revfine-com\/\" title=\"Entradas de Revfine.com\" rel=\"author\">Revfine.com<\/a><\/span><\/span><span class=\"updated rich-snippet-hidden\">2025-10-21T12:34:59+02:00<\/span><div  class=\"fusion-image-wrapper\" aria-haspopup=\"true\">\n\t\t\t\t\t\t\t<a href=\"https:\/\/www.revfine.com\/es\/page\/independent-hotel-show-london\/\" aria-label=\"Feria Hotelera Independiente de Londres | Octubre de 2026\">\n\t\t\t\t\t\t\t<img decoding=\"async\" width=\"1200\" height=\"628\" src=\"https:\/\/www.revfine.com\/wp-content\/uploads\/2025\/07\/Independent-Hotel-Show-London.jpg\" class=\"attachment-full size-full wp-post-image\" alt=\"Independent Hotel Show Londres\" \/>\t\t\t<\/a>\n\t\t\t\t\t\t\t<\/div>\n<h4 class=\"fusion-carousel-title\"><a href=\"https:\/\/www.revfine.com\/es\/page\/independent-hotel-show-london\/\" target=\"_self\">Feria Hotelera Independiente de Londres | Octubre de 2026<\/a><\/h4><div class=\"fusion-carousel-meta\"><a href=\"https:\/\/www.revfine.com\/es\/categories\/travel-events-europe\/\" rel=\"tag\">Europa<\/a><\/div><\/div><\/div><div class=\"swiper-slide\"><div class=\"fusion-carousel-item-wrapper\"><span class=\"entry-title rich-snippet-hidden\">ILTM Norteam\u00e9rica | Septiembre de 2026<\/span><span class=\"vcard rich-snippet-hidden\"><span class=\"fn\"><a href=\"https:\/\/www.revfine.com\/es\/author\/revfine-com\/\" title=\"Entradas de Revfine.com\" rel=\"author\">Revfine.com<\/a><\/span><\/span><span class=\"updated rich-snippet-hidden\">04\/03\/2026 19:24:52+01:00<\/span><div  class=\"fusion-image-wrapper\" aria-haspopup=\"true\">\n\t\t\t\t\t\t\t<a href=\"https:\/\/www.revfine.com\/es\/page\/iltm-north-america\/\" aria-label=\"ILTM Norteam\u00e9rica | Septiembre de 2026\">\n\t\t\t\t\t\t\t<img decoding=\"async\" width=\"1200\" height=\"628\" src=\"https:\/\/www.revfine.com\/wp-content\/uploads\/2025\/07\/ILTM-North-America-International-Luxury-Travel-Market-North-America.jpg\" class=\"attachment-full size-full wp-post-image\" alt=\"ILTM North America: mercado internacional de viajes de lujo en Am\u00e9rica del Norte\" \/>\t\t\t<\/a>\n\t\t\t\t\t\t\t<\/div>\n<h4 class=\"fusion-carousel-title\"><a href=\"https:\/\/www.revfine.com\/es\/page\/iltm-north-america\/\" target=\"_self\">ILTM Norteam\u00e9rica | Septiembre de 2026<\/a><\/h4><div class=\"fusion-carousel-meta\"><a href=\"https:\/\/www.revfine.com\/es\/categories\/travel-events-americas\/\" rel=\"tag\">Am\u00e9ricas<\/a><\/div><\/div><\/div><div class=\"swiper-slide\"><div class=\"fusion-carousel-item-wrapper\"><span class=\"entry-title rich-snippet-hidden\">Foro Global Skift | Septiembre de 2026<\/span><span class=\"vcard rich-snippet-hidden\"><span class=\"fn\"><a href=\"https:\/\/www.revfine.com\/es\/author\/revfine-com\/\" title=\"Entradas de Revfine.com\" rel=\"author\">Revfine.com<\/a><\/span><\/span><span class=\"updated rich-snippet-hidden\">2026-03-04T19:21:13+01:00<\/span><div  class=\"fusion-image-wrapper\" aria-haspopup=\"true\">\n\t\t\t\t\t\t\t<a href=\"https:\/\/www.revfine.com\/es\/page\/skift-global-forum\/\" aria-label=\"Foro Global Skift | Septiembre de 2026\">\n\t\t\t\t\t\t\t<img decoding=\"async\" width=\"1200\" height=\"628\" src=\"https:\/\/www.revfine.com\/wp-content\/uploads\/2022\/05\/Skift-Global-Forum.jpg\" class=\"attachment-full size-full wp-post-image\" alt=\"Foro Global Skift\" \/>\t\t\t<\/a>\n\t\t\t\t\t\t\t<\/div>\n<h4 class=\"fusion-carousel-title\"><a href=\"https:\/\/www.revfine.com\/es\/page\/skift-global-forum\/\" target=\"_self\">Foro Global Skift | Septiembre de 2026<\/a><\/h4><div class=\"fusion-carousel-meta\"><a href=\"https:\/\/www.revfine.com\/es\/categories\/travel-events-americas\/\" rel=\"tag\">Am\u00e9ricas<\/a>, <a href=\"https:\/\/www.revfine.com\/es\/categories\/virtual-events\/\" rel=\"tag\">Eventos virtuales<\/a><\/div><\/div><\/div><div class=\"swiper-slide\"><div class=\"fusion-carousel-item-wrapper\"><span class=\"entry-title rich-snippet-hidden\">IFTM Top Resa Par\u00eds | Septiembre de 2026<\/span><span class=\"vcard rich-snippet-hidden\"><span class=\"fn\"><a href=\"https:\/\/www.revfine.com\/es\/author\/revfine-com\/\" title=\"Entradas de Revfine.com\" rel=\"author\">Revfine.com<\/a><\/span><\/span><span class=\"updated rich-snippet-hidden\">2026-03-04T19:18:30+01:00<\/span><div  class=\"fusion-image-wrapper\" aria-haspopup=\"true\">\n\t\t\t\t\t\t\t<a href=\"https:\/\/www.revfine.com\/es\/page\/iftm-paris\/\" aria-label=\"IFTM Top Resa Par\u00eds | Septiembre de 2026\">\n\t\t\t\t\t\t\t<img decoding=\"async\" width=\"1200\" height=\"628\" src=\"https:\/\/www.revfine.com\/wp-content\/uploads\/2025\/07\/IFTM-Paris-IFTM-Top-Resa.jpg\" class=\"attachment-full size-full wp-post-image\" alt=\"IFTM Par\u00eds - IFTM Top Resa\" \/>\t\t\t<\/a>\n\t\t\t\t\t\t\t<\/div>\n<h4 class=\"fusion-carousel-title\"><a href=\"https:\/\/www.revfine.com\/es\/page\/iftm-paris\/\" target=\"_self\">IFTM Top Resa Par\u00eds | Septiembre de 2026<\/a><\/h4><div class=\"fusion-carousel-meta\"><a href=\"https:\/\/www.revfine.com\/es\/categories\/travel-events-europe\/\" rel=\"tag\">Europa<\/a><\/div><\/div><\/div><div class=\"swiper-slide\"><div class=\"fusion-carousel-item-wrapper\"><span class=\"entry-title rich-snippet-hidden\">Foro Internacional de Tecnolog\u00eda Hotelera de Oriente Medio y Norte de \u00c1frica | Septiembre de 2026<\/span><span class=\"vcard rich-snippet-hidden\"><span class=\"fn\"><a href=\"https:\/\/www.revfine.com\/es\/author\/revfine-com\/\" title=\"Entradas de Revfine.com\" rel=\"author\">Revfine.com<\/a><\/span><\/span><span class=\"updated rich-snippet-hidden\">01\/12\/2025 15:31:23 +01:00<\/span><div  class=\"fusion-image-wrapper\" aria-haspopup=\"true\">\n\t\t\t\t\t\t\t<a href=\"https:\/\/www.revfine.com\/es\/page\/ihtf-middle-east-and-north-africa\/\" aria-label=\"Foro Internacional de Tecnolog\u00eda Hotelera de Oriente Medio y Norte de \u00c1frica | Septiembre de 2026\">\n\t\t\t\t\t\t\t<img decoding=\"async\" width=\"1200\" height=\"628\" src=\"https:\/\/www.revfine.com\/wp-content\/uploads\/2025\/01\/International-Hotel-Technology-Forum-Middle-East-and-North-Africa.jpg\" class=\"attachment-full size-full wp-post-image\" alt=\"Foro Internacional de Tecnolog\u00eda Hotelera de Oriente Medio y el Norte de \u00c1frica\" \/>\t\t\t<\/a>\n\t\t\t\t\t\t\t<\/div>\n<h4 class=\"fusion-carousel-title\"><a href=\"https:\/\/www.revfine.com\/es\/page\/ihtf-middle-east-and-north-africa\/\" target=\"_self\">Foro Internacional de Tecnolog\u00eda Hotelera de Oriente Medio y Norte de \u00c1frica | Septiembre de 2026<\/a><\/h4><div class=\"fusion-carousel-meta\"><a href=\"https:\/\/www.revfine.com\/es\/categories\/travel-events-africa\/\" rel=\"tag\">\u00c1frica y Oriente Medio<\/a><\/div><\/div><\/div><div class=\"swiper-slide\"><div class=\"fusion-carousel-item-wrapper\"><span class=\"entry-title rich-snippet-hidden\">ITB India | Septiembre 2026<\/span><span class=\"vcard rich-snippet-hidden\"><span class=\"fn\"><a href=\"https:\/\/www.revfine.com\/es\/author\/revfine-com\/\" title=\"Entradas de Revfine.com\" rel=\"author\">Revfine.com<\/a><\/span><\/span><span class=\"updated rich-snippet-hidden\">2026-03-04T19:12:53+01:00<\/span><div  class=\"fusion-image-wrapper\" aria-haspopup=\"true\">\n\t\t\t\t\t\t\t<a href=\"https:\/\/www.revfine.com\/es\/page\/itb-india\/\" aria-label=\"ITB India | Septiembre 2026\">\n\t\t\t\t\t\t\t<img decoding=\"async\" width=\"1200\" height=\"628\" src=\"https:\/\/www.revfine.com\/wp-content\/uploads\/2025\/07\/ITB-India.jpg\" class=\"attachment-full size-full wp-post-image\" alt=\"ITB India\" \/>\t\t\t<\/a>\n\t\t\t\t\t\t\t<\/div>\n<h4 class=\"fusion-carousel-title\"><a href=\"https:\/\/www.revfine.com\/es\/page\/itb-india\/\" target=\"_self\">ITB India | Septiembre 2026<\/a><\/h4><div class=\"fusion-carousel-meta\"><a href=\"https:\/\/www.revfine.com\/es\/categories\/travel-events-asia\/\" rel=\"tag\">Asia-Pac\u00edfico<\/a><\/div><\/div><\/div><div class=\"swiper-slide\"><div class=\"fusion-carousel-item-wrapper\"><span class=\"entry-title rich-snippet-hidden\">ILTM Asia Pac\u00edfico | Junio de 2026<\/span><span class=\"vcard rich-snippet-hidden\"><span class=\"fn\"><a href=\"https:\/\/www.revfine.com\/es\/author\/revfine-com\/\" title=\"Entradas de Revfine.com\" rel=\"author\">Revfine.com<\/a><\/span><\/span><span class=\"updated rich-snippet-hidden\">2026-03-04T19:08:33+01:00<\/span><div  class=\"fusion-image-wrapper\" aria-haspopup=\"true\">\n\t\t\t\t\t\t\t<a href=\"https:\/\/www.revfine.com\/es\/page\/iltm-asia-pacific\/\" aria-label=\"ILTM Asia Pac\u00edfico | Junio de 2026\">\n\t\t\t\t\t\t\t<img decoding=\"async\" width=\"1200\" height=\"628\" src=\"https:\/\/www.revfine.com\/wp-content\/uploads\/2025\/07\/ILTM-Asia-Pacific-International-Luxury-Travel-Market-Asia-Pacific.jpg\" class=\"attachment-full size-full wp-post-image\" alt=\"ILTM Asia Pac\u00edfico - Mercado internacional de viajes de lujo Asia Pac\u00edfico\" \/>\t\t\t<\/a>\n\t\t\t\t\t\t\t<\/div>\n<h4 class=\"fusion-carousel-title\"><a href=\"https:\/\/www.revfine.com\/es\/page\/iltm-asia-pacific\/\" target=\"_self\">ILTM Asia Pac\u00edfico | Junio de 2026<\/a><\/h4><div class=\"fusion-carousel-meta\"><a href=\"https:\/\/www.revfine.com\/es\/categories\/travel-events-asia\/\" rel=\"tag\">Asia-Pac\u00edfico<\/a><\/div><\/div><\/div><div class=\"swiper-slide\"><div class=\"fusion-carousel-item-wrapper\"><span class=\"entry-title rich-snippet-hidden\">Feria Hotelera de Dub\u00e1i | Junio de 2026<\/span><span class=\"vcard rich-snippet-hidden\"><span class=\"fn\"><a href=\"https:\/\/www.revfine.com\/es\/author\/revfine-com\/\" title=\"Entradas de Revfine.com\" rel=\"author\">Revfine.com<\/a><\/span><\/span><span class=\"updated rich-snippet-hidden\">2026-03-04T19:03:47+01:00<\/span><div  class=\"fusion-image-wrapper\" aria-haspopup=\"true\">\n\t\t\t\t\t\t\t<a href=\"https:\/\/www.revfine.com\/es\/page\/the-hotel-show-dubai\/\" aria-label=\"Feria Hotelera de Dub\u00e1i | Junio de 2026\">\n\t\t\t\t\t\t\t<img decoding=\"async\" width=\"1200\" height=\"628\" src=\"https:\/\/www.revfine.com\/wp-content\/uploads\/2025\/07\/The-Hotel-Show-Dubai.jpg\" class=\"attachment-full size-full wp-post-image\" alt=\"The Hotel Show Dub\u00e1i\" \/>\t\t\t<\/a>\n\t\t\t\t\t\t\t<\/div>\n<h4 class=\"fusion-carousel-title\"><a href=\"https:\/\/www.revfine.com\/es\/page\/the-hotel-show-dubai\/\" target=\"_self\">Feria Hotelera de Dub\u00e1i | Junio de 2026<\/a><\/h4><div class=\"fusion-carousel-meta\"><a href=\"https:\/\/www.revfine.com\/es\/categories\/travel-events-asia\/\" rel=\"tag\">Asia-Pac\u00edfico<\/a><\/div><\/div><\/div><div class=\"swiper-slide\"><div class=\"fusion-carousel-item-wrapper\"><span class=\"entry-title rich-snippet-hidden\">ITB China | Mayo de 2026<\/span><span class=\"vcard rich-snippet-hidden\"><span class=\"fn\"><a href=\"https:\/\/www.revfine.com\/es\/author\/revfine-com\/\" title=\"Entradas de Revfine.com\" rel=\"author\">Revfine.com<\/a><\/span><\/span><span class=\"updated rich-snippet-hidden\">2026-03-04T18:58:33+01:00<\/span><div  class=\"fusion-image-wrapper\" aria-haspopup=\"true\">\n\t\t\t\t\t\t\t<a href=\"https:\/\/www.revfine.com\/es\/page\/itb-china\/\" aria-label=\"ITB China | Mayo de 2026\">\n\t\t\t\t\t\t\t<img decoding=\"async\" width=\"1200\" height=\"628\" src=\"https:\/\/www.revfine.com\/wp-content\/uploads\/2025\/07\/ITB-China.jpg\" class=\"attachment-full size-full wp-post-image\" alt=\"ITB China\" \/>\t\t\t<\/a>\n\t\t\t\t\t\t\t<\/div>\n<h4 class=\"fusion-carousel-title\"><a href=\"https:\/\/www.revfine.com\/es\/page\/itb-china\/\" target=\"_self\">ITB China | Mayo de 2026<\/a><\/h4><div class=\"fusion-carousel-meta\"><a href=\"https:\/\/www.revfine.com\/es\/categories\/travel-events-asia\/\" rel=\"tag\">Asia-Pac\u00edfico<\/a><\/div><\/div><\/div><div class=\"swiper-slide\"><div class=\"fusion-carousel-item-wrapper\"><span class=\"entry-title rich-snippet-hidden\">ILTM Latinoam\u00e9rica | Mayo de 2026<\/span><span class=\"vcard rich-snippet-hidden\"><span class=\"fn\"><a href=\"https:\/\/www.revfine.com\/es\/author\/revfine-com\/\" title=\"Entradas de Revfine.com\" rel=\"author\">Revfine.com<\/a><\/span><\/span><span class=\"updated rich-snippet-hidden\">2026-03-04T11:56:27+01:00<\/span><div  class=\"fusion-image-wrapper\" aria-haspopup=\"true\">\n\t\t\t\t\t\t\t<a href=\"https:\/\/www.revfine.com\/es\/page\/iltm-latin-america\/\" aria-label=\"ILTM Latinoam\u00e9rica | Mayo de 2026\">\n\t\t\t\t\t\t\t<img decoding=\"async\" width=\"1200\" height=\"628\" src=\"https:\/\/www.revfine.com\/wp-content\/uploads\/2025\/07\/ILTM-Latin-America-International-Luxury-Travel-Market-Latin-America.jpg\" class=\"attachment-full size-full wp-post-image\" alt=\"ILTM Latin America - Mercado internacional de viajes de lujo en Am\u00e9rica Latina\" \/>\t\t\t<\/a>\n\t\t\t\t\t\t\t<\/div>\n<h4 class=\"fusion-carousel-title\"><a href=\"https:\/\/www.revfine.com\/es\/page\/iltm-latin-america\/\" target=\"_self\">ILTM Latinoam\u00e9rica | Mayo de 2026<\/a><\/h4><div class=\"fusion-carousel-meta\"><a href=\"https:\/\/www.revfine.com\/es\/categories\/travel-events-americas\/\" rel=\"tag\">Am\u00e9ricas<\/a><\/div><\/div><\/div><div class=\"swiper-slide\"><div class=\"fusion-carousel-item-wrapper\"><span class=\"entry-title rich-snippet-hidden\">Mercado de Viajes \u00c1rabe | Mayo de 2026<\/span><span class=\"vcard rich-snippet-hidden\"><span class=\"fn\"><a href=\"https:\/\/www.revfine.com\/es\/author\/revfine-com\/\" title=\"Entradas de Revfine.com\" rel=\"author\">Revfine.com<\/a><\/span><\/span><span class=\"updated rich-snippet-hidden\">2026-03-04T11:54:50+01:00<\/span><div  class=\"fusion-image-wrapper\" aria-haspopup=\"true\">\n\t\t\t\t\t\t\t<a href=\"https:\/\/www.revfine.com\/es\/page\/arabian-travel-market\/\" aria-label=\"Mercado de Viajes \u00c1rabe | Mayo de 2026\">\n\t\t\t\t\t\t\t<img decoding=\"async\" width=\"1200\" height=\"628\" src=\"https:\/\/www.revfine.com\/wp-content\/uploads\/2025\/07\/Arabian-travel-market.jpg\" class=\"attachment-full size-full wp-post-image\" alt=\"Mercado de viajes \u00e1rabe\" \/>\t\t\t<\/a>\n\t\t\t\t\t\t\t<\/div>\n<h4 class=\"fusion-carousel-title\"><a href=\"https:\/\/www.revfine.com\/es\/page\/arabian-travel-market\/\" target=\"_self\">Mercado de Viajes \u00c1rabe | Mayo de 2026<\/a><\/h4><div class=\"fusion-carousel-meta\"><a href=\"https:\/\/www.revfine.com\/es\/categories\/travel-events-asia\/\" rel=\"tag\">Asia-Pac\u00edfico<\/a><\/div><\/div><\/div><div class=\"swiper-slide\"><div class=\"fusion-carousel-item-wrapper\"><span class=\"entry-title rich-snippet-hidden\">Feria Hotelera Independiente de \u00c1msterdam | Abril de 2026<\/span><span class=\"vcard rich-snippet-hidden\"><span class=\"fn\"><a href=\"https:\/\/www.revfine.com\/es\/author\/revfine-com\/\" title=\"Entradas de Revfine.com\" rel=\"author\">Revfine.com<\/a><\/span><\/span><span class=\"updated rich-snippet-hidden\">2026-02-27T11:22:42+01:00<\/span><div  class=\"fusion-image-wrapper\" aria-haspopup=\"true\">\n\t\t\t\t\t\t\t<a href=\"https:\/\/www.revfine.com\/es\/page\/independent-hotel-show-amsterdam\/\" aria-label=\"Feria Hotelera Independiente de \u00c1msterdam | Abril de 2026\">\n\t\t\t\t\t\t\t<img decoding=\"async\" width=\"1200\" height=\"628\" src=\"https:\/\/www.revfine.com\/wp-content\/uploads\/2025\/07\/Independent-Hotel-Show-Amsterdam.jpg\" class=\"attachment-full size-full wp-post-image\" alt=\"Independent Hotel Show \u00c1msterdam\" \/>\t\t\t<\/a>\n\t\t\t\t\t\t\t<\/div>\n<h4 class=\"fusion-carousel-title\"><a href=\"https:\/\/www.revfine.com\/es\/page\/independent-hotel-show-amsterdam\/\" target=\"_self\">Feria Hotelera Independiente de \u00c1msterdam | Abril de 2026<\/a><\/h4><div class=\"fusion-carousel-meta\"><a href=\"https:\/\/www.revfine.com\/es\/categories\/travel-events-europe\/\" rel=\"tag\">Europa<\/a><\/div><\/div><\/div><div class=\"swiper-slide\"><div class=\"fusion-carousel-item-wrapper\"><span class=\"entry-title rich-snippet-hidden\">Foro Internacional de Tecnolog\u00eda Hotelera de Europa | Abril de 2026<\/span><span class=\"vcard rich-snippet-hidden\"><span class=\"fn\"><a href=\"https:\/\/www.revfine.com\/es\/author\/revfine-com\/\" title=\"Entradas de Revfine.com\" rel=\"author\">Revfine.com<\/a><\/span><\/span><span class=\"updated rich-snippet-hidden\">2026-03-04T11:52:07+01:00<\/span><div  class=\"fusion-image-wrapper\" aria-haspopup=\"true\">\n\t\t\t\t\t\t\t<a href=\"https:\/\/www.revfine.com\/es\/page\/ihtf-europe\/\" aria-label=\"Foro Internacional de Tecnolog\u00eda Hotelera de Europa | Abril de 2026\">\n\t\t\t\t\t\t\t<img decoding=\"async\" width=\"1200\" height=\"628\" src=\"https:\/\/www.revfine.com\/wp-content\/uploads\/2023\/03\/International-Hotel-Technology-Forum-Europe-IHTF-Europe-Forum.jpg\" class=\"attachment-full size-full wp-post-image\" alt=\"Foro Internacional de Tecnolog\u00eda Hotelera de Europa - Foro IHTF Europa\" \/>\t\t\t<\/a>\n\t\t\t\t\t\t\t<\/div>\n<h4 class=\"fusion-carousel-title\"><a href=\"https:\/\/www.revfine.com\/es\/page\/ihtf-europe\/\" target=\"_self\">Foro Internacional de Tecnolog\u00eda Hotelera de Europa | Abril de 2026<\/a><\/h4><div class=\"fusion-carousel-meta\"><a href=\"https:\/\/www.revfine.com\/es\/categories\/travel-events-europe\/\" rel=\"tag\">Europa<\/a><\/div><\/div><\/div><div class=\"swiper-slide\"><div class=\"fusion-carousel-item-wrapper\"><span class=\"entry-title rich-snippet-hidden\">FHT Par\u00eds \u2013 Hotel inteligente | abril 2027<\/span><span class=\"vcard rich-snippet-hidden\"><span class=\"fn\"><a href=\"https:\/\/www.revfine.com\/es\/author\/revfine-com\/\" title=\"Entradas de Revfine.com\" rel=\"author\">Revfine.com<\/a><\/span><\/span><span class=\"updated rich-snippet-hidden\">2026-04-21T16:19:47+02:00<\/span><div  class=\"fusion-image-wrapper\" aria-haspopup=\"true\">\n\t\t\t\t\t\t\t<a href=\"https:\/\/www.revfine.com\/es\/page\/food-hotel-tech-paris\/\" aria-label=\"FHT Par\u00eds \u2013 Hotel inteligente | abril 2027\">\n\t\t\t\t\t\t\t<img decoding=\"async\" width=\"1200\" height=\"628\" src=\"https:\/\/www.revfine.com\/wp-content\/uploads\/2025\/07\/Food-Hotel-Tech-Paris-France-Trade-Show-Digital-Tech-FHT-Paris.jpg\" class=\"attachment-full size-full wp-post-image\" alt=\"Food Hotel Tech Paris - Francia - Feria Digital Tech - FHT Paris\" \/>\t\t\t<\/a>\n\t\t\t\t\t\t\t<\/div>\n<h4 class=\"fusion-carousel-title\"><a href=\"https:\/\/www.revfine.com\/es\/page\/food-hotel-tech-paris\/\" target=\"_self\">FHT Par\u00eds \u2013 Hotel inteligente | abril 2027<\/a><\/h4><div class=\"fusion-carousel-meta\"><a href=\"https:\/\/www.revfine.com\/es\/categories\/travel-events-europe\/\" rel=\"tag\">Europa<\/a><\/div><\/div><\/div><div class=\"swiper-slide\"><div class=\"fusion-carousel-item-wrapper\"><span class=\"entry-title rich-snippet-hidden\">WTM \u00c1frica | Abril de 2027<\/span><span class=\"vcard rich-snippet-hidden\"><span class=\"fn\"><a href=\"https:\/\/www.revfine.com\/es\/author\/revfine-com\/\" title=\"Entradas de Revfine.com\" rel=\"author\">Revfine.com<\/a><\/span><\/span><span class=\"updated rich-snippet-hidden\">2026-04-21T15:44:30+02:00<\/span><div  class=\"fusion-image-wrapper\" aria-haspopup=\"true\">\n\t\t\t\t\t\t\t<a href=\"https:\/\/www.revfine.com\/es\/page\/wtm-africa\/\" aria-label=\"WTM \u00c1frica | Abril de 2027\">\n\t\t\t\t\t\t\t<img decoding=\"async\" width=\"1200\" height=\"628\" src=\"https:\/\/www.revfine.com\/wp-content\/uploads\/2025\/07\/wtm-africa-world-travel-market-africa-cape-town.jpg\" class=\"attachment-full size-full wp-post-image\" alt=\"wtm africa - mercado mundial de viajes africa - ciudad del cabo\" \/>\t\t\t<\/a>\n\t\t\t\t\t\t\t<\/div>\n<h4 class=\"fusion-carousel-title\"><a href=\"https:\/\/www.revfine.com\/es\/page\/wtm-africa\/\" target=\"_self\">WTM \u00c1frica | Abril de 2027<\/a><\/h4><div class=\"fusion-carousel-meta\"><a href=\"https:\/\/www.revfine.com\/es\/categories\/travel-events-africa\/\" rel=\"tag\">\u00c1frica y Oriente Medio<\/a><\/div><\/div><\/div><div class=\"swiper-slide\"><div class=\"fusion-carousel-item-wrapper\"><span class=\"entry-title rich-snippet-hidden\">WTM Latinoam\u00e9rica | Abril de 2027<\/span><span class=\"vcard rich-snippet-hidden\"><span class=\"fn\"><a href=\"https:\/\/www.revfine.com\/es\/author\/revfine-com\/\" title=\"Entradas de Revfine.com\" rel=\"author\">Revfine.com<\/a><\/span><\/span><span class=\"updated rich-snippet-hidden\">2026-04-21T16:22:39+02:00<\/span><div  class=\"fusion-image-wrapper\" aria-haspopup=\"true\">\n\t\t\t\t\t\t\t<a href=\"https:\/\/www.revfine.com\/es\/page\/wtm-latin-america\/\" aria-label=\"WTM Latinoam\u00e9rica | Abril de 2027\">\n\t\t\t\t\t\t\t<img decoding=\"async\" width=\"1200\" height=\"628\" src=\"https:\/\/www.revfine.com\/wp-content\/uploads\/2025\/07\/WTM-Latin-America-World-Travel-Market-Latin-America-S\u00e3o-Paulo.jpg\" class=\"attachment-full size-full wp-post-image\" alt=\"WTM Latin America - World Travel Market Am\u00e9rica Latina - S\u00e3o Paulo - Brasil\" \/>\t\t\t<\/a>\n\t\t\t\t\t\t\t<\/div>\n<h4 class=\"fusion-carousel-title\"><a href=\"https:\/\/www.revfine.com\/es\/page\/wtm-latin-america\/\" target=\"_self\">WTM Latinoam\u00e9rica | Abril de 2027<\/a><\/h4><div class=\"fusion-carousel-meta\"><a href=\"https:\/\/www.revfine.com\/es\/categories\/travel-events-americas\/\" rel=\"tag\">Am\u00e9ricas<\/a><\/div><\/div><\/div><div class=\"swiper-slide\"><div class=\"fusion-carousel-item-wrapper\"><span class=\"entry-title rich-snippet-hidden\">Mercado Internacional de Viajes de Lujo en \u00c1frica | Abril de 2027<\/span><span class=\"vcard rich-snippet-hidden\"><span class=\"fn\"><a href=\"https:\/\/www.revfine.com\/es\/author\/revfine-com\/\" title=\"Entradas de Revfine.com\" rel=\"author\">Revfine.com<\/a><\/span><\/span><span class=\"updated rich-snippet-hidden\">2026-04-21T15:22:51+02:00<\/span><div  class=\"fusion-image-wrapper\" aria-haspopup=\"true\">\n\t\t\t\t\t\t\t<a href=\"https:\/\/www.revfine.com\/es\/page\/iltm-africa\/\" aria-label=\"Mercado Internacional de Viajes de Lujo en \u00c1frica | Abril de 2027\">\n\t\t\t\t\t\t\t<img decoding=\"async\" width=\"1200\" height=\"628\" src=\"https:\/\/www.revfine.com\/wp-content\/uploads\/2025\/07\/ILTM-Africa-International-Luxury-Travel-Market-Africa-South-Africa.jpg\" class=\"attachment-full size-full wp-post-image\" alt=\"ILTM \u00c1frica - Mercado internacional de viajes de lujo \u00c1frica - Sud\u00e1frica\" \/>\t\t\t<\/a>\n\t\t\t\t\t\t\t<\/div>\n<h4 class=\"fusion-carousel-title\"><a href=\"https:\/\/www.revfine.com\/es\/page\/iltm-africa\/\" target=\"_self\">Mercado Internacional de Viajes de Lujo en \u00c1frica | Abril de 2027<\/a><\/h4><div class=\"fusion-carousel-meta\"><a href=\"https:\/\/www.revfine.com\/es\/categories\/travel-events-africa\/\" rel=\"tag\">\u00c1frica y Oriente Medio<\/a><\/div><\/div><\/div><div class=\"swiper-slide\"><div class=\"fusion-carousel-item-wrapper\"><span class=\"entry-title rich-snippet-hidden\">Cumbre sobre Precios y Gesti\u00f3n de Ingresos | Marzo de 2027<\/span><span class=\"vcard rich-snippet-hidden\"><span class=\"fn\"><a href=\"https:\/\/www.revfine.com\/es\/author\/revfine-com\/\" title=\"Entradas de Revfine.com\" rel=\"author\">Revfine.com<\/a><\/span><\/span><span class=\"updated rich-snippet-hidden\">2026-04-21T15:32:00+02:00<\/span><div  class=\"fusion-image-wrapper\" aria-haspopup=\"true\">\n\t\t\t\t\t\t\t<a href=\"https:\/\/www.revfine.com\/es\/page\/pricing-revenue-management-summit\/\" aria-label=\"Cumbre sobre Precios y Gesti\u00f3n de Ingresos | Marzo de 2027\">\n\t\t\t\t\t\t\t<img decoding=\"async\" width=\"1200\" height=\"628\" src=\"https:\/\/www.revfine.com\/wp-content\/uploads\/2022\/01\/Pricing-Revenue-Revenue-Management-Summit.jpg\" class=\"attachment-full size-full wp-post-image\" alt=\"Cumbre de gesti\u00f3n de ingresos de ingresos de precios\" \/>\t\t\t<\/a>\n\t\t\t\t\t\t\t<\/div>\n<h4 class=\"fusion-carousel-title\"><a href=\"https:\/\/www.revfine.com\/es\/page\/pricing-revenue-management-summit\/\" target=\"_self\">Cumbre sobre Precios y Gesti\u00f3n de Ingresos | Marzo de 2027<\/a><\/h4><div class=\"fusion-carousel-meta\"><a href=\"https:\/\/www.revfine.com\/es\/categories\/travel-events-europe\/\" rel=\"tag\">Europa<\/a><\/div><\/div><\/div><div class=\"swiper-slide\"><div class=\"fusion-carousel-item-wrapper\"><span class=\"entry-title rich-snippet-hidden\">Convenci\u00f3n ITB de Berl\u00edn | Marzo de 2027<\/span><span class=\"vcard rich-snippet-hidden\"><span class=\"fn\"><a href=\"https:\/\/www.revfine.com\/es\/author\/revfine-com\/\" title=\"Entradas de Revfine.com\" rel=\"author\">Revfine.com<\/a><\/span><\/span><span class=\"updated rich-snippet-hidden\">2026-04-21T15:23:37+02:00<\/span><div  class=\"fusion-image-wrapper\" aria-haspopup=\"true\">\n\t\t\t\t\t\t\t<a href=\"https:\/\/www.revfine.com\/es\/page\/itb-berlin\/\" aria-label=\"Convenci\u00f3n ITB de Berl\u00edn | Marzo de 2027\">\n\t\t\t\t\t\t\t<img decoding=\"async\" width=\"1200\" height=\"628\" src=\"https:\/\/www.revfine.com\/wp-content\/uploads\/2025\/07\/ITB-Berlin.jpg\" class=\"attachment-full size-full wp-post-image\" alt=\"ITB Berl\u00edn - ITB Berlin Travel Trade Show\" \/>\t\t\t<\/a>\n\t\t\t\t\t\t\t<\/div>\n<h4 class=\"fusion-carousel-title\"><a href=\"https:\/\/www.revfine.com\/es\/page\/itb-berlin\/\" target=\"_self\">Convenci\u00f3n ITB de Berl\u00edn | Marzo de 2027<\/a><\/h4><div class=\"fusion-carousel-meta\"><a href=\"https:\/\/www.revfine.com\/es\/categories\/travel-events-europe\/\" rel=\"tag\">Europa<\/a><\/div><\/div><\/div><\/div><div class=\"awb-swiper-button awb-swiper-button-prev\"><i class=\"awb-icon-angle-left\" aria-hidden=\"true\"><\/i><\/div><div class=\"awb-swiper-button awb-swiper-button-next\"><i class=\"awb-icon-angle-right\" aria-hidden=\"true\"><\/i><\/div><\/div><\/div><div class=\"fusion-sep-clear\"><\/div><div class=\"fusion-separator fusion-full-width-sep\" style=\"margin-left: auto;margin-right: auto;margin-top:-45px;width:100%;\"><div class=\"fusion-separator-border sep-single sep-solid\" style=\"--awb-height:20px;--awb-amount:20px;border-color:#e0dede;border-top-width:1px;\"><\/div><\/div><div class=\"fusion-sep-clear\"><\/div><br><div class=\"fusion-text fusion-text-7\"><p><span style=\"font-size: 13pt;\"><span style=\"text-decoration: underline;\"><a href=\"https:\/\/www.revfine.com\/add-event\/\"><strong>haga clic aqu\u00ed<\/strong><\/a><\/span> para agregar su evento de hotel, hospitalidad o industria de viajes.<\/span><\/p>\n<\/div><div class=\"fusion-sep-clear\"><\/div><div class=\"fusion-separator fusion-full-width-sep\" style=\"margin-left: auto;margin-right: auto;width:100%;\"><div class=\"fusion-separator-border sep-single sep-solid\" style=\"--awb-height:20px;--awb-amount:20px;border-color:#e0dede;border-top-width:1px;\"><\/div><\/div><div class=\"fusion-sep-clear\"><\/div><div class=\"fusion-clearfix\"><\/div><\/div><\/div><\/div><\/div><\/p>","protected":false},"excerpt":{"rendered":"","protected":false},"author":1,"featured_media":2952,"menu_order":0,"comment_status":"open","ping_status":"closed","template":"","format":"standard","meta":{"footnotes":""},"portfolio_category":[164],"portfolio_skills":[],"portfolio_tags":[],"class_list":["post-2949","avada_portfolio","type-avada_portfolio","status-publish","format-standard","has-post-thumbnail","hentry","portfolio_category-travel-events-europe"],"yoast_head":"<!-- This site is optimized with the Yoast SEO plugin v27.3 - https:\/\/yoast.com\/product\/yoast-seo-wordpress\/ -->\n<title>Skift Forum Europe | Event Information &amp; Calendar<\/title>\n<meta name=\"description\" content=\"The Skift Forum Europe, the premier European travel event, is back again and this time, it will be focusing on top strategists in the travel industry.\" \/>\n<meta name=\"robots\" content=\"index, follow, max-snippet:-1, max-image-preview:large, max-video-preview:-1\" \/>\n<link rel=\"canonical\" href=\"https:\/\/www.revfine.com\/es\/page\/skift-forum-europe\/\" \/>\n<meta property=\"og:locale\" content=\"es_ES\" \/>\n<meta property=\"og:type\" content=\"article\" \/>\n<meta property=\"og:title\" content=\"Skift Forum Europe | Event Information &amp; Calendar\" \/>\n<meta property=\"og:description\" content=\"The Skift Forum Europe, the premier European travel event, is back again and this time, it will be focusing on top strategists in the travel industry.\" \/>\n<meta property=\"og:url\" content=\"https:\/\/www.revfine.com\/es\/page\/skift-forum-europe\/\" \/>\n<meta property=\"og:site_name\" content=\"Revfine.com\" \/>\n<meta property=\"article:modified_time\" content=\"2022-05-27T12:29:03+00:00\" \/>\n<meta property=\"og:image\" content=\"https:\/\/www.revfine.com\/wp-content\/uploads\/Skift-Forum-Europe-.jpg\" \/>\n\t<meta property=\"og:image:width\" content=\"1200\" \/>\n\t<meta property=\"og:image:height\" content=\"628\" \/>\n\t<meta property=\"og:image:type\" content=\"image\/jpeg\" \/>\n<meta name=\"twitter:card\" content=\"summary_large_image\" \/>\n<meta name=\"twitter:label1\" content=\"Tiempo de lectura\" \/>\n\t<meta name=\"twitter:data1\" content=\"11 minutos\" \/>\n<script type=\"application\/ld+json\" class=\"yoast-schema-graph\">{\"@context\":\"https:\\\/\\\/schema.org\",\"@graph\":[{\"@type\":\"WebPage\",\"@id\":\"https:\\\/\\\/www.revfine.com\\\/page\\\/skift-forum-europe\\\/\",\"url\":\"https:\\\/\\\/www.revfine.com\\\/page\\\/skift-forum-europe\\\/\",\"name\":\"Skift Forum Europe | Event Information & Calendar\",\"isPartOf\":{\"@id\":\"https:\\\/\\\/www.revfine.com\\\/pt\\\/#website\"},\"primaryImageOfPage\":{\"@id\":\"https:\\\/\\\/www.revfine.com\\\/page\\\/skift-forum-europe\\\/#primaryimage\"},\"image\":{\"@id\":\"https:\\\/\\\/www.revfine.com\\\/page\\\/skift-forum-europe\\\/#primaryimage\"},\"thumbnailUrl\":\"https:\\\/\\\/www.revfine.com\\\/wp-content\\\/uploads\\\/2025\\\/07\\\/Skift-Forum-Europe-.jpg\",\"datePublished\":\"2018-06-29T11:30:52+00:00\",\"dateModified\":\"2022-05-27T12:29:03+00:00\",\"description\":\"The Skift Forum Europe, the premier European travel event, is back again and this time, it will be focusing on top strategists in the travel industry.\",\"breadcrumb\":{\"@id\":\"https:\\\/\\\/www.revfine.com\\\/page\\\/skift-forum-europe\\\/#breadcrumb\"},\"inLanguage\":\"es\",\"potentialAction\":[{\"@type\":\"ReadAction\",\"target\":[\"https:\\\/\\\/www.revfine.com\\\/page\\\/skift-forum-europe\\\/\"]}]},{\"@type\":\"ImageObject\",\"inLanguage\":\"es\",\"@id\":\"https:\\\/\\\/www.revfine.com\\\/page\\\/skift-forum-europe\\\/#primaryimage\",\"url\":\"https:\\\/\\\/www.revfine.com\\\/wp-content\\\/uploads\\\/2025\\\/07\\\/Skift-Forum-Europe-.jpg\",\"contentUrl\":\"https:\\\/\\\/www.revfine.com\\\/wp-content\\\/uploads\\\/2025\\\/07\\\/Skift-Forum-Europe-.jpg\",\"width\":1200,\"height\":628,\"caption\":\"Skift Forum Europe\"},{\"@type\":\"BreadcrumbList\",\"@id\":\"https:\\\/\\\/www.revfine.com\\\/page\\\/skift-forum-europe\\\/#breadcrumb\",\"itemListElement\":[{\"@type\":\"ListItem\",\"position\":1,\"name\":\"Home\",\"item\":\"https:\\\/\\\/www.revfine.com\\\/\"},{\"@type\":\"ListItem\",\"position\":2,\"name\":\"Portfolio\",\"item\":\"https:\\\/\\\/www.revfine.com\\\/page\\\/\"},{\"@type\":\"ListItem\",\"position\":3,\"name\":\"Skift Forum Europe\"}]},{\"@type\":\"WebSite\",\"@id\":\"https:\\\/\\\/www.revfine.com\\\/pt\\\/#website\",\"url\":\"https:\\\/\\\/www.revfine.com\\\/pt\\\/\",\"name\":\"Revfine.com\",\"description\":\"Optimising Revenue\",\"potentialAction\":[{\"@type\":\"SearchAction\",\"target\":{\"@type\":\"EntryPoint\",\"urlTemplate\":\"https:\\\/\\\/www.revfine.com\\\/pt\\\/?s={search_term_string}\"},\"query-input\":{\"@type\":\"PropertyValueSpecification\",\"valueRequired\":true,\"valueName\":\"search_term_string\"}}],\"inLanguage\":\"es\"}]}<\/script>\n<!-- \/ Yoast SEO plugin. -->","yoast_head_json":{"title":"Skift Forum Europa | Informaci\u00f3n y calendario de eventos","description":"El Skift Forum Europe, el principal evento de viajes europeo, est\u00e1 de regreso nuevamente y esta vez, se enfocar\u00e1 en los mejores estrategas de la industria de viajes.","robots":{"index":"index","follow":"follow","max-snippet":"max-snippet:-1","max-image-preview":"max-image-preview:large","max-video-preview":"max-video-preview:-1"},"canonical":"https:\/\/www.revfine.com\/es\/page\/skift-forum-europe\/","og_locale":"es_ES","og_type":"article","og_title":"Skift Forum Europe | Event Information & Calendar","og_description":"The Skift Forum Europe, the premier European travel event, is back again and this time, it will be focusing on top strategists in the travel industry.","og_url":"https:\/\/www.revfine.com\/es\/page\/skift-forum-europe\/","og_site_name":"Revfine.com","article_modified_time":"2022-05-27T12:29:03+00:00","og_image":[{"width":1200,"height":628,"url":"https:\/\/www.revfine.com\/wp-content\/uploads\/Skift-Forum-Europe-.jpg","type":"image\/jpeg"}],"twitter_card":"summary_large_image","twitter_misc":{"Tiempo de lectura":"11 minutos"},"schema":{"@context":"https:\/\/schema.org","@graph":[{"@type":"WebPage","@id":"https:\/\/www.revfine.com\/page\/skift-forum-europe\/","url":"https:\/\/www.revfine.com\/page\/skift-forum-europe\/","name":"Skift Forum Europa | Informaci\u00f3n y calendario de eventos","isPartOf":{"@id":"https:\/\/www.revfine.com\/pt\/#website"},"primaryImageOfPage":{"@id":"https:\/\/www.revfine.com\/page\/skift-forum-europe\/#primaryimage"},"image":{"@id":"https:\/\/www.revfine.com\/page\/skift-forum-europe\/#primaryimage"},"thumbnailUrl":"https:\/\/www.revfine.com\/wp-content\/uploads\/2025\/07\/Skift-Forum-Europe-.jpg","datePublished":"2018-06-29T11:30:52+00:00","dateModified":"2022-05-27T12:29:03+00:00","description":"El Skift Forum Europe, el principal evento de viajes europeo, est\u00e1 de regreso nuevamente y esta vez, se enfocar\u00e1 en los mejores estrategas de la industria de viajes.","breadcrumb":{"@id":"https:\/\/www.revfine.com\/page\/skift-forum-europe\/#breadcrumb"},"inLanguage":"es","potentialAction":[{"@type":"ReadAction","target":["https:\/\/www.revfine.com\/page\/skift-forum-europe\/"]}]},{"@type":"ImageObject","inLanguage":"es","@id":"https:\/\/www.revfine.com\/page\/skift-forum-europe\/#primaryimage","url":"https:\/\/www.revfine.com\/wp-content\/uploads\/2025\/07\/Skift-Forum-Europe-.jpg","contentUrl":"https:\/\/www.revfine.com\/wp-content\/uploads\/2025\/07\/Skift-Forum-Europe-.jpg","width":1200,"height":628,"caption":"Skift Forum Europe"},{"@type":"BreadcrumbList","@id":"https:\/\/www.revfine.com\/page\/skift-forum-europe\/#breadcrumb","itemListElement":[{"@type":"ListItem","position":1,"name":"Home","item":"https:\/\/www.revfine.com\/"},{"@type":"ListItem","position":2,"name":"Portfolio","item":"https:\/\/www.revfine.com\/page\/"},{"@type":"ListItem","position":3,"name":"Skift Forum Europe"}]},{"@type":"WebSite","@id":"https:\/\/www.revfine.com\/pt\/#website","url":"https:\/\/www.revfine.com\/pt\/","name":"Revfine.com","description":"Optimizaci\u00f3n de ingresos","potentialAction":[{"@type":"SearchAction","target":{"@type":"EntryPoint","urlTemplate":"https:\/\/www.revfine.com\/pt\/?s={search_term_string}"},"query-input":{"@type":"PropertyValueSpecification","valueRequired":true,"valueName":"search_term_string"}}],"inLanguage":"es"}]}},"_links":{"self":[{"href":"https:\/\/www.revfine.com\/es\/wp-json\/wp\/v2\/avada_portfolio\/2949","targetHints":{"allow":["GET"]}}],"collection":[{"href":"https:\/\/www.revfine.com\/es\/wp-json\/wp\/v2\/avada_portfolio"}],"about":[{"href":"https:\/\/www.revfine.com\/es\/wp-json\/wp\/v2\/types\/avada_portfolio"}],"author":[{"embeddable":true,"href":"https:\/\/www.revfine.com\/es\/wp-json\/wp\/v2\/users\/1"}],"replies":[{"embeddable":true,"href":"https:\/\/www.revfine.com\/es\/wp-json\/wp\/v2\/comments?post=2949"}],"version-history":[{"count":0,"href":"https:\/\/www.revfine.com\/es\/wp-json\/wp\/v2\/avada_portfolio\/2949\/revisions"}],"wp:featuredmedia":[{"embeddable":true,"href":"https:\/\/www.revfine.com\/es\/wp-json\/wp\/v2\/media\/2952"}],"wp:attachment":[{"href":"https:\/\/www.revfine.com\/es\/wp-json\/wp\/v2\/media?parent=2949"}],"wp:term":[{"taxonomy":"portfolio_category","embeddable":true,"href":"https:\/\/www.revfine.com\/es\/wp-json\/wp\/v2\/portfolio_category?post=2949"},{"taxonomy":"portfolio_skills","embeddable":true,"href":"https:\/\/www.revfine.com\/es\/wp-json\/wp\/v2\/portfolio_skills?post=2949"},{"taxonomy":"portfolio_tags","embeddable":true,"href":"https:\/\/www.revfine.com\/es\/wp-json\/wp\/v2\/portfolio_tags?post=2949"}],"curies":[{"name":"wp","href":"https:\/\/api.w.org\/{rel}","templated":true}]}}