{"id":2578,"date":"2018-06-01T11:00:55","date_gmt":"2018-06-01T09:00:55","guid":{"rendered":"https:\/\/revfine.com\/?post_type=avada_portfolio&#038;p=2578"},"modified":"2020-06-15T10:49:05","modified_gmt":"2020-06-15T08:49:05","slug":"eyeforttravel-amerique-du-nord","status":"publish","type":"avada_portfolio","link":"https:\/\/www.revfine.com\/fr\/page\/eyefortravel-north-america\/","title":{"rendered":"EyeforTravel Am\u00e9rique du Nord, San Diego"},"content":{"rendered":"<p><div class=\"fusion-fullwidth fullwidth-box fusion-builder-row-1 nonhundred-percent-fullwidth non-hundred-percent-height-scrolling\" style=\"--awb-border-radius-top-left:0px;--awb-border-radius-top-right:0px;--awb-border-radius-bottom-right:0px;--awb-border-radius-bottom-left:0px;--awb-margin-top:-30px;--awb-flex-wrap:wrap;\" ><div class=\"fusion-builder-row fusion-row\"><div class=\"fusion-layout-column fusion_builder_column fusion-builder-column-0 fusion_builder_column_1_1 1_1 fusion-one-full fusion-column-first fusion-column-last\" style=\"--awb-bg-size:cover;--awb-margin-bottom:0px;\"><div class=\"fusion-column-wrapper fusion-flex-column-wrapper-legacy\"><div class=\"fusion-text fusion-text-1\"><p><strong>L&#039;EyeforTravel North America se tient cette ann\u00e9e \u00e0 San Diego. Le sommet du voyage rassemble le marketing num\u00e9rique, les d\u00e9cideurs de l&#039;IA et les responsables du voyage des plus grandes agences de voyage au monde.<\/strong><\/p>\n<h2><span style=\"font-size: 16pt;\">\u00c0 propos de l&#039;\u00e9v\u00e9nement EyeforTravel North America<\/span><\/h2>\n<p>L&#039;EyeforTravel North America est un \u00e9v\u00e9nement de deux jours con\u00e7u pour aborder les principales pr\u00e9occupations de l&#039;industrie du voyage concernant les donn\u00e9es et la technologie. Avec plus de 20 heures d&#039;opportunit\u00e9s de r\u00e9seautage, les entreprises MICE, de loisirs et de voyages seront en mesure d&#039;\u00e9tablir des liens pr\u00e9cieux avec les cadres sup\u00e9rieurs de l&#039;industrie du voyage.<\/p>\n<h2><span style=\"font-size: 16pt;\">Qui devrait assister au Sommet du voyage en Am\u00e9rique du Nord EyeforTravel\u00a0?<\/span><\/h2>\n<p>Toutes les grandes marques de voyage seront pr\u00e9sentes, d&#039;Airbnb aux h\u00f4tels franchis\u00e9s et aux cadres de vill\u00e9giature. Les participants comprendront\u00a0: des directeurs principaux, des sp\u00e9cialistes de l&#039;IA, des CRM, des vice-pr\u00e9sidents, des strat\u00e8ges, des directeurs g\u00e9n\u00e9raux, des analystes principaux et des responsables de la gestion des produits. Donc, si vous \u00eates impliqu\u00e9 dans l&#039;industrie des loisirs, du MICE ou du voyage, c&#039;est l&#039;\u00e9v\u00e9nement auquel assister.<\/p>\n<p>76 pour cent des participants \u00e0 l&#039;EyeforTravel North America sont des d\u00e9cideurs. C&#039;est le sommet du voyage qui vous enrichira des strat\u00e9gies de donn\u00e9es et de technologie des plus grands cadres sup\u00e9rieurs du monde du voyage.<\/p>\n<h2><span style=\"font-size: 16pt;\">Quel est l&#039;objectif de l&#039;\u00e9v\u00e9nement EyeforTravel North America?<\/span><\/h2>\n<p>Pour garantir la prochaine d\u00e9cennie de r\u00e9servations de voyages et utiliser des strat\u00e9gies qui gagnent des clients, cet \u00e9v\u00e9nement dirig\u00e9 par des dirigeants est un bon point de d\u00e9part pour les personnes impliqu\u00e9es dans l&#039;industrie du voyage. Voici \u00e0 quoi s&#039;attendre \u00e0 l&#039;EyeforTravel North America :<\/p>\n<ul>\n<li>Pour rendre chaque exp\u00e9rience de voyage aussi pertinente, coh\u00e9rente et rentable que possible, vous apprendrez \u00e0 utiliser des techniques d&#039;hyper-personnalisation qui fonctionnent \u00e0 chaque fois.<\/li>\n<li>Vous apprendrez \u00e0 identifier les meilleurs points de contact client qui vous permettent d&#039;optimiser leur exp\u00e9rience.<\/li>\n<li>Pour rationaliser votre infrastructure CX, vous apprendrez \u00e0 utiliser les donn\u00e9es comportementales des clients en temps r\u00e9el pour am\u00e9liorer la valeur de vos produits ou services.<\/li>\n<li>Vous d\u00e9couvrirez comment l&#039;industrie de l&#039;h\u00e9bergement alternatif a fait passer l&#039;h\u00e9bergement au niveau sup\u00e9rieur et vous apprendrez \u00e0 utiliser leurs tactiques sur vos propres invit\u00e9s.<\/li>\n<li>Pour d\u00e9velopper la durabilit\u00e9 de votre marque, vous disposerez d&#039;une multitude de ressources qui vous aideront \u00e0 \u00e9largir votre offre et \u00e0 augmenter vos profits.<\/li>\n<\/ul>\n<p><em>Pour obtenir de plus amples renseignements sur cet \u00e9v\u00e9nement, veuillez visiter le site Web de <a href=\"https:\/\/events.eyefortravel.com\/northamerica\/?utm_source=Revfine+&amp;utm_medium=banners\" target=\"_blank\" rel=\"noopener noreferrer\">EyeforTravel Am\u00e9rique du Nord<\/a>.<\/em><\/p>\n<\/div><br><div class=\"fusion-sep-clear\"><\/div><div class=\"fusion-separator fusion-full-width-sep\" style=\"margin-left: auto;margin-right: auto;width:100%;\"><div class=\"fusion-separator-border sep-single sep-solid\" style=\"--awb-height:20px;--awb-amount:20px;border-color:#e0dede;border-top-width:1px;\"><\/div><\/div><div class=\"fusion-sep-clear\"><\/div><br><br><div class=\"fusion-clearfix\"><\/div><\/div><\/div><\/div><\/div><div class=\"fusion-fullwidth fullwidth-box fusion-builder-row-2 nonhundred-percent-fullwidth non-hundred-percent-height-scrolling\" style=\"--awb-border-radius-top-left:0px;--awb-border-radius-top-right:0px;--awb-border-radius-bottom-right:0px;--awb-border-radius-bottom-left:0px;--awb-flex-wrap:wrap;\" ><div class=\"fusion-builder-row fusion-row\"><div class=\"fusion-layout-column fusion_builder_column fusion-builder-column-1 fusion_builder_column_1_3 1_3 fusion-one-third fusion-column-first\" style=\"--awb-bg-size:cover;width:33.333333333333%;width:calc(33.333333333333% - ( ( 4% + 4% ) * 0.33333333333333 ) );margin-right: 4%;\"><div class=\"fusion-column-wrapper fusion-column-has-shadow fusion-flex-column-wrapper-legacy\"><div class=\"fusion-text fusion-text-2\"><h3>Organisateur d&#039;\u00e9v\u00e8nements:<\/h3>\n<p>EyeforTravel Limited<br \/>\n7-9 Fashion Street, Londres<br \/>\nE1 6PX, Royaume-Uni<\/p>\n<\/div><div class=\"fusion-clearfix\"><\/div><\/div><\/div><div class=\"fusion-layout-column fusion_builder_column fusion-builder-column-2 fusion_builder_column_1_3 1_3 fusion-one-third\" style=\"--awb-bg-size:cover;width:33.333333333333%;width:calc(33.333333333333% - ( ( 4% + 4% ) * 0.33333333333333 ) );margin-right: 4%;\"><div class=\"fusion-column-wrapper fusion-column-has-shadow fusion-flex-column-wrapper-legacy\"><div class=\"fusion-text fusion-text-3\"><h3>Lieu de l&#039;\u00e9v\u00e9nement:<\/h3>\n<p>San Diego Mission Bay Resort<br \/>\n1775 East Mission Bay Drive<br \/>\nSan Diego, Californie<br \/>\n92109, \u00c9tats-Unis<br \/>\n<a href=\"https:\/\/goo.gl\/maps\/bwu6qGrSezxKugns5\" target=\"_blank\" rel=\"noopener noreferrer\">Google Maps<\/a><\/p>\n<\/div><div class=\"fusion-clearfix\"><\/div><\/div><\/div><div class=\"fusion-layout-column fusion_builder_column fusion-builder-column-3 fusion_builder_column_1_3 1_3 fusion-one-third fusion-column-last\" style=\"--awb-bg-size:cover;width:33.333333333333%;width:calc(33.333333333333% - ( ( 4% + 4% ) * 0.33333333333333 ) );\"><div class=\"fusion-column-wrapper fusion-column-has-shadow fusion-flex-column-wrapper-legacy\"><div class=\"fusion-text fusion-text-4\"><h3>Date et inscription\u00a0:<\/h3>\n<p><em>En raison de la pand\u00e9mie de coronavirus, l&#039;\u00e9v\u00e9nement est report\u00e9.<br \/>\n<\/em><em>Rendez-vous sur le site de l&#039;\u00e9v\u00e9nement pour conna\u00eetre les dates exactes.<\/em><\/p>\n<p style=\"text-align: left;\"><strong><span style=\"font-size: 13pt;\">Obtenez une remise $100\u00a0!<\/span><\/strong><br \/>\n<span style=\"color: #d4a763;\">Code : 5125REVFINE100<\/span><\/p>\n<\/div><div class=\"fusion-alignleft\"><a class=\"fusion-button button-flat button-medium button-default fusion-button-default button-1 fusion-button-default-span fusion-button-default-type\" target=\"_blank\" rel=\"noopener noreferrer\" title=\"EyeforTravel Am\u00e9rique du Nord\" aria-label=\"EyeforTravel Am\u00e9rique du Nord\" href=\"https:\/\/events.eyefortravel.com\/northamerica\/?utm_source=Revfine+&amp;utm_medium=banners\"><i class=\"fa-allergies fas awb-button__icon awb-button__icon--default button-icon-left\" aria-hidden=\"true\"><\/i><span class=\"fusion-button-text awb-button__text awb-button__text--default\">Site de l&#039;\u00e9v\u00e9nement<\/span><\/a><\/div><div class=\"fusion-clearfix\"><\/div><\/div><\/div><\/div><\/div><div class=\"fusion-fullwidth fullwidth-box fusion-builder-row-3 nonhundred-percent-fullwidth non-hundred-percent-height-scrolling\" style=\"--awb-border-radius-top-left:0px;--awb-border-radius-top-right:0px;--awb-border-radius-bottom-right:0px;--awb-border-radius-bottom-left:0px;--awb-flex-wrap:wrap;\" ><div class=\"fusion-builder-row fusion-row\"><div class=\"fusion-layout-column fusion_builder_column fusion-builder-column-4 fusion_builder_column_1_1 1_1 fusion-one-full fusion-column-first fusion-column-last\" style=\"--awb-bg-size:cover;\"><div class=\"fusion-column-wrapper fusion-column-has-shadow fusion-flex-column-wrapper-legacy\"><br><div class=\"fusion-sep-clear\"><\/div><div class=\"fusion-separator fusion-full-width-sep\" style=\"margin-left: auto;margin-right: auto;width:100%;\"><div class=\"fusion-separator-border sep-single sep-solid\" style=\"--awb-height:20px;--awb-amount:20px;border-color:#e0dede;border-top-width:1px;\"><\/div><\/div><div class=\"fusion-sep-clear\"><\/div><br><div class=\"fusion-text fusion-text-5\"><h3>Autres \u00e9v\u00e9nements de l&#039;organisateur\u00a0: <a href=\"https:\/\/www.revfine.com\/fr\/event\/eyeforttravel-europe\/\">EyeforTravel Europe<\/a><\/h3>\n<\/div><div class=\"fusion-sep-clear\"><\/div><div class=\"fusion-separator fusion-full-width-sep\" style=\"margin-left: auto;margin-right: auto;width:100%;\"><div class=\"fusion-separator-border sep-single sep-solid\" style=\"--awb-height:20px;--awb-amount:20px;border-color:#e0dede;border-top-width:1px;\"><\/div><\/div><div class=\"fusion-sep-clear\"><\/div><br><div class=\"fusion-clearfix\"><\/div><\/div><\/div><\/div><\/div><div class=\"fusion-fullwidth fullwidth-box fusion-builder-row-4 nonhundred-percent-fullwidth non-hundred-percent-height-scrolling\" style=\"--awb-border-radius-top-left:0px;--awb-border-radius-top-right:0px;--awb-border-radius-bottom-right:0px;--awb-border-radius-bottom-left:0px;--awb-flex-wrap:wrap;\" ><div class=\"fusion-builder-row fusion-row\"><div class=\"fusion-layout-column fusion_builder_column fusion-builder-column-5 fusion_builder_column_1_1 1_1 fusion-one-full fusion-column-first fusion-column-last\" style=\"--awb-bg-size:cover;\"><div class=\"fusion-column-wrapper fusion-column-has-shadow fusion-flex-column-wrapper-legacy\"><div class=\"fusion-text fusion-text-6\"><h3>Autres \u00e9v\u00e9nements de voyage\u00a0:<\/h3>\n<\/div><div class=\"fusion-recent-works fusion-portfolio-element fusion-portfolio fusion-portfolio-1 fusion-portfolio-carousel fusion-portfolio-paging-pagination recent-works-carousel portfolio-carousel picture-size-auto\" data-id=\"-rw-1\"><div class=\"awb-carousel awb-swiper awb-swiper-carousel fusion-carousel-title-below-image\" style=\"--awb-columns:3;\" data-metacontent=\"yes\" data-autoplay=\"no\" data-columns=\"3\" data-itemmargin=\"20\" data-itemwidth=\"180\" data-touchscroll=\"no\" data-imagesize=\"auto\"><div class=\"swiper-wrapper\"><div class=\"swiper-slide\"><div class=\"fusion-carousel-item-wrapper\"><span class=\"entry-title rich-snippet-hidden\">Forum mondial sur les revenus de Madrid | 2026<\/span><span class=\"vcard rich-snippet-hidden\"><span class=\"fn\"><a href=\"https:\/\/www.revfine.com\/fr\/author\/revfine-com\/\" title=\"Articles par Revfine.com\" rel=\"author\">Revfine.com<\/a><\/span><\/span><span class=\"updated rich-snippet-hidden\">13\/06\/2025 \u00e0 09:51:50<\/span><div  class=\"fusion-image-wrapper\" aria-haspopup=\"true\">\n\t\t\t\t\t\t\t<a href=\"https:\/\/www.revfine.com\/fr\/page\/global-revenue-forum-madrid\/\" aria-label=\"Forum mondial sur les revenus de Madrid | 2026\">\n\t\t\t\t\t\t\t<img decoding=\"async\" width=\"1200\" height=\"628\" src=\"https:\/\/www.revfine.com\/wp-content\/uploads\/2024\/12\/Global-Revenue-Forum-Madrid.jpg\" class=\"attachment-full size-full wp-post-image\" alt=\"Forum mondial sur les revenus \u00e0 Madrid\" \/>\t\t\t<\/a>\n\t\t\t\t\t\t\t<\/div>\n<h4 class=\"fusion-carousel-title\"><a href=\"https:\/\/www.revfine.com\/fr\/page\/global-revenue-forum-madrid\/\" target=\"_self\">Forum mondial sur les revenus de Madrid | 2026<\/a><\/h4><div class=\"fusion-carousel-meta\"><a href=\"https:\/\/www.revfine.com\/fr\/categories\/travel-events-europe\/\" rel=\"tag\">L&#039;Europe \uf0d7<\/a>, <a href=\"https:\/\/www.revfine.com\/fr\/categories\/virtual-events\/\" rel=\"tag\">\u00c9v\u00e9nements virtuels<\/a><\/div><\/div><\/div><div class=\"swiper-slide\"><div class=\"fusion-carousel-item-wrapper\"><span class=\"entry-title rich-snippet-hidden\">Forum a\u00e9ronautique Skift | D\u00e9cembre 2026<\/span><span class=\"vcard rich-snippet-hidden\"><span class=\"fn\"><a href=\"https:\/\/www.revfine.com\/fr\/author\/revfine-com\/\" title=\"Articles par Revfine.com\" rel=\"author\">Revfine.com<\/a><\/span><\/span><span class=\"updated rich-snippet-hidden\">2026-03-04T19:48:40+01:00<\/span><div  class=\"fusion-image-wrapper\" aria-haspopup=\"true\">\n\t\t\t\t\t\t\t<a href=\"https:\/\/www.revfine.com\/fr\/page\/skift-aviation-forum\/\" aria-label=\"Forum a\u00e9ronautique Skift | D\u00e9cembre 2026\">\n\t\t\t\t\t\t\t<img decoding=\"async\" width=\"1200\" height=\"628\" src=\"https:\/\/www.revfine.com\/wp-content\/uploads\/2022\/05\/Skift-Aviation-Forum.jpg\" class=\"attachment-full size-full wp-post-image\" alt=\"Skift Aviation Forum\" \/>\t\t\t<\/a>\n\t\t\t\t\t\t\t<\/div>\n<h4 class=\"fusion-carousel-title\"><a href=\"https:\/\/www.revfine.com\/fr\/page\/skift-aviation-forum\/\" target=\"_self\">Forum a\u00e9ronautique Skift | D\u00e9cembre 2026<\/a><\/h4><div class=\"fusion-carousel-meta\"><a href=\"https:\/\/www.revfine.com\/fr\/categories\/travel-events-americas\/\" rel=\"tag\">Am\u00e9riques<\/a><\/div><\/div><\/div><div class=\"swiper-slide\"><div class=\"fusion-carousel-item-wrapper\"><span class=\"entry-title rich-snippet-hidden\">Salon international du voyage de luxe de Cannes | D\u00e9cembre 2026<\/span><span class=\"vcard rich-snippet-hidden\"><span class=\"fn\"><a href=\"https:\/\/www.revfine.com\/fr\/author\/revfine-com\/\" title=\"Articles par Revfine.com\" rel=\"author\">Revfine.com<\/a><\/span><\/span><span class=\"updated rich-snippet-hidden\">2026-03-04T19:42:26+01:00<\/span><div  class=\"fusion-image-wrapper\" aria-haspopup=\"true\">\n\t\t\t\t\t\t\t<a href=\"https:\/\/www.revfine.com\/fr\/page\/iltm-cannes\/\" aria-label=\"Salon international du voyage de luxe de Cannes | D\u00e9cembre 2026\">\n\t\t\t\t\t\t\t<img decoding=\"async\" width=\"1200\" height=\"628\" src=\"https:\/\/www.revfine.com\/wp-content\/uploads\/2025\/07\/ILTM-Cannes-International-Luxury-Travel-Market-Cannes-France.jpg\" class=\"attachment-full size-full wp-post-image\" alt=\"ILTM Cannes - March\u00e9 International du Voyage de Luxe Cannes - France\" \/>\t\t\t<\/a>\n\t\t\t\t\t\t\t<\/div>\n<h4 class=\"fusion-carousel-title\"><a href=\"https:\/\/www.revfine.com\/fr\/page\/iltm-cannes\/\" target=\"_self\">Salon international du voyage de luxe de Cannes | D\u00e9cembre 2026<\/a><\/h4><div class=\"fusion-carousel-meta\"><a href=\"https:\/\/www.revfine.com\/fr\/categories\/travel-events-europe\/\" rel=\"tag\">L&#039;Europe \uf0d7<\/a><\/div><\/div><\/div><div class=\"swiper-slide\"><div class=\"fusion-carousel-item-wrapper\"><span class=\"entry-title rich-snippet-hidden\">Salon des technologies du voyage WTM | Novembre 2026<\/span><span class=\"vcard rich-snippet-hidden\"><span class=\"fn\"><a href=\"https:\/\/www.revfine.com\/fr\/author\/revfine-com\/\" title=\"Articles par Revfine.com\" rel=\"author\">Revfine.com<\/a><\/span><\/span><span class=\"updated rich-snippet-hidden\">2026-03-04T19:39:37+01:00<\/span><div  class=\"fusion-image-wrapper\" aria-haspopup=\"true\">\n\t\t\t\t\t\t\t<a href=\"https:\/\/www.revfine.com\/fr\/page\/wtm-travel-technology-show\/\" aria-label=\"Salon des technologies du voyage WTM | Novembre 2026\">\n\t\t\t\t\t\t\t<img decoding=\"async\" width=\"1200\" height=\"628\" src=\"https:\/\/www.revfine.com\/wp-content\/uploads\/2025\/07\/Travel-forward-London-Travel-forward-conference.jpg\" class=\"attachment-full size-full wp-post-image\" alt=\"Travel forward Londres - Conf\u00e9rence Travel forward\" \/>\t\t\t<\/a>\n\t\t\t\t\t\t\t<\/div>\n<h4 class=\"fusion-carousel-title\"><a href=\"https:\/\/www.revfine.com\/fr\/page\/wtm-travel-technology-show\/\" target=\"_self\">Salon des technologies du voyage WTM | Novembre 2026<\/a><\/h4><div class=\"fusion-carousel-meta\"><a href=\"https:\/\/www.revfine.com\/fr\/categories\/travel-events-europe\/\" rel=\"tag\">L&#039;Europe \uf0d7<\/a><\/div><\/div><\/div><div class=\"swiper-slide\"><div class=\"fusion-carousel-item-wrapper\"><span class=\"entry-title rich-snippet-hidden\">WTM Londres | Novembre 2026<\/span><span class=\"vcard rich-snippet-hidden\"><span class=\"fn\"><a href=\"https:\/\/www.revfine.com\/fr\/author\/revfine-com\/\" title=\"Articles par Revfine.com\" rel=\"author\">Revfine.com<\/a><\/span><\/span><span class=\"updated rich-snippet-hidden\">2025-12-01T15:15:22+01:00<\/span><div  class=\"fusion-image-wrapper\" aria-haspopup=\"true\">\n\t\t\t\t\t\t\t<a href=\"https:\/\/www.revfine.com\/fr\/page\/wtm-london\/\" aria-label=\"WTM Londres | Novembre 2026\">\n\t\t\t\t\t\t\t<img decoding=\"async\" width=\"1200\" height=\"628\" src=\"https:\/\/www.revfine.com\/wp-content\/uploads\/2025\/07\/wtm-London-World-travel-market-London.jpg\" class=\"attachment-full size-full wp-post-image\" alt=\"wtm Londres - March\u00e9 mondial du voyage Londres\" \/>\t\t\t<\/a>\n\t\t\t\t\t\t\t<\/div>\n<h4 class=\"fusion-carousel-title\"><a href=\"https:\/\/www.revfine.com\/fr\/page\/wtm-london\/\" target=\"_self\">WTM Londres | Novembre 2026<\/a><\/h4><div class=\"fusion-carousel-meta\"><a href=\"https:\/\/www.revfine.com\/fr\/categories\/travel-events-europe\/\" rel=\"tag\">L&#039;Europe \uf0d7<\/a><\/div><\/div><\/div><div class=\"swiper-slide\"><div class=\"fusion-carousel-item-wrapper\"><span class=\"entry-title rich-snippet-hidden\">ITB Asie Singapour | Octobre 2026<\/span><span class=\"vcard rich-snippet-hidden\"><span class=\"fn\"><a href=\"https:\/\/www.revfine.com\/fr\/author\/revfine-com\/\" title=\"Articles par Revfine.com\" rel=\"author\">Revfine.com<\/a><\/span><\/span><span class=\"updated rich-snippet-hidden\">2026-03-04T19:35:58+01:00<\/span><div  class=\"fusion-image-wrapper\" aria-haspopup=\"true\">\n\t\t\t\t\t\t\t<a href=\"https:\/\/www.revfine.com\/fr\/page\/itb-asia\/\" aria-label=\"ITB Asie Singapour | Octobre 2026\">\n\t\t\t\t\t\t\t<img decoding=\"async\" width=\"1200\" height=\"628\" src=\"https:\/\/www.revfine.com\/wp-content\/uploads\/2025\/07\/ITB-Asia.jpg\" class=\"attachment-full size-full wp-post-image\" alt=\"ITB Asie\" \/>\t\t\t<\/a>\n\t\t\t\t\t\t\t<\/div>\n<h4 class=\"fusion-carousel-title\"><a href=\"https:\/\/www.revfine.com\/fr\/page\/itb-asia\/\" target=\"_self\">ITB Asie Singapour | Octobre 2026<\/a><\/h4><div class=\"fusion-carousel-meta\"><a href=\"https:\/\/www.revfine.com\/fr\/categories\/travel-events-asia\/\" rel=\"tag\">Asie-Pacifique<\/a><\/div><\/div><\/div><div class=\"swiper-slide\"><div class=\"fusion-carousel-item-wrapper\"><span class=\"entry-title rich-snippet-hidden\">Travel Tech Asia | Octobre 2026<\/span><span class=\"vcard rich-snippet-hidden\"><span class=\"fn\"><a href=\"https:\/\/www.revfine.com\/fr\/author\/revfine-com\/\" title=\"Articles par Revfine.com\" rel=\"author\">Revfine.com<\/a><\/span><\/span><span class=\"updated rich-snippet-hidden\">2026-03-04T19:29:28+01:00<\/span><div  class=\"fusion-image-wrapper\" aria-haspopup=\"true\">\n\t\t\t\t\t\t\t<a href=\"https:\/\/www.revfine.com\/fr\/page\/travel-tech-asia\/\" aria-label=\"Travel Tech Asia | Octobre 2026\">\n\t\t\t\t\t\t\t<img decoding=\"async\" width=\"1200\" height=\"628\" src=\"https:\/\/www.revfine.com\/wp-content\/uploads\/2025\/07\/Hotel-Revenue-Distribution-Summit-Singapore.jpg\" class=\"attachment-full size-full wp-post-image\" alt=\"Sommet sur la distribution des revenus des h\u00f4tels \u00e0 Singapour\" \/>\t\t\t<\/a>\n\t\t\t\t\t\t\t<\/div>\n<h4 class=\"fusion-carousel-title\"><a href=\"https:\/\/www.revfine.com\/fr\/page\/travel-tech-asia\/\" target=\"_self\">Travel Tech Asia | Octobre 2026<\/a><\/h4><div class=\"fusion-carousel-meta\"><a href=\"https:\/\/www.revfine.com\/fr\/categories\/travel-events-asia\/\" rel=\"tag\">Asie-Pacifique<\/a><\/div><\/div><\/div><div class=\"swiper-slide\"><div class=\"fusion-carousel-item-wrapper\"><span class=\"entry-title rich-snippet-hidden\">Independent Hotel Show Londres | Octobre 2026<\/span><span class=\"vcard rich-snippet-hidden\"><span class=\"fn\"><a href=\"https:\/\/www.revfine.com\/fr\/author\/revfine-com\/\" title=\"Articles par Revfine.com\" rel=\"author\">Revfine.com<\/a><\/span><\/span><span class=\"updated rich-snippet-hidden\">21\/10\/2025 \u00e0 12:34:59<\/span><div  class=\"fusion-image-wrapper\" aria-haspopup=\"true\">\n\t\t\t\t\t\t\t<a href=\"https:\/\/www.revfine.com\/fr\/page\/independent-hotel-show-london\/\" aria-label=\"Independent Hotel Show Londres | Octobre 2026\">\n\t\t\t\t\t\t\t<img decoding=\"async\" width=\"1200\" height=\"628\" src=\"https:\/\/www.revfine.com\/wp-content\/uploads\/2025\/07\/Independent-Hotel-Show-London.jpg\" class=\"attachment-full size-full wp-post-image\" alt=\"Salon des h\u00f4tels ind\u00e9pendants \u00e0 Londres\" \/>\t\t\t<\/a>\n\t\t\t\t\t\t\t<\/div>\n<h4 class=\"fusion-carousel-title\"><a href=\"https:\/\/www.revfine.com\/fr\/page\/independent-hotel-show-london\/\" target=\"_self\">Independent Hotel Show Londres | Octobre 2026<\/a><\/h4><div class=\"fusion-carousel-meta\"><a href=\"https:\/\/www.revfine.com\/fr\/categories\/travel-events-europe\/\" rel=\"tag\">L&#039;Europe \uf0d7<\/a><\/div><\/div><\/div><div class=\"swiper-slide\"><div class=\"fusion-carousel-item-wrapper\"><span class=\"entry-title rich-snippet-hidden\">ILTM Am\u00e9rique du Nord | Septembre 2026<\/span><span class=\"vcard rich-snippet-hidden\"><span class=\"fn\"><a href=\"https:\/\/www.revfine.com\/fr\/author\/revfine-com\/\" title=\"Articles par Revfine.com\" rel=\"author\">Revfine.com<\/a><\/span><\/span><span class=\"updated rich-snippet-hidden\">2026-03-04T19:24:52+01:00<\/span><div  class=\"fusion-image-wrapper\" aria-haspopup=\"true\">\n\t\t\t\t\t\t\t<a href=\"https:\/\/www.revfine.com\/fr\/page\/iltm-north-america\/\" aria-label=\"ILTM Am\u00e9rique du Nord | Septembre 2026\">\n\t\t\t\t\t\t\t<img decoding=\"async\" width=\"1200\" height=\"628\" src=\"https:\/\/www.revfine.com\/wp-content\/uploads\/2025\/07\/ILTM-North-America-International-Luxury-Travel-Market-North-America.jpg\" class=\"attachment-full size-full wp-post-image\" alt=\"ILTM North America - March\u00e9 international du voyage de luxe en Am\u00e9rique du Nord\" \/>\t\t\t<\/a>\n\t\t\t\t\t\t\t<\/div>\n<h4 class=\"fusion-carousel-title\"><a href=\"https:\/\/www.revfine.com\/fr\/page\/iltm-north-america\/\" target=\"_self\">ILTM Am\u00e9rique du Nord | Septembre 2026<\/a><\/h4><div class=\"fusion-carousel-meta\"><a href=\"https:\/\/www.revfine.com\/fr\/categories\/travel-events-americas\/\" rel=\"tag\">Am\u00e9riques<\/a><\/div><\/div><\/div><div class=\"swiper-slide\"><div class=\"fusion-carousel-item-wrapper\"><span class=\"entry-title rich-snippet-hidden\">Forum mondial Skift | Septembre 2026<\/span><span class=\"vcard rich-snippet-hidden\"><span class=\"fn\"><a href=\"https:\/\/www.revfine.com\/fr\/author\/revfine-com\/\" title=\"Articles par Revfine.com\" rel=\"author\">Revfine.com<\/a><\/span><\/span><span class=\"updated rich-snippet-hidden\">2026-03-04T19:21:13+01:00<\/span><div  class=\"fusion-image-wrapper\" aria-haspopup=\"true\">\n\t\t\t\t\t\t\t<a href=\"https:\/\/www.revfine.com\/fr\/page\/skift-global-forum\/\" aria-label=\"Forum mondial Skift | Septembre 2026\">\n\t\t\t\t\t\t\t<img decoding=\"async\" width=\"1200\" height=\"628\" src=\"https:\/\/www.revfine.com\/wp-content\/uploads\/2022\/05\/Skift-Global-Forum.jpg\" class=\"attachment-full size-full wp-post-image\" alt=\"Forum mondial Skift\" \/>\t\t\t<\/a>\n\t\t\t\t\t\t\t<\/div>\n<h4 class=\"fusion-carousel-title\"><a href=\"https:\/\/www.revfine.com\/fr\/page\/skift-global-forum\/\" target=\"_self\">Forum mondial Skift | Septembre 2026<\/a><\/h4><div class=\"fusion-carousel-meta\"><a href=\"https:\/\/www.revfine.com\/fr\/categories\/travel-events-americas\/\" rel=\"tag\">Am\u00e9riques<\/a>, <a href=\"https:\/\/www.revfine.com\/fr\/categories\/virtual-events\/\" rel=\"tag\">\u00c9v\u00e9nements virtuels<\/a><\/div><\/div><\/div><div class=\"swiper-slide\"><div class=\"fusion-carousel-item-wrapper\"><span class=\"entry-title rich-snippet-hidden\">IFTM Top Resa Paris | Septembre 2026<\/span><span class=\"vcard rich-snippet-hidden\"><span class=\"fn\"><a href=\"https:\/\/www.revfine.com\/fr\/author\/revfine-com\/\" title=\"Articles par Revfine.com\" rel=\"author\">Revfine.com<\/a><\/span><\/span><span class=\"updated rich-snippet-hidden\">2026-03-04T19:18:30+01:00<\/span><div  class=\"fusion-image-wrapper\" aria-haspopup=\"true\">\n\t\t\t\t\t\t\t<a href=\"https:\/\/www.revfine.com\/fr\/page\/iftm-paris\/\" aria-label=\"IFTM Top Resa Paris | Septembre 2026\">\n\t\t\t\t\t\t\t<img decoding=\"async\" width=\"1200\" height=\"628\" src=\"https:\/\/www.revfine.com\/wp-content\/uploads\/2025\/07\/IFTM-Paris-IFTM-Top-Resa.jpg\" class=\"attachment-full size-full wp-post-image\" alt=\"IFTM Paris - IFTM Top R\u00e9sa\" \/>\t\t\t<\/a>\n\t\t\t\t\t\t\t<\/div>\n<h4 class=\"fusion-carousel-title\"><a href=\"https:\/\/www.revfine.com\/fr\/page\/iftm-paris\/\" target=\"_self\">IFTM Top Resa Paris | Septembre 2026<\/a><\/h4><div class=\"fusion-carousel-meta\"><a href=\"https:\/\/www.revfine.com\/fr\/categories\/travel-events-europe\/\" rel=\"tag\">L&#039;Europe \uf0d7<\/a><\/div><\/div><\/div><div class=\"swiper-slide\"><div class=\"fusion-carousel-item-wrapper\"><span class=\"entry-title rich-snippet-hidden\">Forum international sur les technologies h\u00f4teli\u00e8res Moyen-Orient et Afrique du Nord | Septembre 2026<\/span><span class=\"vcard rich-snippet-hidden\"><span class=\"fn\"><a href=\"https:\/\/www.revfine.com\/fr\/author\/revfine-com\/\" title=\"Articles par Revfine.com\" rel=\"author\">Revfine.com<\/a><\/span><\/span><span class=\"updated rich-snippet-hidden\">2025-12-01T15:31:23+01:00<\/span><div  class=\"fusion-image-wrapper\" aria-haspopup=\"true\">\n\t\t\t\t\t\t\t<a href=\"https:\/\/www.revfine.com\/fr\/page\/ihtf-middle-east-and-north-africa\/\" aria-label=\"Forum international sur les technologies h\u00f4teli\u00e8res Moyen-Orient et Afrique du Nord | Septembre 2026\">\n\t\t\t\t\t\t\t<img decoding=\"async\" width=\"1200\" height=\"628\" src=\"https:\/\/www.revfine.com\/wp-content\/uploads\/2025\/01\/International-Hotel-Technology-Forum-Middle-East-and-North-Africa.jpg\" class=\"attachment-full size-full wp-post-image\" alt=\"Forum international sur les technologies h\u00f4teli\u00e8res au Moyen-Orient et en Afrique du Nord\" \/>\t\t\t<\/a>\n\t\t\t\t\t\t\t<\/div>\n<h4 class=\"fusion-carousel-title\"><a href=\"https:\/\/www.revfine.com\/fr\/page\/ihtf-middle-east-and-north-africa\/\" target=\"_self\">Forum international sur les technologies h\u00f4teli\u00e8res Moyen-Orient et Afrique du Nord | Septembre 2026<\/a><\/h4><div class=\"fusion-carousel-meta\"><a href=\"https:\/\/www.revfine.com\/fr\/categories\/travel-events-africa\/\" rel=\"tag\">Afrique et Moyen-Orient<\/a><\/div><\/div><\/div><div class=\"swiper-slide\"><div class=\"fusion-carousel-item-wrapper\"><span class=\"entry-title rich-snippet-hidden\">ITB Inde | septembre 2026<\/span><span class=\"vcard rich-snippet-hidden\"><span class=\"fn\"><a href=\"https:\/\/www.revfine.com\/fr\/author\/revfine-com\/\" title=\"Articles par Revfine.com\" rel=\"author\">Revfine.com<\/a><\/span><\/span><span class=\"updated rich-snippet-hidden\">2026-03-04T19:12:53+01:00<\/span><div  class=\"fusion-image-wrapper\" aria-haspopup=\"true\">\n\t\t\t\t\t\t\t<a href=\"https:\/\/www.revfine.com\/fr\/page\/itb-india\/\" aria-label=\"ITB Inde | septembre 2026\">\n\t\t\t\t\t\t\t<img decoding=\"async\" width=\"1200\" height=\"628\" src=\"https:\/\/www.revfine.com\/wp-content\/uploads\/2025\/07\/ITB-India.jpg\" class=\"attachment-full size-full wp-post-image\" alt=\"ITB Inde\" \/>\t\t\t<\/a>\n\t\t\t\t\t\t\t<\/div>\n<h4 class=\"fusion-carousel-title\"><a href=\"https:\/\/www.revfine.com\/fr\/page\/itb-india\/\" target=\"_self\">ITB Inde | septembre 2026<\/a><\/h4><div class=\"fusion-carousel-meta\"><a href=\"https:\/\/www.revfine.com\/fr\/categories\/travel-events-asia\/\" rel=\"tag\">Asie-Pacifique<\/a><\/div><\/div><\/div><div class=\"swiper-slide\"><div class=\"fusion-carousel-item-wrapper\"><span class=\"entry-title rich-snippet-hidden\">ILTM Asie-Pacifique | Juin 2026<\/span><span class=\"vcard rich-snippet-hidden\"><span class=\"fn\"><a href=\"https:\/\/www.revfine.com\/fr\/author\/revfine-com\/\" title=\"Articles par Revfine.com\" rel=\"author\">Revfine.com<\/a><\/span><\/span><span class=\"updated rich-snippet-hidden\">2026-03-04T19:08:33+01:00<\/span><div  class=\"fusion-image-wrapper\" aria-haspopup=\"true\">\n\t\t\t\t\t\t\t<a href=\"https:\/\/www.revfine.com\/fr\/page\/iltm-asia-pacific\/\" aria-label=\"ILTM Asie-Pacifique | Juin 2026\">\n\t\t\t\t\t\t\t<img decoding=\"async\" width=\"1200\" height=\"628\" src=\"https:\/\/www.revfine.com\/wp-content\/uploads\/2025\/07\/ILTM-Asia-Pacific-International-Luxury-Travel-Market-Asia-Pacific.jpg\" class=\"attachment-full size-full wp-post-image\" alt=\"ILTM Asie-Pacifique - March\u00e9 international du voyage de luxe Asie-Pacifique\" \/>\t\t\t<\/a>\n\t\t\t\t\t\t\t<\/div>\n<h4 class=\"fusion-carousel-title\"><a href=\"https:\/\/www.revfine.com\/fr\/page\/iltm-asia-pacific\/\" target=\"_self\">ILTM Asie-Pacifique | Juin 2026<\/a><\/h4><div class=\"fusion-carousel-meta\"><a href=\"https:\/\/www.revfine.com\/fr\/categories\/travel-events-asia\/\" rel=\"tag\">Asie-Pacifique<\/a><\/div><\/div><\/div><div class=\"swiper-slide\"><div class=\"fusion-carousel-item-wrapper\"><span class=\"entry-title rich-snippet-hidden\">Salon de l&#039;h\u00f4tellerie de Duba\u00ef | Juin 2026<\/span><span class=\"vcard rich-snippet-hidden\"><span class=\"fn\"><a href=\"https:\/\/www.revfine.com\/fr\/author\/revfine-com\/\" title=\"Articles par Revfine.com\" rel=\"author\">Revfine.com<\/a><\/span><\/span><span class=\"updated rich-snippet-hidden\">2026-03-04T19:03:47+01:00<\/span><div  class=\"fusion-image-wrapper\" aria-haspopup=\"true\">\n\t\t\t\t\t\t\t<a href=\"https:\/\/www.revfine.com\/fr\/page\/the-hotel-show-dubai\/\" aria-label=\"Salon de l&#039;h\u00f4tellerie de Duba\u00ef | Juin 2026\">\n\t\t\t\t\t\t\t<img decoding=\"async\" width=\"1200\" height=\"628\" src=\"https:\/\/www.revfine.com\/wp-content\/uploads\/2025\/07\/The-Hotel-Show-Dubai.jpg\" class=\"attachment-full size-full wp-post-image\" alt=\"L&#039;H\u00f4tel Show Duba\u00ef\" \/>\t\t\t<\/a>\n\t\t\t\t\t\t\t<\/div>\n<h4 class=\"fusion-carousel-title\"><a href=\"https:\/\/www.revfine.com\/fr\/page\/the-hotel-show-dubai\/\" target=\"_self\">Salon de l&#039;h\u00f4tellerie de Duba\u00ef | Juin 2026<\/a><\/h4><div class=\"fusion-carousel-meta\"><a href=\"https:\/\/www.revfine.com\/fr\/categories\/travel-events-asia\/\" rel=\"tag\">Asie-Pacifique<\/a><\/div><\/div><\/div><div class=\"swiper-slide\"><div class=\"fusion-carousel-item-wrapper\"><span class=\"entry-title rich-snippet-hidden\">ITB Chine | Mai 2026<\/span><span class=\"vcard rich-snippet-hidden\"><span class=\"fn\"><a href=\"https:\/\/www.revfine.com\/fr\/author\/revfine-com\/\" title=\"Articles par Revfine.com\" rel=\"author\">Revfine.com<\/a><\/span><\/span><span class=\"updated rich-snippet-hidden\">2026-03-04T18:58:33+01:00<\/span><div  class=\"fusion-image-wrapper\" aria-haspopup=\"true\">\n\t\t\t\t\t\t\t<a href=\"https:\/\/www.revfine.com\/fr\/page\/itb-china\/\" aria-label=\"ITB Chine | Mai 2026\">\n\t\t\t\t\t\t\t<img decoding=\"async\" width=\"1200\" height=\"628\" src=\"https:\/\/www.revfine.com\/wp-content\/uploads\/2025\/07\/ITB-China.jpg\" class=\"attachment-full size-full wp-post-image\" alt=\"ITB Chine\" \/>\t\t\t<\/a>\n\t\t\t\t\t\t\t<\/div>\n<h4 class=\"fusion-carousel-title\"><a href=\"https:\/\/www.revfine.com\/fr\/page\/itb-china\/\" target=\"_self\">ITB Chine | Mai 2026<\/a><\/h4><div class=\"fusion-carousel-meta\"><a href=\"https:\/\/www.revfine.com\/fr\/categories\/travel-events-asia\/\" rel=\"tag\">Asie-Pacifique<\/a><\/div><\/div><\/div><div class=\"swiper-slide\"><div class=\"fusion-carousel-item-wrapper\"><span class=\"entry-title rich-snippet-hidden\">ILTM Am\u00e9rique latine | Mai 2026<\/span><span class=\"vcard rich-snippet-hidden\"><span class=\"fn\"><a href=\"https:\/\/www.revfine.com\/fr\/author\/revfine-com\/\" title=\"Articles par Revfine.com\" rel=\"author\">Revfine.com<\/a><\/span><\/span><span class=\"updated rich-snippet-hidden\">2026-03-04T11:56:27+01:00<\/span><div  class=\"fusion-image-wrapper\" aria-haspopup=\"true\">\n\t\t\t\t\t\t\t<a href=\"https:\/\/www.revfine.com\/fr\/page\/iltm-latin-america\/\" aria-label=\"ILTM Am\u00e9rique latine | Mai 2026\">\n\t\t\t\t\t\t\t<img decoding=\"async\" width=\"1200\" height=\"628\" src=\"https:\/\/www.revfine.com\/wp-content\/uploads\/2025\/07\/ILTM-Latin-America-International-Luxury-Travel-Market-Latin-America.jpg\" class=\"attachment-full size-full wp-post-image\" alt=\"ILTM Am\u00e9rique Latine - March\u00e9 International du Voyage de Luxe Am\u00e9rique Latine\" \/>\t\t\t<\/a>\n\t\t\t\t\t\t\t<\/div>\n<h4 class=\"fusion-carousel-title\"><a href=\"https:\/\/www.revfine.com\/fr\/page\/iltm-latin-america\/\" target=\"_self\">ILTM Am\u00e9rique latine | Mai 2026<\/a><\/h4><div class=\"fusion-carousel-meta\"><a href=\"https:\/\/www.revfine.com\/fr\/categories\/travel-events-americas\/\" rel=\"tag\">Am\u00e9riques<\/a><\/div><\/div><\/div><div class=\"swiper-slide\"><div class=\"fusion-carousel-item-wrapper\"><span class=\"entry-title rich-snippet-hidden\">March\u00e9 du voyage arabe | Mai 2026<\/span><span class=\"vcard rich-snippet-hidden\"><span class=\"fn\"><a href=\"https:\/\/www.revfine.com\/fr\/author\/revfine-com\/\" title=\"Articles par Revfine.com\" rel=\"author\">Revfine.com<\/a><\/span><\/span><span class=\"updated rich-snippet-hidden\">2026-03-04T11:54:50+01:00<\/span><div  class=\"fusion-image-wrapper\" aria-haspopup=\"true\">\n\t\t\t\t\t\t\t<a href=\"https:\/\/www.revfine.com\/fr\/page\/arabian-travel-market\/\" aria-label=\"March\u00e9 du voyage arabe | Mai 2026\">\n\t\t\t\t\t\t\t<img decoding=\"async\" width=\"1200\" height=\"628\" src=\"https:\/\/www.revfine.com\/wp-content\/uploads\/2025\/07\/Arabian-travel-market.jpg\" class=\"attachment-full size-full wp-post-image\" alt=\"Le march\u00e9 du voyage arabe\" \/>\t\t\t<\/a>\n\t\t\t\t\t\t\t<\/div>\n<h4 class=\"fusion-carousel-title\"><a href=\"https:\/\/www.revfine.com\/fr\/page\/arabian-travel-market\/\" target=\"_self\">March\u00e9 du voyage arabe | Mai 2026<\/a><\/h4><div class=\"fusion-carousel-meta\"><a href=\"https:\/\/www.revfine.com\/fr\/categories\/travel-events-asia\/\" rel=\"tag\">Asie-Pacifique<\/a><\/div><\/div><\/div><div class=\"swiper-slide\"><div class=\"fusion-carousel-item-wrapper\"><span class=\"entry-title rich-snippet-hidden\">Salon ind\u00e9pendant de l&#039;h\u00f4tellerie d&#039;Amsterdam | Avril 2026<\/span><span class=\"vcard rich-snippet-hidden\"><span class=\"fn\"><a href=\"https:\/\/www.revfine.com\/fr\/author\/revfine-com\/\" title=\"Articles par Revfine.com\" rel=\"author\">Revfine.com<\/a><\/span><\/span><span class=\"updated rich-snippet-hidden\">2026-02-27T11:22:42+01:00<\/span><div  class=\"fusion-image-wrapper\" aria-haspopup=\"true\">\n\t\t\t\t\t\t\t<a href=\"https:\/\/www.revfine.com\/fr\/page\/independent-hotel-show-amsterdam\/\" aria-label=\"Salon ind\u00e9pendant de l&#039;h\u00f4tellerie d&#039;Amsterdam | Avril 2026\">\n\t\t\t\t\t\t\t<img decoding=\"async\" width=\"1200\" height=\"628\" src=\"https:\/\/www.revfine.com\/wp-content\/uploads\/2025\/07\/Independent-Hotel-Show-Amsterdam.jpg\" class=\"attachment-full size-full wp-post-image\" alt=\"Salon des h\u00f4tels ind\u00e9pendants \u00e0 Amsterdam\" \/>\t\t\t<\/a>\n\t\t\t\t\t\t\t<\/div>\n<h4 class=\"fusion-carousel-title\"><a href=\"https:\/\/www.revfine.com\/fr\/page\/independent-hotel-show-amsterdam\/\" target=\"_self\">Salon ind\u00e9pendant de l&#039;h\u00f4tellerie d&#039;Amsterdam | Avril 2026<\/a><\/h4><div class=\"fusion-carousel-meta\"><a href=\"https:\/\/www.revfine.com\/fr\/categories\/travel-events-europe\/\" rel=\"tag\">L&#039;Europe \uf0d7<\/a><\/div><\/div><\/div><div class=\"swiper-slide\"><div class=\"fusion-carousel-item-wrapper\"><span class=\"entry-title rich-snippet-hidden\">Forum international des technologies h\u00f4teli\u00e8res en Europe | Avril 2026<\/span><span class=\"vcard rich-snippet-hidden\"><span class=\"fn\"><a href=\"https:\/\/www.revfine.com\/fr\/author\/revfine-com\/\" title=\"Articles par Revfine.com\" rel=\"author\">Revfine.com<\/a><\/span><\/span><span class=\"updated rich-snippet-hidden\">2026-03-04T11:52:07+01:00<\/span><div  class=\"fusion-image-wrapper\" aria-haspopup=\"true\">\n\t\t\t\t\t\t\t<a href=\"https:\/\/www.revfine.com\/fr\/page\/ihtf-europe\/\" aria-label=\"Forum international des technologies h\u00f4teli\u00e8res en Europe | Avril 2026\">\n\t\t\t\t\t\t\t<img decoding=\"async\" width=\"1200\" height=\"628\" src=\"https:\/\/www.revfine.com\/wp-content\/uploads\/2023\/03\/International-Hotel-Technology-Forum-Europe-IHTF-Europe-Forum.jpg\" class=\"attachment-full size-full wp-post-image\" alt=\"Forum international des technologies h\u00f4teli\u00e8res en Europe - Forum IHTF Europe\" \/>\t\t\t<\/a>\n\t\t\t\t\t\t\t<\/div>\n<h4 class=\"fusion-carousel-title\"><a href=\"https:\/\/www.revfine.com\/fr\/page\/ihtf-europe\/\" target=\"_self\">Forum international des technologies h\u00f4teli\u00e8res en Europe | Avril 2026<\/a><\/h4><div class=\"fusion-carousel-meta\"><a href=\"https:\/\/www.revfine.com\/fr\/categories\/travel-events-europe\/\" rel=\"tag\">L&#039;Europe \uf0d7<\/a><\/div><\/div><\/div><div class=\"swiper-slide\"><div class=\"fusion-carousel-item-wrapper\"><span class=\"entry-title rich-snippet-hidden\">FHT Paris \u2013 H\u00f4tel Intelligent | avril 2027<\/span><span class=\"vcard rich-snippet-hidden\"><span class=\"fn\"><a href=\"https:\/\/www.revfine.com\/fr\/author\/revfine-com\/\" title=\"Articles par Revfine.com\" rel=\"author\">Revfine.com<\/a><\/span><\/span><span class=\"updated rich-snippet-hidden\">2026-04-21T16:19:47+02:00<\/span><div  class=\"fusion-image-wrapper\" aria-haspopup=\"true\">\n\t\t\t\t\t\t\t<a href=\"https:\/\/www.revfine.com\/fr\/page\/food-hotel-tech-paris\/\" aria-label=\"FHT Paris \u2013 H\u00f4tel Intelligent | avril 2027\">\n\t\t\t\t\t\t\t<img decoding=\"async\" width=\"1200\" height=\"628\" src=\"https:\/\/www.revfine.com\/wp-content\/uploads\/2025\/07\/Food-Hotel-Tech-Paris-France-Trade-Show-Digital-Tech-FHT-Paris.jpg\" class=\"attachment-full size-full wp-post-image\" alt=\"Food Hotel Tech Paris - France - Salon Digital Tech - FHT Paris\" \/>\t\t\t<\/a>\n\t\t\t\t\t\t\t<\/div>\n<h4 class=\"fusion-carousel-title\"><a href=\"https:\/\/www.revfine.com\/fr\/page\/food-hotel-tech-paris\/\" target=\"_self\">FHT Paris \u2013 H\u00f4tel Intelligent | avril 2027<\/a><\/h4><div class=\"fusion-carousel-meta\"><a href=\"https:\/\/www.revfine.com\/fr\/categories\/travel-events-europe\/\" rel=\"tag\">L&#039;Europe \uf0d7<\/a><\/div><\/div><\/div><div class=\"swiper-slide\"><div class=\"fusion-carousel-item-wrapper\"><span class=\"entry-title rich-snippet-hidden\">WTM Afrique | Avril 2027<\/span><span class=\"vcard rich-snippet-hidden\"><span class=\"fn\"><a href=\"https:\/\/www.revfine.com\/fr\/author\/revfine-com\/\" title=\"Articles par Revfine.com\" rel=\"author\">Revfine.com<\/a><\/span><\/span><span class=\"updated rich-snippet-hidden\">2026-04-21T15:44:30+02:00<\/span><div  class=\"fusion-image-wrapper\" aria-haspopup=\"true\">\n\t\t\t\t\t\t\t<a href=\"https:\/\/www.revfine.com\/fr\/page\/wtm-africa\/\" aria-label=\"WTM Afrique | Avril 2027\">\n\t\t\t\t\t\t\t<img decoding=\"async\" width=\"1200\" height=\"628\" src=\"https:\/\/www.revfine.com\/wp-content\/uploads\/2025\/07\/wtm-africa-world-travel-market-africa-cape-town.jpg\" class=\"attachment-full size-full wp-post-image\" alt=\"wtm afrique - march\u00e9 mondial du voyage afrique - le cap\" \/>\t\t\t<\/a>\n\t\t\t\t\t\t\t<\/div>\n<h4 class=\"fusion-carousel-title\"><a href=\"https:\/\/www.revfine.com\/fr\/page\/wtm-africa\/\" target=\"_self\">WTM Afrique | Avril 2027<\/a><\/h4><div class=\"fusion-carousel-meta\"><a href=\"https:\/\/www.revfine.com\/fr\/categories\/travel-events-africa\/\" rel=\"tag\">Afrique et Moyen-Orient<\/a><\/div><\/div><\/div><div class=\"swiper-slide\"><div class=\"fusion-carousel-item-wrapper\"><span class=\"entry-title rich-snippet-hidden\">WTM Am\u00e9rique latine | Avril 2027<\/span><span class=\"vcard rich-snippet-hidden\"><span class=\"fn\"><a href=\"https:\/\/www.revfine.com\/fr\/author\/revfine-com\/\" title=\"Articles par Revfine.com\" rel=\"author\">Revfine.com<\/a><\/span><\/span><span class=\"updated rich-snippet-hidden\">2026-04-21T16:22:39+02:00<\/span><div  class=\"fusion-image-wrapper\" aria-haspopup=\"true\">\n\t\t\t\t\t\t\t<a href=\"https:\/\/www.revfine.com\/fr\/page\/wtm-latin-america\/\" aria-label=\"WTM Am\u00e9rique latine | Avril 2027\">\n\t\t\t\t\t\t\t<img decoding=\"async\" width=\"1200\" height=\"628\" src=\"https:\/\/www.revfine.com\/wp-content\/uploads\/2025\/07\/WTM-Latin-America-World-Travel-Market-Latin-America-S\u00e3o-Paulo.jpg\" class=\"attachment-full size-full wp-post-image\" alt=\"WTM Am\u00e9rique latine - World Travel Market Am\u00e9rique latine - S\u00e3o Paulo - Br\u00e9sil\" \/>\t\t\t<\/a>\n\t\t\t\t\t\t\t<\/div>\n<h4 class=\"fusion-carousel-title\"><a href=\"https:\/\/www.revfine.com\/fr\/page\/wtm-latin-america\/\" target=\"_self\">WTM Am\u00e9rique latine | Avril 2027<\/a><\/h4><div class=\"fusion-carousel-meta\"><a href=\"https:\/\/www.revfine.com\/fr\/categories\/travel-events-americas\/\" rel=\"tag\">Am\u00e9riques<\/a><\/div><\/div><\/div><div class=\"swiper-slide\"><div class=\"fusion-carousel-item-wrapper\"><span class=\"entry-title rich-snippet-hidden\">March\u00e9 international du voyage de luxe en Afrique | Avril 2027<\/span><span class=\"vcard rich-snippet-hidden\"><span class=\"fn\"><a href=\"https:\/\/www.revfine.com\/fr\/author\/revfine-com\/\" title=\"Articles par Revfine.com\" rel=\"author\">Revfine.com<\/a><\/span><\/span><span class=\"updated rich-snippet-hidden\">2026-04-21T15:22:51+02:00<\/span><div  class=\"fusion-image-wrapper\" aria-haspopup=\"true\">\n\t\t\t\t\t\t\t<a href=\"https:\/\/www.revfine.com\/fr\/page\/iltm-africa\/\" aria-label=\"March\u00e9 international du voyage de luxe en Afrique | Avril 2027\">\n\t\t\t\t\t\t\t<img decoding=\"async\" width=\"1200\" height=\"628\" src=\"https:\/\/www.revfine.com\/wp-content\/uploads\/2025\/07\/ILTM-Africa-International-Luxury-Travel-Market-Africa-South-Africa.jpg\" class=\"attachment-full size-full wp-post-image\" alt=\"ILTM Africa - International Luxury Travel Market Africa - Afrique du Sud\" \/>\t\t\t<\/a>\n\t\t\t\t\t\t\t<\/div>\n<h4 class=\"fusion-carousel-title\"><a href=\"https:\/\/www.revfine.com\/fr\/page\/iltm-africa\/\" target=\"_self\">March\u00e9 international du voyage de luxe en Afrique | Avril 2027<\/a><\/h4><div class=\"fusion-carousel-meta\"><a href=\"https:\/\/www.revfine.com\/fr\/categories\/travel-events-africa\/\" rel=\"tag\">Afrique et Moyen-Orient<\/a><\/div><\/div><\/div><div class=\"swiper-slide\"><div class=\"fusion-carousel-item-wrapper\"><span class=\"entry-title rich-snippet-hidden\">Sommet sur la tarification et la gestion des revenus | Mars 2027<\/span><span class=\"vcard rich-snippet-hidden\"><span class=\"fn\"><a href=\"https:\/\/www.revfine.com\/fr\/author\/revfine-com\/\" title=\"Articles par Revfine.com\" rel=\"author\">Revfine.com<\/a><\/span><\/span><span class=\"updated rich-snippet-hidden\">2026-04-21T15:32:00+02:00<\/span><div  class=\"fusion-image-wrapper\" aria-haspopup=\"true\">\n\t\t\t\t\t\t\t<a href=\"https:\/\/www.revfine.com\/fr\/page\/pricing-revenue-management-summit\/\" aria-label=\"Sommet sur la tarification et la gestion des revenus | Mars 2027\">\n\t\t\t\t\t\t\t<img decoding=\"async\" width=\"1200\" height=\"628\" src=\"https:\/\/www.revfine.com\/wp-content\/uploads\/2022\/01\/Pricing-Revenue-Revenue-Management-Summit.jpg\" class=\"attachment-full size-full wp-post-image\" alt=\"Sommet sur la gestion des revenus\" \/>\t\t\t<\/a>\n\t\t\t\t\t\t\t<\/div>\n<h4 class=\"fusion-carousel-title\"><a href=\"https:\/\/www.revfine.com\/fr\/page\/pricing-revenue-management-summit\/\" target=\"_self\">Sommet sur la tarification et la gestion des revenus | Mars 2027<\/a><\/h4><div class=\"fusion-carousel-meta\"><a href=\"https:\/\/www.revfine.com\/fr\/categories\/travel-events-europe\/\" rel=\"tag\">L&#039;Europe \uf0d7<\/a><\/div><\/div><\/div><div class=\"swiper-slide\"><div class=\"fusion-carousel-item-wrapper\"><span class=\"entry-title rich-snippet-hidden\">Convention ITB de Berlin | Mars 2027<\/span><span class=\"vcard rich-snippet-hidden\"><span class=\"fn\"><a href=\"https:\/\/www.revfine.com\/fr\/author\/revfine-com\/\" title=\"Articles par Revfine.com\" rel=\"author\">Revfine.com<\/a><\/span><\/span><span class=\"updated rich-snippet-hidden\">2026-04-21T15:23:37+02:00<\/span><div  class=\"fusion-image-wrapper\" aria-haspopup=\"true\">\n\t\t\t\t\t\t\t<a href=\"https:\/\/www.revfine.com\/fr\/page\/itb-berlin\/\" aria-label=\"Convention ITB de Berlin | Mars 2027\">\n\t\t\t\t\t\t\t<img decoding=\"async\" width=\"1200\" height=\"628\" src=\"https:\/\/www.revfine.com\/wp-content\/uploads\/2025\/07\/ITB-Berlin.jpg\" class=\"attachment-full size-full wp-post-image\" alt=\"ITB Berlin - Salon du voyage itb Berlin\" \/>\t\t\t<\/a>\n\t\t\t\t\t\t\t<\/div>\n<h4 class=\"fusion-carousel-title\"><a href=\"https:\/\/www.revfine.com\/fr\/page\/itb-berlin\/\" target=\"_self\">Convention ITB de Berlin | Mars 2027<\/a><\/h4><div class=\"fusion-carousel-meta\"><a href=\"https:\/\/www.revfine.com\/fr\/categories\/travel-events-europe\/\" rel=\"tag\">L&#039;Europe \uf0d7<\/a><\/div><\/div><\/div><\/div><div class=\"awb-swiper-button awb-swiper-button-prev\"><i class=\"awb-icon-angle-left\" aria-hidden=\"true\"><\/i><\/div><div class=\"awb-swiper-button awb-swiper-button-next\"><i class=\"awb-icon-angle-right\" aria-hidden=\"true\"><\/i><\/div><\/div><\/div><div class=\"fusion-sep-clear\"><\/div><div class=\"fusion-separator fusion-full-width-sep\" style=\"margin-left: auto;margin-right: auto;margin-top:-45px;width:100%;\"><div class=\"fusion-separator-border sep-single sep-solid\" style=\"--awb-height:20px;--awb-amount:20px;border-color:#e0dede;border-top-width:1px;\"><\/div><\/div><div class=\"fusion-sep-clear\"><\/div><br><div class=\"fusion-text fusion-text-7\"><p><span style=\"font-size: 13pt;\"><span style=\"text-decoration: underline;\"><a href=\"https:\/\/www.revfine.com\/add-event\/\"><strong>Cliquez ici<\/strong><\/a><\/span> pour ajouter votre h\u00f4tel, h\u00f4tellerie ou \u00e9v\u00e9nement de l&#039;industrie du voyage.<\/span><\/p>\n<\/div><div class=\"fusion-sep-clear\"><\/div><div class=\"fusion-separator fusion-full-width-sep\" style=\"margin-left: auto;margin-right: auto;width:100%;\"><div class=\"fusion-separator-border sep-single sep-solid\" style=\"--awb-height:20px;--awb-amount:20px;border-color:#e0dede;border-top-width:1px;\"><\/div><\/div><div class=\"fusion-sep-clear\"><\/div><div class=\"fusion-clearfix\"><\/div><\/div><\/div><\/div><\/div><\/p>","protected":false},"excerpt":{"rendered":"","protected":false},"author":1,"featured_media":5310,"menu_order":0,"comment_status":"open","ping_status":"closed","template":"","format":"standard","meta":{"footnotes":""},"portfolio_category":[163],"portfolio_skills":[],"portfolio_tags":[174],"class_list":["post-2578","avada_portfolio","type-avada_portfolio","status-publish","format-standard","has-post-thumbnail","hentry","portfolio_category-travel-events-americas","portfolio_tags-eyefortravel"],"yoast_head":"<!-- This site is optimized with the Yoast SEO plugin v27.3 - https:\/\/yoast.com\/product\/yoast-seo-wordpress\/ -->\n<title>EyeforTravel North America, San Diego | Event Information &amp; Calendar<\/title>\n<meta name=\"description\" content=\"The EyeforTravel North America, held in San Diego, unites executives from the travel industry to win bookings and maximise personalised customer experiences\" \/>\n<meta name=\"robots\" content=\"index, follow, max-snippet:-1, max-image-preview:large, max-video-preview:-1\" \/>\n<link rel=\"canonical\" href=\"https:\/\/www.revfine.com\/fr\/page\/eyeforttravel-amerique-du-nord\/\" \/>\n<meta property=\"og:locale\" content=\"fr_FR\" \/>\n<meta property=\"og:type\" content=\"article\" \/>\n<meta property=\"og:title\" content=\"EyeforTravel North America, San Diego | Event Information &amp; Calendar\" \/>\n<meta property=\"og:description\" content=\"The EyeforTravel North America, held in San Diego, unites executives from the travel industry to win bookings and maximise personalised customer experiences\" \/>\n<meta property=\"og:url\" content=\"https:\/\/www.revfine.com\/fr\/page\/eyeforttravel-amerique-du-nord\/\" \/>\n<meta property=\"og:site_name\" content=\"Revfine.com\" \/>\n<meta property=\"article:modified_time\" content=\"2020-06-15T08:49:05+00:00\" \/>\n<meta property=\"og:image\" content=\"https:\/\/www.revfine.com\/wp-content\/uploads\/EyeforTravel-North-America-Eyefortravel-San-Diego.jpg\" \/>\n\t<meta property=\"og:image:width\" content=\"1200\" \/>\n\t<meta property=\"og:image:height\" content=\"628\" \/>\n\t<meta property=\"og:image:type\" content=\"image\/jpeg\" \/>\n<meta name=\"twitter:card\" content=\"summary_large_image\" \/>\n<meta name=\"twitter:label1\" content=\"Dur\u00e9e de lecture estim\u00e9e\" \/>\n\t<meta name=\"twitter:data1\" content=\"10 minutes\" \/>\n<script type=\"application\/ld+json\" class=\"yoast-schema-graph\">{\"@context\":\"https:\\\/\\\/schema.org\",\"@graph\":[{\"@type\":\"WebPage\",\"@id\":\"https:\\\/\\\/www.revfine.com\\\/page\\\/eyefortravel-north-america\\\/\",\"url\":\"https:\\\/\\\/www.revfine.com\\\/page\\\/eyefortravel-north-america\\\/\",\"name\":\"EyeforTravel North America, San Diego | Event Information & Calendar\",\"isPartOf\":{\"@id\":\"https:\\\/\\\/www.revfine.com\\\/pt\\\/#website\"},\"primaryImageOfPage\":{\"@id\":\"https:\\\/\\\/www.revfine.com\\\/page\\\/eyefortravel-north-america\\\/#primaryimage\"},\"image\":{\"@id\":\"https:\\\/\\\/www.revfine.com\\\/page\\\/eyefortravel-north-america\\\/#primaryimage\"},\"thumbnailUrl\":\"https:\\\/\\\/www.revfine.com\\\/wp-content\\\/uploads\\\/2025\\\/07\\\/EyeforTravel-North-America-Eyefortravel-San-Diego-discount-code.png\",\"datePublished\":\"2018-06-01T09:00:55+00:00\",\"dateModified\":\"2020-06-15T08:49:05+00:00\",\"description\":\"The EyeforTravel North America, held in San Diego, unites executives from the travel industry to win bookings and maximise personalised customer experiences\",\"breadcrumb\":{\"@id\":\"https:\\\/\\\/www.revfine.com\\\/page\\\/eyefortravel-north-america\\\/#breadcrumb\"},\"inLanguage\":\"fr-FR\",\"potentialAction\":[{\"@type\":\"ReadAction\",\"target\":[\"https:\\\/\\\/www.revfine.com\\\/page\\\/eyefortravel-north-america\\\/\"]}]},{\"@type\":\"ImageObject\",\"inLanguage\":\"fr-FR\",\"@id\":\"https:\\\/\\\/www.revfine.com\\\/page\\\/eyefortravel-north-america\\\/#primaryimage\",\"url\":\"https:\\\/\\\/www.revfine.com\\\/wp-content\\\/uploads\\\/2025\\\/07\\\/EyeforTravel-North-America-Eyefortravel-San-Diego-discount-code.png\",\"contentUrl\":\"https:\\\/\\\/www.revfine.com\\\/wp-content\\\/uploads\\\/2025\\\/07\\\/EyeforTravel-North-America-Eyefortravel-San-Diego-discount-code.png\",\"width\":1200,\"height\":628,\"caption\":\"EyeforTravel North America - Eyefortravel San Diego - discount code\"},{\"@type\":\"BreadcrumbList\",\"@id\":\"https:\\\/\\\/www.revfine.com\\\/page\\\/eyefortravel-north-america\\\/#breadcrumb\",\"itemListElement\":[{\"@type\":\"ListItem\",\"position\":1,\"name\":\"Home\",\"item\":\"https:\\\/\\\/www.revfine.com\\\/\"},{\"@type\":\"ListItem\",\"position\":2,\"name\":\"Portfolio\",\"item\":\"https:\\\/\\\/www.revfine.com\\\/page\\\/\"},{\"@type\":\"ListItem\",\"position\":3,\"name\":\"EyeforTravel North America, San Diego\"}]},{\"@type\":\"WebSite\",\"@id\":\"https:\\\/\\\/www.revfine.com\\\/pt\\\/#website\",\"url\":\"https:\\\/\\\/www.revfine.com\\\/pt\\\/\",\"name\":\"Revfine.com\",\"description\":\"Optimising Revenue\",\"potentialAction\":[{\"@type\":\"SearchAction\",\"target\":{\"@type\":\"EntryPoint\",\"urlTemplate\":\"https:\\\/\\\/www.revfine.com\\\/pt\\\/?s={search_term_string}\"},\"query-input\":{\"@type\":\"PropertyValueSpecification\",\"valueRequired\":true,\"valueName\":\"search_term_string\"}}],\"inLanguage\":\"fr-FR\"}]}<\/script>\n<!-- \/ Yoast SEO plugin. -->","yoast_head_json":{"title":"EyeforTravel Am\u00e9rique du Nord, San Diego | Informations sur l&#039;\u00e9v\u00e9nement et calendrier","description":"L&#039;EyeforTravel North America, qui s&#039;est tenue \u00e0 San Diego, r\u00e9unit des dirigeants de l&#039;industrie du voyage pour gagner des r\u00e9servations et maximiser les exp\u00e9riences client personnalis\u00e9es","robots":{"index":"index","follow":"follow","max-snippet":"max-snippet:-1","max-image-preview":"max-image-preview:large","max-video-preview":"max-video-preview:-1"},"canonical":"https:\/\/www.revfine.com\/fr\/page\/eyeforttravel-amerique-du-nord\/","og_locale":"fr_FR","og_type":"article","og_title":"EyeforTravel North America, San Diego | Event Information & Calendar","og_description":"The EyeforTravel North America, held in San Diego, unites executives from the travel industry to win bookings and maximise personalised customer experiences","og_url":"https:\/\/www.revfine.com\/fr\/page\/eyeforttravel-amerique-du-nord\/","og_site_name":"Revfine.com","article_modified_time":"2020-06-15T08:49:05+00:00","og_image":[{"width":1200,"height":628,"url":"https:\/\/www.revfine.com\/wp-content\/uploads\/EyeforTravel-North-America-Eyefortravel-San-Diego.jpg","type":"image\/jpeg"}],"twitter_card":"summary_large_image","twitter_misc":{"Dur\u00e9e de lecture estim\u00e9e":"10 minutes"},"schema":{"@context":"https:\/\/schema.org","@graph":[{"@type":"WebPage","@id":"https:\/\/www.revfine.com\/page\/eyefortravel-north-america\/","url":"https:\/\/www.revfine.com\/page\/eyefortravel-north-america\/","name":"EyeforTravel Am\u00e9rique du Nord, San Diego | Informations sur l&#039;\u00e9v\u00e9nement et calendrier","isPartOf":{"@id":"https:\/\/www.revfine.com\/pt\/#website"},"primaryImageOfPage":{"@id":"https:\/\/www.revfine.com\/page\/eyefortravel-north-america\/#primaryimage"},"image":{"@id":"https:\/\/www.revfine.com\/page\/eyefortravel-north-america\/#primaryimage"},"thumbnailUrl":"https:\/\/www.revfine.com\/wp-content\/uploads\/2025\/07\/EyeforTravel-North-America-Eyefortravel-San-Diego-discount-code.png","datePublished":"2018-06-01T09:00:55+00:00","dateModified":"2020-06-15T08:49:05+00:00","description":"L&#039;EyeforTravel North America, qui s&#039;est tenue \u00e0 San Diego, r\u00e9unit des dirigeants de l&#039;industrie du voyage pour gagner des r\u00e9servations et maximiser les exp\u00e9riences client personnalis\u00e9es","breadcrumb":{"@id":"https:\/\/www.revfine.com\/page\/eyefortravel-north-america\/#breadcrumb"},"inLanguage":"fr-FR","potentialAction":[{"@type":"ReadAction","target":["https:\/\/www.revfine.com\/page\/eyefortravel-north-america\/"]}]},{"@type":"ImageObject","inLanguage":"fr-FR","@id":"https:\/\/www.revfine.com\/page\/eyefortravel-north-america\/#primaryimage","url":"https:\/\/www.revfine.com\/wp-content\/uploads\/2025\/07\/EyeforTravel-North-America-Eyefortravel-San-Diego-discount-code.png","contentUrl":"https:\/\/www.revfine.com\/wp-content\/uploads\/2025\/07\/EyeforTravel-North-America-Eyefortravel-San-Diego-discount-code.png","width":1200,"height":628,"caption":"EyeforTravel North America - Eyefortravel San Diego - discount code"},{"@type":"BreadcrumbList","@id":"https:\/\/www.revfine.com\/page\/eyefortravel-north-america\/#breadcrumb","itemListElement":[{"@type":"ListItem","position":1,"name":"Home","item":"https:\/\/www.revfine.com\/"},{"@type":"ListItem","position":2,"name":"Portfolio","item":"https:\/\/www.revfine.com\/page\/"},{"@type":"ListItem","position":3,"name":"EyeforTravel North America, San Diego"}]},{"@type":"WebSite","@id":"https:\/\/www.revfine.com\/pt\/#website","url":"https:\/\/www.revfine.com\/pt\/","name":"Revfine.com","description":"Optimiser les revenus","potentialAction":[{"@type":"SearchAction","target":{"@type":"EntryPoint","urlTemplate":"https:\/\/www.revfine.com\/pt\/?s={search_term_string}"},"query-input":{"@type":"PropertyValueSpecification","valueRequired":true,"valueName":"search_term_string"}}],"inLanguage":"fr-FR"}]}},"_links":{"self":[{"href":"https:\/\/www.revfine.com\/fr\/wp-json\/wp\/v2\/avada_portfolio\/2578","targetHints":{"allow":["GET"]}}],"collection":[{"href":"https:\/\/www.revfine.com\/fr\/wp-json\/wp\/v2\/avada_portfolio"}],"about":[{"href":"https:\/\/www.revfine.com\/fr\/wp-json\/wp\/v2\/types\/avada_portfolio"}],"author":[{"embeddable":true,"href":"https:\/\/www.revfine.com\/fr\/wp-json\/wp\/v2\/users\/1"}],"replies":[{"embeddable":true,"href":"https:\/\/www.revfine.com\/fr\/wp-json\/wp\/v2\/comments?post=2578"}],"version-history":[{"count":0,"href":"https:\/\/www.revfine.com\/fr\/wp-json\/wp\/v2\/avada_portfolio\/2578\/revisions"}],"wp:featuredmedia":[{"embeddable":true,"href":"https:\/\/www.revfine.com\/fr\/wp-json\/wp\/v2\/media\/5310"}],"wp:attachment":[{"href":"https:\/\/www.revfine.com\/fr\/wp-json\/wp\/v2\/media?parent=2578"}],"wp:term":[{"taxonomy":"portfolio_category","embeddable":true,"href":"https:\/\/www.revfine.com\/fr\/wp-json\/wp\/v2\/portfolio_category?post=2578"},{"taxonomy":"portfolio_skills","embeddable":true,"href":"https:\/\/www.revfine.com\/fr\/wp-json\/wp\/v2\/portfolio_skills?post=2578"},{"taxonomy":"portfolio_tags","embeddable":true,"href":"https:\/\/www.revfine.com\/fr\/wp-json\/wp\/v2\/portfolio_tags?post=2578"}],"curies":[{"name":"wp","href":"https:\/\/api.w.org\/{rel}","templated":true}]}}