{"id":2555,"date":"2019-05-25T12:26:14","date_gmt":"2019-05-25T10:26:14","guid":{"rendered":"https:\/\/revfine.com\/?page_id=2555"},"modified":"2026-01-22T15:16:10","modified_gmt":"2026-01-22T14:16:10","slug":"eventi","status":"publish","type":"page","link":"https:\/\/www.revfine.com\/it\/events\/","title":{"rendered":"Eventi"},"content":{"rendered":"<p><div class=\"fusion-fullwidth fullwidth-box fusion-builder-row-1 nonhundred-percent-fullwidth non-hundred-percent-height-scrolling\" style=\"--awb-border-radius-top-left:0px;--awb-border-radius-top-right:0px;--awb-border-radius-bottom-right:0px;--awb-border-radius-bottom-left:0px;--awb-flex-wrap:wrap;\" ><div class=\"fusion-builder-row fusion-row\"><div class=\"fusion-layout-column fusion_builder_column fusion-builder-column-0 fusion_builder_column_1_1 1_1 fusion-one-full fusion-column-first fusion-column-last\" style=\"--awb-bg-size:cover;\"><div class=\"fusion-column-wrapper fusion-column-has-shadow fusion-flex-column-wrapper-legacy\"><div class=\"fusion-text fusion-text-1\"><p><span style=\"font-size: 13pt;\">I professionisti dell&#039;ospitalit\u00e0 e dei viaggi utilizzano Revfine.com per trovare strategie, tattiche e soluzioni per trarre ispirazione, ottimizzare le entrate, innovare i processi e migliorare l&#039;esperienza del cliente. Un altro ottimo modo per acquisire conoscenze, trovare soluzioni ai problemi e fare rete con persone che la pensano allo stesso modo e colleghi del settore \u00e8 visitare eventi di viaggio, come conferenze, fiere o convegni.<\/span><\/p>\n<\/div><div class=\"fusion-clearfix\"><\/div><\/div><\/div><\/div><\/div><div class=\"fusion-fullwidth fullwidth-box fusion-builder-row-2 fusion-flex-container nonhundred-percent-fullwidth non-hundred-percent-height-scrolling fusion-no-small-visibility\" style=\"--awb-border-radius-top-left:0px;--awb-border-radius-top-right:0px;--awb-border-radius-bottom-right:0px;--awb-border-radius-bottom-left:0px;--awb-flex-wrap:wrap;\" ><div class=\"fusion-builder-row fusion-row fusion-flex-align-items-flex-start fusion-flex-content-wrap\" style=\"max-width:1248px;margin-left: calc(-4% \/ 2 );margin-right: calc(-4% \/ 2 );\"><div class=\"fusion-layout-column fusion_builder_column fusion-builder-column-1 fusion_builder_column_3_4 3_4 fusion-flex-column\" style=\"--awb-bg-size:cover;--awb-width-large:75%;--awb-margin-top-large:0px;--awb-spacing-right-large:2.56%;--awb-margin-bottom-large:20px;--awb-spacing-left-large:2.56%;--awb-width-medium:100%;--awb-order-medium:0;--awb-spacing-right-medium:1.92%;--awb-spacing-left-medium:1.92%;--awb-width-small:100%;--awb-order-small:0;--awb-spacing-right-small:1.92%;--awb-spacing-left-small:1.92%;\"><div class=\"fusion-column-wrapper fusion-column-has-shadow fusion-flex-justify-content-flex-start fusion-content-layout-column\"><div class=\"fusion-text fusion-text-2\"><p><span style=\"font-size: 13pt;\"><strong>Di seguito trovi una panoramica degli eventi di viaggio B2B &quot;da non perdere&quot; nella tua zona.<\/strong><\/span><\/p>\n<\/div><\/div><\/div><div class=\"fusion-layout-column fusion_builder_column fusion-builder-column-2 fusion_builder_column_1_4 1_4 fusion-flex-column\" style=\"--awb-bg-size:cover;--awb-width-large:25%;--awb-margin-top-large:0px;--awb-spacing-right-large:7.68%;--awb-margin-bottom-large:20px;--awb-spacing-left-large:7.68%;--awb-width-medium:100%;--awb-order-medium:0;--awb-spacing-right-medium:1.92%;--awb-spacing-left-medium:1.92%;--awb-width-small:100%;--awb-order-small:0;--awb-spacing-right-small:1.92%;--awb-spacing-left-small:1.92%;\"><div class=\"fusion-column-wrapper fusion-column-has-shadow fusion-flex-justify-content-flex-start fusion-content-layout-column\"><div style=\"text-align:right;\"><a class=\"fusion-button button-flat button-medium button-default fusion-button-default button-1 fusion-button-default-span fusion-button-default-type\" target=\"_blank\" rel=\"noopener noreferrer\" href=\"https:\/\/www.revfine.com\/add-event\/\"><i class=\"fa-calendar fas awb-button__icon awb-button__icon--default button-icon-left\" aria-hidden=\"true\"><\/i><span class=\"fusion-button-text awb-button__text awb-button__text--default\">Aggiungi un evento<\/span><\/a><\/div><\/div><\/div><\/div><\/div><div class=\"fusion-fullwidth fullwidth-box fusion-builder-row-3 fusion-flex-container nonhundred-percent-fullwidth non-hundred-percent-height-scrolling fusion-no-medium-visibility fusion-no-large-visibility\" style=\"--awb-border-radius-top-left:0px;--awb-border-radius-top-right:0px;--awb-border-radius-bottom-right:0px;--awb-border-radius-bottom-left:0px;--awb-flex-wrap:wrap;\" ><div class=\"fusion-builder-row fusion-row fusion-flex-align-items-flex-start fusion-flex-content-wrap\" style=\"max-width:1248px;margin-left: calc(-4% \/ 2 );margin-right: calc(-4% \/ 2 );\"><div class=\"fusion-layout-column fusion_builder_column fusion-builder-column-3 fusion_builder_column_1_1 1_1 fusion-flex-column\" style=\"--awb-bg-size:cover;--awb-width-large:100%;--awb-margin-top-large:0px;--awb-spacing-right-large:1.92%;--awb-margin-bottom-large:20px;--awb-spacing-left-large:1.92%;--awb-width-medium:100%;--awb-order-medium:0;--awb-spacing-right-medium:1.92%;--awb-spacing-left-medium:1.92%;--awb-width-small:100%;--awb-order-small:0;--awb-spacing-right-small:1.92%;--awb-spacing-left-small:1.92%;\"><div class=\"fusion-column-wrapper fusion-column-has-shadow fusion-flex-justify-content-flex-start fusion-content-layout-column\"><div class=\"fusion-text fusion-text-3\"><p><span style=\"font-size: 13pt;\"><strong>Di seguito trovi una panoramica degli eventi di viaggio B2B &quot;da non perdere&quot; nella tua zona.<\/strong><\/span><\/p>\n<\/div><\/div><\/div><\/div><\/div><div class=\"fusion-fullwidth fullwidth-box fusion-builder-row-4 fusion-flex-container nonhundred-percent-fullwidth non-hundred-percent-height-scrolling\" style=\"--awb-border-radius-top-left:0px;--awb-border-radius-top-right:0px;--awb-border-radius-bottom-right:0px;--awb-border-radius-bottom-left:0px;--awb-flex-wrap:wrap;\" ><div class=\"fusion-builder-row fusion-row fusion-flex-align-items-flex-start fusion-flex-content-wrap\" style=\"max-width:1248px;margin-left: calc(-4% \/ 2 );margin-right: calc(-4% \/ 2 );\"><div class=\"fusion-layout-column fusion_builder_column fusion-builder-column-4 fusion_builder_column_1_1 1_1 fusion-flex-column\" style=\"--awb-bg-size:cover;--awb-width-large:100%;--awb-margin-top-large:0px;--awb-spacing-right-large:1.92%;--awb-margin-bottom-large:20px;--awb-spacing-left-large:1.92%;--awb-width-medium:100%;--awb-order-medium:0;--awb-spacing-right-medium:1.92%;--awb-spacing-left-medium:1.92%;--awb-width-small:100%;--awb-order-small:0;--awb-spacing-right-small:1.92%;--awb-spacing-left-small:1.92%;\"><div class=\"fusion-column-wrapper fusion-column-has-shadow fusion-flex-justify-content-flex-start fusion-content-layout-column\"><style type=\"text\/css\">.fusion-portfolio-wrapper#fusion-portfolio-1 .fusion-portfolio-content{  text-align: left; }<\/style><div class=\"fusion-recent-works fusion-portfolio-element fusion-portfolio fusion-portfolio-1 fusion-portfolio-grid fusion-portfolio-paging-infinite fusion-portfolio-two fusion-portfolio-unboxed fusion-portfolio-text fusion-portfolio-equal-heights\" data-id=\"-rw-1\" data-columns=\"two\"><div><ul class=\"fusion-filters\" role=\"menu\" aria-label=\"Filtri di portafoglio\"><li role=\"presentation\" class=\"fusion-filter fusion-filter-all fusion-active\"><a href=\"#\" data-filter=\"*\" role=\"menuitem\">Tutto<\/a><\/li><li role=\"presentation\" class=\"fusion-filter fusion-hidden\"><a href=\"#\" data-filter=\".travel-events-africa\" role=\"menuitem\">Africa e Medio Oriente<\/a><\/li><li role=\"presentation\" class=\"fusion-filter fusion-hidden\"><a href=\"#\" data-filter=\".travel-events-americas\" role=\"menuitem\">Americhe<\/a><\/li><li role=\"presentation\" class=\"fusion-filter fusion-hidden\"><a href=\"#\" data-filter=\".travel-events-asia\" role=\"menuitem\">Asia-Pacifico<\/a><\/li><li role=\"presentation\" class=\"fusion-filter fusion-hidden\"><a href=\"#\" data-filter=\".travel-events-europe\" role=\"menuitem\">Europa<\/a><\/li><li role=\"presentation\" class=\"fusion-filter fusion-hidden\"><a href=\"#\" data-filter=\".virtual-events\" role=\"menuitem\">Eventi virtuali<\/a><\/li><\/ul><\/div><style type=\"text\/css\">.fusion-portfolio-1 .fusion-portfolio-wrapper .fusion-col-spacing{padding:10px;}<\/style><div class=\"fusion-portfolio-wrapper\" id=\"fusion-portfolio-1\" data-picturesize=\"auto\" data-pages=\"0\" style=\"margin:-10px;\"><article id=\"portfolio-1-post-2704\" class=\"fusion-portfolio-post travel-events-europe fusion-col-spacing post-2704\"><div class=\"fusion-portfolio-content-wrapper\" style=\"border:none;\"><span class=\"vcard rich-snippet-hidden\"><span class=\"fn\"><a href=\"https:\/\/www.revfine.com\/it\/author\/revfine-com\/\" title=\"Articoli scritti da Revfine.com\" rel=\"author\">Revfine.com<\/a><\/span><\/span><span class=\"updated rich-snippet-hidden\">2026-04-21T15:23:37+02:00<\/span><div  class=\"fusion-image-wrapper\" aria-haspopup=\"true\">\n\t\t\t\t\t\t\t<a href=\"https:\/\/www.revfine.com\/it\/page\/itb-berlin\/\" aria-label=\"Convention ITB di Berlino | Marzo 2027\">\n\t\t\t\t\t\t\t<img decoding=\"async\" width=\"1200\" height=\"628\" src=\"https:\/\/www.revfine.com\/wp-content\/uploads\/2025\/07\/ITB-Berlin.jpg\" class=\"attachment-full size-full wp-post-image\" alt=\"ITB Berlin - itb Berlin Travel Trade Show\" \/>\t\t\t<\/a>\n\t\t\t\t\t\t\t<\/div>\n<div class=\"fusion-portfolio-content\"><h2 class=\"entry-title fusion-post-title\"><a href=\"https:\/\/www.revfine.com\/it\/page\/itb-berlin\/\">Convention ITB di Berlino | Marzo 2027<\/a><\/h2><div class=\"fusion-post-content\"><p> La famosa fiera di viaggi ITB Berlin in Germania offrir\u00e0 una visione approfondita delle ultime tendenze del turismo nel settore dei viaggi. Informazioni su ITB Berlin Travel Trade Show Ogni anno a marzo, l&#039;ITB Berlin<\/p><\/div><\/div><\/div><\/article><article id=\"portfolio-1-post-17804\" class=\"fusion-portfolio-post travel-events-europe fusion-col-spacing post-17804\"><div class=\"fusion-portfolio-content-wrapper\" style=\"border:none;\"><span class=\"vcard rich-snippet-hidden\"><span class=\"fn\"><a href=\"https:\/\/www.revfine.com\/it\/author\/revfine-com\/\" title=\"Articoli scritti da Revfine.com\" rel=\"author\">Revfine.com<\/a><\/span><\/span><span class=\"updated rich-snippet-hidden\">2026-04-21T15:32:00+02:00<\/span><div  class=\"fusion-image-wrapper\" aria-haspopup=\"true\">\n\t\t\t\t\t\t\t<a href=\"https:\/\/www.revfine.com\/it\/page\/pricing-revenue-management-summit\/\" aria-label=\"Summit su prezzi e gestione dei ricavi | Marzo 2027\">\n\t\t\t\t\t\t\t<img decoding=\"async\" width=\"1200\" height=\"628\" src=\"https:\/\/www.revfine.com\/wp-content\/uploads\/2022\/01\/Pricing-Revenue-Revenue-Management-Summit.jpg\" class=\"attachment-full size-full wp-post-image\" alt=\"Vertice sulla gestione delle entrate delle entrate\" \/>\t\t\t<\/a>\n\t\t\t\t\t\t\t<\/div>\n<div class=\"fusion-portfolio-content\"><h2 class=\"entry-title fusion-post-title\"><a href=\"https:\/\/www.revfine.com\/it\/page\/pricing-revenue-management-summit\/\">Summit su prezzi e gestione dei ricavi | Marzo 2027<\/a><\/h2><div class=\"fusion-post-content\"><p> Al Pricing &amp; Revenue Management Summit, professionisti di spicco di marchi globali parteciperanno per condividere le loro esperienze uniche e discutere le ultime tendenze del settore. Informazioni sul Pricing &amp; Revenue Management Summit Il 10\u00b0 Pricing &amp; Revenue<\/p><\/div><\/div><\/div><\/article><article id=\"portfolio-1-post-3894\" class=\"fusion-portfolio-post travel-events-africa fusion-col-spacing post-3894\"><div class=\"fusion-portfolio-content-wrapper\" style=\"border:none;\"><span class=\"vcard rich-snippet-hidden\"><span class=\"fn\"><a href=\"https:\/\/www.revfine.com\/it\/author\/revfine-com\/\" title=\"Articoli scritti da Revfine.com\" rel=\"author\">Revfine.com<\/a><\/span><\/span><span class=\"updated rich-snippet-hidden\">2026-04-21T15:22:51+02:00<\/span><div  class=\"fusion-image-wrapper\" aria-haspopup=\"true\">\n\t\t\t\t\t\t\t<a href=\"https:\/\/www.revfine.com\/it\/page\/iltm-africa\/\" aria-label=\"Mercato internazionale del turismo di lusso in Africa | Aprile 2027\">\n\t\t\t\t\t\t\t<img decoding=\"async\" width=\"1200\" height=\"628\" src=\"https:\/\/www.revfine.com\/wp-content\/uploads\/2025\/07\/ILTM-Africa-International-Luxury-Travel-Market-Africa-South-Africa.jpg\" class=\"attachment-full size-full wp-post-image\" alt=\"ILTM Africa - Mercato Internazionale dei Viaggi di Lusso Africa - Sud Africa\" \/>\t\t\t<\/a>\n\t\t\t\t\t\t\t<\/div>\n<div class=\"fusion-portfolio-content\"><h2 class=\"entry-title fusion-post-title\"><a href=\"https:\/\/www.revfine.com\/it\/page\/iltm-africa\/\">Mercato internazionale del turismo di lusso in Africa | Aprile 2027<\/a><\/h2><div class=\"fusion-post-content\"><p> ILTM Africa (International Luxury Travel Market Africa) \u00e8 un evento esclusivo, in cui i fornitori di viaggi di lusso africani incontrano acquirenti da tutto il mondo. Informazioni su ILTM Africa ILTM Africa \u00e8 il primo evento B2B di viaggi di lusso in Sudafrica che \u00e8 stato lanciato<\/p><\/div><\/div><\/div><\/article><article id=\"portfolio-1-post-3001\" class=\"fusion-portfolio-post travel-events-americas fusion-col-spacing post-3001\"><div class=\"fusion-portfolio-content-wrapper\" style=\"border:none;\"><span class=\"vcard rich-snippet-hidden\"><span class=\"fn\"><a href=\"https:\/\/www.revfine.com\/it\/author\/revfine-com\/\" title=\"Articoli scritti da Revfine.com\" rel=\"author\">Revfine.com<\/a><\/span><\/span><span class=\"updated rich-snippet-hidden\">2026-04-21T16:22:39+02:00<\/span><div  class=\"fusion-image-wrapper\" aria-haspopup=\"true\">\n\t\t\t\t\t\t\t<a href=\"https:\/\/www.revfine.com\/it\/page\/wtm-latin-america\/\" aria-label=\"WTM America Latina | Aprile 2027\">\n\t\t\t\t\t\t\t<img decoding=\"async\" width=\"1200\" height=\"628\" src=\"https:\/\/www.revfine.com\/wp-content\/uploads\/2025\/07\/WTM-Latin-America-World-Travel-Market-Latin-America-S\u00e3o-Paulo.jpg\" class=\"attachment-full size-full wp-post-image\" alt=\"WTM America Latina - World Travel Market America Latina - San Paolo - Brasile\" \/>\t\t\t<\/a>\n\t\t\t\t\t\t\t<\/div>\n<div class=\"fusion-portfolio-content\"><h2 class=\"entry-title fusion-post-title\"><a href=\"https:\/\/www.revfine.com\/it\/page\/wtm-latin-america\/\">WTM America Latina | Aprile 2027<\/a><\/h2><div class=\"fusion-post-content\"><p> Il principale evento B2B, WTM Latin America a San Paolo, invita il mondo nel settore dei viaggi dell&#039;America Latina attraverso opportunit\u00e0 di networking e contatti di qualit\u00e0. Informazioni su WTM Latin America Lanciato nel 2012, il World Travel Market Latin America \u00e8 un<\/p><\/div><\/div><\/div><\/article><article id=\"portfolio-1-post-3004\" class=\"fusion-portfolio-post travel-events-africa fusion-col-spacing post-3004\"><div class=\"fusion-portfolio-content-wrapper\" style=\"border:none;\"><span class=\"vcard rich-snippet-hidden\"><span class=\"fn\"><a href=\"https:\/\/www.revfine.com\/it\/author\/revfine-com\/\" title=\"Articoli scritti da Revfine.com\" rel=\"author\">Revfine.com<\/a><\/span><\/span><span class=\"updated rich-snippet-hidden\">2026-04-21T15:44:30+02:00<\/span><div  class=\"fusion-image-wrapper\" aria-haspopup=\"true\">\n\t\t\t\t\t\t\t<a href=\"https:\/\/www.revfine.com\/it\/page\/wtm-africa\/\" aria-label=\"WTM Africa | Aprile 2027\">\n\t\t\t\t\t\t\t<img decoding=\"async\" width=\"1200\" height=\"628\" src=\"https:\/\/www.revfine.com\/wp-content\/uploads\/2025\/07\/wtm-africa-world-travel-market-africa-cape-town.jpg\" class=\"attachment-full size-full wp-post-image\" alt=\"wtm africa - world travel market africa - cape town\" \/>\t\t\t<\/a>\n\t\t\t\t\t\t\t<\/div>\n<div class=\"fusion-portfolio-content\"><h2 class=\"entry-title fusion-post-title\"><a href=\"https:\/\/www.revfine.com\/it\/page\/wtm-africa\/\">WTM Africa | Aprile 2027<\/a><\/h2><div class=\"fusion-post-content\"><p> L&#039;evento WTM Africa, che si tiene a Cape Town, Sud Africa, \u00e8 un mondo pieno di inestimabili intuizioni e opportunit\u00e0 di networking aziendale nel settore dei viaggi ti aspetta all&#039;evento principale. Informazioni su WTM Africa World Travel Market L&#039;Africa \u00e8<\/p><\/div><\/div><\/div><\/article><article id=\"portfolio-1-post-3724\" class=\"fusion-portfolio-post travel-events-europe fusion-col-spacing post-3724\"><div class=\"fusion-portfolio-content-wrapper\" style=\"border:none;\"><span class=\"vcard rich-snippet-hidden\"><span class=\"fn\"><a href=\"https:\/\/www.revfine.com\/it\/author\/revfine-com\/\" title=\"Articoli scritti da Revfine.com\" rel=\"author\">Revfine.com<\/a><\/span><\/span><span class=\"updated rich-snippet-hidden\">2026-04-21T16:19:47+02:00<\/span><div  class=\"fusion-image-wrapper\" aria-haspopup=\"true\">\n\t\t\t\t\t\t\t<a href=\"https:\/\/www.revfine.com\/it\/page\/food-hotel-tech-paris\/\" aria-label=\"FHT Parigi \u2013 Smart Hotel | aprile 2027\">\n\t\t\t\t\t\t\t<img decoding=\"async\" width=\"1200\" height=\"628\" src=\"https:\/\/www.revfine.com\/wp-content\/uploads\/2025\/07\/Food-Hotel-Tech-Paris-France-Trade-Show-Digital-Tech-FHT-Paris.jpg\" class=\"attachment-full size-full wp-post-image\" alt=\"Food Hotel Tech Paris - Francia - Fiera Digital Tech - FHT Paris\" \/>\t\t\t<\/a>\n\t\t\t\t\t\t\t<\/div>\n<div class=\"fusion-portfolio-content\"><h2 class=\"entry-title fusion-post-title\"><a href=\"https:\/\/www.revfine.com\/it\/page\/food-hotel-tech-paris\/\">FHT Parigi \u2013 Smart Hotel | aprile 2027<\/a><\/h2><div class=\"fusion-post-content\"><p> Food Hotel Tech \u00e8 una fiera dell&#039;ospitalit\u00e0 unica a Parigi dedicata ai servizi digitali nel settore alberghiero e della ristorazione che si rivolge a fornitori di tecnologia, start-up ed esperti del settore, nonch\u00e9 acquirenti, decisori, ristrutturazioni<\/p><\/div><\/div><\/div><\/article><article id=\"portfolio-1-post-33696\" class=\"fusion-portfolio-post travel-events-europe fusion-col-spacing post-33696\"><div class=\"fusion-portfolio-content-wrapper\" style=\"border:none;\"><span class=\"vcard rich-snippet-hidden\"><span class=\"fn\"><a href=\"https:\/\/www.revfine.com\/it\/author\/revfine-com\/\" title=\"Articoli scritti da Revfine.com\" rel=\"author\">Revfine.com<\/a><\/span><\/span><span class=\"updated rich-snippet-hidden\">2026-03-04T11:52:07+01:00<\/span><div  class=\"fusion-image-wrapper\" aria-haspopup=\"true\">\n\t\t\t\t\t\t\t<a href=\"https:\/\/www.revfine.com\/it\/page\/ihtf-europe\/\" aria-label=\"Forum Internazionale sulla Tecnologia Alberghiera Europa | Aprile 2026\">\n\t\t\t\t\t\t\t<img decoding=\"async\" width=\"1200\" height=\"628\" src=\"https:\/\/www.revfine.com\/wp-content\/uploads\/2023\/03\/International-Hotel-Technology-Forum-Europe-IHTF-Europe-Forum.jpg\" class=\"attachment-full size-full wp-post-image\" alt=\"Forum Internazionale sulla Tecnologia Alberghiera in Europa - Forum IHTF Europa\" \/>\t\t\t<\/a>\n\t\t\t\t\t\t\t<\/div>\n<div class=\"fusion-portfolio-content\"><h2 class=\"entry-title fusion-post-title\"><a href=\"https:\/\/www.revfine.com\/it\/page\/ihtf-europe\/\">Forum Internazionale sulla Tecnologia Alberghiera Europa | Aprile 2026<\/a><\/h2><div class=\"fusion-post-content\"><p> L&#039;International Hotel Technology Forum (IHTF) \u00e8 il luogo d&#039;incontro ideale per attingere all&#039;esperienza delle principali catene alberghiere in Europa e oltre. Informazioni sull&#039;International Hotel Technology Forum Europe Oltre 400 leader del settore e decisori provenienti da tutta Europa<\/p><\/div><\/div><\/div><\/article><article id=\"portfolio-1-post-2696\" class=\"fusion-portfolio-post travel-events-europe fusion-col-spacing post-2696\"><div class=\"fusion-portfolio-content-wrapper\" style=\"border:none;\"><span class=\"vcard rich-snippet-hidden\"><span class=\"fn\"><a href=\"https:\/\/www.revfine.com\/it\/author\/revfine-com\/\" title=\"Articoli scritti da Revfine.com\" rel=\"author\">Revfine.com<\/a><\/span><\/span><span class=\"updated rich-snippet-hidden\">2026-02-27T11:22:42+01:00<\/span><div  class=\"fusion-image-wrapper\" aria-haspopup=\"true\">\n\t\t\t\t\t\t\t<a href=\"https:\/\/www.revfine.com\/it\/page\/independent-hotel-show-amsterdam\/\" aria-label=\"Independent Hotel Show Amsterdam | Aprile 2026\">\n\t\t\t\t\t\t\t<img decoding=\"async\" width=\"1200\" height=\"628\" src=\"https:\/\/www.revfine.com\/wp-content\/uploads\/2025\/07\/Independent-Hotel-Show-Amsterdam.jpg\" class=\"attachment-full size-full wp-post-image\" alt=\"Show alberghiero indipendente Amsterdam\" \/>\t\t\t<\/a>\n\t\t\t\t\t\t\t<\/div>\n<div class=\"fusion-portfolio-content\"><h2 class=\"entry-title fusion-post-title\"><a href=\"https:\/\/www.revfine.com\/it\/page\/independent-hotel-show-amsterdam\/\">Independent Hotel Show Amsterdam | Aprile 2026<\/a><\/h2><div class=\"fusion-post-content\"><p> Progettato per supportare la comunit\u00e0 degli hotel di lusso, l&#039;evento Independent Hotel Show Amsterdam fornir\u00e0 soluzioni pratiche per gli albergatori. Informazioni su Independent Hotel Show Amsterdam La fiera \u00e8 stata lanciata nel 2012 ed \u00e8 l&#039;unica piattaforma di business dedicata<\/p><\/div><\/div><\/div><\/article><article id=\"portfolio-1-post-3007\" class=\"fusion-portfolio-post travel-events-asia fusion-col-spacing post-3007\"><div class=\"fusion-portfolio-content-wrapper\" style=\"border:none;\"><span class=\"vcard rich-snippet-hidden\"><span class=\"fn\"><a href=\"https:\/\/www.revfine.com\/it\/author\/revfine-com\/\" title=\"Articoli scritti da Revfine.com\" rel=\"author\">Revfine.com<\/a><\/span><\/span><span class=\"updated rich-snippet-hidden\">2026-03-04T11:54:50+01:00<\/span><div  class=\"fusion-image-wrapper\" aria-haspopup=\"true\">\n\t\t\t\t\t\t\t<a href=\"https:\/\/www.revfine.com\/it\/page\/arabian-travel-market\/\" aria-label=\"Arabian Travel Market | Maggio 2026\">\n\t\t\t\t\t\t\t<img decoding=\"async\" width=\"1200\" height=\"628\" src=\"https:\/\/www.revfine.com\/wp-content\/uploads\/2025\/07\/Arabian-travel-market.jpg\" class=\"attachment-full size-full wp-post-image\" alt=\"Mercato dei viaggi arabo\" \/>\t\t\t<\/a>\n\t\t\t\t\t\t\t<\/div>\n<div class=\"fusion-portfolio-content\"><h2 class=\"entry-title fusion-post-title\"><a href=\"https:\/\/www.revfine.com\/it\/page\/arabian-travel-market\/\">Arabian Travel Market | Maggio 2026<\/a><\/h2><div class=\"fusion-post-content\"><p> Arabian Travel Market a Dubai (Emirati Arabi Uniti) \u00e8 il principale evento di viaggio internazionale del Medio Oriente che mira a ispirare e ridefinire il settore del turismo. Informazioni su Arabian Travel Market Arabian Travel Market \u00e8 stato un evento leader nel<\/p><\/div><\/div><\/div><\/article><article id=\"portfolio-1-post-3907\" class=\"fusion-portfolio-post travel-events-americas fusion-col-spacing post-3907\"><div class=\"fusion-portfolio-content-wrapper\" style=\"border:none;\"><span class=\"vcard rich-snippet-hidden\"><span class=\"fn\"><a href=\"https:\/\/www.revfine.com\/it\/author\/revfine-com\/\" title=\"Articoli scritti da Revfine.com\" rel=\"author\">Revfine.com<\/a><\/span><\/span><span class=\"updated rich-snippet-hidden\">2026-03-04T11:56:27+01:00<\/span><div  class=\"fusion-image-wrapper\" aria-haspopup=\"true\">\n\t\t\t\t\t\t\t<a href=\"https:\/\/www.revfine.com\/it\/page\/iltm-latin-america\/\" aria-label=\"ILTM America Latina | Maggio 2026\">\n\t\t\t\t\t\t\t<img decoding=\"async\" width=\"1200\" height=\"628\" src=\"https:\/\/www.revfine.com\/wp-content\/uploads\/2025\/07\/ILTM-Latin-America-International-Luxury-Travel-Market-Latin-America.jpg\" class=\"attachment-full size-full wp-post-image\" alt=\"ILTM America Latina - Mercato internazionale dei viaggi di lusso in America Latina\" \/>\t\t\t<\/a>\n\t\t\t\t\t\t\t<\/div>\n<div class=\"fusion-portfolio-content\"><h2 class=\"entry-title fusion-post-title\"><a href=\"https:\/\/www.revfine.com\/it\/page\/iltm-latin-america\/\">ILTM America Latina | Maggio 2026<\/a><\/h2><div class=\"fusion-post-content\"><p> ILTM Latin America (International Luxury Travel Market Latin America) unisce gli agenti di viaggio di lusso con i fornitori internazionali di esperienze di viaggio. Informazioni su ILTM America Latina Gli agenti di viaggio di lusso di San Paolo, Brasile e America Latina si riuniscono per incontri con i fornitori<\/p><\/div><\/div><\/div><\/article><article id=\"portfolio-1-post-2923\" class=\"fusion-portfolio-post travel-events-asia fusion-col-spacing post-2923\"><div class=\"fusion-portfolio-content-wrapper\" style=\"border:none;\"><span class=\"vcard rich-snippet-hidden\"><span class=\"fn\"><a href=\"https:\/\/www.revfine.com\/it\/author\/revfine-com\/\" title=\"Articoli scritti da Revfine.com\" rel=\"author\">Revfine.com<\/a><\/span><\/span><span class=\"updated rich-snippet-hidden\">2026-03-04T18:58:33+01:00<\/span><div  class=\"fusion-image-wrapper\" aria-haspopup=\"true\">\n\t\t\t\t\t\t\t<a href=\"https:\/\/www.revfine.com\/it\/page\/itb-china\/\" aria-label=\"ITB Cina | Maggio 2026\">\n\t\t\t\t\t\t\t<img decoding=\"async\" width=\"1200\" height=\"628\" src=\"https:\/\/www.revfine.com\/wp-content\/uploads\/2025\/07\/ITB-China.jpg\" class=\"attachment-full size-full wp-post-image\" alt=\"ITB Cina\" \/>\t\t\t<\/a>\n\t\t\t\t\t\t\t<\/div>\n<div class=\"fusion-portfolio-content\"><h2 class=\"entry-title fusion-post-title\"><a href=\"https:\/\/www.revfine.com\/it\/page\/itb-china\/\">ITB Cina | Maggio 2026<\/a><\/h2><div class=\"fusion-post-content\"><p> Scopri le ultime tendenze del marketing turistico e del settore dei viaggi in uno dei pi\u00f9 grandi eventi asiatici, l&#039;ITB China Travel Trade Show a Shanghai. Informazioni sulla fiera ITB China Travel Trade Show ITB China Travel Trade<\/p><\/div><\/div><\/div><\/article><article id=\"portfolio-1-post-2962\" class=\"fusion-portfolio-post travel-events-asia fusion-col-spacing post-2962\"><div class=\"fusion-portfolio-content-wrapper\" style=\"border:none;\"><span class=\"vcard rich-snippet-hidden\"><span class=\"fn\"><a href=\"https:\/\/www.revfine.com\/it\/author\/revfine-com\/\" title=\"Articoli scritti da Revfine.com\" rel=\"author\">Revfine.com<\/a><\/span><\/span><span class=\"updated rich-snippet-hidden\">2026-03-04T19:03:47+01:00<\/span><div  class=\"fusion-image-wrapper\" aria-haspopup=\"true\">\n\t\t\t\t\t\t\t<a href=\"https:\/\/www.revfine.com\/it\/page\/the-hotel-show-dubai\/\" aria-label=\"The Hotel Show Dubai | Giugno 2026\">\n\t\t\t\t\t\t\t<img decoding=\"async\" width=\"1200\" height=\"628\" src=\"https:\/\/www.revfine.com\/wp-content\/uploads\/2025\/07\/The-Hotel-Show-Dubai.jpg\" class=\"attachment-full size-full wp-post-image\" alt=\"The Hotel Show Dubai\" \/>\t\t\t<\/a>\n\t\t\t\t\t\t\t<\/div>\n<div class=\"fusion-portfolio-content\"><h2 class=\"entry-title fusion-post-title\"><a href=\"https:\/\/www.revfine.com\/it\/page\/the-hotel-show-dubai\/\">The Hotel Show Dubai | Giugno 2026<\/a><\/h2><div class=\"fusion-post-content\"><p> La pi\u00f9 grande e prestigiosa fiera dell&#039;ospitalit\u00e0, l&#039;Hotel Show Dubai, rimodeller\u00e0 il crescente commercio di viaggi e turismo della regione. Informazioni su The Hotel Show Dubai The Hotel Show Dubai \u00e8 uno degli eventi pi\u00f9 influenti del Medio Oriente dedicato<\/p><\/div><\/div><\/div><\/article><article id=\"portfolio-1-post-3913\" class=\"fusion-portfolio-post travel-events-asia fusion-col-spacing post-3913\"><div class=\"fusion-portfolio-content-wrapper\" style=\"border:none;\"><span class=\"vcard rich-snippet-hidden\"><span class=\"fn\"><a href=\"https:\/\/www.revfine.com\/it\/author\/revfine-com\/\" title=\"Articoli scritti da Revfine.com\" rel=\"author\">Revfine.com<\/a><\/span><\/span><span class=\"updated rich-snippet-hidden\">2026-03-04T19:08:33+01:00<\/span><div  class=\"fusion-image-wrapper\" aria-haspopup=\"true\">\n\t\t\t\t\t\t\t<a href=\"https:\/\/www.revfine.com\/it\/page\/iltm-asia-pacific\/\" aria-label=\"ILTM Asia Pacifico | Giugno 2026\">\n\t\t\t\t\t\t\t<img decoding=\"async\" width=\"1200\" height=\"628\" src=\"https:\/\/www.revfine.com\/wp-content\/uploads\/2025\/07\/ILTM-Asia-Pacific-International-Luxury-Travel-Market-Asia-Pacific.jpg\" class=\"attachment-full size-full wp-post-image\" alt=\"ILTM Asia Pacific - Mercato internazionale dei viaggi di lusso Asia Pacific\" \/>\t\t\t<\/a>\n\t\t\t\t\t\t\t<\/div>\n<div class=\"fusion-portfolio-content\"><h2 class=\"entry-title fusion-post-title\"><a href=\"https:\/\/www.revfine.com\/it\/page\/iltm-asia-pacific\/\">ILTM Asia Pacifico | Giugno 2026<\/a><\/h2><div class=\"fusion-post-content\"><p> ILTM Asia Pacific (Pacific (International Luxury Travel Market Asia Pacific)&quot; offre l&#039;opportunit\u00e0 di incontrare e fare rete con i principali acquirenti di viaggi di lusso. Informazioni su ILTM Asia Pacific L&#039;evento ILTM Asia Pacific (International Luxury Travel Market Asia Pacific) si svolge<\/p><\/div><\/div><\/div><\/article><article id=\"portfolio-1-post-2929\" class=\"fusion-portfolio-post travel-events-asia fusion-col-spacing post-2929\"><div class=\"fusion-portfolio-content-wrapper\" style=\"border:none;\"><span class=\"vcard rich-snippet-hidden\"><span class=\"fn\"><a href=\"https:\/\/www.revfine.com\/it\/author\/revfine-com\/\" title=\"Articoli scritti da Revfine.com\" rel=\"author\">Revfine.com<\/a><\/span><\/span><span class=\"updated rich-snippet-hidden\">2026-03-04T19:12:53+01:00<\/span><div  class=\"fusion-image-wrapper\" aria-haspopup=\"true\">\n\t\t\t\t\t\t\t<a href=\"https:\/\/www.revfine.com\/it\/page\/itb-india\/\" aria-label=\"ITBIndia | Settembre 2026\">\n\t\t\t\t\t\t\t<img decoding=\"async\" width=\"1200\" height=\"628\" src=\"https:\/\/www.revfine.com\/wp-content\/uploads\/2025\/07\/ITB-India.jpg\" class=\"attachment-full size-full wp-post-image\" alt=\"ITB India\" \/>\t\t\t<\/a>\n\t\t\t\t\t\t\t<\/div>\n<div class=\"fusion-portfolio-content\"><h2 class=\"entry-title fusion-post-title\"><a href=\"https:\/\/www.revfine.com\/it\/page\/itb-india\/\">ITBIndia | Settembre 2026<\/a><\/h2><div class=\"fusion-post-content\"><p> La fiera dei viaggi ITB India a Mumbai riunisce oltre 400 leader del settore dei viaggi chiave ed espositori internazionali per connettersi con il mercato dei viaggi indiano. Informazioni sulla fiera dei viaggi ITB India La fiera dei viaggi ITB India<\/p><\/div><\/div><\/div><\/article><article id=\"portfolio-1-post-33700\" class=\"fusion-portfolio-post travel-events-africa fusion-col-spacing post-33700\"><div class=\"fusion-portfolio-content-wrapper\" style=\"border:none;\"><span class=\"vcard rich-snippet-hidden\"><span class=\"fn\"><a href=\"https:\/\/www.revfine.com\/it\/author\/revfine-com\/\" title=\"Articoli scritti da Revfine.com\" rel=\"author\">Revfine.com<\/a><\/span><\/span><span class=\"updated rich-snippet-hidden\">2025-12-01T15:31:23+01:00<\/span><div  class=\"fusion-image-wrapper\" aria-haspopup=\"true\">\n\t\t\t\t\t\t\t<a href=\"https:\/\/www.revfine.com\/it\/page\/ihtf-middle-east-and-north-africa\/\" aria-label=\"Forum internazionale sulla tecnologia alberghiera in Medio Oriente e Nord Africa | Settembre 2026\">\n\t\t\t\t\t\t\t<img decoding=\"async\" width=\"1200\" height=\"628\" src=\"https:\/\/www.revfine.com\/wp-content\/uploads\/2025\/01\/International-Hotel-Technology-Forum-Middle-East-and-North-Africa.jpg\" class=\"attachment-full size-full wp-post-image\" alt=\"Forum internazionale sulla tecnologia alberghiera in Medio Oriente e Nord Africa\" \/>\t\t\t<\/a>\n\t\t\t\t\t\t\t<\/div>\n<div class=\"fusion-portfolio-content\"><h2 class=\"entry-title fusion-post-title\"><a href=\"https:\/\/www.revfine.com\/it\/page\/ihtf-middle-east-and-north-africa\/\">Forum internazionale sulla tecnologia alberghiera in Medio Oriente e Nord Africa | Settembre 2026<\/a><\/h2><div class=\"fusion-post-content\"><p> Esplora i progressi all&#039;avanguardia nella tecnologia alberghiera che guidano la crescita e l&#039;innovazione nella regione MENA. Informazioni su The International Hotel Technology Forum Middle East &amp; North Africa L&#039;edizione The International Hotel Technology Forum Middle East &amp; North Africa \u00e8 la<\/p><\/div><\/div><\/div><\/article><article id=\"portfolio-1-post-3965\" class=\"fusion-portfolio-post travel-events-europe fusion-col-spacing post-3965\"><div class=\"fusion-portfolio-content-wrapper\" style=\"border:none;\"><span class=\"vcard rich-snippet-hidden\"><span class=\"fn\"><a href=\"https:\/\/www.revfine.com\/it\/author\/revfine-com\/\" title=\"Articoli scritti da Revfine.com\" rel=\"author\">Revfine.com<\/a><\/span><\/span><span class=\"updated rich-snippet-hidden\">2026-03-04T19:18:30+01:00<\/span><div  class=\"fusion-image-wrapper\" aria-haspopup=\"true\">\n\t\t\t\t\t\t\t<a href=\"https:\/\/www.revfine.com\/it\/page\/iftm-paris\/\" aria-label=\"IFTM Top Resa Parigi | Settembre 2026\">\n\t\t\t\t\t\t\t<img decoding=\"async\" width=\"1200\" height=\"628\" src=\"https:\/\/www.revfine.com\/wp-content\/uploads\/2025\/07\/IFTM-Paris-IFTM-Top-Resa.jpg\" class=\"attachment-full size-full wp-post-image\" alt=\"IFTM Parigi - IFTM Top Resa\" \/>\t\t\t<\/a>\n\t\t\t\t\t\t\t<\/div>\n<div class=\"fusion-portfolio-content\"><h2 class=\"entry-title fusion-post-title\"><a href=\"https:\/\/www.revfine.com\/it\/page\/iftm-paris\/\">IFTM Top Resa Parigi | Settembre 2026<\/a><\/h2><div class=\"fusion-post-content\"><p> IFTM Top Resa Paris \u00e8 una fiera annuale dei viaggi multiuso rivolta a tutti i segmenti di viaggi e turismo, inclusi MICE, Leisure e Business. Informazioni su IFTM Top Resa Paris L&#039;evento IFTM Top Resa Paris in Francia \u00e8 una piattaforma per<\/p><\/div><\/div><\/div><\/article><article id=\"portfolio-1-post-20757\" class=\"fusion-portfolio-post travel-events-americas virtual-events fusion-col-spacing post-20757\"><div class=\"fusion-portfolio-content-wrapper\" style=\"border:none;\"><span class=\"vcard rich-snippet-hidden\"><span class=\"fn\"><a href=\"https:\/\/www.revfine.com\/it\/author\/revfine-com\/\" title=\"Articoli scritti da Revfine.com\" rel=\"author\">Revfine.com<\/a><\/span><\/span><span class=\"updated rich-snippet-hidden\">2026-03-04T19:21:13+01:00<\/span><div  class=\"fusion-image-wrapper\" aria-haspopup=\"true\">\n\t\t\t\t\t\t\t<a href=\"https:\/\/www.revfine.com\/it\/page\/skift-global-forum\/\" aria-label=\"Forum globale Skift | Settembre 2026\">\n\t\t\t\t\t\t\t<img decoding=\"async\" width=\"1200\" height=\"628\" src=\"https:\/\/www.revfine.com\/wp-content\/uploads\/2022\/05\/Skift-Global-Forum.jpg\" class=\"attachment-full size-full wp-post-image\" alt=\"Skift Global Forum\" \/>\t\t\t<\/a>\n\t\t\t\t\t\t\t<\/div>\n<div class=\"fusion-portfolio-content\"><h2 class=\"entry-title fusion-post-title\"><a href=\"https:\/\/www.revfine.com\/it\/page\/skift-global-forum\/\">Forum globale Skift | Settembre 2026<\/a><\/h2><div class=\"fusion-post-content\"><p> Lo Skift Global Forum ritorna con un evento di persona e online, che riunisce i migliori CEO e menti imprenditoriali del mondo dei viaggi. Informazioni su Skift Global Forum Lo Skift Global Forum \u00e8 la conferenza di punta di Skift per il<\/p><\/div><\/div><\/div><\/article><article id=\"portfolio-1-post-3916\" class=\"fusion-portfolio-post travel-events-americas fusion-col-spacing post-3916\"><div class=\"fusion-portfolio-content-wrapper\" style=\"border:none;\"><span class=\"vcard rich-snippet-hidden\"><span class=\"fn\"><a href=\"https:\/\/www.revfine.com\/it\/author\/revfine-com\/\" title=\"Articoli scritti da Revfine.com\" rel=\"author\">Revfine.com<\/a><\/span><\/span><span class=\"updated rich-snippet-hidden\">2026-03-04T19:24:52+01:00<\/span><div  class=\"fusion-image-wrapper\" aria-haspopup=\"true\">\n\t\t\t\t\t\t\t<a href=\"https:\/\/www.revfine.com\/it\/page\/iltm-north-america\/\" aria-label=\"ILTM Nord America | Settembre 2026\">\n\t\t\t\t\t\t\t<img decoding=\"async\" width=\"1200\" height=\"628\" src=\"https:\/\/www.revfine.com\/wp-content\/uploads\/2025\/07\/ILTM-North-America-International-Luxury-Travel-Market-North-America.jpg\" class=\"attachment-full size-full wp-post-image\" alt=\"ILTM Nord America - Mercato internazionale dei viaggi di lusso in Nord America\" \/>\t\t\t<\/a>\n\t\t\t\t\t\t\t<\/div>\n<div class=\"fusion-portfolio-content\"><h2 class=\"entry-title fusion-post-title\"><a href=\"https:\/\/www.revfine.com\/it\/page\/iltm-north-america\/\">ILTM Nord America | Settembre 2026<\/a><\/h2><div class=\"fusion-post-content\"><p> ILTM North America (International Luxury Travel Market North America) riunisce agenti e consulenti di viaggi di lusso provenienti da Canada, Messico e Stati Uniti. Informazioni su ILTM North America L&#039;evento ILTM North America (International Luxury Travel Market North America) \u00e8 solo su invito<\/p><\/div><\/div><\/div><\/article><article id=\"portfolio-1-post-2699\" class=\"fusion-portfolio-post travel-events-europe fusion-col-spacing post-2699\"><div class=\"fusion-portfolio-content-wrapper\" style=\"border:none;\"><span class=\"vcard rich-snippet-hidden\"><span class=\"fn\"><a href=\"https:\/\/www.revfine.com\/it\/author\/revfine-com\/\" title=\"Articoli scritti da Revfine.com\" rel=\"author\">Revfine.com<\/a><\/span><\/span><span class=\"updated rich-snippet-hidden\">2025-10-21T12:34:59+02:00<\/span><div  class=\"fusion-image-wrapper\" aria-haspopup=\"true\">\n\t\t\t\t\t\t\t<a href=\"https:\/\/www.revfine.com\/it\/page\/independent-hotel-show-london\/\" aria-label=\"Independent Hotel Show Londra | Ottobre 2026\">\n\t\t\t\t\t\t\t<img decoding=\"async\" width=\"1200\" height=\"628\" src=\"https:\/\/www.revfine.com\/wp-content\/uploads\/2025\/07\/Independent-Hotel-Show-London.jpg\" class=\"attachment-full size-full wp-post-image\" alt=\"Show alberghiero indipendente Londra\" \/>\t\t\t<\/a>\n\t\t\t\t\t\t\t<\/div>\n<div class=\"fusion-portfolio-content\"><h2 class=\"entry-title fusion-post-title\"><a href=\"https:\/\/www.revfine.com\/it\/page\/independent-hotel-show-london\/\">Independent Hotel Show Londra | Ottobre 2026<\/a><\/h2><div class=\"fusion-post-content\"><p> The Independent Hotel Show London \u00e8 un evento aziendale leader nel Regno Unito specificamente progettato per hotel di lusso e boutique. Informazioni su Independent Hotel Show London Questa fiera \u00e8 stata originariamente lanciata a Londra, in Inghilterra, nel 2012 e<\/p><\/div><\/div><\/div><\/article><article id=\"portfolio-1-post-2665\" class=\"fusion-portfolio-post travel-events-asia fusion-col-spacing post-2665\"><div class=\"fusion-portfolio-content-wrapper\" style=\"border:none;\"><span class=\"vcard rich-snippet-hidden\"><span class=\"fn\"><a href=\"https:\/\/www.revfine.com\/it\/author\/revfine-com\/\" title=\"Articoli scritti da Revfine.com\" rel=\"author\">Revfine.com<\/a><\/span><\/span><span class=\"updated rich-snippet-hidden\">2026-03-04T19:29:28+01:00<\/span><div  class=\"fusion-image-wrapper\" aria-haspopup=\"true\">\n\t\t\t\t\t\t\t<a href=\"https:\/\/www.revfine.com\/it\/page\/travel-tech-asia\/\" aria-label=\"Travel Tech Asia | Ottobre 2026\">\n\t\t\t\t\t\t\t<img decoding=\"async\" width=\"1200\" height=\"628\" src=\"https:\/\/www.revfine.com\/wp-content\/uploads\/2025\/07\/Hotel-Revenue-Distribution-Summit-Singapore.jpg\" class=\"attachment-full size-full wp-post-image\" alt=\"Vertice sulla distribuzione dei ricavi degli hotel a Singapore\" \/>\t\t\t<\/a>\n\t\t\t\t\t\t\t<\/div>\n<div class=\"fusion-portfolio-content\"><h2 class=\"entry-title fusion-post-title\"><a href=\"https:\/\/www.revfine.com\/it\/page\/travel-tech-asia\/\">Travel Tech Asia | Ottobre 2026<\/a><\/h2><div class=\"fusion-post-content\"><p> Il Travel Tech Asia Show di Singapore condivider\u00e0 suggerimenti su come massimizzare i profitti degli hotel e le prenotazioni dirette. Informazioni sull&#039;Hotel Revenue &amp; Distribution Summit al Travel Tech Asia L&#039;evento Travel Tech Asia di Singapore \u00e8 una fiera di un giorno che<\/p><\/div><\/div><\/div><\/article><article id=\"portfolio-1-post-2677\" class=\"fusion-portfolio-post travel-events-asia fusion-col-spacing post-2677\"><div class=\"fusion-portfolio-content-wrapper\" style=\"border:none;\"><span class=\"vcard rich-snippet-hidden\"><span class=\"fn\"><a href=\"https:\/\/www.revfine.com\/it\/author\/revfine-com\/\" title=\"Articoli scritti da Revfine.com\" rel=\"author\">Revfine.com<\/a><\/span><\/span><span class=\"updated rich-snippet-hidden\">2026-03-04T19:35:58+01:00<\/span><div  class=\"fusion-image-wrapper\" aria-haspopup=\"true\">\n\t\t\t\t\t\t\t<a href=\"https:\/\/www.revfine.com\/it\/page\/itb-asia\/\" aria-label=\"ITB Asia Singapore | Ottobre 2026\">\n\t\t\t\t\t\t\t<img decoding=\"async\" width=\"1200\" height=\"628\" src=\"https:\/\/www.revfine.com\/wp-content\/uploads\/2025\/07\/ITB-Asia.jpg\" class=\"attachment-full size-full wp-post-image\" alt=\"ITB Asia\" \/>\t\t\t<\/a>\n\t\t\t\t\t\t\t<\/div>\n<div class=\"fusion-portfolio-content\"><h2 class=\"entry-title fusion-post-title\"><a href=\"https:\/\/www.revfine.com\/it\/page\/itb-asia\/\">ITB Asia Singapore | Ottobre 2026<\/a><\/h2><div class=\"fusion-post-content\"><p> La fiera leader in Asia, la fiera dei viaggi ITB Asia a Singapore, svela una combinazione unica di prodotti di viaggio e opportunit\u00e0 di networking. Informazioni sull&#039;ITB Asia Travel Trade Show L&#039;ITB Asia Travel Trade Show a Singapore dura 3 giorni<\/p><\/div><\/div><\/div><\/article><article id=\"portfolio-1-post-2998\" class=\"fusion-portfolio-post travel-events-europe fusion-col-spacing post-2998\"><div class=\"fusion-portfolio-content-wrapper\" style=\"border:none;\"><span class=\"vcard rich-snippet-hidden\"><span class=\"fn\"><a href=\"https:\/\/www.revfine.com\/it\/author\/revfine-com\/\" title=\"Articoli scritti da Revfine.com\" rel=\"author\">Revfine.com<\/a><\/span><\/span><span class=\"updated rich-snippet-hidden\">2025-12-01T15:15:22+01:00<\/span><div  class=\"fusion-image-wrapper\" aria-haspopup=\"true\">\n\t\t\t\t\t\t\t<a href=\"https:\/\/www.revfine.com\/it\/page\/wtm-london\/\" aria-label=\"WTM Londra | Novembre 2026\">\n\t\t\t\t\t\t\t<img decoding=\"async\" width=\"1200\" height=\"628\" src=\"https:\/\/www.revfine.com\/wp-content\/uploads\/2025\/07\/wtm-London-World-travel-market-London.jpg\" class=\"attachment-full size-full wp-post-image\" alt=\"wtm London - Mercato mondiale dei viaggi Londra\" \/>\t\t\t<\/a>\n\t\t\t\t\t\t\t<\/div>\n<div class=\"fusion-portfolio-content\"><h2 class=\"entry-title fusion-post-title\"><a href=\"https:\/\/www.revfine.com\/it\/page\/wtm-london\/\">WTM Londra | Novembre 2026<\/a><\/h2><div class=\"fusion-post-content\"><p> L&#039;evento WTM London (World Travel Market London) \u00e8 il luogo d&#039;incontro globale per i professionisti del settore dei viaggi che possono beneficiare di opportunit\u00e0 di business uniche. Informazioni su WTM London Il World Travel Market London presenta agli acquirenti di viaggi internazionali pi\u00f9 di<\/p><\/div><\/div><\/div><\/article><article id=\"portfolio-1-post-2986\" class=\"fusion-portfolio-post travel-events-europe fusion-col-spacing post-2986\"><div class=\"fusion-portfolio-content-wrapper\" style=\"border:none;\"><span class=\"vcard rich-snippet-hidden\"><span class=\"fn\"><a href=\"https:\/\/www.revfine.com\/it\/author\/revfine-com\/\" title=\"Articoli scritti da Revfine.com\" rel=\"author\">Revfine.com<\/a><\/span><\/span><span class=\"updated rich-snippet-hidden\">2026-03-04T19:39:37+01:00<\/span><div  class=\"fusion-image-wrapper\" aria-haspopup=\"true\">\n\t\t\t\t\t\t\t<a href=\"https:\/\/www.revfine.com\/it\/page\/wtm-travel-technology-show\/\" aria-label=\"WTM Fiera della tecnologia di viaggio | Novembre 2026\">\n\t\t\t\t\t\t\t<img decoding=\"async\" width=\"1200\" height=\"628\" src=\"https:\/\/www.revfine.com\/wp-content\/uploads\/2025\/07\/Travel-forward-London-Travel-forward-conference.jpg\" class=\"attachment-full size-full wp-post-image\" alt=\"Viaggio in avanti Londra - Viaggio in avanti conferenza\" \/>\t\t\t<\/a>\n\t\t\t\t\t\t\t<\/div>\n<div class=\"fusion-portfolio-content\"><h2 class=\"entry-title fusion-post-title\"><a href=\"https:\/\/www.revfine.com\/it\/page\/wtm-travel-technology-show\/\">WTM Fiera della tecnologia di viaggio | Novembre 2026<\/a><\/h2><div class=\"fusion-post-content\"><p> L&#039;evento interattivo e stimolante, WTM Travel Technology Show, invita i fornitori di soluzioni innovative a mostrare le ultime tendenze tecnologiche nel settore dei viaggi. Informazioni sul WTM Travel Technology Show Il WTM Travel Technology Show riunisce oltre 250 fornitori di soluzioni tecnologiche e<\/p><\/div><\/div><\/div><\/article><article id=\"portfolio-1-post-3928\" class=\"fusion-portfolio-post travel-events-europe fusion-col-spacing post-3928\"><div class=\"fusion-portfolio-content-wrapper\" style=\"border:none;\"><span class=\"vcard rich-snippet-hidden\"><span class=\"fn\"><a href=\"https:\/\/www.revfine.com\/it\/author\/revfine-com\/\" title=\"Articoli scritti da Revfine.com\" rel=\"author\">Revfine.com<\/a><\/span><\/span><span class=\"updated rich-snippet-hidden\">2026-03-04T19:42:26+01:00<\/span><div  class=\"fusion-image-wrapper\" aria-haspopup=\"true\">\n\t\t\t\t\t\t\t<a href=\"https:\/\/www.revfine.com\/it\/page\/iltm-cannes\/\" aria-label=\"Mercato Internazionale del Turismo di Lusso Cannes | Dicembre 2026\">\n\t\t\t\t\t\t\t<img decoding=\"async\" width=\"1200\" height=\"628\" src=\"https:\/\/www.revfine.com\/wp-content\/uploads\/2025\/07\/ILTM-Cannes-International-Luxury-Travel-Market-Cannes-France.jpg\" class=\"attachment-full size-full wp-post-image\" alt=\"ILTM Cannes - Mercato Internazionale dei Viaggi di Lusso Cannes - Francia\" \/>\t\t\t<\/a>\n\t\t\t\t\t\t\t<\/div>\n<div class=\"fusion-portfolio-content\"><h2 class=\"entry-title fusion-post-title\"><a href=\"https:\/\/www.revfine.com\/it\/page\/iltm-cannes\/\">Mercato Internazionale del Turismo di Lusso Cannes | Dicembre 2026<\/a><\/h2><div class=\"fusion-post-content\"><p> ILTM Cannes (International Luxury Travel Market Cannes) promette di essere il pi\u00f9 grande evento dell&#039;anno per la comunit\u00e0 globale dei viaggi di lusso. Informazioni su ILTM Cannes Questo evento offre l&#039;opportunit\u00e0 perfetta per incontrare esperienze di viaggio di lusso. Apre il<\/p><\/div><\/div><\/div><\/article><article id=\"portfolio-1-post-20761\" class=\"fusion-portfolio-post travel-events-americas fusion-col-spacing post-20761\"><div class=\"fusion-portfolio-content-wrapper\" style=\"border:none;\"><span class=\"vcard rich-snippet-hidden\"><span class=\"fn\"><a href=\"https:\/\/www.revfine.com\/it\/author\/revfine-com\/\" title=\"Articoli scritti da Revfine.com\" rel=\"author\">Revfine.com<\/a><\/span><\/span><span class=\"updated rich-snippet-hidden\">2026-03-04T19:48:40+01:00<\/span><div  class=\"fusion-image-wrapper\" aria-haspopup=\"true\">\n\t\t\t\t\t\t\t<a href=\"https:\/\/www.revfine.com\/it\/page\/skift-aviation-forum\/\" aria-label=\"Forum sull&#039;aviazione Skift | Dicembre 2026\">\n\t\t\t\t\t\t\t<img decoding=\"async\" width=\"1200\" height=\"628\" src=\"https:\/\/www.revfine.com\/wp-content\/uploads\/2022\/05\/Skift-Aviation-Forum.jpg\" class=\"attachment-full size-full wp-post-image\" alt=\"Skift Aviation Forum\" \/>\t\t\t<\/a>\n\t\t\t\t\t\t\t<\/div>\n<div class=\"fusion-portfolio-content\"><h2 class=\"entry-title fusion-post-title\"><a href=\"https:\/\/www.revfine.com\/it\/page\/skift-aviation-forum\/\">Forum sull&#039;aviazione Skift | Dicembre 2026<\/a><\/h2><div class=\"fusion-post-content\"><p> Lo Skift Aviation Forum riunisce amministratori delegati e figure di spicco del settore aereo per discussioni sul presente e il futuro dell&#039;aviazione. Informazioni su Skift Aviation Forum Lo Skift Aviation Forum \u00e8 un evento di persona e online, ospitato presso<\/p><\/div><\/div><\/div><\/article><article id=\"portfolio-1-post-33583\" class=\"fusion-portfolio-post travel-events-europe virtual-events fusion-col-spacing post-33583\"><div class=\"fusion-portfolio-content-wrapper\" style=\"border:none;\"><span class=\"vcard rich-snippet-hidden\"><span class=\"fn\"><a href=\"https:\/\/www.revfine.com\/it\/author\/revfine-com\/\" title=\"Articoli scritti da Revfine.com\" rel=\"author\">Revfine.com<\/a><\/span><\/span><span class=\"updated rich-snippet-hidden\">2025-06-13T09:51:50+02:00<\/span><div  class=\"fusion-image-wrapper\" aria-haspopup=\"true\">\n\t\t\t\t\t\t\t<a href=\"https:\/\/www.revfine.com\/it\/page\/global-revenue-forum-madrid\/\" aria-label=\"Global Revenue Forum Madrid | 2026\">\n\t\t\t\t\t\t\t<img decoding=\"async\" width=\"1200\" height=\"628\" src=\"https:\/\/www.revfine.com\/wp-content\/uploads\/2024\/12\/Global-Revenue-Forum-Madrid.jpg\" class=\"attachment-full size-full wp-post-image\" alt=\"Forum sui ricavi globali di Madrid\" \/>\t\t\t<\/a>\n\t\t\t\t\t\t\t<\/div>\n<div class=\"fusion-portfolio-content\"><h2 class=\"entry-title fusion-post-title\"><a href=\"https:\/\/www.revfine.com\/it\/page\/global-revenue-forum-madrid\/\">Global Revenue Forum Madrid | 2026<\/a><\/h2><div class=\"fusion-post-content\"><p> The Global Revenue Forum Madrid (GRF) \u00e8 un evento di prim&#039;ordine per i professionisti del settore alberghiero, incentrato su revenue management e strategie commerciali. GRF si svolger\u00e0 contemporaneamente a Madrid, Parigi e Amsterdam, con possibilit\u00e0 di partecipazione online. Informazioni su<\/p><\/div><\/div><\/div><\/article><\/div><\/div><br><div ><a class=\"fusion-button button-flat button-xlarge button-custom fusion-button-default button-2 fusion-button-default-span fusion-button-default-type\" style=\"--button_accent_color:#d4a763;--button_accent_hover_color:#d4a763;--button_border_hover_color:#ffffff;--button_gradient_top_color:#212121;--button_gradient_bottom_color:#212121;--button_gradient_top_color_hover:#212121;--button_gradient_bottom_color_hover:#212121;--button_text_transform:uppercase;\" target=\"_blank\" rel=\"noopener noreferrer\" href=\"https:\/\/www.revfine.com\/add-event\/\"><i class=\"fa-calendar far awb-button__icon awb-button__icon--default button-icon-left\" aria-hidden=\"true\"><\/i><span class=\"fusion-button-text awb-button__text awb-button__text--default\">Aggiungi un evento<\/span><\/a><\/div><div class=\"fusion-separator fusion-full-width-sep\" style=\"align-self: center;margin-left: auto;margin-right: auto;margin-top:80px;width:100%;\"><div class=\"fusion-separator-border sep-single sep-solid\" style=\"--awb-height:20px;--awb-amount:20px;border-color:#e0dede;border-top-width:1px;\"><\/div><\/div><\/div><\/div><\/div><\/div><\/p>","protected":false},"excerpt":{"rendered":"","protected":false},"author":1,"featured_media":2661,"parent":0,"menu_order":0,"comment_status":"closed","ping_status":"closed","template":"","meta":{"footnotes":""},"class_list":["post-2555","page","type-page","status-publish","has-post-thumbnail","hentry"],"yoast_head":"<!-- This site is optimized with the Yoast SEO plugin v27.3 - https:\/\/yoast.com\/product\/yoast-seo-wordpress\/ -->\n<title>Overview of Hotel, Hospitality and Travel Industry Events<\/title>\n<meta name=\"description\" content=\"Here you find an overview of hotel, hospitality and travel industry events, trade shows, conferences and conventions in your area.\" \/>\n<meta name=\"robots\" content=\"index, follow, max-snippet:-1, max-image-preview:large, max-video-preview:-1\" \/>\n<link rel=\"canonical\" href=\"https:\/\/www.revfine.com\/it\/eventi\/\" \/>\n<meta property=\"og:locale\" content=\"it_IT\" \/>\n<meta property=\"og:type\" content=\"article\" \/>\n<meta property=\"og:title\" content=\"Overview of Hotel, Hospitality and Travel Industry Events\" \/>\n<meta property=\"og:description\" content=\"Here you find an overview of hotel, hospitality and travel industry events, trade shows, conferences and conventions in your area.\" \/>\n<meta property=\"og:url\" content=\"https:\/\/www.revfine.com\/it\/eventi\/\" \/>\n<meta property=\"og:site_name\" content=\"Revfine.com\" \/>\n<meta property=\"article:modified_time\" content=\"2026-01-22T14:16:10+00:00\" \/>\n<meta property=\"og:image\" content=\"https:\/\/www.revfine.com\/wp-content\/uploads\/2025\/07\/Hotel-events-Hospitality-events-Travel-events.jpg\" \/>\n\t<meta property=\"og:image:width\" content=\"1000\" \/>\n\t<meta property=\"og:image:height\" content=\"516\" \/>\n\t<meta property=\"og:image:type\" content=\"image\/jpeg\" \/>\n<meta name=\"twitter:card\" content=\"summary_large_image\" \/>\n<meta name=\"twitter:label1\" content=\"Tempo di lettura stimato\" \/>\n\t<meta name=\"twitter:data1\" content=\"14 minuti\" \/>\n<script type=\"application\/ld+json\" class=\"yoast-schema-graph\">{\"@context\":\"https:\\\/\\\/schema.org\",\"@graph\":[{\"@type\":\"WebPage\",\"@id\":\"https:\\\/\\\/www.revfine.com\\\/events\\\/\",\"url\":\"https:\\\/\\\/www.revfine.com\\\/events\\\/\",\"name\":\"Overview of Hotel, Hospitality and Travel Industry Events\",\"isPartOf\":{\"@id\":\"https:\\\/\\\/www.revfine.com\\\/pt\\\/#website\"},\"primaryImageOfPage\":{\"@id\":\"https:\\\/\\\/www.revfine.com\\\/events\\\/#primaryimage\"},\"image\":{\"@id\":\"https:\\\/\\\/www.revfine.com\\\/events\\\/#primaryimage\"},\"thumbnailUrl\":\"https:\\\/\\\/www.revfine.com\\\/wp-content\\\/uploads\\\/2025\\\/07\\\/Hotel-events-Hospitality-events-Travel-events.jpg\",\"datePublished\":\"2019-05-25T10:26:14+00:00\",\"dateModified\":\"2026-01-22T14:16:10+00:00\",\"description\":\"Here you find an overview of hotel, hospitality and travel industry events, trade shows, conferences and conventions in your area.\",\"breadcrumb\":{\"@id\":\"https:\\\/\\\/www.revfine.com\\\/events\\\/#breadcrumb\"},\"inLanguage\":\"it-IT\",\"potentialAction\":[{\"@type\":\"ReadAction\",\"target\":[\"https:\\\/\\\/www.revfine.com\\\/events\\\/\"]}]},{\"@type\":\"ImageObject\",\"inLanguage\":\"it-IT\",\"@id\":\"https:\\\/\\\/www.revfine.com\\\/events\\\/#primaryimage\",\"url\":\"https:\\\/\\\/www.revfine.com\\\/wp-content\\\/uploads\\\/2025\\\/07\\\/Hotel-events-Hospitality-events-Travel-events.jpg\",\"contentUrl\":\"https:\\\/\\\/www.revfine.com\\\/wp-content\\\/uploads\\\/2025\\\/07\\\/Hotel-events-Hospitality-events-Travel-events.jpg\",\"width\":1000,\"height\":516,\"caption\":\"Hotel events - Hospitality events - Travel events\"},{\"@type\":\"BreadcrumbList\",\"@id\":\"https:\\\/\\\/www.revfine.com\\\/events\\\/#breadcrumb\",\"itemListElement\":[{\"@type\":\"ListItem\",\"position\":1,\"name\":\"Home\",\"item\":\"https:\\\/\\\/www.revfine.com\\\/\"},{\"@type\":\"ListItem\",\"position\":2,\"name\":\"Events\"}]},{\"@type\":\"WebSite\",\"@id\":\"https:\\\/\\\/www.revfine.com\\\/pt\\\/#website\",\"url\":\"https:\\\/\\\/www.revfine.com\\\/pt\\\/\",\"name\":\"Revfine.com\",\"description\":\"Optimising Revenue\",\"potentialAction\":[{\"@type\":\"SearchAction\",\"target\":{\"@type\":\"EntryPoint\",\"urlTemplate\":\"https:\\\/\\\/www.revfine.com\\\/pt\\\/?s={search_term_string}\"},\"query-input\":{\"@type\":\"PropertyValueSpecification\",\"valueRequired\":true,\"valueName\":\"search_term_string\"}}],\"inLanguage\":\"it-IT\"}]}<\/script>\n<!-- \/ Yoast SEO plugin. -->","yoast_head_json":{"title":"Panoramica degli eventi del settore alberghiero, dell&#039;ospitalit\u00e0 e dei viaggi","description":"Qui trovi una panoramica degli eventi alberghieri, dell&#039;ospitalit\u00e0 e del settore dei viaggi, fiere, conferenze e convegni nella tua zona.","robots":{"index":"index","follow":"follow","max-snippet":"max-snippet:-1","max-image-preview":"max-image-preview:large","max-video-preview":"max-video-preview:-1"},"canonical":"https:\/\/www.revfine.com\/it\/eventi\/","og_locale":"it_IT","og_type":"article","og_title":"Overview of Hotel, Hospitality and Travel Industry Events","og_description":"Here you find an overview of hotel, hospitality and travel industry events, trade shows, conferences and conventions in your area.","og_url":"https:\/\/www.revfine.com\/it\/eventi\/","og_site_name":"Revfine.com","article_modified_time":"2026-01-22T14:16:10+00:00","og_image":[{"width":1000,"height":516,"url":"https:\/\/www.revfine.com\/wp-content\/uploads\/2025\/07\/Hotel-events-Hospitality-events-Travel-events.jpg","type":"image\/jpeg"}],"twitter_card":"summary_large_image","twitter_misc":{"Tempo di lettura stimato":"14 minuti"},"schema":{"@context":"https:\/\/schema.org","@graph":[{"@type":"WebPage","@id":"https:\/\/www.revfine.com\/events\/","url":"https:\/\/www.revfine.com\/events\/","name":"Panoramica degli eventi del settore alberghiero, dell&#039;ospitalit\u00e0 e dei viaggi","isPartOf":{"@id":"https:\/\/www.revfine.com\/pt\/#website"},"primaryImageOfPage":{"@id":"https:\/\/www.revfine.com\/events\/#primaryimage"},"image":{"@id":"https:\/\/www.revfine.com\/events\/#primaryimage"},"thumbnailUrl":"https:\/\/www.revfine.com\/wp-content\/uploads\/2025\/07\/Hotel-events-Hospitality-events-Travel-events.jpg","datePublished":"2019-05-25T10:26:14+00:00","dateModified":"2026-01-22T14:16:10+00:00","description":"Qui trovi una panoramica degli eventi alberghieri, dell&#039;ospitalit\u00e0 e del settore dei viaggi, fiere, conferenze e convegni nella tua zona.","breadcrumb":{"@id":"https:\/\/www.revfine.com\/events\/#breadcrumb"},"inLanguage":"it-IT","potentialAction":[{"@type":"ReadAction","target":["https:\/\/www.revfine.com\/events\/"]}]},{"@type":"ImageObject","inLanguage":"it-IT","@id":"https:\/\/www.revfine.com\/events\/#primaryimage","url":"https:\/\/www.revfine.com\/wp-content\/uploads\/2025\/07\/Hotel-events-Hospitality-events-Travel-events.jpg","contentUrl":"https:\/\/www.revfine.com\/wp-content\/uploads\/2025\/07\/Hotel-events-Hospitality-events-Travel-events.jpg","width":1000,"height":516,"caption":"Hotel events - Hospitality events - Travel events"},{"@type":"BreadcrumbList","@id":"https:\/\/www.revfine.com\/events\/#breadcrumb","itemListElement":[{"@type":"ListItem","position":1,"name":"Home","item":"https:\/\/www.revfine.com\/"},{"@type":"ListItem","position":2,"name":"Events"}]},{"@type":"WebSite","@id":"https:\/\/www.revfine.com\/pt\/#website","url":"https:\/\/www.revfine.com\/pt\/","name":"Revfine.com","description":"Ottimizzazione dei ricavi","potentialAction":[{"@type":"SearchAction","target":{"@type":"EntryPoint","urlTemplate":"https:\/\/www.revfine.com\/pt\/?s={search_term_string}"},"query-input":{"@type":"PropertyValueSpecification","valueRequired":true,"valueName":"search_term_string"}}],"inLanguage":"it-IT"}]}},"_links":{"self":[{"href":"https:\/\/www.revfine.com\/it\/wp-json\/wp\/v2\/pages\/2555","targetHints":{"allow":["GET"]}}],"collection":[{"href":"https:\/\/www.revfine.com\/it\/wp-json\/wp\/v2\/pages"}],"about":[{"href":"https:\/\/www.revfine.com\/it\/wp-json\/wp\/v2\/types\/page"}],"author":[{"embeddable":true,"href":"https:\/\/www.revfine.com\/it\/wp-json\/wp\/v2\/users\/1"}],"replies":[{"embeddable":true,"href":"https:\/\/www.revfine.com\/it\/wp-json\/wp\/v2\/comments?post=2555"}],"version-history":[{"count":3,"href":"https:\/\/www.revfine.com\/it\/wp-json\/wp\/v2\/pages\/2555\/revisions"}],"predecessor-version":[{"id":37258,"href":"https:\/\/www.revfine.com\/it\/wp-json\/wp\/v2\/pages\/2555\/revisions\/37258"}],"wp:featuredmedia":[{"embeddable":true,"href":"https:\/\/www.revfine.com\/it\/wp-json\/wp\/v2\/media\/2661"}],"wp:attachment":[{"href":"https:\/\/www.revfine.com\/it\/wp-json\/wp\/v2\/media?parent=2555"}],"curies":[{"name":"parola chiave","href":"https:\/\/api.w.org\/{rel}","templated":true}]}}