{"id":8904,"date":"2018-10-29T09:13:59","date_gmt":"2018-10-29T08:13:59","guid":{"rendered":"https:\/\/www.revfine.com\/?post_type=avada_portfolio&#038;p=8904"},"modified":"2021-09-13T12:20:36","modified_gmt":"2021-09-13T10:20:36","slug":"i-meet-hotel-italia","status":"publish","type":"avada_portfolio","link":"https:\/\/www.revfine.com\/pt\/page\/i-meet-hotel-italy\/","title":{"rendered":"I Meet Hotel Italy Edition (Virtual) | Outubro de 2020"},"content":{"rendered":"<p><div class=\"fusion-fullwidth fullwidth-box fusion-builder-row-1 nonhundred-percent-fullwidth non-hundred-percent-height-scrolling\" style=\"--awb-border-radius-top-left:0px;--awb-border-radius-top-right:0px;--awb-border-radius-bottom-right:0px;--awb-border-radius-bottom-left:0px;--awb-margin-top:-30px;--awb-flex-wrap:wrap;\" ><div class=\"fusion-builder-row fusion-row\"><div class=\"fusion-layout-column fusion_builder_column fusion-builder-column-0 fusion_builder_column_1_1 1_1 fusion-one-full fusion-column-first fusion-column-last\" style=\"--awb-bg-size:cover;--awb-margin-bottom:0px;\"><div class=\"fusion-column-wrapper fusion-flex-column-wrapper-legacy\"><div class=\"fusion-text fusion-text-1\"><p><strong>O evento I Meet Hotel Italy \u00e9 uma iniciativa da Bidroom, foi criado para conectar os l\u00edderes, inovadores e disruptores \u00e0 nossa rede global de hoteleiros.<\/strong><\/p>\n<h2>Sobre I Meet Hotel Italy<\/h2>\n<p>Globalmente, o setor de hospitalidade sofreu um grande golpe sob a Covid-19, com restri\u00e7\u00f5es de viagens, fechamentos de restaurantes e atra\u00e7\u00f5es tur\u00edsticas em todos os n\u00edveis. Com o I Meet Hotel Italy, queremos ajudar os profissionais da ind\u00fastria a reconstruir melhor e de forma mais sustent\u00e1vel, trazendo a eles percep\u00e7\u00f5es de especialistas do mundo da hospitalidade, consultoria de viagens e gerenciamento de receitas.<\/p>\n<h2>Quem deve participar do evento I Meet Hotel Italy?<\/h2>\n<p>Os eventos do I Meet Hotel s\u00e3o projetados para profiss\u00f5es de hospitalidade. Nosso objetivo \u00e9 reunir tomadores de decis\u00e3o para criar parcerias em tempo real durante nossos eventos ao vivo. Nosso objetivo \u00e9 alcan\u00e7ar gerentes gerais, propriet\u00e1rios, gerentes de receita e gerentes de marketing das principais redes internacionais e independentes. Nosso pr\u00f3ximo evento se concentrar\u00e1 no Destino It\u00e1lia; no entanto, apresentaremos palestrantes e temas que se aplicar\u00e3o internacionalmente ao mundo da hospitalidade.<\/p>\n<h2>Qual \u00e9 o objetivo do evento I Meet Hotel Italy?<\/h2>\n<p>O evento I Meet Hotel Italy abranger\u00e1 os seguintes itens:<\/p>\n<ul>\n<li>Turismo italiano: vis\u00e3o e cen\u00e1rios para um recome\u00e7o valioso e sustent\u00e1vel de Maria Elena Rossi;<\/li>\n<li>2045: Vis\u00f5es e Previs\u00f5es sobre Marketing Hoteleiro, de Simone Puorto;<\/li>\n<li>Evoluir para se recuperar: como a receita deve crescer em uma fun\u00e7\u00e3o comercial completa para impulsionar e prosperar por Silvia Cantarella;<\/li>\n<li>Aumente as reservas e o valor do cliente em uma economia de assinatura por Michael Ros;<\/li>\n<li>O Dilema da Hospitalidade, de Giancarlo Carniani;<\/li>\n<li>Hot\u00e9is Reimagined por Nicola Accurso.<\/li>\n<\/ul>\n<p><em>Para obter mais informa\u00e7\u00f5es sobre este evento, visite o site da <a href=\"https:\/\/www.imeethotel.com\/destination-italy\/\" target=\"_blank\" rel=\"noopener noreferrer\"><span style=\"text-decoration: underline;\">Eu Conhe\u00e7o Hotel It\u00e1lia<\/span><\/a>.<\/em><\/p>\n<\/div><br><div class=\"fusion-sep-clear\"><\/div><div class=\"fusion-separator fusion-full-width-sep\" style=\"margin-left: auto;margin-right: auto;width:100%;\"><div class=\"fusion-separator-border sep-single sep-solid\" style=\"--awb-height:20px;--awb-amount:20px;border-color:#e0dede;border-top-width:1px;\"><\/div><\/div><div class=\"fusion-sep-clear\"><\/div><br><br><div class=\"fusion-clearfix\"><\/div><\/div><\/div><\/div><\/div><div class=\"fusion-fullwidth fullwidth-box fusion-builder-row-2 nonhundred-percent-fullwidth non-hundred-percent-height-scrolling\" style=\"--awb-border-radius-top-left:0px;--awb-border-radius-top-right:0px;--awb-border-radius-bottom-right:0px;--awb-border-radius-bottom-left:0px;--awb-flex-wrap:wrap;\" ><div class=\"fusion-builder-row fusion-row\"><div class=\"fusion-layout-column fusion_builder_column fusion-builder-column-1 fusion_builder_column_1_3 1_3 fusion-one-third fusion-column-first\" style=\"--awb-bg-size:cover;width:33.333333333333%;width:calc(33.333333333333% - ( ( 4% + 4% ) * 0.33333333333333 ) );margin-right: 4%;\"><div class=\"fusion-column-wrapper fusion-column-has-shadow fusion-flex-column-wrapper-legacy\"><div class=\"fusion-text fusion-text-2\"><h3>Organizador de eventos:<\/h3>\n<p><strong>I Meet Hotel<\/strong><br \/>\nKeizersgracht 241<br \/>\n1016 EA Amsterdam<br \/>\nOs Pa\u00edses Baixos<\/p>\n<\/div><div class=\"fusion-clearfix\"><\/div><\/div><\/div><div class=\"fusion-layout-column fusion_builder_column fusion-builder-column-2 fusion_builder_column_1_3 1_3 fusion-one-third\" style=\"--awb-bg-size:cover;width:33.333333333333%;width:calc(33.333333333333% - ( ( 4% + 4% ) * 0.33333333333333 ) );margin-right: 4%;\"><div class=\"fusion-column-wrapper fusion-column-has-shadow fusion-flex-column-wrapper-legacy\"><div class=\"fusion-text fusion-text-3\"><h3>Local do evento:<\/h3>\n<p>O evento I Meet Hotel Italy \u00e9 um webinar online.<\/p>\n<p><strong>Semin\u00e1rio on-line de localiza\u00e7\u00e3o:<\/strong><br \/>\nVoc\u00ea receber\u00e1 mais informa\u00e7\u00f5es ap\u00f3s o registro.<\/p>\n<\/div><div class=\"fusion-clearfix\"><\/div><\/div><\/div><div class=\"fusion-layout-column fusion_builder_column fusion-builder-column-3 fusion_builder_column_1_3 1_3 fusion-one-third fusion-column-last\" style=\"--awb-bg-size:cover;width:33.333333333333%;width:calc(33.333333333333% - ( ( 4% + 4% ) * 0.33333333333333 ) );\"><div class=\"fusion-column-wrapper fusion-column-has-shadow fusion-flex-column-wrapper-legacy\"><div class=\"fusion-text fusion-text-4\"><h3>Data e registro:<\/h3>\n<p>29 de outubro de 2020<\/p>\n<\/div><div class=\"fusion-alignleft\"><a class=\"fusion-button button-flat button-medium button-default fusion-button-default button-1 fusion-button-default-span fusion-button-default-type\" target=\"_blank\" rel=\"noopener noreferrer\" title=\"Eu Conhe\u00e7o Hotel It\u00e1lia\" aria-label=\"Eu Conhe\u00e7o Hotel It\u00e1lia\" href=\"https:\/\/www.imeethotel.com\/destination-italy\/\"><i class=\"fa-allergies fas awb-button__icon awb-button__icon--default button-icon-left\" aria-hidden=\"true\"><\/i><span class=\"fusion-button-text awb-button__text awb-button__text--default\">Site do evento<\/span><\/a><\/div><div class=\"fusion-clearfix\"><\/div><\/div><\/div><\/div><\/div><div class=\"fusion-fullwidth fullwidth-box fusion-builder-row-3 nonhundred-percent-fullwidth non-hundred-percent-height-scrolling\" style=\"--awb-border-radius-top-left:0px;--awb-border-radius-top-right:0px;--awb-border-radius-bottom-right:0px;--awb-border-radius-bottom-left:0px;--awb-flex-wrap:wrap;\" ><div class=\"fusion-builder-row fusion-row\"><div class=\"fusion-layout-column fusion_builder_column fusion-builder-column-4 fusion_builder_column_1_1 1_1 fusion-one-full fusion-column-first fusion-column-last\" style=\"--awb-bg-size:cover;\"><div class=\"fusion-column-wrapper fusion-column-has-shadow fusion-flex-column-wrapper-legacy\"><br><div class=\"fusion-sep-clear\"><\/div><div class=\"fusion-separator fusion-full-width-sep\" style=\"margin-left: auto;margin-right: auto;width:100%;\"><div class=\"fusion-separator-border sep-single sep-solid\" style=\"--awb-height:20px;--awb-amount:20px;border-color:#e0dede;border-top-width:1px;\"><\/div><\/div><div class=\"fusion-sep-clear\"><\/div><br><div class=\"fusion-text fusion-text-5\"><h3>Outros eventos do I Meet Hotel: <a href=\"https:\/\/www.revfine.com\/pt\/page\/i-meet-hotel-paris\/\">I Meet Hotel Paris<\/a>, <a href=\"https:\/\/www.revfine.com\/pt\/page\/i-meet-hotel-uk\/\">I Meet Hotel UK<\/a>, <a href=\"https:\/\/www.revfine.com\/pt\/page\/i-meet-hotel-dach\/\">I Meet Hotel Destination DACH<\/a>, <a href=\"https:\/\/www.revfine.com\/pt\/page\/i-meet-hotel-north-america\/\">I Meet Hotel North America<\/a>, <a href=\"https:\/\/www.revfine.com\/pt\/page\/i-meet-hotel-spain\/\">I Meet Hotel Spain<\/a>, <a href=\"https:\/\/www.revfine.com\/pt\/page\/hotel-tecnologia-cimeira\/\">Hotel Technology Summit<\/a>, <a href=\"https:\/\/www.revfine.com\/pt\/page\/receita-gestao-cimeira\/\">Revenue Management Summit<\/a><\/h3>\n<h3><\/h3>\n<h3><\/h3>\n<h3><\/h3>\n<h3><\/h3>\n<\/div><div class=\"fusion-sep-clear\"><\/div><div class=\"fusion-separator fusion-full-width-sep\" style=\"margin-left: auto;margin-right: auto;width:100%;\"><div class=\"fusion-separator-border sep-single sep-solid\" style=\"--awb-height:20px;--awb-amount:20px;border-color:#e0dede;border-top-width:1px;\"><\/div><\/div><div class=\"fusion-sep-clear\"><\/div><br><div class=\"fusion-clearfix\"><\/div><\/div><\/div><\/div><\/div><div class=\"fusion-fullwidth fullwidth-box fusion-builder-row-4 nonhundred-percent-fullwidth non-hundred-percent-height-scrolling\" style=\"--awb-border-radius-top-left:0px;--awb-border-radius-top-right:0px;--awb-border-radius-bottom-right:0px;--awb-border-radius-bottom-left:0px;--awb-flex-wrap:wrap;\" ><div class=\"fusion-builder-row fusion-row\"><div class=\"fusion-layout-column fusion_builder_column fusion-builder-column-5 fusion_builder_column_1_1 1_1 fusion-one-full fusion-column-first fusion-column-last\" style=\"--awb-bg-size:cover;\"><div class=\"fusion-column-wrapper fusion-column-has-shadow fusion-flex-column-wrapper-legacy\"><div class=\"fusion-text fusion-text-6\"><h3>Outros eventos de viagem:<\/h3>\n<\/div><div class=\"fusion-recent-works fusion-portfolio-element fusion-portfolio fusion-portfolio-1 fusion-portfolio-carousel fusion-portfolio-paging-pagination recent-works-carousel portfolio-carousel picture-size-auto\" data-id=\"-rw-1\"><div class=\"awb-carousel awb-swiper awb-swiper-carousel fusion-carousel-title-below-image\" style=\"--awb-columns:3;\" data-metacontent=\"yes\" data-autoplay=\"no\" data-columns=\"3\" data-itemmargin=\"20\" data-itemwidth=\"180\" data-touchscroll=\"no\" data-imagesize=\"auto\"><div class=\"swiper-wrapper\"><div class=\"swiper-slide\"><div class=\"fusion-carousel-item-wrapper\"><span class=\"entry-title rich-snippet-hidden\">F\u00f3rum Global de Receitas Madri | 2026<\/span><span class=\"vcard rich-snippet-hidden\"><span class=\"fn\"><a href=\"https:\/\/www.revfine.com\/pt\/author\/revfine-com\/\" title=\"Posts de Revfine.com\" rel=\"author\">Revfine.com<\/a><\/span><\/span><span class=\"updated rich-snippet-hidden\">2025-06-13T09:51:50+02:00<\/span><div  class=\"fusion-image-wrapper\" aria-haspopup=\"true\">\n\t\t\t\t\t\t\t<a href=\"https:\/\/www.revfine.com\/pt\/page\/global-revenue-forum-madrid\/\" aria-label=\"F\u00f3rum Global de Receitas Madri | 2026\">\n\t\t\t\t\t\t\t<img decoding=\"async\" width=\"1200\" height=\"628\" src=\"https:\/\/www.revfine.com\/wp-content\/uploads\/2024\/12\/Global-Revenue-Forum-Madrid.jpg\" class=\"attachment-full size-full wp-post-image\" alt=\"F\u00f3rum Global de Receitas de Madri\" \/>\t\t\t<\/a>\n\t\t\t\t\t\t\t<\/div>\n<h4 class=\"fusion-carousel-title\"><a href=\"https:\/\/www.revfine.com\/pt\/page\/global-revenue-forum-madrid\/\" target=\"_self\">F\u00f3rum Global de Receitas Madri | 2026<\/a><\/h4><div class=\"fusion-carousel-meta\"><a href=\"https:\/\/www.revfine.com\/pt\/categories\/travel-events-europe\/\" rel=\"tag\">Europa<\/a>, <a href=\"https:\/\/www.revfine.com\/pt\/categories\/virtual-events\/\" rel=\"tag\">Eventos Virtuais<\/a><\/div><\/div><\/div><div class=\"swiper-slide\"><div class=\"fusion-carousel-item-wrapper\"><span class=\"entry-title rich-snippet-hidden\">F\u00f3rum de Avia\u00e7\u00e3o Skift | Dezembro de 2026<\/span><span class=\"vcard rich-snippet-hidden\"><span class=\"fn\"><a href=\"https:\/\/www.revfine.com\/pt\/author\/revfine-com\/\" title=\"Posts de Revfine.com\" rel=\"author\">Revfine.com<\/a><\/span><\/span><span class=\"updated rich-snippet-hidden\">2026-03-04T19:48:40+01:00<\/span><div  class=\"fusion-image-wrapper\" aria-haspopup=\"true\">\n\t\t\t\t\t\t\t<a href=\"https:\/\/www.revfine.com\/pt\/page\/skift-aviation-forum\/\" aria-label=\"F\u00f3rum de Avia\u00e7\u00e3o Skift | Dezembro de 2026\">\n\t\t\t\t\t\t\t<img decoding=\"async\" width=\"1200\" height=\"628\" src=\"https:\/\/www.revfine.com\/wp-content\/uploads\/2022\/05\/Skift-Aviation-Forum.jpg\" class=\"attachment-full size-full wp-post-image\" alt=\"F\u00f3rum de avia\u00e7\u00e3o Skift\" \/>\t\t\t<\/a>\n\t\t\t\t\t\t\t<\/div>\n<h4 class=\"fusion-carousel-title\"><a href=\"https:\/\/www.revfine.com\/pt\/page\/skift-aviation-forum\/\" target=\"_self\">F\u00f3rum de Avia\u00e7\u00e3o Skift | Dezembro de 2026<\/a><\/h4><div class=\"fusion-carousel-meta\"><a href=\"https:\/\/www.revfine.com\/pt\/categories\/travel-events-americas\/\" rel=\"tag\">Am\u00e9ricas<\/a><\/div><\/div><\/div><div class=\"swiper-slide\"><div class=\"fusion-carousel-item-wrapper\"><span class=\"entry-title rich-snippet-hidden\">Feira Internacional de Viagens de Luxo em Cannes | Dezembro de 2026<\/span><span class=\"vcard rich-snippet-hidden\"><span class=\"fn\"><a href=\"https:\/\/www.revfine.com\/pt\/author\/revfine-com\/\" title=\"Posts de Revfine.com\" rel=\"author\">Revfine.com<\/a><\/span><\/span><span class=\"updated rich-snippet-hidden\">2026-03-04T19:42:26+01:00<\/span><div  class=\"fusion-image-wrapper\" aria-haspopup=\"true\">\n\t\t\t\t\t\t\t<a href=\"https:\/\/www.revfine.com\/pt\/page\/iltm-cannes\/\" aria-label=\"Feira Internacional de Viagens de Luxo em Cannes | Dezembro de 2026\">\n\t\t\t\t\t\t\t<img decoding=\"async\" width=\"1200\" height=\"628\" src=\"https:\/\/www.revfine.com\/wp-content\/uploads\/2025\/07\/ILTM-Cannes-International-Luxury-Travel-Market-Cannes-France.jpg\" class=\"attachment-full size-full wp-post-image\" alt=\"ILTM Cannes - Mercado Internacional de Viagens de Luxo Cannes - Fran\u00e7a\" \/>\t\t\t<\/a>\n\t\t\t\t\t\t\t<\/div>\n<h4 class=\"fusion-carousel-title\"><a href=\"https:\/\/www.revfine.com\/pt\/page\/iltm-cannes\/\" target=\"_self\">Feira Internacional de Viagens de Luxo em Cannes | Dezembro de 2026<\/a><\/h4><div class=\"fusion-carousel-meta\"><a href=\"https:\/\/www.revfine.com\/pt\/categories\/travel-events-europe\/\" rel=\"tag\">Europa<\/a><\/div><\/div><\/div><div class=\"swiper-slide\"><div class=\"fusion-carousel-item-wrapper\"><span class=\"entry-title rich-snippet-hidden\">WTM Feira de Tecnologia de Viagens | Novembro de 2026<\/span><span class=\"vcard rich-snippet-hidden\"><span class=\"fn\"><a href=\"https:\/\/www.revfine.com\/pt\/author\/revfine-com\/\" title=\"Posts de Revfine.com\" rel=\"author\">Revfine.com<\/a><\/span><\/span><span class=\"updated rich-snippet-hidden\">2026-03-04T19:39:37+01:00<\/span><div  class=\"fusion-image-wrapper\" aria-haspopup=\"true\">\n\t\t\t\t\t\t\t<a href=\"https:\/\/www.revfine.com\/pt\/page\/wtm-travel-technology-show\/\" aria-label=\"WTM Feira de Tecnologia de Viagens | Novembro de 2026\">\n\t\t\t\t\t\t\t<img decoding=\"async\" width=\"1200\" height=\"628\" src=\"https:\/\/www.revfine.com\/wp-content\/uploads\/2025\/07\/Travel-forward-London-Travel-forward-conference.jpg\" class=\"attachment-full size-full wp-post-image\" alt=\"Viagem em frente Londres - Confer\u00eancia Viagem em frente\" \/>\t\t\t<\/a>\n\t\t\t\t\t\t\t<\/div>\n<h4 class=\"fusion-carousel-title\"><a href=\"https:\/\/www.revfine.com\/pt\/page\/wtm-travel-technology-show\/\" target=\"_self\">WTM Feira de Tecnologia de Viagens | Novembro de 2026<\/a><\/h4><div class=\"fusion-carousel-meta\"><a href=\"https:\/\/www.revfine.com\/pt\/categories\/travel-events-europe\/\" rel=\"tag\">Europa<\/a><\/div><\/div><\/div><div class=\"swiper-slide\"><div class=\"fusion-carousel-item-wrapper\"><span class=\"entry-title rich-snippet-hidden\">WTM Londres | Novembro de 2026<\/span><span class=\"vcard rich-snippet-hidden\"><span class=\"fn\"><a href=\"https:\/\/www.revfine.com\/pt\/author\/revfine-com\/\" title=\"Posts de Revfine.com\" rel=\"author\">Revfine.com<\/a><\/span><\/span><span class=\"updated rich-snippet-hidden\">2025-12-01T15:15:22+01:00<\/span><div  class=\"fusion-image-wrapper\" aria-haspopup=\"true\">\n\t\t\t\t\t\t\t<a href=\"https:\/\/www.revfine.com\/pt\/page\/wtm-london\/\" aria-label=\"WTM Londres | Novembro de 2026\">\n\t\t\t\t\t\t\t<img decoding=\"async\" width=\"1200\" height=\"628\" src=\"https:\/\/www.revfine.com\/wp-content\/uploads\/2025\/07\/wtm-London-World-travel-market-London.jpg\" class=\"attachment-full size-full wp-post-image\" alt=\"wtm Londres - Mercado mundial de viagens Londres\" \/>\t\t\t<\/a>\n\t\t\t\t\t\t\t<\/div>\n<h4 class=\"fusion-carousel-title\"><a href=\"https:\/\/www.revfine.com\/pt\/page\/wtm-london\/\" target=\"_self\">WTM Londres | Novembro de 2026<\/a><\/h4><div class=\"fusion-carousel-meta\"><a href=\"https:\/\/www.revfine.com\/pt\/categories\/travel-events-europe\/\" rel=\"tag\">Europa<\/a><\/div><\/div><\/div><div class=\"swiper-slide\"><div class=\"fusion-carousel-item-wrapper\"><span class=\"entry-title rich-snippet-hidden\">ITB \u00c1sia Cingapura | Outubro de 2026<\/span><span class=\"vcard rich-snippet-hidden\"><span class=\"fn\"><a href=\"https:\/\/www.revfine.com\/pt\/author\/revfine-com\/\" title=\"Posts de Revfine.com\" rel=\"author\">Revfine.com<\/a><\/span><\/span><span class=\"updated rich-snippet-hidden\">2026-03-04T19:35:58+01:00<\/span><div  class=\"fusion-image-wrapper\" aria-haspopup=\"true\">\n\t\t\t\t\t\t\t<a href=\"https:\/\/www.revfine.com\/pt\/page\/itb-asia\/\" aria-label=\"ITB \u00c1sia Cingapura | Outubro de 2026\">\n\t\t\t\t\t\t\t<img decoding=\"async\" width=\"1200\" height=\"628\" src=\"https:\/\/www.revfine.com\/wp-content\/uploads\/2025\/07\/ITB-Asia.jpg\" class=\"attachment-full size-full wp-post-image\" alt=\"ITB Asia\" \/>\t\t\t<\/a>\n\t\t\t\t\t\t\t<\/div>\n<h4 class=\"fusion-carousel-title\"><a href=\"https:\/\/www.revfine.com\/pt\/page\/itb-asia\/\" target=\"_self\">ITB \u00c1sia Cingapura | Outubro de 2026<\/a><\/h4><div class=\"fusion-carousel-meta\"><a href=\"https:\/\/www.revfine.com\/pt\/categories\/travel-events-asia\/\" rel=\"tag\">\u00c1sia-Pac\u00edfico<\/a><\/div><\/div><\/div><div class=\"swiper-slide\"><div class=\"fusion-carousel-item-wrapper\"><span class=\"entry-title rich-snippet-hidden\">Travel Tech Asia | Outubro de 2026<\/span><span class=\"vcard rich-snippet-hidden\"><span class=\"fn\"><a href=\"https:\/\/www.revfine.com\/pt\/author\/revfine-com\/\" title=\"Posts de Revfine.com\" rel=\"author\">Revfine.com<\/a><\/span><\/span><span class=\"updated rich-snippet-hidden\">2026-03-04T19:29:28+01:00<\/span><div  class=\"fusion-image-wrapper\" aria-haspopup=\"true\">\n\t\t\t\t\t\t\t<a href=\"https:\/\/www.revfine.com\/pt\/page\/travel-tech-asia\/\" aria-label=\"Travel Tech Asia | Outubro de 2026\">\n\t\t\t\t\t\t\t<img decoding=\"async\" width=\"1200\" height=\"628\" src=\"https:\/\/www.revfine.com\/wp-content\/uploads\/2025\/07\/Hotel-Revenue-Distribution-Summit-Singapore.jpg\" class=\"attachment-full size-full wp-post-image\" alt=\"Hotel Revenue Distribution Summit Singapura\" \/>\t\t\t<\/a>\n\t\t\t\t\t\t\t<\/div>\n<h4 class=\"fusion-carousel-title\"><a href=\"https:\/\/www.revfine.com\/pt\/page\/travel-tech-asia\/\" target=\"_self\">Travel Tech Asia | Outubro de 2026<\/a><\/h4><div class=\"fusion-carousel-meta\"><a href=\"https:\/\/www.revfine.com\/pt\/categories\/travel-events-asia\/\" rel=\"tag\">\u00c1sia-Pac\u00edfico<\/a><\/div><\/div><\/div><div class=\"swiper-slide\"><div class=\"fusion-carousel-item-wrapper\"><span class=\"entry-title rich-snippet-hidden\">Independent Hotel Show Londres | Outubro de 2026<\/span><span class=\"vcard rich-snippet-hidden\"><span class=\"fn\"><a href=\"https:\/\/www.revfine.com\/pt\/author\/revfine-com\/\" title=\"Posts de Revfine.com\" rel=\"author\">Revfine.com<\/a><\/span><\/span><span class=\"updated rich-snippet-hidden\">2025-10-21T12:34:59+02:00<\/span><div  class=\"fusion-image-wrapper\" aria-haspopup=\"true\">\n\t\t\t\t\t\t\t<a href=\"https:\/\/www.revfine.com\/pt\/page\/independent-hotel-show-london\/\" aria-label=\"Independent Hotel Show Londres | Outubro de 2026\">\n\t\t\t\t\t\t\t<img decoding=\"async\" width=\"1200\" height=\"628\" src=\"https:\/\/www.revfine.com\/wp-content\/uploads\/2025\/07\/Independent-Hotel-Show-London.jpg\" class=\"attachment-full size-full wp-post-image\" alt=\"Independent Hotel Show Londres\" \/>\t\t\t<\/a>\n\t\t\t\t\t\t\t<\/div>\n<h4 class=\"fusion-carousel-title\"><a href=\"https:\/\/www.revfine.com\/pt\/page\/independent-hotel-show-london\/\" target=\"_self\">Independent Hotel Show Londres | Outubro de 2026<\/a><\/h4><div class=\"fusion-carousel-meta\"><a href=\"https:\/\/www.revfine.com\/pt\/categories\/travel-events-europe\/\" rel=\"tag\">Europa<\/a><\/div><\/div><\/div><div class=\"swiper-slide\"><div class=\"fusion-carousel-item-wrapper\"><span class=\"entry-title rich-snippet-hidden\">ILTM Am\u00e9rica do Norte | Setembro de 2026<\/span><span class=\"vcard rich-snippet-hidden\"><span class=\"fn\"><a href=\"https:\/\/www.revfine.com\/pt\/author\/revfine-com\/\" title=\"Posts de Revfine.com\" rel=\"author\">Revfine.com<\/a><\/span><\/span><span class=\"updated rich-snippet-hidden\">2026-03-04T19:24:52+01:00<\/span><div  class=\"fusion-image-wrapper\" aria-haspopup=\"true\">\n\t\t\t\t\t\t\t<a href=\"https:\/\/www.revfine.com\/pt\/page\/iltm-north-america\/\" aria-label=\"ILTM Am\u00e9rica do Norte | Setembro de 2026\">\n\t\t\t\t\t\t\t<img decoding=\"async\" width=\"1200\" height=\"628\" src=\"https:\/\/www.revfine.com\/wp-content\/uploads\/2025\/07\/ILTM-North-America-International-Luxury-Travel-Market-North-America.jpg\" class=\"attachment-full size-full wp-post-image\" alt=\"ILTM North America - Mercado Internacional de Viagens de Luxo Am\u00e9rica do Norte\" \/>\t\t\t<\/a>\n\t\t\t\t\t\t\t<\/div>\n<h4 class=\"fusion-carousel-title\"><a href=\"https:\/\/www.revfine.com\/pt\/page\/iltm-north-america\/\" target=\"_self\">ILTM Am\u00e9rica do Norte | Setembro de 2026<\/a><\/h4><div class=\"fusion-carousel-meta\"><a href=\"https:\/\/www.revfine.com\/pt\/categories\/travel-events-americas\/\" rel=\"tag\">Am\u00e9ricas<\/a><\/div><\/div><\/div><div class=\"swiper-slide\"><div class=\"fusion-carousel-item-wrapper\"><span class=\"entry-title rich-snippet-hidden\">F\u00f3rum Global Skift | Setembro de 2026<\/span><span class=\"vcard rich-snippet-hidden\"><span class=\"fn\"><a href=\"https:\/\/www.revfine.com\/pt\/author\/revfine-com\/\" title=\"Posts de Revfine.com\" rel=\"author\">Revfine.com<\/a><\/span><\/span><span class=\"updated rich-snippet-hidden\">2026-03-04T19:21:13+01:00<\/span><div  class=\"fusion-image-wrapper\" aria-haspopup=\"true\">\n\t\t\t\t\t\t\t<a href=\"https:\/\/www.revfine.com\/pt\/page\/skift-global-forum\/\" aria-label=\"F\u00f3rum Global Skift | Setembro de 2026\">\n\t\t\t\t\t\t\t<img decoding=\"async\" width=\"1200\" height=\"628\" src=\"https:\/\/www.revfine.com\/wp-content\/uploads\/2022\/05\/Skift-Global-Forum.jpg\" class=\"attachment-full size-full wp-post-image\" alt=\"F\u00f3rum Global Skift\" \/>\t\t\t<\/a>\n\t\t\t\t\t\t\t<\/div>\n<h4 class=\"fusion-carousel-title\"><a href=\"https:\/\/www.revfine.com\/pt\/page\/skift-global-forum\/\" target=\"_self\">F\u00f3rum Global Skift | Setembro de 2026<\/a><\/h4><div class=\"fusion-carousel-meta\"><a href=\"https:\/\/www.revfine.com\/pt\/categories\/travel-events-americas\/\" rel=\"tag\">Am\u00e9ricas<\/a>, <a href=\"https:\/\/www.revfine.com\/pt\/categories\/virtual-events\/\" rel=\"tag\">Eventos Virtuais<\/a><\/div><\/div><\/div><div class=\"swiper-slide\"><div class=\"fusion-carousel-item-wrapper\"><span class=\"entry-title rich-snippet-hidden\">IFTM Top Resa Paris | Setembro de 2026<\/span><span class=\"vcard rich-snippet-hidden\"><span class=\"fn\"><a href=\"https:\/\/www.revfine.com\/pt\/author\/revfine-com\/\" title=\"Posts de Revfine.com\" rel=\"author\">Revfine.com<\/a><\/span><\/span><span class=\"updated rich-snippet-hidden\">2026-03-04T19:18:30+01:00<\/span><div  class=\"fusion-image-wrapper\" aria-haspopup=\"true\">\n\t\t\t\t\t\t\t<a href=\"https:\/\/www.revfine.com\/pt\/page\/iftm-paris\/\" aria-label=\"IFTM Top Resa Paris | Setembro de 2026\">\n\t\t\t\t\t\t\t<img decoding=\"async\" width=\"1200\" height=\"628\" src=\"https:\/\/www.revfine.com\/wp-content\/uploads\/2025\/07\/IFTM-Paris-IFTM-Top-Resa.jpg\" class=\"attachment-full size-full wp-post-image\" alt=\"IFTM Paris - IFTM Top Resa\" \/>\t\t\t<\/a>\n\t\t\t\t\t\t\t<\/div>\n<h4 class=\"fusion-carousel-title\"><a href=\"https:\/\/www.revfine.com\/pt\/page\/iftm-paris\/\" target=\"_self\">IFTM Top Resa Paris | Setembro de 2026<\/a><\/h4><div class=\"fusion-carousel-meta\"><a href=\"https:\/\/www.revfine.com\/pt\/categories\/travel-events-europe\/\" rel=\"tag\">Europa<\/a><\/div><\/div><\/div><div class=\"swiper-slide\"><div class=\"fusion-carousel-item-wrapper\"><span class=\"entry-title rich-snippet-hidden\">F\u00f3rum Internacional de Tecnologia Hoteleira do Oriente M\u00e9dio e Norte da \u00c1frica | Setembro de 2026<\/span><span class=\"vcard rich-snippet-hidden\"><span class=\"fn\"><a href=\"https:\/\/www.revfine.com\/pt\/author\/revfine-com\/\" title=\"Posts de Revfine.com\" rel=\"author\">Revfine.com<\/a><\/span><\/span><span class=\"updated rich-snippet-hidden\">2025-12-01T15:31:23+01:00<\/span><div  class=\"fusion-image-wrapper\" aria-haspopup=\"true\">\n\t\t\t\t\t\t\t<a href=\"https:\/\/www.revfine.com\/pt\/page\/ihtf-middle-east-and-north-africa\/\" aria-label=\"F\u00f3rum Internacional de Tecnologia Hoteleira do Oriente M\u00e9dio e Norte da \u00c1frica | Setembro de 2026\">\n\t\t\t\t\t\t\t<img decoding=\"async\" width=\"1200\" height=\"628\" src=\"https:\/\/www.revfine.com\/wp-content\/uploads\/2025\/01\/International-Hotel-Technology-Forum-Middle-East-and-North-Africa.jpg\" class=\"attachment-full size-full wp-post-image\" alt=\"F\u00f3rum Internacional de Tecnologia Hoteleira Oriente M\u00e9dio e Norte da \u00c1frica\" \/>\t\t\t<\/a>\n\t\t\t\t\t\t\t<\/div>\n<h4 class=\"fusion-carousel-title\"><a href=\"https:\/\/www.revfine.com\/pt\/page\/ihtf-middle-east-and-north-africa\/\" target=\"_self\">F\u00f3rum Internacional de Tecnologia Hoteleira do Oriente M\u00e9dio e Norte da \u00c1frica | Setembro de 2026<\/a><\/h4><div class=\"fusion-carousel-meta\"><a href=\"https:\/\/www.revfine.com\/pt\/categories\/travel-events-africa\/\" rel=\"tag\">\u00c1frica e Oriente M\u00e9dio<\/a><\/div><\/div><\/div><div class=\"swiper-slide\"><div class=\"fusion-carousel-item-wrapper\"><span class=\"entry-title rich-snippet-hidden\">ITB \u00cdndia | Setembro de 2026<\/span><span class=\"vcard rich-snippet-hidden\"><span class=\"fn\"><a href=\"https:\/\/www.revfine.com\/pt\/author\/revfine-com\/\" title=\"Posts de Revfine.com\" rel=\"author\">Revfine.com<\/a><\/span><\/span><span class=\"updated rich-snippet-hidden\">2026-03-04T19:12:53+01:00<\/span><div  class=\"fusion-image-wrapper\" aria-haspopup=\"true\">\n\t\t\t\t\t\t\t<a href=\"https:\/\/www.revfine.com\/pt\/page\/itb-india\/\" aria-label=\"ITB \u00cdndia | Setembro de 2026\">\n\t\t\t\t\t\t\t<img decoding=\"async\" width=\"1200\" height=\"628\" src=\"https:\/\/www.revfine.com\/wp-content\/uploads\/2025\/07\/ITB-India.jpg\" class=\"attachment-full size-full wp-post-image\" alt=\"ITB \u00cdndia\" \/>\t\t\t<\/a>\n\t\t\t\t\t\t\t<\/div>\n<h4 class=\"fusion-carousel-title\"><a href=\"https:\/\/www.revfine.com\/pt\/page\/itb-india\/\" target=\"_self\">ITB \u00cdndia | Setembro de 2026<\/a><\/h4><div class=\"fusion-carousel-meta\"><a href=\"https:\/\/www.revfine.com\/pt\/categories\/travel-events-asia\/\" rel=\"tag\">\u00c1sia-Pac\u00edfico<\/a><\/div><\/div><\/div><div class=\"swiper-slide\"><div class=\"fusion-carousel-item-wrapper\"><span class=\"entry-title rich-snippet-hidden\">ILTM \u00c1sia-Pac\u00edfico | Junho de 2026<\/span><span class=\"vcard rich-snippet-hidden\"><span class=\"fn\"><a href=\"https:\/\/www.revfine.com\/pt\/author\/revfine-com\/\" title=\"Posts de Revfine.com\" rel=\"author\">Revfine.com<\/a><\/span><\/span><span class=\"updated rich-snippet-hidden\">2026-03-04T19:08:33+01:00<\/span><div  class=\"fusion-image-wrapper\" aria-haspopup=\"true\">\n\t\t\t\t\t\t\t<a href=\"https:\/\/www.revfine.com\/pt\/page\/iltm-asia-pacific\/\" aria-label=\"ILTM \u00c1sia-Pac\u00edfico | Junho de 2026\">\n\t\t\t\t\t\t\t<img decoding=\"async\" width=\"1200\" height=\"628\" src=\"https:\/\/www.revfine.com\/wp-content\/uploads\/2025\/07\/ILTM-Asia-Pacific-International-Luxury-Travel-Market-Asia-Pacific.jpg\" class=\"attachment-full size-full wp-post-image\" alt=\"ILTM Asia Pacific - International Luxury Travel Market Asia Pacific\" \/>\t\t\t<\/a>\n\t\t\t\t\t\t\t<\/div>\n<h4 class=\"fusion-carousel-title\"><a href=\"https:\/\/www.revfine.com\/pt\/page\/iltm-asia-pacific\/\" target=\"_self\">ILTM \u00c1sia-Pac\u00edfico | Junho de 2026<\/a><\/h4><div class=\"fusion-carousel-meta\"><a href=\"https:\/\/www.revfine.com\/pt\/categories\/travel-events-asia\/\" rel=\"tag\">\u00c1sia-Pac\u00edfico<\/a><\/div><\/div><\/div><div class=\"swiper-slide\"><div class=\"fusion-carousel-item-wrapper\"><span class=\"entry-title rich-snippet-hidden\">The Hotel Show Dubai | Junho de 2026<\/span><span class=\"vcard rich-snippet-hidden\"><span class=\"fn\"><a href=\"https:\/\/www.revfine.com\/pt\/author\/revfine-com\/\" title=\"Posts de Revfine.com\" rel=\"author\">Revfine.com<\/a><\/span><\/span><span class=\"updated rich-snippet-hidden\">2026-03-04T19:03:47+01:00<\/span><div  class=\"fusion-image-wrapper\" aria-haspopup=\"true\">\n\t\t\t\t\t\t\t<a href=\"https:\/\/www.revfine.com\/pt\/page\/the-hotel-show-dubai\/\" aria-label=\"The Hotel Show Dubai | Junho de 2026\">\n\t\t\t\t\t\t\t<img decoding=\"async\" width=\"1200\" height=\"628\" src=\"https:\/\/www.revfine.com\/wp-content\/uploads\/2025\/07\/The-Hotel-Show-Dubai.jpg\" class=\"attachment-full size-full wp-post-image\" alt=\"The Hotel Show Dubai\" \/>\t\t\t<\/a>\n\t\t\t\t\t\t\t<\/div>\n<h4 class=\"fusion-carousel-title\"><a href=\"https:\/\/www.revfine.com\/pt\/page\/the-hotel-show-dubai\/\" target=\"_self\">The Hotel Show Dubai | Junho de 2026<\/a><\/h4><div class=\"fusion-carousel-meta\"><a href=\"https:\/\/www.revfine.com\/pt\/categories\/travel-events-asia\/\" rel=\"tag\">\u00c1sia-Pac\u00edfico<\/a><\/div><\/div><\/div><div class=\"swiper-slide\"><div class=\"fusion-carousel-item-wrapper\"><span class=\"entry-title rich-snippet-hidden\">ITB China | Maio de 2026<\/span><span class=\"vcard rich-snippet-hidden\"><span class=\"fn\"><a href=\"https:\/\/www.revfine.com\/pt\/author\/revfine-com\/\" title=\"Posts de Revfine.com\" rel=\"author\">Revfine.com<\/a><\/span><\/span><span class=\"updated rich-snippet-hidden\">2026-03-04T18:58:33+01:00<\/span><div  class=\"fusion-image-wrapper\" aria-haspopup=\"true\">\n\t\t\t\t\t\t\t<a href=\"https:\/\/www.revfine.com\/pt\/page\/itb-china\/\" aria-label=\"ITB China | Maio de 2026\">\n\t\t\t\t\t\t\t<img decoding=\"async\" width=\"1200\" height=\"628\" src=\"https:\/\/www.revfine.com\/wp-content\/uploads\/2025\/07\/ITB-China.jpg\" class=\"attachment-full size-full wp-post-image\" alt=\"ITB China\" \/>\t\t\t<\/a>\n\t\t\t\t\t\t\t<\/div>\n<h4 class=\"fusion-carousel-title\"><a href=\"https:\/\/www.revfine.com\/pt\/page\/itb-china\/\" target=\"_self\">ITB China | Maio de 2026<\/a><\/h4><div class=\"fusion-carousel-meta\"><a href=\"https:\/\/www.revfine.com\/pt\/categories\/travel-events-asia\/\" rel=\"tag\">\u00c1sia-Pac\u00edfico<\/a><\/div><\/div><\/div><div class=\"swiper-slide\"><div class=\"fusion-carousel-item-wrapper\"><span class=\"entry-title rich-snippet-hidden\">ILTM Am\u00e9rica Latina | Maio de 2026<\/span><span class=\"vcard rich-snippet-hidden\"><span class=\"fn\"><a href=\"https:\/\/www.revfine.com\/pt\/author\/revfine-com\/\" title=\"Posts de Revfine.com\" rel=\"author\">Revfine.com<\/a><\/span><\/span><span class=\"updated rich-snippet-hidden\">2026-03-04T11:56:27+01:00<\/span><div  class=\"fusion-image-wrapper\" aria-haspopup=\"true\">\n\t\t\t\t\t\t\t<a href=\"https:\/\/www.revfine.com\/pt\/page\/iltm-latin-america\/\" aria-label=\"ILTM Am\u00e9rica Latina | Maio de 2026\">\n\t\t\t\t\t\t\t<img decoding=\"async\" width=\"1200\" height=\"628\" src=\"https:\/\/www.revfine.com\/wp-content\/uploads\/2025\/07\/ILTM-Latin-America-International-Luxury-Travel-Market-Latin-America.jpg\" class=\"attachment-full size-full wp-post-image\" alt=\"ILTM Latin America - Mercado Internacional de Viagens de Luxo Am\u00e9rica Latina\" \/>\t\t\t<\/a>\n\t\t\t\t\t\t\t<\/div>\n<h4 class=\"fusion-carousel-title\"><a href=\"https:\/\/www.revfine.com\/pt\/page\/iltm-latin-america\/\" target=\"_self\">ILTM Am\u00e9rica Latina | Maio de 2026<\/a><\/h4><div class=\"fusion-carousel-meta\"><a href=\"https:\/\/www.revfine.com\/pt\/categories\/travel-events-americas\/\" rel=\"tag\">Am\u00e9ricas<\/a><\/div><\/div><\/div><div class=\"swiper-slide\"><div class=\"fusion-carousel-item-wrapper\"><span class=\"entry-title rich-snippet-hidden\">Mercado de Viagens \u00c1rabe | Maio de 2026<\/span><span class=\"vcard rich-snippet-hidden\"><span class=\"fn\"><a href=\"https:\/\/www.revfine.com\/pt\/author\/revfine-com\/\" title=\"Posts de Revfine.com\" rel=\"author\">Revfine.com<\/a><\/span><\/span><span class=\"updated rich-snippet-hidden\">2026-03-04T11:54:50+01:00<\/span><div  class=\"fusion-image-wrapper\" aria-haspopup=\"true\">\n\t\t\t\t\t\t\t<a href=\"https:\/\/www.revfine.com\/pt\/page\/arabian-travel-market\/\" aria-label=\"Mercado de Viagens \u00c1rabe | Maio de 2026\">\n\t\t\t\t\t\t\t<img decoding=\"async\" width=\"1200\" height=\"628\" src=\"https:\/\/www.revfine.com\/wp-content\/uploads\/2025\/07\/Arabian-travel-market.jpg\" class=\"attachment-full size-full wp-post-image\" alt=\"Mercado de viagens \u00e1rabe\" \/>\t\t\t<\/a>\n\t\t\t\t\t\t\t<\/div>\n<h4 class=\"fusion-carousel-title\"><a href=\"https:\/\/www.revfine.com\/pt\/page\/arabian-travel-market\/\" target=\"_self\">Mercado de Viagens \u00c1rabe | Maio de 2026<\/a><\/h4><div class=\"fusion-carousel-meta\"><a href=\"https:\/\/www.revfine.com\/pt\/categories\/travel-events-asia\/\" rel=\"tag\">\u00c1sia-Pac\u00edfico<\/a><\/div><\/div><\/div><div class=\"swiper-slide\"><div class=\"fusion-carousel-item-wrapper\"><span class=\"entry-title rich-snippet-hidden\">Feira de Hot\u00e9is Independentes de Amsterd\u00e3 | Abril de 2026<\/span><span class=\"vcard rich-snippet-hidden\"><span class=\"fn\"><a href=\"https:\/\/www.revfine.com\/pt\/author\/revfine-com\/\" title=\"Posts de Revfine.com\" rel=\"author\">Revfine.com<\/a><\/span><\/span><span class=\"updated rich-snippet-hidden\">2026-02-27T11:22:42+01:00<\/span><div  class=\"fusion-image-wrapper\" aria-haspopup=\"true\">\n\t\t\t\t\t\t\t<a href=\"https:\/\/www.revfine.com\/pt\/page\/independent-hotel-show-amsterdam\/\" aria-label=\"Feira de Hot\u00e9is Independentes de Amsterd\u00e3 | Abril de 2026\">\n\t\t\t\t\t\t\t<img decoding=\"async\" width=\"1200\" height=\"628\" src=\"https:\/\/www.revfine.com\/wp-content\/uploads\/2025\/07\/Independent-Hotel-Show-Amsterdam.jpg\" class=\"attachment-full size-full wp-post-image\" alt=\"Independent Hotel Show Amsterdam\" \/>\t\t\t<\/a>\n\t\t\t\t\t\t\t<\/div>\n<h4 class=\"fusion-carousel-title\"><a href=\"https:\/\/www.revfine.com\/pt\/page\/independent-hotel-show-amsterdam\/\" target=\"_self\">Feira de Hot\u00e9is Independentes de Amsterd\u00e3 | Abril de 2026<\/a><\/h4><div class=\"fusion-carousel-meta\"><a href=\"https:\/\/www.revfine.com\/pt\/categories\/travel-events-europe\/\" rel=\"tag\">Europa<\/a><\/div><\/div><\/div><div class=\"swiper-slide\"><div class=\"fusion-carousel-item-wrapper\"><span class=\"entry-title rich-snippet-hidden\">F\u00f3rum Internacional de Tecnologia Hoteleira Europa | Abril de 2026<\/span><span class=\"vcard rich-snippet-hidden\"><span class=\"fn\"><a href=\"https:\/\/www.revfine.com\/pt\/author\/revfine-com\/\" title=\"Posts de Revfine.com\" rel=\"author\">Revfine.com<\/a><\/span><\/span><span class=\"updated rich-snippet-hidden\">2026-03-04T11:52:07+01:00<\/span><div  class=\"fusion-image-wrapper\" aria-haspopup=\"true\">\n\t\t\t\t\t\t\t<a href=\"https:\/\/www.revfine.com\/pt\/page\/ihtf-europe\/\" aria-label=\"F\u00f3rum Internacional de Tecnologia Hoteleira Europa | Abril de 2026\">\n\t\t\t\t\t\t\t<img decoding=\"async\" width=\"1200\" height=\"628\" src=\"https:\/\/www.revfine.com\/wp-content\/uploads\/2023\/03\/International-Hotel-Technology-Forum-Europe-IHTF-Europe-Forum.jpg\" class=\"attachment-full size-full wp-post-image\" alt=\"F\u00f3rum Internacional de Tecnologia Hoteleira Europa - F\u00f3rum IHTF Europa\" \/>\t\t\t<\/a>\n\t\t\t\t\t\t\t<\/div>\n<h4 class=\"fusion-carousel-title\"><a href=\"https:\/\/www.revfine.com\/pt\/page\/ihtf-europe\/\" target=\"_self\">F\u00f3rum Internacional de Tecnologia Hoteleira Europa | Abril de 2026<\/a><\/h4><div class=\"fusion-carousel-meta\"><a href=\"https:\/\/www.revfine.com\/pt\/categories\/travel-events-europe\/\" rel=\"tag\">Europa<\/a><\/div><\/div><\/div><div class=\"swiper-slide\"><div class=\"fusion-carousel-item-wrapper\"><span class=\"entry-title rich-snippet-hidden\">FHT Paris \u2013 Hotel Inteligente | Abril de 2027<\/span><span class=\"vcard rich-snippet-hidden\"><span class=\"fn\"><a href=\"https:\/\/www.revfine.com\/pt\/author\/revfine-com\/\" title=\"Posts de Revfine.com\" rel=\"author\">Revfine.com<\/a><\/span><\/span><span class=\"updated rich-snippet-hidden\">2026-04-21T16:19:47+02:00<\/span><div  class=\"fusion-image-wrapper\" aria-haspopup=\"true\">\n\t\t\t\t\t\t\t<a href=\"https:\/\/www.revfine.com\/pt\/page\/food-hotel-tech-paris\/\" aria-label=\"FHT Paris \u2013 Hotel Inteligente | Abril de 2027\">\n\t\t\t\t\t\t\t<img decoding=\"async\" width=\"1200\" height=\"628\" src=\"https:\/\/www.revfine.com\/wp-content\/uploads\/2025\/07\/Food-Hotel-Tech-Paris-France-Trade-Show-Digital-Tech-FHT-Paris.jpg\" class=\"attachment-full size-full wp-post-image\" alt=\"Food Hotel Tech Paris - Fran\u00e7a - Feira Digital Tech - FHT Paris\" \/>\t\t\t<\/a>\n\t\t\t\t\t\t\t<\/div>\n<h4 class=\"fusion-carousel-title\"><a href=\"https:\/\/www.revfine.com\/pt\/page\/food-hotel-tech-paris\/\" target=\"_self\">FHT Paris \u2013 Hotel Inteligente | Abril de 2027<\/a><\/h4><div class=\"fusion-carousel-meta\"><a href=\"https:\/\/www.revfine.com\/pt\/categories\/travel-events-europe\/\" rel=\"tag\">Europa<\/a><\/div><\/div><\/div><div class=\"swiper-slide\"><div class=\"fusion-carousel-item-wrapper\"><span class=\"entry-title rich-snippet-hidden\">WTM \u00c1frica | Abril de 2027<\/span><span class=\"vcard rich-snippet-hidden\"><span class=\"fn\"><a href=\"https:\/\/www.revfine.com\/pt\/author\/revfine-com\/\" title=\"Posts de Revfine.com\" rel=\"author\">Revfine.com<\/a><\/span><\/span><span class=\"updated rich-snippet-hidden\">2026-04-21T15:44:30+02:00<\/span><div  class=\"fusion-image-wrapper\" aria-haspopup=\"true\">\n\t\t\t\t\t\t\t<a href=\"https:\/\/www.revfine.com\/pt\/page\/wtm-africa\/\" aria-label=\"WTM \u00c1frica | Abril de 2027\">\n\t\t\t\t\t\t\t<img decoding=\"async\" width=\"1200\" height=\"628\" src=\"https:\/\/www.revfine.com\/wp-content\/uploads\/2025\/07\/wtm-africa-world-travel-market-africa-cape-town.jpg\" class=\"attachment-full size-full wp-post-image\" alt=\"wtm africa - mercado mundial de viagens \u00e1frica - cidade do cabo\" \/>\t\t\t<\/a>\n\t\t\t\t\t\t\t<\/div>\n<h4 class=\"fusion-carousel-title\"><a href=\"https:\/\/www.revfine.com\/pt\/page\/wtm-africa\/\" target=\"_self\">WTM \u00c1frica | Abril de 2027<\/a><\/h4><div class=\"fusion-carousel-meta\"><a href=\"https:\/\/www.revfine.com\/pt\/categories\/travel-events-africa\/\" rel=\"tag\">\u00c1frica e Oriente M\u00e9dio<\/a><\/div><\/div><\/div><div class=\"swiper-slide\"><div class=\"fusion-carousel-item-wrapper\"><span class=\"entry-title rich-snippet-hidden\">WTM Am\u00e9rica Latina | Abril de 2027<\/span><span class=\"vcard rich-snippet-hidden\"><span class=\"fn\"><a href=\"https:\/\/www.revfine.com\/pt\/author\/revfine-com\/\" title=\"Posts de Revfine.com\" rel=\"author\">Revfine.com<\/a><\/span><\/span><span class=\"updated rich-snippet-hidden\">2026-04-21T16:22:39+02:00<\/span><div  class=\"fusion-image-wrapper\" aria-haspopup=\"true\">\n\t\t\t\t\t\t\t<a href=\"https:\/\/www.revfine.com\/pt\/page\/wtm-latin-america\/\" aria-label=\"WTM Am\u00e9rica Latina | Abril de 2027\">\n\t\t\t\t\t\t\t<img decoding=\"async\" width=\"1200\" height=\"628\" src=\"https:\/\/www.revfine.com\/wp-content\/uploads\/2025\/07\/WTM-Latin-America-World-Travel-Market-Latin-America-S\u00e3o-Paulo.jpg\" class=\"attachment-full size-full wp-post-image\" alt=\"WTM Latin America - World Travel Market Am\u00e9rica Latina - S\u00e3o Paulo - Brasil\" \/>\t\t\t<\/a>\n\t\t\t\t\t\t\t<\/div>\n<h4 class=\"fusion-carousel-title\"><a href=\"https:\/\/www.revfine.com\/pt\/page\/wtm-latin-america\/\" target=\"_self\">WTM Am\u00e9rica Latina | Abril de 2027<\/a><\/h4><div class=\"fusion-carousel-meta\"><a href=\"https:\/\/www.revfine.com\/pt\/categories\/travel-events-americas\/\" rel=\"tag\">Am\u00e9ricas<\/a><\/div><\/div><\/div><div class=\"swiper-slide\"><div class=\"fusion-carousel-item-wrapper\"><span class=\"entry-title rich-snippet-hidden\">Mercado Internacional de Viagens de Luxo na \u00c1frica | Abril de 2027<\/span><span class=\"vcard rich-snippet-hidden\"><span class=\"fn\"><a href=\"https:\/\/www.revfine.com\/pt\/author\/revfine-com\/\" title=\"Posts de Revfine.com\" rel=\"author\">Revfine.com<\/a><\/span><\/span><span class=\"updated rich-snippet-hidden\">2026-04-21T15:22:51+02:00<\/span><div  class=\"fusion-image-wrapper\" aria-haspopup=\"true\">\n\t\t\t\t\t\t\t<a href=\"https:\/\/www.revfine.com\/pt\/page\/iltm-africa\/\" aria-label=\"Mercado Internacional de Viagens de Luxo na \u00c1frica | Abril de 2027\">\n\t\t\t\t\t\t\t<img decoding=\"async\" width=\"1200\" height=\"628\" src=\"https:\/\/www.revfine.com\/wp-content\/uploads\/2025\/07\/ILTM-Africa-International-Luxury-Travel-Market-Africa-South-Africa.jpg\" class=\"attachment-full size-full wp-post-image\" alt=\"ILTM Africa - International Luxury Travel Market Africa - \u00c1frica do Sul\" \/>\t\t\t<\/a>\n\t\t\t\t\t\t\t<\/div>\n<h4 class=\"fusion-carousel-title\"><a href=\"https:\/\/www.revfine.com\/pt\/page\/iltm-africa\/\" target=\"_self\">Mercado Internacional de Viagens de Luxo na \u00c1frica | Abril de 2027<\/a><\/h4><div class=\"fusion-carousel-meta\"><a href=\"https:\/\/www.revfine.com\/pt\/categories\/travel-events-africa\/\" rel=\"tag\">\u00c1frica e Oriente M\u00e9dio<\/a><\/div><\/div><\/div><div class=\"swiper-slide\"><div class=\"fusion-carousel-item-wrapper\"><span class=\"entry-title rich-snippet-hidden\">C\u00fapula de Gest\u00e3o de Pre\u00e7os e Receitas | Mar\u00e7o de 2027<\/span><span class=\"vcard rich-snippet-hidden\"><span class=\"fn\"><a href=\"https:\/\/www.revfine.com\/pt\/author\/revfine-com\/\" title=\"Posts de Revfine.com\" rel=\"author\">Revfine.com<\/a><\/span><\/span><span class=\"updated rich-snippet-hidden\">2026-04-21T15:32:00+02:00<\/span><div  class=\"fusion-image-wrapper\" aria-haspopup=\"true\">\n\t\t\t\t\t\t\t<a href=\"https:\/\/www.revfine.com\/pt\/page\/pricing-revenue-management-summit\/\" aria-label=\"C\u00fapula de Gest\u00e3o de Pre\u00e7os e Receitas | Mar\u00e7o de 2027\">\n\t\t\t\t\t\t\t<img decoding=\"async\" width=\"1200\" height=\"628\" src=\"https:\/\/www.revfine.com\/wp-content\/uploads\/2022\/01\/Pricing-Revenue-Revenue-Management-Summit.jpg\" class=\"attachment-full size-full wp-post-image\" alt=\"Pricing Revenue Management Summit\" \/>\t\t\t<\/a>\n\t\t\t\t\t\t\t<\/div>\n<h4 class=\"fusion-carousel-title\"><a href=\"https:\/\/www.revfine.com\/pt\/page\/pricing-revenue-management-summit\/\" target=\"_self\">C\u00fapula de Gest\u00e3o de Pre\u00e7os e Receitas | Mar\u00e7o de 2027<\/a><\/h4><div class=\"fusion-carousel-meta\"><a href=\"https:\/\/www.revfine.com\/pt\/categories\/travel-events-europe\/\" rel=\"tag\">Europa<\/a><\/div><\/div><\/div><div class=\"swiper-slide\"><div class=\"fusion-carousel-item-wrapper\"><span class=\"entry-title rich-snippet-hidden\">Conven\u00e7\u00e3o de Berlim ITB | Mar\u00e7o de 2027<\/span><span class=\"vcard rich-snippet-hidden\"><span class=\"fn\"><a href=\"https:\/\/www.revfine.com\/pt\/author\/revfine-com\/\" title=\"Posts de Revfine.com\" rel=\"author\">Revfine.com<\/a><\/span><\/span><span class=\"updated rich-snippet-hidden\">2026-04-21T15:23:37+02:00<\/span><div  class=\"fusion-image-wrapper\" aria-haspopup=\"true\">\n\t\t\t\t\t\t\t<a href=\"https:\/\/www.revfine.com\/pt\/page\/itb-berlin\/\" aria-label=\"Conven\u00e7\u00e3o de Berlim ITB | Mar\u00e7o de 2027\">\n\t\t\t\t\t\t\t<img decoding=\"async\" width=\"1200\" height=\"628\" src=\"https:\/\/www.revfine.com\/wp-content\/uploads\/2025\/07\/ITB-Berlin.jpg\" class=\"attachment-full size-full wp-post-image\" alt=\"ITB Berlin - feira de viagens itb Berlin\" \/>\t\t\t<\/a>\n\t\t\t\t\t\t\t<\/div>\n<h4 class=\"fusion-carousel-title\"><a href=\"https:\/\/www.revfine.com\/pt\/page\/itb-berlin\/\" target=\"_self\">Conven\u00e7\u00e3o de Berlim ITB | Mar\u00e7o de 2027<\/a><\/h4><div class=\"fusion-carousel-meta\"><a href=\"https:\/\/www.revfine.com\/pt\/categories\/travel-events-europe\/\" rel=\"tag\">Europa<\/a><\/div><\/div><\/div><\/div><div class=\"awb-swiper-button awb-swiper-button-prev\"><i class=\"awb-icon-angle-left\" aria-hidden=\"true\"><\/i><\/div><div class=\"awb-swiper-button awb-swiper-button-next\"><i class=\"awb-icon-angle-right\" aria-hidden=\"true\"><\/i><\/div><\/div><\/div><div class=\"fusion-sep-clear\"><\/div><div class=\"fusion-separator fusion-full-width-sep\" style=\"margin-left: auto;margin-right: auto;margin-top:-45px;width:100%;\"><div class=\"fusion-separator-border sep-single sep-solid\" style=\"--awb-height:20px;--awb-amount:20px;border-color:#e0dede;border-top-width:1px;\"><\/div><\/div><div class=\"fusion-sep-clear\"><\/div><br><div class=\"fusion-text fusion-text-7\"><p><span style=\"font-size: 13pt;\"><span style=\"text-decoration: underline;\"><a href=\"https:\/\/www.revfine.com\/add-event\/\"><strong>Clique aqui<\/strong><\/a><\/span> para adicionar o seu hotel, hospitalidade ou evento da ind\u00fastria de viagens.<\/span><\/p>\n<\/div><div class=\"fusion-sep-clear\"><\/div><div class=\"fusion-separator fusion-full-width-sep\" style=\"margin-left: auto;margin-right: auto;width:100%;\"><div class=\"fusion-separator-border sep-single sep-solid\" style=\"--awb-height:20px;--awb-amount:20px;border-color:#e0dede;border-top-width:1px;\"><\/div><\/div><div class=\"fusion-sep-clear\"><\/div><div class=\"fusion-clearfix\"><\/div><\/div><\/div><\/div><\/div><\/p>","protected":false},"excerpt":{"rendered":"","protected":false},"author":1,"featured_media":8908,"menu_order":0,"comment_status":"open","ping_status":"closed","template":"","format":"standard","meta":{"footnotes":""},"portfolio_category":[164],"portfolio_skills":[],"portfolio_tags":[],"class_list":["post-8904","avada_portfolio","type-avada_portfolio","status-publish","format-standard","has-post-thumbnail","hentry","portfolio_category-travel-events-europe"],"yoast_head":"<!-- This site is optimized with the Yoast SEO plugin v27.3 - https:\/\/yoast.com\/product\/yoast-seo-wordpress\/ -->\n<title>I Meet Hotel Italy | Event Information &amp; Calendar<\/title>\n<meta name=\"description\" content=\"The \u201cI Meet Hotel Italy\u201d event is created to connect the leaders, innovators, and disruptors to our global network of hoteliers.\" \/>\n<meta name=\"robots\" content=\"index, follow, max-snippet:-1, max-image-preview:large, max-video-preview:-1\" \/>\n<link rel=\"canonical\" href=\"https:\/\/www.revfine.com\/pt\/page\/i-meet-hotel-italia\/\" \/>\n<meta property=\"og:locale\" content=\"pt_BR\" \/>\n<meta property=\"og:type\" content=\"article\" \/>\n<meta property=\"og:title\" content=\"I Meet Hotel Italy | Event Information &amp; Calendar\" \/>\n<meta property=\"og:description\" content=\"The \u201cI Meet Hotel Italy\u201d event is created to connect the leaders, innovators, and disruptors to our global network of hoteliers.\" \/>\n<meta property=\"og:url\" content=\"https:\/\/www.revfine.com\/pt\/page\/i-meet-hotel-italia\/\" \/>\n<meta property=\"og:site_name\" content=\"Revfine.com\" \/>\n<meta property=\"article:modified_time\" content=\"2021-09-13T10:20:36+00:00\" \/>\n<meta property=\"og:image\" content=\"https:\/\/www.revfine.com\/wp-content\/uploads\/I-Meet-Hotel-Italy.png\" \/>\n\t<meta property=\"og:image:width\" content=\"1200\" \/>\n\t<meta property=\"og:image:height\" content=\"628\" \/>\n\t<meta property=\"og:image:type\" content=\"image\/png\" \/>\n<meta name=\"twitter:card\" content=\"summary_large_image\" \/>\n<meta name=\"twitter:label1\" content=\"Est. tempo de leitura\" \/>\n\t<meta name=\"twitter:data1\" content=\"5 minutos\" \/>\n<script type=\"application\/ld+json\" class=\"yoast-schema-graph\">{\"@context\":\"https:\\\/\\\/schema.org\",\"@graph\":[{\"@type\":\"WebPage\",\"@id\":\"https:\\\/\\\/www.revfine.com\\\/page\\\/i-meet-hotel-italy\\\/\",\"url\":\"https:\\\/\\\/www.revfine.com\\\/page\\\/i-meet-hotel-italy\\\/\",\"name\":\"I Meet Hotel Italy | Event Information & Calendar\",\"isPartOf\":{\"@id\":\"https:\\\/\\\/www.revfine.com\\\/pt\\\/#website\"},\"primaryImageOfPage\":{\"@id\":\"https:\\\/\\\/www.revfine.com\\\/page\\\/i-meet-hotel-italy\\\/#primaryimage\"},\"image\":{\"@id\":\"https:\\\/\\\/www.revfine.com\\\/page\\\/i-meet-hotel-italy\\\/#primaryimage\"},\"thumbnailUrl\":\"https:\\\/\\\/www.revfine.com\\\/wp-content\\\/uploads\\\/2025\\\/07\\\/I-Meet-Hotel-Italy.png\",\"datePublished\":\"2018-10-29T08:13:59+00:00\",\"dateModified\":\"2021-09-13T10:20:36+00:00\",\"description\":\"The \u201cI Meet Hotel Italy\u201d event is created to connect the leaders, innovators, and disruptors to our global network of hoteliers.\",\"breadcrumb\":{\"@id\":\"https:\\\/\\\/www.revfine.com\\\/page\\\/i-meet-hotel-italy\\\/#breadcrumb\"},\"inLanguage\":\"pt-BR\",\"potentialAction\":[{\"@type\":\"ReadAction\",\"target\":[\"https:\\\/\\\/www.revfine.com\\\/page\\\/i-meet-hotel-italy\\\/\"]}]},{\"@type\":\"ImageObject\",\"inLanguage\":\"pt-BR\",\"@id\":\"https:\\\/\\\/www.revfine.com\\\/page\\\/i-meet-hotel-italy\\\/#primaryimage\",\"url\":\"https:\\\/\\\/www.revfine.com\\\/wp-content\\\/uploads\\\/2025\\\/07\\\/I-Meet-Hotel-Italy.png\",\"contentUrl\":\"https:\\\/\\\/www.revfine.com\\\/wp-content\\\/uploads\\\/2025\\\/07\\\/I-Meet-Hotel-Italy.png\",\"width\":1200,\"height\":628,\"caption\":\"I Meet Hotel Italy\"},{\"@type\":\"BreadcrumbList\",\"@id\":\"https:\\\/\\\/www.revfine.com\\\/page\\\/i-meet-hotel-italy\\\/#breadcrumb\",\"itemListElement\":[{\"@type\":\"ListItem\",\"position\":1,\"name\":\"Home\",\"item\":\"https:\\\/\\\/www.revfine.com\\\/\"},{\"@type\":\"ListItem\",\"position\":2,\"name\":\"Portfolio\",\"item\":\"https:\\\/\\\/www.revfine.com\\\/page\\\/\"},{\"@type\":\"ListItem\",\"position\":3,\"name\":\"I Meet Hotel Italy Edition (Virtual) | October 2020\"}]},{\"@type\":\"WebSite\",\"@id\":\"https:\\\/\\\/www.revfine.com\\\/pt\\\/#website\",\"url\":\"https:\\\/\\\/www.revfine.com\\\/pt\\\/\",\"name\":\"Revfine.com\",\"description\":\"Optimising Revenue\",\"potentialAction\":[{\"@type\":\"SearchAction\",\"target\":{\"@type\":\"EntryPoint\",\"urlTemplate\":\"https:\\\/\\\/www.revfine.com\\\/pt\\\/?s={search_term_string}\"},\"query-input\":{\"@type\":\"PropertyValueSpecification\",\"valueRequired\":true,\"valueName\":\"search_term_string\"}}],\"inLanguage\":\"pt-BR\"}]}<\/script>\n<!-- \/ Yoast SEO plugin. -->","yoast_head_json":{"title":"Eu Conhe\u00e7o Hotel It\u00e1lia | Informa\u00e7\u00f5es sobre eventos e calend\u00e1rio","description":"O evento \u201cI Meet Hotel Italy\u201d foi criado para conectar os l\u00edderes, inovadores e disruptores \u00e0 nossa rede global de hoteleiros.","robots":{"index":"index","follow":"follow","max-snippet":"max-snippet:-1","max-image-preview":"max-image-preview:large","max-video-preview":"max-video-preview:-1"},"canonical":"https:\/\/www.revfine.com\/pt\/page\/i-meet-hotel-italia\/","og_locale":"pt_BR","og_type":"article","og_title":"I Meet Hotel Italy | Event Information & Calendar","og_description":"The \u201cI Meet Hotel Italy\u201d event is created to connect the leaders, innovators, and disruptors to our global network of hoteliers.","og_url":"https:\/\/www.revfine.com\/pt\/page\/i-meet-hotel-italia\/","og_site_name":"Revfine.com","article_modified_time":"2021-09-13T10:20:36+00:00","og_image":[{"width":1200,"height":628,"url":"https:\/\/www.revfine.com\/wp-content\/uploads\/I-Meet-Hotel-Italy.png","type":"image\/png"}],"twitter_card":"summary_large_image","twitter_misc":{"Est. tempo de leitura":"5 minutos"},"schema":{"@context":"https:\/\/schema.org","@graph":[{"@type":"WebPage","@id":"https:\/\/www.revfine.com\/page\/i-meet-hotel-italy\/","url":"https:\/\/www.revfine.com\/page\/i-meet-hotel-italy\/","name":"Eu Conhe\u00e7o Hotel It\u00e1lia | Informa\u00e7\u00f5es sobre eventos e calend\u00e1rio","isPartOf":{"@id":"https:\/\/www.revfine.com\/pt\/#website"},"primaryImageOfPage":{"@id":"https:\/\/www.revfine.com\/page\/i-meet-hotel-italy\/#primaryimage"},"image":{"@id":"https:\/\/www.revfine.com\/page\/i-meet-hotel-italy\/#primaryimage"},"thumbnailUrl":"https:\/\/www.revfine.com\/wp-content\/uploads\/2025\/07\/I-Meet-Hotel-Italy.png","datePublished":"2018-10-29T08:13:59+00:00","dateModified":"2021-09-13T10:20:36+00:00","description":"O evento \u201cI Meet Hotel Italy\u201d foi criado para conectar os l\u00edderes, inovadores e disruptores \u00e0 nossa rede global de hoteleiros.","breadcrumb":{"@id":"https:\/\/www.revfine.com\/page\/i-meet-hotel-italy\/#breadcrumb"},"inLanguage":"pt-BR","potentialAction":[{"@type":"ReadAction","target":["https:\/\/www.revfine.com\/page\/i-meet-hotel-italy\/"]}]},{"@type":"ImageObject","inLanguage":"pt-BR","@id":"https:\/\/www.revfine.com\/page\/i-meet-hotel-italy\/#primaryimage","url":"https:\/\/www.revfine.com\/wp-content\/uploads\/2025\/07\/I-Meet-Hotel-Italy.png","contentUrl":"https:\/\/www.revfine.com\/wp-content\/uploads\/2025\/07\/I-Meet-Hotel-Italy.png","width":1200,"height":628,"caption":"I Meet Hotel Italy"},{"@type":"BreadcrumbList","@id":"https:\/\/www.revfine.com\/page\/i-meet-hotel-italy\/#breadcrumb","itemListElement":[{"@type":"ListItem","position":1,"name":"Home","item":"https:\/\/www.revfine.com\/"},{"@type":"ListItem","position":2,"name":"Portfolio","item":"https:\/\/www.revfine.com\/page\/"},{"@type":"ListItem","position":3,"name":"I Meet Hotel Italy Edition (Virtual) | October 2020"}]},{"@type":"WebSite","@id":"https:\/\/www.revfine.com\/pt\/#website","url":"https:\/\/www.revfine.com\/pt\/","name":"Revfine.com","description":"Otimizando a receita","potentialAction":[{"@type":"SearchAction","target":{"@type":"EntryPoint","urlTemplate":"https:\/\/www.revfine.com\/pt\/?s={search_term_string}"},"query-input":{"@type":"PropertyValueSpecification","valueRequired":true,"valueName":"search_term_string"}}],"inLanguage":"pt-BR"}]}},"_links":{"self":[{"href":"https:\/\/www.revfine.com\/pt\/wp-json\/wp\/v2\/avada_portfolio\/8904","targetHints":{"allow":["GET"]}}],"collection":[{"href":"https:\/\/www.revfine.com\/pt\/wp-json\/wp\/v2\/avada_portfolio"}],"about":[{"href":"https:\/\/www.revfine.com\/pt\/wp-json\/wp\/v2\/types\/avada_portfolio"}],"author":[{"embeddable":true,"href":"https:\/\/www.revfine.com\/pt\/wp-json\/wp\/v2\/users\/1"}],"replies":[{"embeddable":true,"href":"https:\/\/www.revfine.com\/pt\/wp-json\/wp\/v2\/comments?post=8904"}],"version-history":[{"count":0,"href":"https:\/\/www.revfine.com\/pt\/wp-json\/wp\/v2\/avada_portfolio\/8904\/revisions"}],"wp:featuredmedia":[{"embeddable":true,"href":"https:\/\/www.revfine.com\/pt\/wp-json\/wp\/v2\/media\/8908"}],"wp:attachment":[{"href":"https:\/\/www.revfine.com\/pt\/wp-json\/wp\/v2\/media?parent=8904"}],"wp:term":[{"taxonomy":"portfolio_category","embeddable":true,"href":"https:\/\/www.revfine.com\/pt\/wp-json\/wp\/v2\/portfolio_category?post=8904"},{"taxonomy":"portfolio_skills","embeddable":true,"href":"https:\/\/www.revfine.com\/pt\/wp-json\/wp\/v2\/portfolio_skills?post=8904"},{"taxonomy":"portfolio_tags","embeddable":true,"href":"https:\/\/www.revfine.com\/pt\/wp-json\/wp\/v2\/portfolio_tags?post=8904"}],"curies":[{"name":"wp","href":"https:\/\/api.w.org\/{rel}","templated":true}]}}